{"id":51264,"date":"2019-09-09T17:13:25","date_gmt":"2019-09-09T21:13:25","guid":{"rendered":"http:\/\/icleicanada.org\/?post_type=project&#038;p=51264\/"},"modified":"2019-09-09T17:28:20","modified_gmt":"2019-09-09T21:28:20","slug":"cities-and-biodiversity-case-study-series-2","status":"publish","type":"project","link":"https:\/\/icleicanada.org\/fr\/project\/cities-and-biodiversity-case-study-series-2\/","title":{"rendered":"Ville et biodiversit\u00e9 \u2013 une s\u00e9rie d\u2019\u00e9tudes de cas"},"content":{"rendered":"<p>[et_pb_section fb_built=\u00a0\u00bb1&Prime; fullwidth=\u00a0\u00bbon\u00a0\u00bb _builder_version=\u00a0\u00bb3.20.2&Prime;][et_pb_fullwidth_header title=\u00a0\u00bbVilles et biodiversit\u00e9 \u2013 une s\u00e9rie d\u2019\u00e9tudes de cas\u00a0\u00bb text_orientation=\u00a0\u00bbcenter\u00a0\u00bb scroll_down_icon_size=\u00a0\u00bb61px\u00a0\u00bb background_overlay_color=\u00a0\u00bbrgba(56,66,55,0.23)\u00a0\u00bb _builder_version=\u00a0\u00bb3.20.2&Prime; title_font=\u00a0\u00bbMontserrat|300||on|||||\u00a0\u00bb title_font_size=\u00a0\u00bb56px\u00a0\u00bb title_letter_spacing=\u00a0\u00bb4px\u00a0\u00bb title_line_height=\u00a0\u00bb1.3em\u00a0\u00bb content_font=\u00a0\u00bb||||||||\u00a0\u00bb content_font_size=\u00a0\u00bb23px\u00a0\u00bb content_line_height=\u00a0\u00bb2.2em\u00a0\u00bb subhead_font=\u00a0\u00bb|||on|||||\u00a0\u00bb subhead_font_size=\u00a0\u00bb32px\u00a0\u00bb subhead_letter_spacing=\u00a0\u00bb1px\u00a0\u00bb subhead_line_height=\u00a0\u00bb1.1em\u00a0\u00bb background_image=\u00a0\u00bbhttp:\/\/icleicanada.org\/wp-content\/uploads\/2019\/09\/Header-Green-Grass-Beside-Trees-Under-Blue-Sky-by-Pixabay-pexels.jpg\u00a0\u00bb parallax=\u00a0\u00bbon\u00a0\u00bb][\/et_pb_fullwidth_header][\/et_pb_section][et_pb_section fb_built=\u00a0\u00bb1&Prime; _builder_version=\u00a0\u00bb3.20.2&Prime; custom_padding=\u00a0\u00bb3px|0px|36px|0px|false|false\u00a0\u00bb][et_pb_row make_fullwidth=\u00a0\u00bbon\u00a0\u00bb custom_width_px=\u00a0\u00bb2600px\u00a0\u00bb custom_padding=\u00a0\u00bb0|0px|75px|0px|false|false\u00a0\u00bb _builder_version=\u00a0\u00bb3.20.2&Prime; module_alignment=\u00a0\u00bbcenter\u00a0\u00bb][et_pb_column type=\u00a0\u00bb1_2&Prime; _builder_version=\u00a0\u00bb3.20.2&Prime;][et_pb_image align=\u00a0\u00bbcenter\u00a0\u00bb _builder_version=\u00a0\u00bb3.20.2&Prime; max_width=\u00a0\u00bb85%\u00a0\u00bb module_alignment=\u00a0\u00bbcenter\u00a0\u00bb custom_margin=\u00a0\u00bb||\u00a0\u00bb custom_padding=\u00a0\u00bb109px||\u00a0\u00bb][\/et_pb_image][et_pb_image src=\u00a0\u00bbhttp:\/\/icleicanada.org\/wp-content\/uploads\/2019\/09\/case-study-series.jpg\u00a0\u00bb align=\u00a0\u00bbright\u00a0\u00bb _builder_version=\u00a0\u00bb3.20.2&Prime; max_width=\u00a0\u00bb69%\u00a0\u00bb module_alignment=\u00a0\u00bbright\u00a0\u00bb][\/et_pb_image][\/et_pb_column][et_pb_column type=\u00a0\u00bb1_2&Prime; _builder_version=\u00a0\u00bb3.20.2&Prime;][et_pb_divider color=\u00a0\u00bbrgba(0,73,50,0.92)\u00a0\u00bb _builder_version=\u00a0\u00bb3.20.2&Prime; max_width=\u00a0\u00bb14%\u00a0\u00bb module_alignment=\u00a0\u00bbleft\u00a0\u00bb custom_margin=\u00a0\u00bb115px||\u00a0\u00bb][\/et_pb_divider][et_pb_text _builder_version=\u00a0\u00bb3.20.2&Prime; text_font=\u00a0\u00bb|300|||||||\u00a0\u00bb text_font_size=\u00a0\u00bb16px\u00a0\u00bb header_font=\u00a0\u00bbMontserrat|300|||||||\u00a0\u00bb header_text_color=\u00a0\u00bbrgba(0,73,50,0.92)\u00a0\u00bb header_font_size=\u00a0\u00bb36px\u00a0\u00bb header_line_height=\u00a0\u00bb1.1em\u00a0\u00bb max_width=\u00a0\u00bb90%\u00a0\u00bb]<\/p>\n<h1>Villes et biodiversit\u00e9 \u2013 une s\u00e9rie d\u2019\u00e9tudes de cas<\/h1>\n<p>Dans le cadre du travail d\u2019ICLEI sur la gestion de la biodiversit\u00e9 urbaine, nous avons produit une s\u00e9rie d\u2019\u00e9tudes de cas qui servira \u00e0 recueillir des pratiques municipales exemplaires sur la protection de la biodiversit\u00e9 urbaine. Les \u00e9tudes de cas soulignent les contributions des gouvernements locaux en ce qui concerne l\u2019utilisation durable de la biodiversit\u00e9 et des politiques qui appuient sa conservation. La s\u00e9rie Villes et biodiversit\u00e9 comprend onze \u00e9tudes de cas pouvant servir de ressources pour d\u2019autres collectivit\u00e9s qui souhaitent en apprendre davantage au sujet des pratiques de gestion de la biodiversit\u00e9 \u00e0 l\u2019\u00e9chelle locale.<\/p>\n<p>Disponible en anglaise seulement.\u00a0<\/p>\n<p>&nbsp;<\/p>\n<p>[\/et_pb_text][et_pb_text _builder_version=\u00a0\u00bb3.20.2&Prime; text_font=\u00a0\u00bb|300|||||||\u00a0\u00bb text_font_size=\u00a0\u00bb16px\u00a0\u00bb header_font=\u00a0\u00bbMontserrat|300|||||||\u00a0\u00bb header_text_color=\u00a0\u00bbrgba(0,73,50,0.92)\u00a0\u00bb header_font_size=\u00a0\u00bb36px\u00a0\u00bb header_line_height=\u00a0\u00bb1.1em\u00a0\u00bb max_width=\u00a0\u00bb90%\u00a0\u00bb][\/et_pb_text][et_pb_button button_url=\u00a0\u00bbhttp:\/\/icleicanada.org\/wp-content\/uploads\/2019\/07\/Cities-and-Biodiversity-Case-Study-Series_english.pdf\u00a0\u00bb url_new_window=\u00a0\u00bbon\u00a0\u00bb button_text=\u00a0\u00bbconsulter les \u00e9tudes de cas\u00a0\u00bb _builder_version=\u00a0\u00bb3.20.2&Prime; custom_button=\u00a0\u00bbon\u00a0\u00bb button_text_size=\u00a0\u00bb22px\u00a0\u00bb button_text_color=\u00a0\u00bbrgba(0,73,50,0.92)\u00a0\u00bb button_letter_spacing=\u00a0\u00bb2px\u00a0\u00bb button_font=\u00a0\u00bbMontserrat|||on|||||\u00a0\u00bb][\/et_pb_button][\/et_pb_column][\/et_pb_row][et_pb_row custom_width_px=\u00a0\u00bb1874px\u00a0\u00bb custom_padding=\u00a0\u00bb0|0px||0px|false|false\u00a0\u00bb make_equal=\u00a0\u00bbon\u00a0\u00bb _builder_version=\u00a0\u00bb3.20.2&Prime; module_alignment=\u00a0\u00bbcenter\u00a0\u00bb][et_pb_column type=\u00a0\u00bb1_3&Prime; _builder_version=\u00a0\u00bb3.20.2&Prime;][et_pb_blurb title=\u00a0\u00bbRessource en biodiversit\u00e9\u00a0\u00bb url=\u00a0\u00bbhttp:\/\/icleicanada.org\/fr\/resources\/\u00a0\u00bb url_new_window=\u00a0\u00bbon\u00a0\u00bb image=\u00a0\u00bbhttp:\/\/icleicanada.org\/wp-content\/uploads\/2019\/07\/gardengreen.png\u00a0\u00bb image_max_width=\u00a0\u00bb30%\u00a0\u00bb _builder_version=\u00a0\u00bb3.20.2&Prime; header_level=\u00a0\u00bbh1&Prime; header_font=\u00a0\u00bb||||||||\u00a0\u00bb header_font_size=\u00a0\u00bb22px\u00a0\u00bb header_line_height=\u00a0\u00bb1.4em\u00a0\u00bb body_font=\u00a0\u00bb||||||||\u00a0\u00bb text_orientation=\u00a0\u00bbcenter\u00a0\u00bb custom_margin=\u00a0\u00bb-5px||0px|0px\u00a0\u00bb custom_padding=\u00a0\u00bb0px||0px\u00a0\u00bb][\/et_pb_blurb][\/et_pb_column][et_pb_column type=\u00a0\u00bb1_3&Prime; _builder_version=\u00a0\u00bb3.20.2&Prime;][et_pb_blurb title=\u00a0\u00bb\u00c9tude de cas\u00a0\u00bb use_icon=\u00a0\u00bbon\u00a0\u00bb font_icon=\u00a0\u00bb%%273%%\u00a0\u00bb icon_color=\u00a0\u00bbrgba(0,73,50,0.92)\u00a0\u00bb use_icon_font_size=\u00a0\u00bbon\u00a0\u00bb icon_font_size=\u00a0\u00bb100px\u00a0\u00bb _builder_version=\u00a0\u00bb3.20.2&Prime; header_level=\u00a0\u00bbh1&Prime; header_font=\u00a0\u00bb||||||||\u00a0\u00bb header_font_size=\u00a0\u00bb22px\u00a0\u00bb header_line_height=\u00a0\u00bb1.4em\u00a0\u00bb body_font=\u00a0\u00bb||||||||\u00a0\u00bb text_orientation=\u00a0\u00bbcenter\u00a0\u00bb][\/et_pb_blurb][\/et_pb_column][et_pb_column type=\u00a0\u00bb1_3&Prime; _builder_version=\u00a0\u00bb3.20.2&Prime;][et_pb_number_counter title=\u00a0\u00bbPages\u00a0\u00bb number=\u00a0\u00bb40&Prime; percent_sign=\u00a0\u00bboff\u00a0\u00bb _builder_version=\u00a0\u00bb3.20.2&Prime; title_level=\u00a0\u00bbh1&Prime; title_font=\u00a0\u00bb||||||||\u00a0\u00bb title_font_size=\u00a0\u00bb23px\u00a0\u00bb title_line_height=\u00a0\u00bb2.9em\u00a0\u00bb number_font=\u00a0\u00bb||||||||\u00a0\u00bb number_text_color=\u00a0\u00bbrgba(0,73,50,0.92)\u00a0\u00bb number_font_size=\u00a0\u00bb85px\u00a0\u00bb max_width_last_edited=\u00a0\u00bboff|desktop\u00a0\u00bb custom_margin=\u00a0\u00bb21px||0px\u00a0\u00bb max_width__hover_enabled=\u00a0\u00bbon\u00a0\u00bb][\/et_pb_number_counter][\/et_pb_column][\/et_pb_row][et_pb_row make_fullwidth=\u00a0\u00bbon\u00a0\u00bb custom_padding=\u00a0\u00bb0|0px|27px|0px|false|false\u00a0\u00bb _builder_version=\u00a0\u00bb3.20.2&Prime;][et_pb_column type=\u00a0\u00bb4_4&Prime; _builder_version=\u00a0\u00bb3.20.2&Prime;][et_pb_text _builder_version=\u00a0\u00bb3.20.2&Prime; text_font=\u00a0\u00bb||||||||\u00a0\u00bb text_font_size=\u00a0\u00bb8px\u00a0\u00bb]Photos: Toronto Canada by dconvertii on flickr; ICLEI Canada<br \/>\n[\/et_pb_text][\/et_pb_column][\/et_pb_row][\/et_pb_section]<\/p>\n","protected":false},"excerpt":{"rendered":"<p>[et_pb_section fb_built=\u00a0\u00bb1&Prime; fullwidth=\u00a0\u00bbon\u00a0\u00bb _builder_version=\u00a0\u00bb3.20.2&Prime;][et_pb_fullwidth_header title=\u00a0\u00bbVilles et biodiversit\u00e9 \u2013 une s\u00e9rie d\u2019\u00e9tudes de cas\u00a0\u00bb text_orientation=\u00a0\u00bbcenter\u00a0\u00bb scroll_down_icon_size=\u00a0\u00bb61px\u00a0\u00bb background_overlay_color=\u00a0\u00bbrgba(56,66,55,0.23)\u00a0\u00bb _builder_version=\u00a0\u00bb3.20.2&Prime; title_font=\u00a0\u00bbMontserrat|300||on|||||\u00a0\u00bb title_font_size=\u00a0\u00bb56px\u00a0\u00bb title_letter_spacing=\u00a0\u00bb4px\u00a0\u00bb title_line_height=\u00a0\u00bb1.3em\u00a0\u00bb content_font=\u00a0\u00bb||||||||\u00a0\u00bb content_font_size=\u00a0\u00bb23px\u00a0\u00bb content_line_height=\u00a0\u00bb2.2em\u00a0\u00bb subhead_font=\u00a0\u00bb|||on|||||\u00a0\u00bb subhead_font_size=\u00a0\u00bb32px\u00a0\u00bb subhead_letter_spacing=\u00a0\u00bb1px\u00a0\u00bb subhead_line_height=\u00a0\u00bb1.1em\u00a0\u00bb background_image=\u00a0\u00bbhttp:\/\/icleicanada.org\/wp-content\/uploads\/2019\/09\/Header-Green-Grass-Beside-Trees-Under-Blue-Sky-by-Pixabay-pexels.jpg\u00a0\u00bb parallax=\u00a0\u00bbon\u00a0\u00bb][\/et_pb_fullwidth_header][\/et_pb_section][et_pb_section fb_built=\u00a0\u00bb1&Prime; _builder_version=\u00a0\u00bb3.20.2&Prime; custom_padding=\u00a0\u00bb3px|0px|36px|0px|false|false\u00a0\u00bb][et_pb_row make_fullwidth=\u00a0\u00bbon\u00a0\u00bb custom_width_px=\u00a0\u00bb2600px\u00a0\u00bb custom_padding=\u00a0\u00bb0|0px|75px|0px|false|false\u00a0\u00bb _builder_version=\u00a0\u00bb3.20.2&Prime; module_alignment=\u00a0\u00bbcenter\u00a0\u00bb][et_pb_column type=\u00a0\u00bb1_2&Prime; _builder_version=\u00a0\u00bb3.20.2&Prime;][et_pb_image align=\u00a0\u00bbcenter\u00a0\u00bb _builder_version=\u00a0\u00bb3.20.2&Prime; max_width=\u00a0\u00bb85%\u00a0\u00bb module_alignment=\u00a0\u00bbcenter\u00a0\u00bb custom_margin=\u00a0\u00bb||\u00a0\u00bb custom_padding=\u00a0\u00bb109px||\u00a0\u00bb][\/et_pb_image][et_pb_image src=\u00a0\u00bbhttp:\/\/icleicanada.org\/wp-content\/uploads\/2019\/09\/case-study-series.jpg\u00a0\u00bb align=\u00a0\u00bbright\u00a0\u00bb _builder_version=\u00a0\u00bb3.20.2&Prime; max_width=\u00a0\u00bb69%\u00a0\u00bb module_alignment=\u00a0\u00bbright\u00a0\u00bb][\/et_pb_image][\/et_pb_column][et_pb_column type=\u00a0\u00bb1_2&Prime; _builder_version=\u00a0\u00bb3.20.2&Prime;][et_pb_divider color=\u00a0\u00bbrgba(0,73,50,0.92)\u00a0\u00bb _builder_version=\u00a0\u00bb3.20.2&Prime; [&hellip;]<\/p>\n","protected":false},"author":2,"featured_media":51215,"comment_status":"closed","ping_status":"closed","template":"","meta":{"_et_pb_use_builder":"on","_et_pb_old_content":"","_et_gb_content_width":"","footnotes":""},"project_category":[80,77],"project_tag":[],"class_list":["post-51264","project","type-project","status-publish","has-post-thumbnail","hentry","project_category-ressources","project_category-ressources-de-la-biodiversite"],"_links":{"self":[{"href":"https:\/\/icleicanada.org\/fr\/wp-json\/wp\/v2\/project\/51264","targetHints":{"allow":["GET"]}}],"collection":[{"href":"https:\/\/icleicanada.org\/fr\/wp-json\/wp\/v2\/project"}],"about":[{"href":"https:\/\/icleicanada.org\/fr\/wp-json\/wp\/v2\/types\/project"}],"author":[{"embeddable":true,"href":"https:\/\/icleicanada.org\/fr\/wp-json\/wp\/v2\/users\/2"}],"replies":[{"embeddable":true,"href":"https:\/\/icleicanada.org\/fr\/wp-json\/wp\/v2\/comments?post=51264"}],"version-history":[{"count":7,"href":"https:\/\/icleicanada.org\/fr\/wp-json\/wp\/v2\/project\/51264\/revisions"}],"predecessor-version":[{"id":51276,"href":"https:\/\/icleicanada.org\/fr\/wp-json\/wp\/v2\/project\/51264\/revisions\/51276"}],"wp:featuredmedia":[{"embeddable":true,"href":"https:\/\/icleicanada.org\/fr\/wp-json\/wp\/v2\/media\/51215"}],"wp:attachment":[{"href":"https:\/\/icleicanada.org\/fr\/wp-json\/wp\/v2\/media?parent=51264"}],"wp:term":[{"taxonomy":"project_category","embeddable":true,"href":"https:\/\/icleicanada.org\/fr\/wp-json\/wp\/v2\/project_category?post=51264"},{"taxonomy":"project_tag","embeddable":true,"href":"https:\/\/icleicanada.org\/fr\/wp-json\/wp\/v2\/project_tag?post=51264"}],"curies":[{"name":"wp","href":"https:\/\/api.w.org\/{rel}","templated":true}]}}