{"id":53375,"date":"2020-04-29T09:09:09","date_gmt":"2020-04-29T13:09:09","guid":{"rendered":"https:\/\/icleicanada.org\/?post_type=project&#038;p=53375\/"},"modified":"2020-09-18T11:38:07","modified_gmt":"2020-09-18T15:38:07","slug":"together-for-climate-webinar-series-advancing-collaborative-climate-action-in-british-columbia","status":"publish","type":"project","link":"https:\/\/icleicanada.org\/fr\/project\/together-for-climate-webinar-series-advancing-collaborative-climate-action-in-british-columbia\/","title":{"rendered":"S\u00e9rie de webinaires \u00ab\u2009Ensemble pour le climat\u2009\u00bb : faire progresser l\u2019action climatique collaborative en Colombie-Britannique"},"content":{"rendered":"<p>[et_pb_section fb_built=\u00a0\u00bb1&Prime; fullwidth=\u00a0\u00bbon\u00a0\u00bb _builder_version=\u00a0\u00bb3.22&Prime;][et_pb_fullwidth_header title=\u00a0\u00bbfaire progresser l\u2019action climatique collaborative en Colombie-Britannique \u00a0\u00bb subhead=\u00a0\u00bbs\u00e9rie de webinaires interactifs\u00a0\u00bb text_orientation=\u00a0\u00bbcenter\u00a0\u00bb background_overlay_color=\u00a0\u00bbrgba(8,33,26,0.43)\u00a0\u00bb _builder_version=\u00a0\u00bb4.4.0&Prime; title_font=\u00a0\u00bbMontserrat|||on|||||\u00a0\u00bb title_font_size=\u00a0\u00bb33px\u00a0\u00bb title_letter_spacing=\u00a0\u00bb6px\u00a0\u00bb content_font=\u00a0\u00bb||||||||\u00a0\u00bb content_font_size=\u00a0\u00bb23px\u00a0\u00bb content_line_height=\u00a0\u00bb2.2em\u00a0\u00bb subhead_font=\u00a0\u00bb|||on|||||\u00a0\u00bb subhead_font_size=\u00a0\u00bb22px\u00a0\u00bb subhead_letter_spacing=\u00a0\u00bb1px\u00a0\u00bb subhead_line_height=\u00a0\u00bb1.1em\u00a0\u00bb background_color=\u00a0\u00bbrgba(51,0,41,0.35)\u00a0\u00bb use_background_color_gradient=\u00a0\u00bbon\u00a0\u00bb background_image=\u00a0\u00bbhttps:\/\/icleicanada.org\/wp-content\/uploads\/2020\/03\/31699461071_cfff7c8be3_c.jpg\u00a0\u00bb parallax=\u00a0\u00bbon\u00a0\u00bb width=\u00a0\u00bb100%\u00a0\u00bb][\/et_pb_fullwidth_header][\/et_pb_section][et_pb_section fb_built=\u00a0\u00bb1&Prime; _builder_version=\u00a0\u00bb3.22&Prime; custom_padding=\u00a0\u00bb3px|0px|0|0px|false|false\u00a0\u00bb][et_pb_row column_structure=\u00a0\u00bb1_2,1_2&Prime; module_class=\u00a0\u00bb et_pb_row_fullwidth\u00a0\u00bb _builder_version=\u00a0\u00bb3.25&Prime; width=\u00a0\u00bb94%\u00a0\u00bb width_tablet=\u00a0\u00bb80%\u00a0\u00bb width_phone=\u00a0\u00bb\u00a0\u00bb width_last_edited=\u00a0\u00bbon|desktop\u00a0\u00bb max_width=\u00a0\u00bb94%\u00a0\u00bb max_width_tablet=\u00a0\u00bb80%\u00a0\u00bb max_width_phone=\u00a0\u00bb\u00a0\u00bb max_width_last_edited=\u00a0\u00bbon|desktop\u00a0\u00bb module_alignment=\u00a0\u00bbcenter\u00a0\u00bb custom_padding=\u00a0\u00bb0|0px|51px|0px|false|false\u00a0\u00bb make_fullwidth=\u00a0\u00bbon\u00a0\u00bb custom_width_px=\u00a0\u00bb2600px\u00a0\u00bb min_height=\u00a0\u00bb657px\u00a0\u00bb][et_pb_column type=\u00a0\u00bb1_2&Prime; _builder_version=\u00a0\u00bb3.25&Prime; custom_padding=\u00a0\u00bb|||\u00a0\u00bb custom_padding__hover=\u00a0\u00bb|||\u00a0\u00bb][et_pb_image src=\u00a0\u00bbhttps:\/\/icleicanada.org\/wp-content\/uploads\/2020\/03\/1.-Cover-photo.jpg\u00a0\u00bb align=\u00a0\u00bbcenter\u00a0\u00bb align_tablet=\u00a0\u00bbcenter\u00a0\u00bb align_phone=\u00a0\u00bb\u00a0\u00bb align_last_edited=\u00a0\u00bbon|desktop\u00a0\u00bb _builder_version=\u00a0\u00bb4.4.0&Prime; custom_margin=\u00a0\u00bb||\u00a0\u00bb custom_padding=\u00a0\u00bb109px|26px||||\u00a0\u00bb][\/et_pb_image][\/et_pb_column][et_pb_column type=\u00a0\u00bb1_2&Prime; _builder_version=\u00a0\u00bb3.25&Prime; custom_padding=\u00a0\u00bb|||\u00a0\u00bb custom_padding__hover=\u00a0\u00bb|||\u00a0\u00bb][et_pb_divider color=\u00a0\u00bbrgba(0,73,50,0.92)\u00a0\u00bb _builder_version=\u00a0\u00bb4.4.0&Prime; max_width=\u00a0\u00bb14%\u00a0\u00bb module_alignment=\u00a0\u00bbleft\u00a0\u00bb custom_margin=\u00a0\u00bb115px||\u00a0\u00bb][\/et_pb_divider][et_pb_text _builder_version=\u00a0\u00bb4.4.0&Prime; text_font=\u00a0\u00bb|300|||||||\u00a0\u00bb text_font_size=\u00a0\u00bb16px\u00a0\u00bb header_font=\u00a0\u00bbMontserrat|300|||||||\u00a0\u00bb header_text_color=\u00a0\u00bbrgba(0,73,50,0.92)\u00a0\u00bb header_font_size=\u00a0\u00bb36px\u00a0\u00bb header_line_height=\u00a0\u00bb1.1em\u00a0\u00bb custom_margin=\u00a0\u00bb-24px|||-49px||\u00a0\u00bb custom_padding=\u00a0\u00bb||0px|0px||\u00a0\u00bb]<\/p>\n<h1>S\u00e9rie de webinaires\u00a0\u00ab\u2009Ensemble pour le climat\u2009\u00bb<br \/> <span><\/span><\/h1>\n<p>En juin 2020, ICLEI Canada a pr\u00e9sent\u00e9 le troisi\u00e8me atelier provincial dans le cadre du projet \u00ab\u2009Ensemble pour le climat\u2009\u00bb sous forme de quatre activit\u00e9s en ligne. Les participants ont eu l\u2019occasion d\u2019explorer divers sujets li\u00e9s \u00e0 la planification de l\u2019adaptation aux changements climatiques, sous les th\u00e8mes suivants\u00a0: les partenariats, les communications, le financement, la surveillance et l\u2019\u00e9valuation. Voici les objectifs de la s\u00e9rie de webinaires\u00a0:<\/p>\n<ul>\n<li>Aider les municipalit\u00e9s et les intervenants en mati\u00e8re de d\u00e9veloppement durable \u00e0 conna\u00eetre les plans d\u2019adaptation aux changements climatiques pr\u00eats pour la mise en \u0153uvre.<\/li>\n<li>Rassembler des participants \u00e0 l\u2019\u00e9chelle de l\u2019\u00eele de Vancouver qui participent au projet \u00ab\u2009Ensemble pour le climat\u2009\u00bb, en soulignant les accomplissements r\u00e9alis\u00e9s dans le cadre du projet jusqu\u2019\u00e0 maintenant et en r\u00e9unissant des praticiens provenant d\u2019un bout \u00e0 l\u2019autre du Canada.<\/li>\n<\/ul>\n<p>Un groupe diversifi\u00e9 de conf\u00e9renciers repr\u00e9sentant des gouvernements locaux, des centres de ressources universitaires et des organismes sans but lucratif \u00e0 l\u2019\u00e9chelle du Canada ont anim\u00e9 les s\u00e9ances.<\/p>\n<p>Premi\u00e8re s\u00e9ance\u00a0: Travailler ensemble \u2013 faire progresser l\u2019adaptation aux changements climatiques gr\u00e2ce \u00e0 des partenariats strat\u00e9giques<\/p>\n<p>[\/et_pb_text][\/et_pb_column][\/et_pb_row][et_pb_row column_structure=\u00a0\u00bb1_2,1_2&Prime; module_class=\u00a0\u00bb et_pb_row_fullwidth\u00a0\u00bb _builder_version=\u00a0\u00bb3.25&Prime; width=\u00a0\u00bb94%\u00a0\u00bb width_tablet=\u00a0\u00bb80%\u00a0\u00bb width_phone=\u00a0\u00bb\u00a0\u00bb width_last_edited=\u00a0\u00bbon|desktop\u00a0\u00bb max_width=\u00a0\u00bb94%\u00a0\u00bb max_width_tablet=\u00a0\u00bb80%\u00a0\u00bb max_width_phone=\u00a0\u00bb\u00a0\u00bb max_width_last_edited=\u00a0\u00bbon|desktop\u00a0\u00bb module_alignment=\u00a0\u00bbcenter\u00a0\u00bb custom_padding=\u00a0\u00bb0|0px|51px|0px|false|false\u00a0\u00bb make_fullwidth=\u00a0\u00bbon\u00a0\u00bb custom_width_px=\u00a0\u00bb2600px\u00a0\u00bb][et_pb_column type=\u00a0\u00bb1_2&Prime; _builder_version=\u00a0\u00bb3.25&Prime; custom_padding=\u00a0\u00bb|||\u00a0\u00bb custom_padding__hover=\u00a0\u00bb|||\u00a0\u00bb][et_pb_text _builder_version=\u00a0\u00bb4.4.0&Prime; text_font=\u00a0\u00bb|300|||||||\u00a0\u00bb text_font_size=\u00a0\u00bb16px\u00a0\u00bb header_font=\u00a0\u00bbMontserrat|300|||||||\u00a0\u00bb header_text_color=\u00a0\u00bbrgba(0,73,50,0.92)\u00a0\u00bb header_font_size=\u00a0\u00bb29px\u00a0\u00bb header_line_height=\u00a0\u00bb1.1em\u00a0\u00bb header_2_font_size=\u00a0\u00bb21px\u00a0\u00bb hover_enabled=\u00a0\u00bb0&Prime;]<\/p>\n<h1>Premi\u00e8re s\u00e9ance : Travailler ensemble \u2013 faire progresser l\u2019adaptation aux changements climatiques gr\u00e2ce \u00e0 des partenariats strat\u00e9giques<\/h1>\n<h2>Le 1er juin 2020, de 10 h \u00e0 11 h 30 (HNP)<span><\/span><\/h2>\n<p>La premi\u00e8re s\u00e9ance de la s\u00e9rie de webinaires a pr\u00e9sent\u00e9 une introduction aux divers types de collaborations et de partenariats, englobant les partenariats transactionnels, strat\u00e9giques et pleinement int\u00e9gr\u00e9s. Les conf\u00e9renciers ont amorc\u00e9 une discussion sur la raison pour laquelle les partenariats strat\u00e9giques ou transformatifs en mati\u00e8re de changements climatiques sont n\u00e9cessaires, plut\u00f4t que des partenariats plus traditionnels ou fond\u00e9s sur des \u00ab\u2009transactions\u2009\u00bb. Des \u00e9tudes de cas de divers mod\u00e8les de partenariats ont \u00e9t\u00e9 pr\u00e9sent\u00e9es.<\/p>\n<p>Conf\u00e9renci\u00e8res et pr\u00e9sentations (en anglais seulement)\u00a0:<\/p>\n<p>\u2013 Hana Lapp, ICLEI Canada \u2013\u00a0<span>Le pouvoir des partenariats<\/span><br \/> \u2013 Amy Daca, ville de Burlington \u2013\u00a0<a href=\"https:\/\/icleicanada.org\/wp-content\/uploads\/2020\/06\/Daca-A_Partnerships-Raingarden-June-2020.pdf\">Comment se porte la croissance de votre jardin de pluie?<\/a><br \/> \u2013 Andrea Byrne, ville de Prince George \u2013\u00a0<span><a href=\"https:\/\/icleicanada.org\/wp-content\/uploads\/2020\/06\/Byrne-A_Partnerships-Climate-Adaptation-Plan-June-2020.pdf\">Travailler ensemble\u00a0: partenariats collaboratifs pour la planification de l\u2019adaptation<\/a><\/span><br \/> \u2013 Julie Cayley, Severn Sound Environmental Association \u2013\u00a0<span><a href=\"https:\/\/icleicanada.org\/wp-content\/uploads\/2020\/06\/Cayley-J_Partnerships-Severn-Sound-Environmental-Association.pdf\">Partenariat de petites municipalit\u00e9s rurales pour le leadership<\/a><\/span><\/p>\n<p>[\/et_pb_text][et_pb_button button_url=\u00a0\u00bbhttps:\/\/drive.google.com\/drive\/folders\/1U7MhD_3fe_UPWwVCy09HC9GmtyHuPYwZ?usp=sharing\u00a0\u00bb url_new_window=\u00a0\u00bbon\u00a0\u00bb button_text=\u00a0\u00bbENREGISTREMENTS DU WEBINAIRE\u00a0\u00bb button_alignment=\u00a0\u00bbleft\u00a0\u00bb _builder_version=\u00a0\u00bb4.4.0&Prime; custom_button=\u00a0\u00bbon\u00a0\u00bb button_text_size=\u00a0\u00bb21px\u00a0\u00bb button_text_color=\u00a0\u00bbrgba(0,73,50,0.92)\u00a0\u00bb button_letter_spacing=\u00a0\u00bb1px\u00a0\u00bb button_font=\u00a0\u00bb|||on|||||\u00a0\u00bb hover_enabled=\u00a0\u00bb0&Prime;][\/et_pb_button][\/et_pb_column][et_pb_column type=\u00a0\u00bb1_2&Prime; _builder_version=\u00a0\u00bb3.25&Prime; custom_padding=\u00a0\u00bb|||\u00a0\u00bb custom_padding__hover=\u00a0\u00bb|||\u00a0\u00bb][et_pb_image src=\u00a0\u00bbhttps:\/\/icleicanada.org\/wp-content\/uploads\/2020\/04\/18521487259_57f8abf902_c.jpg\u00a0\u00bb _builder_version=\u00a0\u00bb4.4.0&Prime; width=\u00a0\u00bb38%\u00a0\u00bb module_alignment=\u00a0\u00bbcenter\u00a0\u00bb min_height=\u00a0\u00bb100px\u00a0\u00bb][\/et_pb_image][\/et_pb_column][\/et_pb_row][et_pb_row column_structure=\u00a0\u00bb1_2,1_2&Prime; module_class=\u00a0\u00bb et_pb_row_fullwidth\u00a0\u00bb _builder_version=\u00a0\u00bb3.25&Prime; width=\u00a0\u00bb94%\u00a0\u00bb width_tablet=\u00a0\u00bb80%\u00a0\u00bb width_phone=\u00a0\u00bb\u00a0\u00bb width_last_edited=\u00a0\u00bbon|desktop\u00a0\u00bb max_width=\u00a0\u00bb94%\u00a0\u00bb max_width_tablet=\u00a0\u00bb80%\u00a0\u00bb max_width_phone=\u00a0\u00bb\u00a0\u00bb max_width_last_edited=\u00a0\u00bbon|desktop\u00a0\u00bb module_alignment=\u00a0\u00bbcenter\u00a0\u00bb custom_padding=\u00a0\u00bb0|0px|51px|0px|false|false\u00a0\u00bb make_fullwidth=\u00a0\u00bbon\u00a0\u00bb custom_width_px=\u00a0\u00bb2600px\u00a0\u00bb][et_pb_column type=\u00a0\u00bb1_2&Prime; _builder_version=\u00a0\u00bb3.25&Prime; custom_padding=\u00a0\u00bb|||\u00a0\u00bb custom_padding__hover=\u00a0\u00bb|||\u00a0\u00bb][et_pb_text _builder_version=\u00a0\u00bb4.4.0&Prime; text_font=\u00a0\u00bb|300|||||||\u00a0\u00bb text_font_size=\u00a0\u00bb16px\u00a0\u00bb header_font=\u00a0\u00bbMontserrat|300|||||||\u00a0\u00bb header_text_color=\u00a0\u00bbrgba(0,73,50,0.92)\u00a0\u00bb header_font_size=\u00a0\u00bb29px\u00a0\u00bb header_line_height=\u00a0\u00bb1.1em\u00a0\u00bb header_2_font_size=\u00a0\u00bb22px\u00a0\u00bb hover_enabled=\u00a0\u00bb0&Prime;]<\/p>\n<h1>Deuxi\u00e8me s\u00e9ance : Avoir une discussion sur le climat \u2013 transmettre le message et inspirer le changement<\/h1>\n<h2>Le 2 juin 2020, de 10 h \u00e0 11 h (HNP) <span><\/span><\/h2>\n<p>Cet atelier interactif a offert une occasion d\u2019acqu\u00e9rir des comp\u00e9tences fondamentales au sujet des communications entourant le climat. Il a donn\u00e9 aux participants l\u2019occasion de mettre en pratique les comp\u00e9tences acquises au moyen de solutions climatiques ax\u00e9es sur le monde r\u00e9el. Le contenu \u00e9tait ax\u00e9 sur la d\u00e9finition strat\u00e9gique des publics cl\u00e9s, l\u2019adaptation des messages et l\u2019\u00e9laboration de strat\u00e9gies de communication reposant sur diverses voies de communication.<\/p>\n<p>&nbsp;<\/p>\n<p>Conf\u00e9renci\u00e8re et pr\u00e9sentation (en anglais seulement)\u00a0:<br \/> \u2013 Ewa Jackson, ICLEI Canada \u2013\u00a0<span><a href=\"https:\/\/icleicanada.org\/wp-content\/uploads\/2020\/06\/Jackson_communications_June2.pdf\">Avoir une discussion sur le climat<\/a><\/span><\/p>\n<ul><\/ul>\n<p>[\/et_pb_text][et_pb_button button_url=\u00a0\u00bbhttps:\/\/drive.google.com\/drive\/folders\/1U7MhD_3fe_UPWwVCy09HC9GmtyHuPYwZ?usp=sharing\u00a0\u00bb url_new_window=\u00a0\u00bbon\u00a0\u00bb button_text=\u00a0\u00bbENREGISTREMENTS DU WEBINAIRE\u00a0\u00bb button_alignment=\u00a0\u00bbleft\u00a0\u00bb _builder_version=\u00a0\u00bb4.4.0&Prime; custom_button=\u00a0\u00bbon\u00a0\u00bb button_text_size=\u00a0\u00bb21px\u00a0\u00bb button_text_color=\u00a0\u00bbrgba(0,73,50,0.92)\u00a0\u00bb button_letter_spacing=\u00a0\u00bb1px\u00a0\u00bb button_font=\u00a0\u00bb|||on|||||\u00a0\u00bb hover_enabled=\u00a0\u00bb0&Prime;][\/et_pb_button][\/et_pb_column][et_pb_column type=\u00a0\u00bb1_2&Prime; _builder_version=\u00a0\u00bb3.25&Prime; custom_padding=\u00a0\u00bb|||\u00a0\u00bb custom_padding__hover=\u00a0\u00bb|||\u00a0\u00bb][et_pb_image src=\u00a0\u00bbhttps:\/\/icleicanada.org\/wp-content\/uploads\/2020\/04\/48756840303_5ceab1a9b9_c.jpg\u00a0\u00bb _builder_version=\u00a0\u00bb4.4.0&Prime; width=\u00a0\u00bb39%\u00a0\u00bb module_alignment=\u00a0\u00bbcenter\u00a0\u00bb min_height=\u00a0\u00bb100px\u00a0\u00bb][\/et_pb_image][\/et_pb_column][\/et_pb_row][et_pb_row column_structure=\u00a0\u00bb1_2,1_2&Prime; module_class=\u00a0\u00bb et_pb_row_fullwidth\u00a0\u00bb _builder_version=\u00a0\u00bb3.25&Prime; width=\u00a0\u00bb94%\u00a0\u00bb width_tablet=\u00a0\u00bb80%\u00a0\u00bb width_phone=\u00a0\u00bb\u00a0\u00bb width_last_edited=\u00a0\u00bbon|desktop\u00a0\u00bb max_width=\u00a0\u00bb94%\u00a0\u00bb max_width_tablet=\u00a0\u00bb80%\u00a0\u00bb max_width_phone=\u00a0\u00bb\u00a0\u00bb max_width_last_edited=\u00a0\u00bbon|desktop\u00a0\u00bb module_alignment=\u00a0\u00bbcenter\u00a0\u00bb custom_padding=\u00a0\u00bb0|0px|51px|0px|false|false\u00a0\u00bb make_fullwidth=\u00a0\u00bbon\u00a0\u00bb custom_width_px=\u00a0\u00bb2600px\u00a0\u00bb][et_pb_column type=\u00a0\u00bb1_2&Prime; _builder_version=\u00a0\u00bb3.25&Prime; custom_padding=\u00a0\u00bb|||\u00a0\u00bb custom_padding__hover=\u00a0\u00bb|||\u00a0\u00bb][et_pb_text _builder_version=\u00a0\u00bb4.4.0&Prime; text_font=\u00a0\u00bb|300|||||||\u00a0\u00bb text_font_size=\u00a0\u00bb16px\u00a0\u00bb header_font=\u00a0\u00bbMontserrat|300|||||||\u00a0\u00bb header_text_color=\u00a0\u00bbrgba(0,73,50,0.92)\u00a0\u00bb header_font_size=\u00a0\u00bb29px\u00a0\u00bb header_line_height=\u00a0\u00bb1.1em\u00a0\u00bb header_2_font_size=\u00a0\u00bb22px\u00a0\u00bb hover_enabled=\u00a0\u00bb0&Prime;]<\/p>\n<h1>Troisi\u00e8me s\u00e9ance : Qui paye la facture? Financement des actions en mati\u00e8re d\u2019adaptation<\/h1>\n<h2>Le 3 juin 2020, de 10 h \u00e0 11 h 30 (HNP)<span><\/span><\/h2>\n<p>Les gouvernements locaux au Canada utilisent un \u00e9ventail d\u2019outils et profitent d\u2019une vari\u00e9t\u00e9 de nouvelles sources de financement pour payer les actions en mati\u00e8re d\u2019adaptation. Ce webinaire a pr\u00e9sent\u00e9 certains des outils plus novateurs qui ont \u00e9t\u00e9 plus largement adopt\u00e9s, dont les sources classiques (les taxes sur l\u2019essence, Investir dans le Canada, etc.), les fonds octroy\u00e9s selon le m\u00e9rite (PMIC, FMV, PGAM, Fonds d\u2019att\u00e9nuation et d\u2019adaptation en mati\u00e8re de catastrophes) et les revenus sur la tarification du carbone. Apr\u00e8s la pr\u00e9sentation, les conf\u00e9renciers ont partag\u00e9 leurs exp\u00e9riences de la d\u00e9finition des sources et des options de financement pour les plans d\u2019adaptation.<\/p>\n<p>&nbsp;<\/p>\n<p>Conf\u00e9renciers et pr\u00e9sentations (en anglais seulement)\u00a0:<br \/> \u2013 Deborah Harford, \u00e9quipe d\u2019adaptation aux changements climatiques, Universit\u00e9 Simon Fraser<br \/> \u2013 Chandra Tomaras, ville d\u2019Edmonton<br \/> \u2013 Devin Causley, F\u00e9d\u00e9ration canadienne des municipalit\u00e9s \u2013\u00a0<span><a href=\"https:\/\/icleicanada.org\/wp-content\/uploads\/2020\/06\/Causley-D_FCM-ICLEI-Webinar-June-3.pdf\">Strat\u00e9gies de financement pour l\u2019adaptation climatique<\/a><\/span><br \/> \u2013\u00a0Shannon Miedema, ville d\u2019Halifax \u2013\u00a0<span><a href=\"https:\/\/icleicanada.org\/wp-content\/uploads\/2020\/06\/Miedema-S_FinancingClimateAdaptationHALIFAX.pdf\">HalifACT\u00a02050\u00a0: agir ensemble sur le climat<\/a><\/span><span>\u00a0<\/span><\/p>\n<p>[\/et_pb_text][et_pb_button button_url=\u00a0\u00bbhttps:\/\/drive.google.com\/drive\/folders\/1U7MhD_3fe_UPWwVCy09HC9GmtyHuPYwZ?usp=sharing\u00a0\u00bb url_new_window=\u00a0\u00bbon\u00a0\u00bb button_text=\u00a0\u00bbENREGISTREMENTS DU WEBINAIRE\u00a0\u00bb button_alignment=\u00a0\u00bbleft\u00a0\u00bb _builder_version=\u00a0\u00bb4.4.0&Prime; custom_button=\u00a0\u00bbon\u00a0\u00bb button_text_size=\u00a0\u00bb21px\u00a0\u00bb button_text_color=\u00a0\u00bbrgba(0,73,50,0.92)\u00a0\u00bb button_letter_spacing=\u00a0\u00bb1px\u00a0\u00bb button_font=\u00a0\u00bb|||on|||||\u00a0\u00bb hover_enabled=\u00a0\u00bb0&Prime;][\/et_pb_button][\/et_pb_column][et_pb_column type=\u00a0\u00bb1_2&Prime; _builder_version=\u00a0\u00bb3.25&Prime; custom_padding=\u00a0\u00bb|||\u00a0\u00bb custom_padding__hover=\u00a0\u00bb|||\u00a0\u00bb][et_pb_image src=\u00a0\u00bbhttps:\/\/icleicanada.org\/wp-content\/uploads\/2020\/04\/35266356112_44cecdb617_c.jpg\u00a0\u00bb _builder_version=\u00a0\u00bb4.4.0&Prime; max_width=\u00a0\u00bb39%\u00a0\u00bb module_alignment=\u00a0\u00bbcenter\u00a0\u00bb][\/et_pb_image][\/et_pb_column][\/et_pb_row][et_pb_row column_structure=\u00a0\u00bb1_2,1_2&Prime; module_class=\u00a0\u00bb et_pb_row_fullwidth\u00a0\u00bb _builder_version=\u00a0\u00bb3.25&Prime; width=\u00a0\u00bb94%\u00a0\u00bb width_tablet=\u00a0\u00bb80%\u00a0\u00bb width_phone=\u00a0\u00bb\u00a0\u00bb width_last_edited=\u00a0\u00bbon|desktop\u00a0\u00bb max_width=\u00a0\u00bb94%\u00a0\u00bb max_width_tablet=\u00a0\u00bb80%\u00a0\u00bb max_width_phone=\u00a0\u00bb\u00a0\u00bb max_width_last_edited=\u00a0\u00bbon|desktop\u00a0\u00bb module_alignment=\u00a0\u00bbcenter\u00a0\u00bb custom_padding=\u00a0\u00bb0|0px|51px|0px|false|false\u00a0\u00bb make_fullwidth=\u00a0\u00bbon\u00a0\u00bb custom_width_px=\u00a0\u00bb2600px\u00a0\u00bb][et_pb_column type=\u00a0\u00bb1_2&Prime; _builder_version=\u00a0\u00bb3.25&Prime; custom_padding=\u00a0\u00bb|||\u00a0\u00bb custom_padding__hover=\u00a0\u00bb|||\u00a0\u00bb][et_pb_text _builder_version=\u00a0\u00bb4.4.0&Prime; text_font=\u00a0\u00bb|300|||||||\u00a0\u00bb text_font_size=\u00a0\u00bb16px\u00a0\u00bb header_font=\u00a0\u00bbMontserrat|300|||||||\u00a0\u00bb header_text_color=\u00a0\u00bbrgba(0,73,50,0.92)\u00a0\u00bb header_font_size=\u00a0\u00bb29px\u00a0\u00bb header_line_height=\u00a0\u00bb1.1em\u00a0\u00bb header_2_font_size=\u00a0\u00bb22px\u00a0\u00bb custom_padding=\u00a0\u00bb28px|||||\u00a0\u00bb hover_enabled=\u00a0\u00bb0&Prime;]<\/p>\n<h1>Quatri\u00e8me s\u00e9ance : Vous ne pouvez pas g\u00e9rer ce que vous ne mesurez pas \u2013 \u00e9tablissement de cadres de travail pour la surveillance des plans d\u2019adaptation<\/h1>\n<h2>Le 4 juin 2020, de 10 h \u00e0 11 h 30 (HPN)<span><\/span><\/h2>\n<p>Ce webinaire visait \u00e0 discuter des d\u00e9fis et des pratiques exemplaires pour mesurer les progr\u00e8s des actions d\u2019adaptation au niveau local. Les participants ont d\u2019abord pr\u00e9sent\u00e9 les travaux de surveillance et d\u2019\u00e9valuation r\u00e9alis\u00e9s jusqu\u2019\u00e0 maintenant dans chacune de leur municipalit\u00e9 respective. Ils ont aussi abord\u00e9 les contraintes associ\u00e9es aux indicateurs de l\u2019adaptation, notamment l\u2019incertitude, les \u00e9ch\u00e9anciers, la mesure des cons\u00e9quences \u00e9vit\u00e9es, la disponibilit\u00e9 des donn\u00e9es et le manque de ressources, ainsi que d\u2019\u00e9ventuelles strat\u00e9gies que pourraient adopter d\u2019autres municipalit\u00e9s dans leurs d\u00e9marches.<\/p>\n<p>&nbsp;<\/p>\n<p>Conf\u00e9renciers et pr\u00e9sentations (en anglais seulement)\u00a0:<br \/> \u2013 Allan Douglas, Climate Risk Institute<br \/> \u2013\u00a0Erin Desautels, ville de Surrey \u2013\u00a0<span><a href=\"https:\/\/icleicanada.org\/wp-content\/uploads\/2020\/06\/Desautels-E_Monitoring-metrics.pdf\">Vous ne pouvez pas surveiller ce que vous ne mesurez pas<\/a><\/span><span>\u00a0<\/span><br \/> \u2013 Tamsin Mills, ville de Vancouver<br \/> \u2013\u00a0Karina Richters, ville de Windsor \u2013\u00a0<span><a href=\"https:\/\/icleicanada.org\/wp-content\/uploads\/2020\/06\/Richters-K_ME-Presentation.pdf\">Surveillance et d\u00e9claration des indicateurs de l\u2019adaptation \u00e0 Windsor<\/a><\/span><\/p>\n<p>[\/et_pb_text][et_pb_button button_url=\u00a0\u00bbhttps:\/\/drive.google.com\/drive\/folders\/1U7MhD_3fe_UPWwVCy09HC9GmtyHuPYwZ\u00a0\u00bb url_new_window=\u00a0\u00bbon\u00a0\u00bb button_text=\u00a0\u00bbENREGISTREMENTS DU WEBINAIRE\u00a0\u00bb button_alignment=\u00a0\u00bbleft\u00a0\u00bb _builder_version=\u00a0\u00bb4.4.0&Prime; custom_button=\u00a0\u00bbon\u00a0\u00bb button_text_size=\u00a0\u00bb21px\u00a0\u00bb button_text_color=\u00a0\u00bbrgba(0,73,50,0.92)\u00a0\u00bb button_letter_spacing=\u00a0\u00bb1px\u00a0\u00bb button_font=\u00a0\u00bb|||on|||||\u00a0\u00bb hover_enabled=\u00a0\u00bb0&Prime;][\/et_pb_button][\/et_pb_column][et_pb_column type=\u00a0\u00bb1_2&Prime; _builder_version=\u00a0\u00bb3.25&Prime; custom_padding=\u00a0\u00bb|||\u00a0\u00bb custom_padding__hover=\u00a0\u00bb|||\u00a0\u00bb][et_pb_image src=\u00a0\u00bbhttps:\/\/icleicanada.org\/wp-content\/uploads\/2020\/04\/photography-of-bridge-1460280-1-scaled.jpg\u00a0\u00bb _builder_version=\u00a0\u00bb4.4.0&Prime; max_width=\u00a0\u00bb38%\u00a0\u00bb module_alignment=\u00a0\u00bbcenter\u00a0\u00bb][\/et_pb_image][\/et_pb_column][\/et_pb_row][et_pb_row column_structure=\u00a0\u00bb1_2,1_2&Prime; module_class=\u00a0\u00bb et_pb_row_fullwidth\u00a0\u00bb _builder_version=\u00a0\u00bb3.25&Prime; width=\u00a0\u00bb94%\u00a0\u00bb width_tablet=\u00a0\u00bb80%\u00a0\u00bb width_phone=\u00a0\u00bb\u00a0\u00bb width_last_edited=\u00a0\u00bbon|desktop\u00a0\u00bb max_width=\u00a0\u00bb94%\u00a0\u00bb max_width_tablet=\u00a0\u00bb80%\u00a0\u00bb max_width_phone=\u00a0\u00bb\u00a0\u00bb max_width_last_edited=\u00a0\u00bbon|desktop\u00a0\u00bb module_alignment=\u00a0\u00bbcenter\u00a0\u00bb min_height=\u00a0\u00bb446px\u00a0\u00bb custom_padding=\u00a0\u00bb0|0px|51px|0px|false|false\u00a0\u00bb make_fullwidth=\u00a0\u00bbon\u00a0\u00bb custom_width_px=\u00a0\u00bb2600px\u00a0\u00bb][et_pb_column type=\u00a0\u00bb1_2&Prime; _builder_version=\u00a0\u00bb3.25&Prime; custom_padding=\u00a0\u00bb|||\u00a0\u00bb custom_padding__hover=\u00a0\u00bb|||\u00a0\u00bb][et_pb_blurb title=\u00a0\u00bb\u00c0 propos du projet \u00ab\u2009Ensemble pour le climat\u2009\u00bb\u00a0\u00bb _builder_version=\u00a0\u00bb4.4.0&Prime; header_font=\u00a0\u00bbMontserrat||||||||\u00a0\u00bb header_text_align=\u00a0\u00bbleft\u00a0\u00bb header_font_size=\u00a0\u00bb27px\u00a0\u00bb header_line_height=\u00a0\u00bb1.4em\u00a0\u00bb body_text_align=\u00a0\u00bbleft\u00a0\u00bb body_font_size=\u00a0\u00bb16px\u00a0\u00bb body_line_height=\u00a0\u00bb1.9em\u00a0\u00bb custom_margin=\u00a0\u00bb12px||||false|false\u00a0\u00bb custom_padding=\u00a0\u00bb46px||0px|||\u00a0\u00bb hover_enabled=\u00a0\u00bb0&Prime;]<\/p>\n<p><span>ICLEI Canada a re\u00e7u un financement de deux ans de la Real Estate Foundation of BC (REFBC). Ce soutien financier permettra \u00e0 ICLEI Canada de travailler avec huit gouvernements locaux et r\u00e9gionaux en Colombie-Britannique afin d\u2019\u00e9laborer des strat\u00e9gies d\u2019adaptation aux changements climatiques. Cela renforce les capacit\u00e9s de chaque collectivit\u00e9 pour la collaboration avec les intervenants locaux et l\u2019obtention de commentaires provenant d\u2019un vaste \u00e9ventail d\u2019experts. Le projet \u00ab\u2009Ensemble pour le climat\u2009\u00bb offre \u00e9galement \u00e0 ces collectivit\u00e9s l\u2019occasion de se r\u00e9unir et de discuter de leurs d\u00e9fis et de leurs r\u00e9ussites en fonction de leurs forces et de leurs risques uniques. Le projet leur permet aussi d\u2019\u00e9tablir des liens avec un r\u00e9seau \u00e9largi d\u2019intervenants \u0153uvrant dans le domaine de l\u2019adaptation aux changements climatiques partout dans la province et le pays. Gr\u00e2ce \u00e0 l\u2019\u00e9valuation de ses vuln\u00e9rabilit\u00e9s et de ses risques dans le contexte des changements climatiques, chaque collectivit\u00e9 est en mesure d\u2019\u00e9tablir l\u2019ordre des priorit\u00e9s des mesures et de cr\u00e9er un plan pertinent au niveau local qui peut \u00eatre mis en \u0153uvre.<\/span><\/p>\n<p>[\/et_pb_blurb][\/et_pb_column][et_pb_column type=\u00a0\u00bb1_2&Prime; _builder_version=\u00a0\u00bb3.25&Prime; custom_padding=\u00a0\u00bb|||\u00a0\u00bb custom_padding__hover=\u00a0\u00bb|||\u00a0\u00bb][et_pb_image src=\u00a0\u00bbhttps:\/\/icleicanada.org\/wp-content\/uploads\/2020\/03\/Together-for-Climate.jpeg\u00a0\u00bb align=\u00a0\u00bbcenter\u00a0\u00bb _builder_version=\u00a0\u00bb4.4.0&Prime; width=\u00a0\u00bb42%\u00a0\u00bb custom_margin=\u00a0\u00bb77px||||false|false\u00a0\u00bb][\/et_pb_image][et_pb_image src=\u00a0\u00bbhttps:\/\/icleicanada.org\/wp-content\/uploads\/2020\/03\/REFbc-logo-300&#215;107-1.png\u00a0\u00bb align=\u00a0\u00bbcenter\u00a0\u00bb _builder_version=\u00a0\u00bb4.4.0&Prime; width=\u00a0\u00bb37%\u00a0\u00bb][\/et_pb_image][\/et_pb_column][\/et_pb_row][et_pb_row column_structure=\u00a0\u00bb1_4,1_4,1_4,1_4&Prime; make_equal=\u00a0\u00bbon\u00a0\u00bb _builder_version=\u00a0\u00bb3.25&Prime; max_width=\u00a0\u00bb1874px\u00a0\u00bb module_alignment=\u00a0\u00bbcenter\u00a0\u00bb custom_padding=\u00a0\u00bb0|0px||0px|false|false\u00a0\u00bb use_custom_width=\u00a0\u00bbon\u00a0\u00bb custom_width_px=\u00a0\u00bb1874px\u00a0\u00bb][et_pb_column type=\u00a0\u00bb1_4&Prime; _builder_version=\u00a0\u00bb3.25&Prime; custom_padding=\u00a0\u00bb|||\u00a0\u00bb custom_padding__hover=\u00a0\u00bb|||\u00a0\u00bb][et_pb_blurb title=\u00a0\u00bbCommunications sur le climat\u00a0\u00bb url=\u00a0\u00bbhttps:\/\/icleicanada.org\/fr\/climate-communications\/\u00a0\u00bb url_new_window=\u00a0\u00bbon\u00a0\u00bb use_icon=\u00a0\u00bbon\u00a0\u00bb font_icon=\u00a0\u00bb%%86%%\u00a0\u00bb icon_color=\u00a0\u00bbrgba(0,73,50,0.92)\u00a0\u00bb use_icon_font_size=\u00a0\u00bbon\u00a0\u00bb icon_font_size=\u00a0\u00bb61px\u00a0\u00bb _builder_version=\u00a0\u00bb4.4.0&Prime; header_font=\u00a0\u00bb||||||||\u00a0\u00bb header_font_size=\u00a0\u00bb22px\u00a0\u00bb header_line_height=\u00a0\u00bb1.4em\u00a0\u00bb body_font=\u00a0\u00bb||||||||\u00a0\u00bb text_orientation=\u00a0\u00bbcenter\u00a0\u00bb][\/et_pb_blurb][\/et_pb_column][et_pb_column type=\u00a0\u00bb1_4&Prime; _builder_version=\u00a0\u00bb3.25&Prime; custom_padding=\u00a0\u00bb|||\u00a0\u00bb custom_padding__hover=\u00a0\u00bb|||\u00a0\u00bb][et_pb_blurb title=\u00a0\u00bbFormation et ateliers\u00a0\u00bb url=\u00a0\u00bbhttps:\/\/icleicanada.org\/fr\/training-and-workshops\/\u00a0\u00bb url_new_window=\u00a0\u00bbon\u00a0\u00bb use_icon=\u00a0\u00bbon\u00a0\u00bb font_icon=\u00a0\u00bb%%157%%\u00a0\u00bb icon_color=\u00a0\u00bbrgba(0,73,50,0.92)\u00a0\u00bb use_icon_font_size=\u00a0\u00bbon\u00a0\u00bb icon_font_size=\u00a0\u00bb61px\u00a0\u00bb _builder_version=\u00a0\u00bb4.4.0&Prime; header_level=\u00a0\u00bbh1&Prime; header_font=\u00a0\u00bb||||||||\u00a0\u00bb header_font_size=\u00a0\u00bb22px\u00a0\u00bb header_line_height=\u00a0\u00bb1.4em\u00a0\u00bb body_font=\u00a0\u00bb||||||||\u00a0\u00bb text_orientation=\u00a0\u00bbcenter\u00a0\u00bb][\/et_pb_blurb][\/et_pb_column][et_pb_column type=\u00a0\u00bb1_4&Prime; _builder_version=\u00a0\u00bb3.25&Prime; custom_padding=\u00a0\u00bb|||\u00a0\u00bb custom_padding__hover=\u00a0\u00bb|||\u00a0\u00bb][et_pb_blurb title=\u00a0\u00bbPlanification de l&rsquo;adaptation et la r\u00e9silience\u00a0\u00bb url=\u00a0\u00bbhttps:\/\/icleicanada.org\/fr\/adaptation-and-resilience-planning\/\u00a0\u00bb url_new_window=\u00a0\u00bbon\u00a0\u00bb use_icon=\u00a0\u00bbon\u00a0\u00bb font_icon=\u00a0\u00bb%%101%%\u00a0\u00bb icon_color=\u00a0\u00bbrgba(0,73,50,0.92)\u00a0\u00bb use_icon_font_size=\u00a0\u00bbon\u00a0\u00bb icon_font_size=\u00a0\u00bb61px\u00a0\u00bb _builder_version=\u00a0\u00bb4.4.0&Prime; header_level=\u00a0\u00bbh1&Prime; header_font=\u00a0\u00bb||||||||\u00a0\u00bb header_font_size=\u00a0\u00bb22px\u00a0\u00bb header_line_height=\u00a0\u00bb1.4em\u00a0\u00bb body_font=\u00a0\u00bb||||||||\u00a0\u00bb text_orientation=\u00a0\u00bbcenter\u00a0\u00bb][\/et_pb_blurb][\/et_pb_column][et_pb_column type=\u00a0\u00bb1_4&Prime; _builder_version=\u00a0\u00bb3.25&Prime; custom_padding=\u00a0\u00bb|||\u00a0\u00bb custom_padding__hover=\u00a0\u00bb|||\u00a0\u00bb][et_pb_blurb title=\u00a0\u00bbRenforcement des capacit\u00e9s\u00a0\u00bb url=\u00a0\u00bbhttps:\/\/icleicanada.org\/fr\/capacity-building\/\u00a0\u00bb url_new_window=\u00a0\u00bbon\u00a0\u00bb use_icon=\u00a0\u00bbon\u00a0\u00bb font_icon=\u00a0\u00bb%%173%%\u00a0\u00bb icon_color=\u00a0\u00bbrgba(0,73,50,0.92)\u00a0\u00bb use_icon_font_size=\u00a0\u00bbon\u00a0\u00bb icon_font_size=\u00a0\u00bb61px\u00a0\u00bb _builder_version=\u00a0\u00bb4.4.0&Prime; header_font=\u00a0\u00bb||||||||\u00a0\u00bb header_font_size=\u00a0\u00bb22px\u00a0\u00bb header_line_height=\u00a0\u00bb1.4em\u00a0\u00bb body_font=\u00a0\u00bb||||||||\u00a0\u00bb text_orientation=\u00a0\u00bbcenter\u00a0\u00bb][\/et_pb_blurb][\/et_pb_column][\/et_pb_row][et_pb_row module_class=\u00a0\u00bb et_pb_row_fullwidth\u00a0\u00bb _builder_version=\u00a0\u00bb3.25&Prime; width=\u00a0\u00bb94%\u00a0\u00bb width_tablet=\u00a0\u00bb80%\u00a0\u00bb width_phone=\u00a0\u00bb\u00a0\u00bb width_last_edited=\u00a0\u00bbon|desktop\u00a0\u00bb max_width=\u00a0\u00bb94%\u00a0\u00bb max_width_tablet=\u00a0\u00bb80%\u00a0\u00bb max_width_phone=\u00a0\u00bb\u00a0\u00bb max_width_last_edited=\u00a0\u00bbon|desktop\u00a0\u00bb custom_padding=\u00a0\u00bb49px|0px|27px|0px|false|false\u00a0\u00bb make_fullwidth=\u00a0\u00bbon\u00a0\u00bb][et_pb_column type=\u00a0\u00bb4_4&Prime; _builder_version=\u00a0\u00bb3.25&Prime; custom_padding=\u00a0\u00bb|||\u00a0\u00bb custom_padding__hover=\u00a0\u00bb|||\u00a0\u00bb][et_pb_text _builder_version=\u00a0\u00bb4.4.0&Prime; text_font=\u00a0\u00bb||||||||\u00a0\u00bb text_font_size=\u00a0\u00bb8px\u00a0\u00bb]<\/p>\n<p>Photos: White Fawn Lily by Alanah Nasadyk (Flickr); Harbour by Bolun Huang (Flickr); Flowers \u00ab\u00a0Together\u00a0\u00bb by Danna (Flickr); \u00ab\u00a0Climate Change is Real\u00a0\u00bb by Eden, Janine, and Jim (Flickr); Stairs image (Flickr)<\/p>\n<p>[\/et_pb_text][\/et_pb_column][\/et_pb_row][\/et_pb_section]<\/p>\n","protected":false},"excerpt":{"rendered":"<p>[et_pb_section fb_built=\u00a0\u00bb1&Prime; fullwidth=\u00a0\u00bbon\u00a0\u00bb _builder_version=\u00a0\u00bb3.22&Prime;][et_pb_fullwidth_header title=\u00a0\u00bbfaire progresser l\u2019action climatique collaborative en Colombie-Britannique \u00a0\u00bb subhead=\u00a0\u00bbs\u00e9rie de webinaires interactifs\u00a0\u00bb text_orientation=\u00a0\u00bbcenter\u00a0\u00bb background_overlay_color=\u00a0\u00bbrgba(8,33,26,0.43)\u00a0\u00bb _builder_version=\u00a0\u00bb4.4.0&Prime; title_font=\u00a0\u00bbMontserrat|||on|||||\u00a0\u00bb title_font_size=\u00a0\u00bb33px\u00a0\u00bb title_letter_spacing=\u00a0\u00bb6px\u00a0\u00bb content_font=\u00a0\u00bb||||||||\u00a0\u00bb content_font_size=\u00a0\u00bb23px\u00a0\u00bb content_line_height=\u00a0\u00bb2.2em\u00a0\u00bb subhead_font=\u00a0\u00bb|||on|||||\u00a0\u00bb subhead_font_size=\u00a0\u00bb22px\u00a0\u00bb subhead_letter_spacing=\u00a0\u00bb1px\u00a0\u00bb subhead_line_height=\u00a0\u00bb1.1em\u00a0\u00bb background_color=\u00a0\u00bbrgba(51,0,41,0.35)\u00a0\u00bb use_background_color_gradient=\u00a0\u00bbon\u00a0\u00bb background_image=\u00a0\u00bbhttps:\/\/icleicanada.org\/wp-content\/uploads\/2020\/03\/31699461071_cfff7c8be3_c.jpg\u00a0\u00bb parallax=\u00a0\u00bbon\u00a0\u00bb width=\u00a0\u00bb100%\u00a0\u00bb][\/et_pb_fullwidth_header][\/et_pb_section][et_pb_section fb_built=\u00a0\u00bb1&Prime; _builder_version=\u00a0\u00bb3.22&Prime; custom_padding=\u00a0\u00bb3px|0px|0|0px|false|false\u00a0\u00bb][et_pb_row column_structure=\u00a0\u00bb1_2,1_2&Prime; module_class=\u00a0\u00bb et_pb_row_fullwidth\u00a0\u00bb _builder_version=\u00a0\u00bb3.25&Prime; width=\u00a0\u00bb94%\u00a0\u00bb width_tablet=\u00a0\u00bb80%\u00a0\u00bb width_phone=\u00a0\u00bb\u00a0\u00bb width_last_edited=\u00a0\u00bbon|desktop\u00a0\u00bb max_width=\u00a0\u00bb94%\u00a0\u00bb max_width_tablet=\u00a0\u00bb80%\u00a0\u00bb max_width_phone=\u00a0\u00bb\u00a0\u00bb max_width_last_edited=\u00a0\u00bbon|desktop\u00a0\u00bb module_alignment=\u00a0\u00bbcenter\u00a0\u00bb custom_padding=\u00a0\u00bb0|0px|51px|0px|false|false\u00a0\u00bb make_fullwidth=\u00a0\u00bbon\u00a0\u00bb custom_width_px=\u00a0\u00bb2600px\u00a0\u00bb min_height=\u00a0\u00bb657px\u00a0\u00bb][et_pb_column type=\u00a0\u00bb1_2&Prime; [&hellip;]<\/p>\n","protected":false},"author":5,"featured_media":52875,"comment_status":"closed","ping_status":"closed","template":"","meta":{"_et_pb_use_builder":"on","_et_pb_old_content":"[et_pb_section fb_built=\"1\" fullwidth=\"on\" _builder_version=\"3.22\"][et_pb_fullwidth_header title=\"advancing collaborative climate action in british columbia\" subhead=\"Interactive webinar series\" text_orientation=\"center\" background_overlay_color=\"rgba(8,33,26,0.43)\" _builder_version=\"4.4.0\" title_font=\"Montserrat|||on|||||\" title_font_size=\"36px\" title_letter_spacing=\"6px\" content_font=\"||||||||\" content_font_size=\"23px\" content_line_height=\"2.2em\" subhead_font=\"|||on|||||\" subhead_font_size=\"29px\" subhead_letter_spacing=\"1px\" subhead_line_height=\"1.1em\" background_color=\"rgba(51,0,41,0.35)\" use_background_color_gradient=\"on\" background_image=\"https:\/\/icleicanada.org\/wp-content\/uploads\/2020\/03\/31699461071_cfff7c8be3_c.jpg\" parallax=\"on\" width=\"100%\"][\/et_pb_fullwidth_header][\/et_pb_section][et_pb_section fb_built=\"1\" _builder_version=\"3.22\" custom_padding=\"3px|0px|0|0px|false|false\"][et_pb_row column_structure=\"1_2,1_2\" module_class=\" et_pb_row_fullwidth\" _builder_version=\"3.25\" width=\"94%\" width_tablet=\"80%\" width_phone=\"\" width_last_edited=\"on|desktop\" max_width=\"94%\" max_width_tablet=\"80%\" max_width_phone=\"\" max_width_last_edited=\"on|desktop\" module_alignment=\"center\" custom_padding=\"0|0px|51px|0px|false|false\" make_fullwidth=\"on\" custom_width_px=\"2600px\"][et_pb_column type=\"1_2\" _builder_version=\"3.25\" custom_padding=\"|||\" custom_padding__hover=\"|||\"][et_pb_image src=\"https:\/\/icleicanada.org\/wp-content\/uploads\/2020\/03\/1.-Cover-photo.jpg\" align=\"center\" align_tablet=\"center\" align_phone=\"\" align_last_edited=\"on|desktop\" _builder_version=\"4.4.0\" custom_margin=\"||\" custom_padding=\"109px||\"][\/et_pb_image][\/et_pb_column][et_pb_column type=\"1_2\" _builder_version=\"3.25\" custom_padding=\"|||\" custom_padding__hover=\"|||\"][et_pb_divider color=\"rgba(0,73,50,0.92)\" _builder_version=\"4.4.0\" max_width=\"14%\" module_alignment=\"left\" custom_margin=\"115px||\"][\/et_pb_divider][et_pb_text _builder_version=\"4.4.0\" text_font=\"|300|||||||\" text_font_size=\"16px\" header_font=\"Montserrat|300|||||||\" header_text_color=\"rgba(0,73,50,0.92)\" header_font_size=\"36px\" header_line_height=\"1.1em\" custom_padding=\"||0px|||\"]<h1>Webinar Series: Advancing Collaborative Climate Action in British Columbia<br \/> <span><\/span><\/h1>\r\n<p>In keeping with directives from the Public Health Agency of Canada, ICLEI Canada will be delivering the third provincial workshop as part of the Together for Climate project as a series of four-online events. Participants will have an opportunity to deep dive into subject matter led by adaptation experts from across Canada and work hands-on with a suite of tools to help ensure the longevity of adaptation actions, secure necessary resources, and communicate their community\u2019s successes. Themes for the webinars include partnerships, communications, financing and monitoring and evaluation. The objectives of the webinar series are:<\/p>\r\n<ul>\r\n<li>To help municipalities and sustainability practitioners learn about implementation-ready climate adaptation plans<\/li>\r\n<li>To bring together participants from across Vancouver Island participating in the Together for Climate project, while showcasing the achievements of the project thus far.<\/li>\r\n<\/ul>\r\n<p><span>The series will feature presentations from the City of Burlington, the City of Edmonton, ACT-SFU, and more!\u00a0Stay tuned as more session speakers are announced over the coming weeks. Please see program details below, including how to register for one or more of our webinars!<\/span><\/p>[\/et_pb_text][\/et_pb_column][\/et_pb_row][et_pb_row column_structure=\"1_2,1_2\" module_class=\" et_pb_row_fullwidth\" _builder_version=\"3.25\" width=\"94%\" width_tablet=\"80%\" width_phone=\"\" width_last_edited=\"on|desktop\" max_width=\"94%\" max_width_tablet=\"80%\" max_width_phone=\"\" max_width_last_edited=\"on|desktop\" module_alignment=\"center\" custom_padding=\"0|0px|51px|0px|false|false\" make_fullwidth=\"on\" custom_width_px=\"2600px\"][et_pb_column type=\"1_2\" _builder_version=\"3.25\" custom_padding=\"|||\" custom_padding__hover=\"|||\"][et_pb_text _builder_version=\"4.4.0\" text_font=\"|300|||||||\" text_font_size=\"16px\" header_font=\"Montserrat|300|||||||\" header_text_color=\"rgba(0,73,50,0.92)\" header_font_size=\"29px\" header_line_height=\"1.1em\" header_2_font_size=\"21px\"]<h1>Session One: Working Together \u2013 Advancing Climate Adaptation Through Strategic Partnerships<\/h1>\r\n<h2>June 1, 2020 10:00-11:30 AM (PT)<span><\/span><\/h2>\r\n<p>The first in the series of webinars will offer an introduction into the various types of collaboration and partnerships ranging from transactional to strategic and fully integrative. Speakers will kick-off a discussion on why strategic or transformative partnerships around climate change are necessary rather than more traditional or \u201ctransaction-based\u201d partnerships.\u00a0 Case studies of various partnership models will be presented.\u00a0<br \/><br \/><span>Session speakers include:<\/span><br \/><span>- Hana Lapp, Climate Change Project Coordinator, ICLEI Canada<\/span><br \/><span>- Amy Daca, Stormwater Management Technologist, City of Burlington<\/span><br \/><span>- Julie Cayley, Executive Director, Severn Sound Environmental Association<\/span><\/p>\r\n<p><span>Additional speakers to be announced!<\/span><\/p>[\/et_pb_text][et_pb_button button_url=\"https:\/\/zoom.us\/webinar\/register\/WN_akYl0kiqSiyNXQilw1G_ig\" url_new_window=\"on\" button_text=\"Register here\" button_alignment=\"left\" _builder_version=\"4.4.0\" custom_button=\"on\" button_text_size=\"21px\" button_text_color=\"rgba(0,73,50,0.92)\" button_letter_spacing=\"1px\" button_font=\"|||on|||||\"][\/et_pb_button][\/et_pb_column][et_pb_column type=\"1_2\" _builder_version=\"3.25\" custom_padding=\"|||\" custom_padding__hover=\"|||\"][et_pb_image src=\"https:\/\/icleicanada.org\/wp-content\/uploads\/2020\/04\/18521487259_57f8abf902_c.jpg\" _builder_version=\"4.4.0\" width=\"38%\" module_alignment=\"center\" min_height=\"100px\"][\/et_pb_image][\/et_pb_column][\/et_pb_row][et_pb_row column_structure=\"1_2,1_2\" module_class=\" et_pb_row_fullwidth\" _builder_version=\"3.25\" width=\"94%\" width_tablet=\"80%\" width_phone=\"\" width_last_edited=\"on|desktop\" max_width=\"94%\" max_width_tablet=\"80%\" max_width_phone=\"\" max_width_last_edited=\"on|desktop\" module_alignment=\"center\" custom_padding=\"0|0px|51px|0px|false|false\" make_fullwidth=\"on\" custom_width_px=\"2600px\"][et_pb_column type=\"1_2\" _builder_version=\"3.25\" custom_padding=\"|||\" custom_padding__hover=\"|||\"][et_pb_text _builder_version=\"4.4.0\" text_font=\"|300|||||||\" text_font_size=\"16px\" header_font=\"Montserrat|300|||||||\" header_text_color=\"rgba(0,73,50,0.92)\" header_font_size=\"29px\" header_line_height=\"1.1em\" header_2_font_size=\"22px\"]<h1>Session Two: Having the Climate Conversation \u2013 Getting the Message out and Inspiring Change<\/h1>\r\n<h2>June 2, 2020 10:00-11:00 AM (PT)<span><\/span><\/h2>\r\n<p>This interactive workshop will offer an opportunity to learn foundational skills about climate communications and give participants a chance apply them using real-world climate solutions. Content will centre on strategically identifying key audiences, tailoring messages, and developing communications strategies using a variety of channels.\u00a0<br \/><br \/><span>Session speaker:<br \/><\/span><span style=\"font-size: 16px;\">- Ewa Jackson, Managing Director, ICLEI Canada<\/span><\/p>\r\n<ul><\/ul>[\/et_pb_text][et_pb_button button_url=\"https:\/\/zoom.us\/webinar\/register\/WN_3LFJK9EnTI60XYJMB1QHIA\" url_new_window=\"on\" button_text=\"Register here\" button_alignment=\"left\" _builder_version=\"4.4.0\" custom_button=\"on\" button_text_size=\"21px\" button_text_color=\"rgba(0,73,50,0.92)\" button_letter_spacing=\"1px\" button_font=\"|||on|||||\"][\/et_pb_button][\/et_pb_column][et_pb_column type=\"1_2\" _builder_version=\"3.25\" custom_padding=\"|||\" custom_padding__hover=\"|||\"][et_pb_image src=\"https:\/\/icleicanada.org\/wp-content\/uploads\/2020\/04\/48756840303_5ceab1a9b9_c.jpg\" _builder_version=\"4.4.0\" width=\"39%\" module_alignment=\"center\" min_height=\"100px\"][\/et_pb_image][\/et_pb_column][\/et_pb_row][et_pb_row column_structure=\"1_2,1_2\" module_class=\" et_pb_row_fullwidth\" _builder_version=\"3.25\" width=\"94%\" width_tablet=\"80%\" width_phone=\"\" width_last_edited=\"on|desktop\" max_width=\"94%\" max_width_tablet=\"80%\" max_width_phone=\"\" max_width_last_edited=\"on|desktop\" module_alignment=\"center\" custom_padding=\"0|0px|51px|0px|false|false\" make_fullwidth=\"on\" custom_width_px=\"2600px\"][et_pb_column type=\"1_2\" _builder_version=\"3.25\" custom_padding=\"|||\" custom_padding__hover=\"|||\"][et_pb_text _builder_version=\"4.4.0\" text_font=\"|300|||||||\" text_font_size=\"16px\" header_font=\"Montserrat|300|||||||\" header_text_color=\"rgba(0,73,50,0.92)\" header_font_size=\"29px\" header_line_height=\"1.1em\" header_2_font_size=\"22px\"]<h1>Session Three: Who Pays the Bill? Financing Adaptation Actions<\/h1>\r\n<h2>June 3, 2020 10:00-11:30 AM (PT)<span><\/span><\/h2>\r\n<p>Local governments in Canada are using a variety of tools, and accessing a variety of new funding sources, to pay for adaptation actions. This webinar will cover some of the tools that have seen greater uptake\/innovation including: Conventional sources (Gas Tax, Invest in Canada Funding, etc.), Merit-based funds (MCIP, GMF, MAMP, Disaster Mitigation and Adaptation Fund), and Carbon Price Revenues. Following this, presenters will share their experiences with identifying funding and financing options for adaptation plans.<\/p>\r\n<p><span>Session speakers:<\/span><br \/><span>- Deborah Harford, Executive Director, Adaptation to Climate Change Team, Simon Fraser University<\/span><br \/><span>- Chandra Tomaras, Program Manager \u2013 Environmental Strategies, City of Edmonton<\/span><br \/><span>- Devin Causley, Manager, Climate Change Programs, Federation of Canadian Municipalities<\/span><\/p>\r\n<p><span>Additional speakers to be announced!<\/span><\/p>[\/et_pb_text][et_pb_button button_url=\"https:\/\/zoom.us\/webinar\/register\/WN_RmSLnYt_SmymCCvAvV6NCg\" url_new_window=\"on\" button_text=\"Register here\" button_alignment=\"left\" _builder_version=\"4.4.0\" custom_button=\"on\" button_text_size=\"21px\" button_text_color=\"rgba(0,73,50,0.92)\" button_letter_spacing=\"1px\" button_font=\"|||on|||||\"][\/et_pb_button][\/et_pb_column][et_pb_column type=\"1_2\" _builder_version=\"3.25\" custom_padding=\"|||\" custom_padding__hover=\"|||\"][et_pb_image src=\"https:\/\/icleicanada.org\/wp-content\/uploads\/2020\/04\/35266356112_44cecdb617_c.jpg\" _builder_version=\"4.4.0\" max_width=\"39%\" module_alignment=\"center\"][\/et_pb_image][\/et_pb_column][\/et_pb_row][et_pb_row column_structure=\"1_2,1_2\" module_class=\" et_pb_row_fullwidth\" _builder_version=\"3.25\" width=\"94%\" width_tablet=\"80%\" width_phone=\"\" width_last_edited=\"on|desktop\" max_width=\"94%\" max_width_tablet=\"80%\" max_width_phone=\"\" max_width_last_edited=\"on|desktop\" module_alignment=\"center\" custom_padding=\"0|0px|51px|0px|false|false\" make_fullwidth=\"on\" custom_width_px=\"2600px\"][et_pb_column type=\"1_2\" _builder_version=\"3.25\" custom_padding=\"|||\" custom_padding__hover=\"|||\"][et_pb_text _builder_version=\"4.4.0\" text_font=\"|300|||||||\" text_font_size=\"16px\" header_font=\"Montserrat|300|||||||\" header_text_color=\"rgba(0,73,50,0.92)\" header_font_size=\"29px\" header_line_height=\"1.1em\" header_2_font_size=\"22px\" custom_padding=\"28px|||||\"]<h1>Session Four: You Can\u2019t Manage What You Don\u2019t Measure \u2013 Establishing Monitoring Frameworks for Adaptation<\/h1>\r\n<h2>June 4, 2020 10:00-11:30 AM (PT)<span><\/span><\/h2>\r\n<p>This webinar will begin with an overview of some of the challenges associated with measuring progress on adaptation: uncertainty, long timescale, measurement of avoided impacts, availability of data, and resource constraints. Following this, speakers will present approaches and good practices in overcoming challenges and establishing frameworks to measure progress on adaptation at a variety of scales.<\/p>\r\n<p><span>Session speakers include:<\/span><br \/><span>- Allan Douglas, President, Climate Risk Institute<br \/>-\u00a0Erin Desautels, Sustainability Planner, City of Surrey <\/span><\/p>\r\n<p><span>Additional session speaker announcements to come!<\/span><\/p>[\/et_pb_text][et_pb_button button_url=\"https:\/\/zoom.us\/webinar\/register\/WN_ni_MklxtRouQ1dpbbuuaXA\" url_new_window=\"on\" button_text=\"Register here\" button_alignment=\"left\" _builder_version=\"4.4.0\" custom_button=\"on\" button_text_size=\"21px\" button_text_color=\"rgba(0,73,50,0.92)\" button_letter_spacing=\"1px\" button_font=\"|||on|||||\"][\/et_pb_button][\/et_pb_column][et_pb_column type=\"1_2\" _builder_version=\"3.25\" custom_padding=\"|||\" custom_padding__hover=\"|||\"][et_pb_image src=\"https:\/\/icleicanada.org\/wp-content\/uploads\/2020\/04\/photography-of-bridge-1460280-1-scaled.jpg\" _builder_version=\"4.4.0\" max_width=\"38%\" module_alignment=\"center\"][\/et_pb_image][\/et_pb_column][\/et_pb_row][et_pb_row column_structure=\"1_2,1_2\" module_class=\" et_pb_row_fullwidth\" _builder_version=\"3.25\" width=\"94%\" width_tablet=\"80%\" width_phone=\"\" width_last_edited=\"on|desktop\" max_width=\"94%\" max_width_tablet=\"80%\" max_width_phone=\"\" max_width_last_edited=\"on|desktop\" module_alignment=\"center\" min_height=\"446px\" custom_padding=\"0|0px|51px|0px|false|false\" make_fullwidth=\"on\" custom_width_px=\"2600px\"][et_pb_column type=\"1_2\" _builder_version=\"3.25\" custom_padding=\"|||\" custom_padding__hover=\"|||\"][et_pb_blurb title=\"About the Together for Climate Project \" _builder_version=\"4.4.0\" header_font=\"Montserrat||||||||\" header_text_align=\"left\" header_font_size=\"27px\" header_line_height=\"1.4em\" body_text_align=\"left\" body_font_size=\"16px\" body_line_height=\"1.9em\" custom_margin=\"12px||||false|false\" custom_padding=\"46px||0px|||\"]<p><span>ICLEI Canada has received two years of funding from the Real Estate Foundation of BC (REFBC) to work with 8 local and regional governments in British Columbia to develop climate adaptation strategies. This builds capacity for each community to engage with local stakeholders and receive input from a wide range of experts. The Together for Climate project also provides these communities with the opportunity to come together and share their challenges and successes based on their unique strengths and risks, while connecting them to a broader network of practitioners working on climate adaptation across the province and country. Through assessing their vulnerability and risk to climatic changes, each community is able to prioritize action-setting and create a plan that is locally relevant and implementation-ready.<\/span><\/p>[\/et_pb_blurb][\/et_pb_column][et_pb_column type=\"1_2\" _builder_version=\"3.25\" custom_padding=\"|||\" custom_padding__hover=\"|||\"][et_pb_image src=\"https:\/\/icleicanada.org\/wp-content\/uploads\/2020\/03\/Together-for-Climate.jpeg\" align=\"center\" _builder_version=\"4.4.0\" width=\"42%\" custom_margin=\"77px||||false|false\"][\/et_pb_image][et_pb_image src=\"https:\/\/icleicanada.org\/wp-content\/uploads\/2020\/03\/REFbc-logo-300x107-1.png\" align=\"center\" _builder_version=\"4.4.0\" width=\"37%\"][\/et_pb_image][\/et_pb_column][\/et_pb_row][et_pb_row column_structure=\"1_4,1_4,1_4,1_4\" make_equal=\"on\" _builder_version=\"3.25\" max_width=\"1874px\" module_alignment=\"center\" custom_padding=\"0|0px||0px|false|false\" use_custom_width=\"on\" custom_width_px=\"1874px\"][et_pb_column type=\"1_4\" _builder_version=\"3.25\" custom_padding=\"|||\" custom_padding__hover=\"|||\"][et_pb_blurb title=\"Climate communications\" url=\"https:\/\/icleicanada.org\/climate-communications\/\" url_new_window=\"on\" use_icon=\"on\" font_icon=\"%%86%%\" icon_color=\"rgba(0,73,50,0.92)\" use_icon_font_size=\"on\" icon_font_size=\"61px\" _builder_version=\"4.4.0\" header_font=\"||||||||\" header_font_size=\"22px\" header_line_height=\"1.4em\" body_font=\"||||||||\" text_orientation=\"center\"][\/et_pb_blurb][\/et_pb_column][et_pb_column type=\"1_4\" _builder_version=\"3.25\" custom_padding=\"|||\" custom_padding__hover=\"|||\"][et_pb_blurb title=\"Training and workshops\" url=\"https:\/\/icleicanada.org\/training-and-workshops\/\" url_new_window=\"on\" use_icon=\"on\" font_icon=\"%%157%%\" icon_color=\"rgba(0,73,50,0.92)\" use_icon_font_size=\"on\" icon_font_size=\"61px\" _builder_version=\"3.20.2\" header_level=\"h1\" header_font=\"||||||||\" header_font_size=\"22px\" header_line_height=\"1.4em\" body_font=\"||||||||\" text_orientation=\"center\"][\/et_pb_blurb][\/et_pb_column][et_pb_column type=\"1_4\" _builder_version=\"3.25\" custom_padding=\"|||\" custom_padding__hover=\"|||\"][et_pb_blurb title=\"Adaptation and resilience planning\" url=\"https:\/\/icleicanada.org\/adaptation-and-resilience-planning\/\" url_new_window=\"on\" use_icon=\"on\" font_icon=\"%%101%%\" icon_color=\"rgba(0,73,50,0.92)\" use_icon_font_size=\"on\" icon_font_size=\"61px\" _builder_version=\"4.4.0\" header_level=\"h1\" header_font=\"||||||||\" header_font_size=\"22px\" header_line_height=\"1.4em\" body_font=\"||||||||\" text_orientation=\"center\"][\/et_pb_blurb][\/et_pb_column][et_pb_column type=\"1_4\" _builder_version=\"3.25\" custom_padding=\"|||\" custom_padding__hover=\"|||\"][et_pb_blurb title=\"Capacity building \" url=\"https:\/\/icleicanada.org\/capacity-building\/\" url_new_window=\"on\" use_icon=\"on\" font_icon=\"%%173%%\" icon_color=\"rgba(0,73,50,0.92)\" use_icon_font_size=\"on\" icon_font_size=\"61px\" _builder_version=\"4.4.0\" header_font=\"||||||||\" header_font_size=\"22px\" header_line_height=\"1.4em\" body_font=\"||||||||\" text_orientation=\"center\"][\/et_pb_blurb][\/et_pb_column][\/et_pb_row][et_pb_row module_class=\" et_pb_row_fullwidth\" _builder_version=\"3.25\" width=\"94%\" width_tablet=\"80%\" width_phone=\"\" width_last_edited=\"on|desktop\" max_width=\"94%\" max_width_tablet=\"80%\" max_width_phone=\"\" max_width_last_edited=\"on|desktop\" custom_padding=\"49px|0px|27px|0px|false|false\" make_fullwidth=\"on\"][et_pb_column type=\"4_4\" _builder_version=\"3.25\" custom_padding=\"|||\" custom_padding__hover=\"|||\"][et_pb_text _builder_version=\"4.4.0\" text_font=\"||||||||\" text_font_size=\"8px\"]<p>Photos: White Fawn Lily by Alanah Nasadyk (Flickr); Harbour by Bolun Huang (Flickr); Flowers \"Together\" by Danna (Flickr); \"Climate Change is Real\" by Eden, Janine, and Jim (Flickr); Stairs image (Flickr)<\/p>[\/et_pb_text][\/et_pb_column][\/et_pb_row][\/et_pb_section]","_et_gb_content_width":"","footnotes":""},"project_category":[68,76,83,84,72,81,88,70],"project_tag":[],"class_list":["post-53375","project","type-project","status-publish","has-post-thumbnail","hentry","project_category-adaptation-et-planification-de-la-resilience","project_category-communications-sur-le-climat","project_category-evenements","project_category-evenements-passes","project_category-formation-et-ateliers","project_category-nos-services","project_category-presente-sur-la-page-daccueil","project_category-renforcement-des-capacites"],"_links":{"self":[{"href":"https:\/\/icleicanada.org\/fr\/wp-json\/wp\/v2\/project\/53375","targetHints":{"allow":["GET"]}}],"collection":[{"href":"https:\/\/icleicanada.org\/fr\/wp-json\/wp\/v2\/project"}],"about":[{"href":"https:\/\/icleicanada.org\/fr\/wp-json\/wp\/v2\/types\/project"}],"author":[{"embeddable":true,"href":"https:\/\/icleicanada.org\/fr\/wp-json\/wp\/v2\/users\/5"}],"replies":[{"embeddable":true,"href":"https:\/\/icleicanada.org\/fr\/wp-json\/wp\/v2\/comments?post=53375"}],"version-history":[{"count":20,"href":"https:\/\/icleicanada.org\/fr\/wp-json\/wp\/v2\/project\/53375\/revisions"}],"predecessor-version":[{"id":54087,"href":"https:\/\/icleicanada.org\/fr\/wp-json\/wp\/v2\/project\/53375\/revisions\/54087"}],"wp:featuredmedia":[{"embeddable":true,"href":"https:\/\/icleicanada.org\/fr\/wp-json\/wp\/v2\/media\/52875"}],"wp:attachment":[{"href":"https:\/\/icleicanada.org\/fr\/wp-json\/wp\/v2\/media?parent=53375"}],"wp:term":[{"taxonomy":"project_category","embeddable":true,"href":"https:\/\/icleicanada.org\/fr\/wp-json\/wp\/v2\/project_category?post=53375"},{"taxonomy":"project_tag","embeddable":true,"href":"https:\/\/icleicanada.org\/fr\/wp-json\/wp\/v2\/project_tag?post=53375"}],"curies":[{"name":"wp","href":"https:\/\/api.w.org\/{rel}","templated":true}]}}