{"id":53405,"date":"2020-04-29T09:29:58","date_gmt":"2020-04-29T13:29:58","guid":{"rendered":"https:\/\/icleicanada.org\/?post_type=project&#038;p=53405\/"},"modified":"2020-05-01T10:52:12","modified_gmt":"2020-05-01T14:52:12","slug":"survey-on-municipal-involvement-in-canadas-biodiversity-target-on-protected-and-conserved-areas","status":"publish","type":"project","link":"https:\/\/icleicanada.org\/fr\/project\/survey-on-municipal-involvement-in-canadas-biodiversity-target-on-protected-and-conserved-areas\/","title":{"rendered":"Sondage sur la participation municipale relativement \u00e0 l\u2019objectif de biodiversit\u00e9 du Canada dans les zones prot\u00e9g\u00e9es et conserv\u00e9es"},"content":{"rendered":"<p>[et_pb_section fb_built=\u00a0\u00bb1&Prime; fullwidth=\u00a0\u00bbon\u00a0\u00bb _builder_version=\u00a0\u00bb3.22&Prime;][et_pb_fullwidth_header title=\u00a0\u00bbSondage sur la participation municipale relativement \u00e0 l\u2019objectif de biodiversit\u00e9 du Canada dans les zones prot\u00e9g\u00e9es et conserv\u00e9es\u00a0\u00bb text_orientation=\u00a0\u00bbcenter\u00a0\u00bb background_overlay_color=\u00a0\u00bbrgba(110,130,0,0.38)\u00a0\u00bb _builder_version=\u00a0\u00bb4.4.0&Prime; title_font=\u00a0\u00bbMontserrat|300|||||||\u00a0\u00bb title_font_size=\u00a0\u00bb44px\u00a0\u00bb title_letter_spacing=\u00a0\u00bb2px\u00a0\u00bb title_line_height=\u00a0\u00bb1.1em\u00a0\u00bb content_font=\u00a0\u00bb||||||||\u00a0\u00bb content_font_size=\u00a0\u00bb23px\u00a0\u00bb content_line_height=\u00a0\u00bb2.2em\u00a0\u00bb background_color=\u00a0\u00bbrgba(51,0,41,0.35)\u00a0\u00bb use_background_color_gradient=\u00a0\u00bbon\u00a0\u00bb background_image=\u00a0\u00bbhttps:\/\/icleicanada.org\/wp-content\/uploads\/2019\/07\/Photo-by-Thomas-Ronveaux-from-Pexels.jpg\u00a0\u00bb][\/et_pb_fullwidth_header][\/et_pb_section][et_pb_section fb_built=\u00a0\u00bb1&Prime; _builder_version=\u00a0\u00bb3.22&Prime; custom_padding=\u00a0\u00bb3px|0px|13px|0px|false|false\u00a0\u00bb][et_pb_row column_structure=\u00a0\u00bb1_2,1_2&Prime; _builder_version=\u00a0\u00bb3.25&Prime; max_width=\u00a0\u00bb1822px\u00a0\u00bb module_alignment=\u00a0\u00bbcenter\u00a0\u00bb custom_padding=\u00a0\u00bb0|0px|67px|0px|false|false\u00a0\u00bb use_custom_width=\u00a0\u00bbon\u00a0\u00bb custom_width_px=\u00a0\u00bb1822px\u00a0\u00bb][et_pb_column type=\u00a0\u00bb1_2&Prime; _builder_version=\u00a0\u00bb3.25&Prime; custom_padding=\u00a0\u00bb|||\u00a0\u00bb custom_padding__hover=\u00a0\u00bb|||\u00a0\u00bb][et_pb_image src=\u00a0\u00bbhttps:\/\/icleicanada.org\/wp-content\/uploads\/2019\/07\/Markus-Trienke.jpg\u00a0\u00bb align=\u00a0\u00bbcenter\u00a0\u00bb align_tablet=\u00a0\u00bbcenter\u00a0\u00bb align_phone=\u00a0\u00bb\u00a0\u00bb align_last_edited=\u00a0\u00bbon|desktop\u00a0\u00bb _builder_version=\u00a0\u00bb3.23&Prime; custom_margin=\u00a0\u00bb||\u00a0\u00bb custom_padding=\u00a0\u00bb161px||\u00a0\u00bb][\/et_pb_image][\/et_pb_column][et_pb_column type=\u00a0\u00bb1_2&Prime; _builder_version=\u00a0\u00bb3.25&Prime; custom_padding=\u00a0\u00bb|||\u00a0\u00bb custom_padding__hover=\u00a0\u00bb|||\u00a0\u00bb][et_pb_divider color=\u00a0\u00bb#136d15&Prime; _builder_version=\u00a0\u00bb3.20.2&Prime; max_width=\u00a0\u00bb14%\u00a0\u00bb module_alignment=\u00a0\u00bbleft\u00a0\u00bb custom_margin=\u00a0\u00bb115px||\u00a0\u00bb][\/et_pb_divider][et_pb_text _builder_version=\u00a0\u00bb4.4.0&Prime; text_font=\u00a0\u00bb|300|||||||\u00a0\u00bb text_font_size=\u00a0\u00bb16px\u00a0\u00bb header_font=\u00a0\u00bbMontserrat|300|||||||\u00a0\u00bb header_text_color=\u00a0\u00bbrgba(0,73,50,0.92)\u00a0\u00bb header_font_size=\u00a0\u00bb36px\u00a0\u00bb header_line_height=\u00a0\u00bb1.1em\u00a0\u00bb]<\/p>\n<h1 class=\"et_pb_module_header et-fb-editable-element et-fb-editable-element__editing\" data-shortcode-id=\"0.0-1563891388433\" data-quickaccess-id=\"title\" contenteditable=\"true\">. Sondage sur la participation municipale relativement \u00e0 l\u2019objectif de biodiversit\u00e9 du Canada dans les zones prot\u00e9g\u00e9es et conserv\u00e9es<\/h1>\n<h1><span><\/span><\/h1>\n<p>Le Canada est r\u00e9put\u00e9 mondialement pour ses magnifiques espaces sauvages et naturels. Nous avons pris l\u2019engagement de prot\u00e9ger ces espaces pour devenir un chef de file mondial en mati\u00e8re de conservation gr\u00e2ce \u00e0 l\u2019initiative En route vers l\u2019objectif 1 du Canada. Cette initiative vise \u00e0 prot\u00e9ger et \u00e0 conserver au moins 17 % des zones terrestres et des eaux int\u00e9rieures et 10 % des zones c\u00f4ti\u00e8res et marines d\u2019ici 2020 pour contribuer \u00e0 enrayer la perte de la biodiversit\u00e9. \u00c0 la fin de 2015, 10,6 % des terres au Canada \u00e9taient reconnues comme des zones prot\u00e9g\u00e9es.<\/p>\n<p>Un effort pancanadien sera n\u00e9cessaire pour atteindre l\u2019objectif 1. Sa r\u00e9alisation devrait faire appel \u00e0 de nombreux minist\u00e8res et groupes autochtones, ainsi qu\u2019\u00e0 un grand nombre de collectivit\u00e9s et d\u2019organisations partout au Canada. Les municipalit\u00e9s ont \u00e9galement un r\u00f4le \u00e0 jouer. \u00c0 l\u2019heure actuelle, les parcs municipaux et les zones prot\u00e9g\u00e9es ne figurent pas dans le rapport du Canada \u00e0 la communaut\u00e9 internationale de conservation. Gr\u00e2ce \u00e0 un sondage en ligne, ICLEI Canada a explor\u00e9 les possibilit\u00e9s li\u00e9es \u00e0 la participation municipale \u00e0 l\u2019initiative En route vers l\u2019objectif 1 du Canada. \u00a0<\/p>\n<p>Le sondage a r\u00e9v\u00e9l\u00e9 que 52 % des municipalit\u00e9s concern\u00e9es participent aux efforts ou aux activit\u00e9s de l\u2019initiative En route vers l\u2019objectif 1 du Canada. Les municipalit\u00e9s utilisent un vaste \u00e9ventail d\u2019outils et de m\u00e9canismes pour assurer la conservation de la biodiversit\u00e9 et de la nature selon les zones. Dans le cadre du sondage, 89 % des r\u00e9pondants ont affirm\u00e9 que leur municipalit\u00e9 effectue une certaine forme de mod\u00e9lisation et 82 % ont indiqu\u00e9 que leur municipalit\u00e9 met en place des mesures de conservation des zones. De plus, 73 % tirent parti des partenariats et 70 % s\u2019engagent activement dans les activit\u00e9s d\u2019\u00e9laboration de politiques. Les municipalit\u00e9s participent aussi \u00e0 l\u2019\u00e9laboration de plans, \u00e0 la sensibilisation de la population, aux programmes de surveillance, aux activit\u00e9s de r\u00e9glementation et \u00e0 l\u2019\u00e9laboration de strat\u00e9gies en mati\u00e8re de biodiversit\u00e9.\u00a0<\/p>\n<p>Les r\u00e9pondants ont indiqu\u00e9 qu\u2019en plus du grand int\u00e9r\u00eat que cela soul\u00e8ve, il y a d\u2019excellentes possibilit\u00e9s que les gouvernements provinciaux et f\u00e9d\u00e9ral veillent \u00e0 ce que les municipalit\u00e9s participent \u00e0 une action collaborative dans le cadre de l\u2019initiative En route vers l\u2019objectif 1 du Canada.<\/p>\n<p><span><\/span><\/p>\n<p><span style=\"font-size: 16px;\"><\/span><\/p>\n<p>[\/et_pb_text][\/et_pb_column][\/et_pb_row][et_pb_row column_structure=\u00a0\u00bb1_2,1_2&Prime; make_equal=\u00a0\u00bbon\u00a0\u00bb _builder_version=\u00a0\u00bb3.25&Prime; module_alignment=\u00a0\u00bbcenter\u00a0\u00bb custom_padding=\u00a0\u00bb0|0px||0px|false|false\u00a0\u00bb][et_pb_column type=\u00a0\u00bb1_2&Prime; _builder_version=\u00a0\u00bb3.25&Prime; custom_padding=\u00a0\u00bb|||\u00a0\u00bb custom_padding__hover=\u00a0\u00bb|||\u00a0\u00bb][et_pb_blurb title=\u00a0\u00bbRenforcement des capacit\u00e9s\u00a0\u00bb url=\u00a0\u00bbhttps:\/\/icleicanada.org\/fr\/capacity-building\/\u00a0\u00bb use_icon=\u00a0\u00bbon\u00a0\u00bb font_icon=\u00a0\u00bb%%173%%\u00a0\u00bb icon_color=\u00a0\u00bb#005441&Prime; content_max_width=\u00a0\u00bb1100px\u00a0\u00bb use_icon_font_size=\u00a0\u00bbon\u00a0\u00bb icon_font_size=\u00a0\u00bb89px\u00a0\u00bb _builder_version=\u00a0\u00bb4.4.0&Prime; header_level=\u00a0\u00bbh1&Prime; header_font=\u00a0\u00bb||||||||\u00a0\u00bb header_font_size=\u00a0\u00bb22px\u00a0\u00bb header_line_height=\u00a0\u00bb0.1em\u00a0\u00bb body_font=\u00a0\u00bb||||||||\u00a0\u00bb text_orientation=\u00a0\u00bbcenter\u00a0\u00bb custom_margin=\u00a0\u00bb-6px||\u00a0\u00bb link_option_url=\u00a0\u00bbhttps:\/\/icleicanada.org\/fr\/capacity-building\/\u00a0\u00bb][\/et_pb_blurb][\/et_pb_column][et_pb_column type=\u00a0\u00bb1_2&Prime; _builder_version=\u00a0\u00bb3.25&Prime; custom_padding=\u00a0\u00bb|||\u00a0\u00bb custom_padding__hover=\u00a0\u00bb|||\u00a0\u00bb][et_pb_blurb title=\u00a0\u00bbConsultation\u00a0\u00bb url=\u00a0\u00bbhttps:\/\/icleicanada.org\/fr\/consulting\/\u00a0\u00bb use_icon=\u00a0\u00bbon\u00a0\u00bb font_icon=\u00a0\u00bb%%74%%\u00a0\u00bb icon_color=\u00a0\u00bb#005441&Prime; content_max_width=\u00a0\u00bb1100px\u00a0\u00bb use_icon_font_size=\u00a0\u00bbon\u00a0\u00bb icon_font_size=\u00a0\u00bb89px\u00a0\u00bb _builder_version=\u00a0\u00bb4.4.0&Prime; header_level=\u00a0\u00bbh1&Prime; header_font=\u00a0\u00bb||||||||\u00a0\u00bb header_font_size=\u00a0\u00bb22px\u00a0\u00bb header_line_height=\u00a0\u00bb0.1em\u00a0\u00bb body_font=\u00a0\u00bb||||||||\u00a0\u00bb text_orientation=\u00a0\u00bbcenter\u00a0\u00bb custom_margin=\u00a0\u00bb-6px||\u00a0\u00bb link_option_url=\u00a0\u00bbhttps:\/\/icleicanada.org\/fr\/consulting\/\u00a0\u00bb][\/et_pb_blurb][\/et_pb_column][\/et_pb_row][\/et_pb_section][et_pb_section fb_built=\u00a0\u00bb1&Prime; _builder_version=\u00a0\u00bb3.22&Prime; custom_padding=\u00a0\u00bb54px|0px|0|0px|false|false\u00a0\u00bb][et_pb_row module_class=\u00a0\u00bb et_pb_row_fullwidth\u00a0\u00bb _builder_version=\u00a0\u00bb3.25&Prime; width=\u00a0\u00bb94%\u00a0\u00bb width_tablet=\u00a0\u00bb80%\u00a0\u00bb width_phone=\u00a0\u00bb\u00a0\u00bb width_last_edited=\u00a0\u00bbon|desktop\u00a0\u00bb max_width=\u00a0\u00bb94%\u00a0\u00bb max_width_tablet=\u00a0\u00bb80%\u00a0\u00bb max_width_phone=\u00a0\u00bb\u00a0\u00bb max_width_last_edited=\u00a0\u00bbon|desktop\u00a0\u00bb module_alignment=\u00a0\u00bbcenter\u00a0\u00bb custom_padding=\u00a0\u00bb0|0px|27px|0px|false|false\u00a0\u00bb make_fullwidth=\u00a0\u00bbon\u00a0\u00bb][et_pb_column type=\u00a0\u00bb4_4&Prime; _builder_version=\u00a0\u00bb3.25&Prime; custom_padding=\u00a0\u00bb|||\u00a0\u00bb custom_padding__hover=\u00a0\u00bb|||\u00a0\u00bb][et_pb_text _builder_version=\u00a0\u00bb3.27.4&Prime; text_font=\u00a0\u00bb||||||||\u00a0\u00bb text_font_size=\u00a0\u00bb10px\u00a0\u00bb]<\/p>\n<p style=\"text-align: left;\">Header Photo by Thomas Ronveaux from Pexels; body photo by Markus Trienke from Flickr.<\/p>\n<p>[\/et_pb_text][\/et_pb_column][\/et_pb_row][\/et_pb_section]<\/p>\n","protected":false},"excerpt":{"rendered":"<p>[et_pb_section fb_built=\u00a0\u00bb1&Prime; fullwidth=\u00a0\u00bbon\u00a0\u00bb _builder_version=\u00a0\u00bb3.22&Prime;][et_pb_fullwidth_header title=\u00a0\u00bbSondage sur la participation municipale relativement \u00e0 l\u2019objectif de biodiversit\u00e9 du Canada dans les zones prot\u00e9g\u00e9es et conserv\u00e9es\u00a0\u00bb text_orientation=\u00a0\u00bbcenter\u00a0\u00bb background_overlay_color=\u00a0\u00bbrgba(110,130,0,0.38)\u00a0\u00bb _builder_version=\u00a0\u00bb4.4.0&Prime; title_font=\u00a0\u00bbMontserrat|300|||||||\u00a0\u00bb title_font_size=\u00a0\u00bb44px\u00a0\u00bb title_letter_spacing=\u00a0\u00bb2px\u00a0\u00bb title_line_height=\u00a0\u00bb1.1em\u00a0\u00bb content_font=\u00a0\u00bb||||||||\u00a0\u00bb content_font_size=\u00a0\u00bb23px\u00a0\u00bb content_line_height=\u00a0\u00bb2.2em\u00a0\u00bb background_color=\u00a0\u00bbrgba(51,0,41,0.35)\u00a0\u00bb use_background_color_gradient=\u00a0\u00bbon\u00a0\u00bb background_image=\u00a0\u00bbhttps:\/\/icleicanada.org\/wp-content\/uploads\/2019\/07\/Photo-by-Thomas-Ronveaux-from-Pexels.jpg\u00a0\u00bb][\/et_pb_fullwidth_header][\/et_pb_section][et_pb_section fb_built=\u00a0\u00bb1&Prime; _builder_version=\u00a0\u00bb3.22&Prime; custom_padding=\u00a0\u00bb3px|0px|13px|0px|false|false\u00a0\u00bb][et_pb_row column_structure=\u00a0\u00bb1_2,1_2&Prime; _builder_version=\u00a0\u00bb3.25&Prime; max_width=\u00a0\u00bb1822px\u00a0\u00bb module_alignment=\u00a0\u00bbcenter\u00a0\u00bb custom_padding=\u00a0\u00bb0|0px|67px|0px|false|false\u00a0\u00bb use_custom_width=\u00a0\u00bbon\u00a0\u00bb custom_width_px=\u00a0\u00bb1822px\u00a0\u00bb][et_pb_column type=\u00a0\u00bb1_2&Prime; _builder_version=\u00a0\u00bb3.25&Prime; custom_padding=\u00a0\u00bb|||\u00a0\u00bb custom_padding__hover=\u00a0\u00bb|||\u00a0\u00bb][et_pb_image src=\u00a0\u00bbhttps:\/\/icleicanada.org\/wp-content\/uploads\/2019\/07\/Markus-Trienke.jpg\u00a0\u00bb align=\u00a0\u00bbcenter\u00a0\u00bb align_tablet=\u00a0\u00bbcenter\u00a0\u00bb align_phone=\u00a0\u00bb\u00a0\u00bb align_last_edited=\u00a0\u00bbon|desktop\u00a0\u00bb _builder_version=\u00a0\u00bb3.23&Prime; [&hellip;]<\/p>\n","protected":false},"author":5,"featured_media":50610,"comment_status":"closed","ping_status":"closed","template":"","meta":{"_et_pb_use_builder":"on","_et_pb_old_content":"[et_pb_section fb_built=\"1\" fullwidth=\"on\" _builder_version=\"3.20.2\"][et_pb_fullwidth_header title=\"Survey on Municipal Involvement in Canada's Target on Protected and Conserved Areas\" text_orientation=\"center\" scroll_down_icon_size=\"61px\" background_overlay_color=\"rgba(110,130,0,0.38)\" _builder_version=\"3.20.2\" title_font=\"Montserrat|300|||||||\" title_font_size=\"60px\" title_letter_spacing=\"2px\" title_line_height=\"1.1em\" content_font=\"||||||||\" content_font_size=\"23px\" content_line_height=\"2.2em\" background_color=\"rgba(51,0,41,0.35)\" use_background_color_gradient=\"on\" background_image=\"http:\/\/icleicanada.org\/wp-content\/uploads\/2019\/07\/Photo-by-Thomas-Ronveaux-from-Pexels.jpg\"][\/et_pb_fullwidth_header][\/et_pb_section][et_pb_section fb_built=\"1\" _builder_version=\"3.20.2\" custom_padding=\"3px|0px|13px|0px|false|false\"][et_pb_row use_custom_width=\"on\" custom_width_px=\"1822px\" custom_padding=\"0|0px|67px|0px|false|false\" _builder_version=\"3.20.2\" module_alignment=\"center\"][et_pb_column type=\"1_2\" _builder_version=\"3.20.2\"][et_pb_image src=\"http:\/\/icleicanada.org\/wp-content\/uploads\/2019\/07\/Markus-Trienke.jpg\" align=\"center\" _builder_version=\"3.20.2\" custom_margin=\"||\" custom_padding=\"161px||\"][\/et_pb_image][\/et_pb_column][et_pb_column type=\"1_2\" _builder_version=\"3.20.2\"][et_pb_divider color=\"#136d15\" _builder_version=\"3.20.2\" max_width=\"14%\" module_alignment=\"left\" custom_margin=\"115px||\"][\/et_pb_divider][et_pb_text _builder_version=\"3.20.2\" text_font=\"|300|||||||\" text_font_size=\"16px\" header_font=\"Montserrat|300|||||||\" header_text_color=\"rgba(0,73,50,0.92)\" header_font_size=\"36px\" header_line_height=\"1.1em\"]<h1 class=\"et_pb_module_header et-fb-editable-element et-fb-editable-element__editing\" data-shortcode-id=\"0.0-1563891388433\" data-quickaccess-id=\"title\" contenteditable=\"true\">Survey on Municipal Involvement in Canada's Biodiversity Target on Protected and Conserved Areas<\/h1>\r\n<h1><span><\/span><\/h1>\r\n<p>Canada has a global reputation for its beautiful wilderness and natural spaces.\u00a0 We have made a commitment to protect these spaces and become a world leader in conservation through Canada Target 1.\u00a0 Canada Target 1 aims to protect and conserve at least 17% of terrestrial areas and inland waters, and 10% of coastal and marine areas, by 2020 to help stem the loss of biodiversity. \u00a0At the end of 2015, 10.6% of Canada's terrestrial area was recognized as protected.<\/p>\r\n<p>Reaching Canada Target 1 will take a pan-Canadian effort, involving many government departments, Indigenous groups, communities and organizations across Canada.\u00a0 Municipalities have a role to play too.\u00a0 Currently municipal parks and protected areas are not included in Canada\u2019s report to the international conservation community.\u00a0 ICLEI Canada explored the potential of municipal involvement in Canada\u2019s Target 1 through an online survey.\u00a0<\/p>\r\n<p>The survey revealed that 52% of participating municipalities are involved in efforts or activities towards Canada Target 1.\u00a0 Municipalities are using a wide-range of tools and mechanisms to deliver area-based biodiversity conservation and conservation of nature.\u00a0 89% of respondents indicated their municipality is doing some form of mapping followed by 82% doing area-based conservation.\u00a0 73% are leveraging partnerships and 70% are actively engaged in policy development activities.\u00a0 Municipalities are also engaged in plan development, public education, monitoring programs, regulatory activities and the development of biodiversity strategies.\u00a0<\/p>\r\n<p>Survey respondents indicated that there is great interest and potential for provincial and federal governments to engage municipalities in collaborative action towards Canada Target 1.<\/p>\r\n<p><span><\/span><\/p>\r\n<p><span style=\"font-size: 16px;\"><\/span><\/p>[\/et_pb_text][\/et_pb_column][\/et_pb_row][et_pb_row custom_padding=\"0|0px||0px|false|false\" make_equal=\"on\" _builder_version=\"3.20.2\" module_alignment=\"center\"][et_pb_column type=\"1_2\" _builder_version=\"3.20.2\"][et_pb_blurb title=\"Capacity building\" url=\"http:\/\/icleicanada.org\/capacity-building\/\" use_icon=\"on\" font_icon=\"%%173%%\" icon_color=\"#005441\" content_max_width=\"1100px\" use_icon_font_size=\"on\" icon_font_size=\"89px\" _builder_version=\"3.20.2\" header_level=\"h1\" header_font=\"||||||||\" header_font_size=\"22px\" header_line_height=\"0.1em\" body_font=\"||||||||\" text_orientation=\"center\" custom_margin=\"-6px||\" link_option_url=\"http:\/\/icleicanada.org\/capacity-building\/\"][\/et_pb_blurb][\/et_pb_column][et_pb_column type=\"1_2\" _builder_version=\"3.20.2\"][et_pb_blurb title=\"Consulting\" url=\"http:\/\/icleicanada.org\/consulting\/\" use_icon=\"on\" font_icon=\"%%74%%\" icon_color=\"#005441\" content_max_width=\"1100px\" use_icon_font_size=\"on\" icon_font_size=\"89px\" _builder_version=\"3.20.2\" header_level=\"h1\" header_font=\"||||||||\" header_font_size=\"22px\" header_line_height=\"0.1em\" body_font=\"||||||||\" text_orientation=\"center\" custom_margin=\"-6px||\" link_option_url=\"http:\/\/icleicanada.org\/consulting\/\"][\/et_pb_blurb][\/et_pb_column][\/et_pb_row][\/et_pb_section][et_pb_section fb_built=\"1\" _builder_version=\"3.20.2\" custom_padding=\"54px|0px|0|0px|false|false\"][et_pb_row make_fullwidth=\"on\" custom_padding=\"0|0px|27px|0px|false|false\" _builder_version=\"3.20.2\" module_alignment=\"center\"][et_pb_column type=\"4_4\" _builder_version=\"3.20.2\"][et_pb_text _builder_version=\"3.20.2\" text_font=\"||||||||\" text_font_size=\"10px\"]<p style=\"text-align: left;\">Header Photo by Thomas Ronveaux from Pexels; body photo by Markus Trienke from Flickr.<\/p>[\/et_pb_text][\/et_pb_column][\/et_pb_row][\/et_pb_section]","_et_gb_content_width":"","footnotes":""},"project_category":[74,70,80,77],"project_tag":[],"class_list":["post-53405","project","type-project","status-publish","has-post-thumbnail","hentry","project_category-consultation","project_category-renforcement-des-capacites","project_category-ressources","project_category-ressources-de-la-biodiversite"],"_links":{"self":[{"href":"https:\/\/icleicanada.org\/fr\/wp-json\/wp\/v2\/project\/53405","targetHints":{"allow":["GET"]}}],"collection":[{"href":"https:\/\/icleicanada.org\/fr\/wp-json\/wp\/v2\/project"}],"about":[{"href":"https:\/\/icleicanada.org\/fr\/wp-json\/wp\/v2\/types\/project"}],"author":[{"embeddable":true,"href":"https:\/\/icleicanada.org\/fr\/wp-json\/wp\/v2\/users\/5"}],"replies":[{"embeddable":true,"href":"https:\/\/icleicanada.org\/fr\/wp-json\/wp\/v2\/comments?post=53405"}],"version-history":[{"count":7,"href":"https:\/\/icleicanada.org\/fr\/wp-json\/wp\/v2\/project\/53405\/revisions"}],"predecessor-version":[{"id":53415,"href":"https:\/\/icleicanada.org\/fr\/wp-json\/wp\/v2\/project\/53405\/revisions\/53415"}],"wp:featuredmedia":[{"embeddable":true,"href":"https:\/\/icleicanada.org\/fr\/wp-json\/wp\/v2\/media\/50610"}],"wp:attachment":[{"href":"https:\/\/icleicanada.org\/fr\/wp-json\/wp\/v2\/media?parent=53405"}],"wp:term":[{"taxonomy":"project_category","embeddable":true,"href":"https:\/\/icleicanada.org\/fr\/wp-json\/wp\/v2\/project_category?post=53405"},{"taxonomy":"project_tag","embeddable":true,"href":"https:\/\/icleicanada.org\/fr\/wp-json\/wp\/v2\/project_tag?post=53405"}],"curies":[{"name":"wp","href":"https:\/\/api.w.org\/{rel}","templated":true}]}}