{"id":53442,"date":"2020-04-29T09:53:34","date_gmt":"2020-04-29T13:53:34","guid":{"rendered":"https:\/\/icleicanada.org\/?post_type=project&#038;p=53442\/"},"modified":"2020-05-01T10:35:42","modified_gmt":"2020-05-01T14:35:42","slug":"sondage-sur-laction-municipale-canadienne-en-matiere-de-biodiversite","status":"publish","type":"project","link":"https:\/\/icleicanada.org\/fr\/project\/sondage-sur-laction-municipale-canadienne-en-matiere-de-biodiversite\/","title":{"rendered":"Sondage sur l\u2019action municipale canadienne en mati\u00e8re de biodiversit\u00e9"},"content":{"rendered":"<p>[et_pb_section fb_built=\u00a0\u00bb1&Prime; fullwidth=\u00a0\u00bbon\u00a0\u00bb _builder_version=\u00a0\u00bb3.22&Prime;][et_pb_fullwidth_header title=\u00a0\u00bb. Sondage sur l\u2019action municipale canadienne en mati\u00e8re de biodiversit\u00e9\u00a0\u00bb text_orientation=\u00a0\u00bbcenter\u00a0\u00bb background_overlay_color=\u00a0\u00bbrgba(0,58,10,0.21)\u00a0\u00bb _builder_version=\u00a0\u00bb4.4.0&Prime; title_font=\u00a0\u00bbMontserrat|300|||||||\u00a0\u00bb title_font_size=\u00a0\u00bb59px\u00a0\u00bb title_letter_spacing=\u00a0\u00bb2px\u00a0\u00bb content_font=\u00a0\u00bb||||||||\u00a0\u00bb content_font_size=\u00a0\u00bb23px\u00a0\u00bb content_line_height=\u00a0\u00bb2.2em\u00a0\u00bb background_color=\u00a0\u00bbrgba(51,0,41,0.35)\u00a0\u00bb use_background_color_gradient=\u00a0\u00bbon\u00a0\u00bb background_image=\u00a0\u00bbhttps:\/\/icleicanada.org\/wp-content\/uploads\/2019\/07\/Photo-by-Kelsey-Johnson-from-Pexels.jpg\u00a0\u00bb][\/et_pb_fullwidth_header][\/et_pb_section][et_pb_section fb_built=\u00a0\u00bb1&Prime; _builder_version=\u00a0\u00bb3.22&Prime; custom_padding=\u00a0\u00bb3px|0px|13px|0px|false|false\u00a0\u00bb][et_pb_row column_structure=\u00a0\u00bb1_2,1_2&Prime; _builder_version=\u00a0\u00bb3.25&Prime; max_width=\u00a0\u00bb1376px\u00a0\u00bb module_alignment=\u00a0\u00bbcenter\u00a0\u00bb custom_padding=\u00a0\u00bb0|0px|67px|0px|false|false\u00a0\u00bb use_custom_width=\u00a0\u00bbon\u00a0\u00bb custom_width_px=\u00a0\u00bb1376px\u00a0\u00bb][et_pb_column type=\u00a0\u00bb1_2&Prime; _builder_version=\u00a0\u00bb3.25&Prime; custom_padding=\u00a0\u00bb|||\u00a0\u00bb custom_padding__hover=\u00a0\u00bb|||\u00a0\u00bb][et_pb_image src=\u00a0\u00bbhttps:\/\/icleicanada.org\/wp-content\/uploads\/2019\/07\/Skype_Picture_2019_07_23T14_07_27_339Z.jpeg\u00a0\u00bb align=\u00a0\u00bbcenter\u00a0\u00bb align_tablet=\u00a0\u00bbcenter\u00a0\u00bb align_phone=\u00a0\u00bb\u00a0\u00bb align_last_edited=\u00a0\u00bbon|desktop\u00a0\u00bb _builder_version=\u00a0\u00bb3.23&Prime; custom_margin=\u00a0\u00bb||\u00a0\u00bb custom_padding=\u00a0\u00bb194px||\u00a0\u00bb][\/et_pb_image][\/et_pb_column][et_pb_column type=\u00a0\u00bb1_2&Prime; _builder_version=\u00a0\u00bb3.25&Prime; custom_padding=\u00a0\u00bb|||\u00a0\u00bb custom_padding__hover=\u00a0\u00bb|||\u00a0\u00bb][et_pb_divider color=\u00a0\u00bb#136d15&Prime; _builder_version=\u00a0\u00bb3.20.2&Prime; max_width=\u00a0\u00bb14%\u00a0\u00bb module_alignment=\u00a0\u00bbleft\u00a0\u00bb custom_margin=\u00a0\u00bb115px||\u00a0\u00bb][\/et_pb_divider][et_pb_text _builder_version=\u00a0\u00bb4.4.0&Prime; text_font=\u00a0\u00bb|300|||||||\u00a0\u00bb text_font_size=\u00a0\u00bb16px\u00a0\u00bb header_font=\u00a0\u00bbMontserrat|300|||||||\u00a0\u00bb header_text_color=\u00a0\u00bbrgba(0,73,50,0.92)\u00a0\u00bb header_font_size=\u00a0\u00bb36px\u00a0\u00bb header_line_height=\u00a0\u00bb1.1em\u00a0\u00bb]<\/p>\n<h1 class=\"et_pb_module_header et-fb-editable-element et-fb-editable-element__editing\" data-shortcode-id=\"0.0-1563891388433\" data-quickaccess-id=\"title\" contenteditable=\"true\">Sondage sur l\u2019action municipale canadienne en mati\u00e8re de biodiversit\u00e9<\/h1>\n<h1><span><\/span><\/h1>\n<p>ICLEI Canada a men\u00e9 ce sondage en 2017 pour appuyer les efforts des gouvernements f\u00e9d\u00e9ral, provinciaux et territoriaux du Canada en vue du 6e rapport national du Canada \u00e0 la Convention des Nations Unies sur la diversit\u00e9 biologique.   L\u2019objectif 4 du Canada sur la biodiversit\u00e9 pr\u00e9cise ce qui suit : \u00ab\u2009D\u2019ici 2020, les consid\u00e9rations en mati\u00e8re de biodiversit\u00e9 seront int\u00e9gr\u00e9es dans la planification municipale et les activit\u00e9s des principales municipalit\u00e9s \u00e0 travers le Canada.\u2009\u00bb \u00a0<\/p>\n<p>Gr\u00e2ce au sondage, nous avons appris que 23 moyens et grands centres de population ont \u00e9labor\u00e9 des strat\u00e9gies de conservation de la biodiversit\u00e9 et que 42 centres ont int\u00e9gr\u00e9 des objectifs de biodiversit\u00e9 dans leurs documents de planification municipale. Voici les pr\u00e9occupations les plus courantes en mati\u00e8re de biodiversit\u00e9 qui ont \u00e9t\u00e9 int\u00e9gr\u00e9es dans d\u2019autres cadres de travail : zones importantes sur le plan environnemental, gestion des bassins versants et conservation des espaces verts. Les th\u00e8mes de programmes ou d\u2019activit\u00e9s les plus communs comprenaient les esp\u00e8ces exotiques envahissantes, les jardins communautaires et la plantation d\u2019arbres.\u00a0<\/p>\n<p>De 2014 \u00e0 2017, le nombre de r\u00e9ponses au sondage a presque tripl\u00e9. Cela sugg\u00e8re qu\u2019il y a un int\u00e9r\u00eat accru pour la biodiversit\u00e9 au niveau municipal. Les r\u00e9pondants ont montr\u00e9 qu\u2019ils connaissent mieux cette th\u00e9matique en faisant r\u00e9f\u00e9rence \u00e0 une capacit\u00e9 accrue de comprendre les pr\u00e9occupations en mati\u00e8re de biodiversit\u00e9 et de s\u2019y investir.  <\/p>\n<p><span>Pour obtenir plus d\u2019information sur le 6e rapport national du Canada \u00e0 la Convention des Nations Unies sur la diversit\u00e9 biologique et l\u2019objectif 4, cliquez ici : <span><a href=\"http:\/\/biodivcanada.chm-cbd.net\">http:\/\/biodivcanada.chm-cbd.net\/fr<\/a><\/span><\/p>\n<p><span style=\"font-size: 16px;\"><\/span><\/p>\n<p>[\/et_pb_text][\/et_pb_column][\/et_pb_row][et_pb_row column_structure=\u00a0\u00bb1_2,1_2&Prime; make_equal=\u00a0\u00bbon\u00a0\u00bb _builder_version=\u00a0\u00bb3.25&Prime; module_alignment=\u00a0\u00bbcenter\u00a0\u00bb custom_padding=\u00a0\u00bb0|0px||0px|false|false\u00a0\u00bb][et_pb_column type=\u00a0\u00bb1_2&Prime; _builder_version=\u00a0\u00bb3.25&Prime; custom_padding=\u00a0\u00bb|||\u00a0\u00bb custom_padding__hover=\u00a0\u00bb|||\u00a0\u00bb][et_pb_blurb title=\u00a0\u00bbRenforcement des capacit\u00e9s\u00a0\u00bb url=\u00a0\u00bbhttps:\/\/icleicanada.org\/fr\/capacity-building\/\u00a0\u00bb use_icon=\u00a0\u00bbon\u00a0\u00bb font_icon=\u00a0\u00bb%%173%%\u00a0\u00bb icon_color=\u00a0\u00bb#005441&Prime; content_max_width=\u00a0\u00bb1100px\u00a0\u00bb use_icon_font_size=\u00a0\u00bbon\u00a0\u00bb icon_font_size=\u00a0\u00bb89px\u00a0\u00bb _builder_version=\u00a0\u00bb4.4.0&Prime; header_level=\u00a0\u00bbh1&Prime; header_font=\u00a0\u00bb||||||||\u00a0\u00bb header_font_size=\u00a0\u00bb22px\u00a0\u00bb header_line_height=\u00a0\u00bb0.1em\u00a0\u00bb body_font=\u00a0\u00bb||||||||\u00a0\u00bb text_orientation=\u00a0\u00bbcenter\u00a0\u00bb custom_margin=\u00a0\u00bb-6px||\u00a0\u00bb link_option_url=\u00a0\u00bbhttps:\/\/icleicanada.org\/fr\/capacity-building\/\u00a0\u00bb][\/et_pb_blurb][\/et_pb_column][et_pb_column type=\u00a0\u00bb1_2&Prime; _builder_version=\u00a0\u00bb3.25&Prime; custom_padding=\u00a0\u00bb|||\u00a0\u00bb custom_padding__hover=\u00a0\u00bb|||\u00a0\u00bb][et_pb_blurb title=\u00a0\u00bbConsultation\u00a0\u00bb url=\u00a0\u00bbhttps:\/\/icleicanada.org\/fr\/consulting\/\u00a0\u00bb use_icon=\u00a0\u00bbon\u00a0\u00bb font_icon=\u00a0\u00bb%%74%%\u00a0\u00bb icon_color=\u00a0\u00bb#005441&Prime; content_max_width=\u00a0\u00bb1100px\u00a0\u00bb use_icon_font_size=\u00a0\u00bbon\u00a0\u00bb icon_font_size=\u00a0\u00bb89px\u00a0\u00bb _builder_version=\u00a0\u00bb4.4.0&Prime; header_level=\u00a0\u00bbh1&Prime; header_font=\u00a0\u00bb||||||||\u00a0\u00bb header_font_size=\u00a0\u00bb22px\u00a0\u00bb header_line_height=\u00a0\u00bb0.1em\u00a0\u00bb body_font=\u00a0\u00bb||||||||\u00a0\u00bb text_orientation=\u00a0\u00bbcenter\u00a0\u00bb custom_margin=\u00a0\u00bb-6px||\u00a0\u00bb link_option_url=\u00a0\u00bbhttps:\/\/icleicanada.org\/fr\/consulting\/\u00a0\u00bb][\/et_pb_blurb][\/et_pb_column][\/et_pb_row][\/et_pb_section][et_pb_section fb_built=\u00a0\u00bb1&Prime; _builder_version=\u00a0\u00bb3.22&Prime; custom_padding=\u00a0\u00bb54px|0px|0|0px|false|false\u00a0\u00bb][et_pb_row module_class=\u00a0\u00bb et_pb_row_fullwidth\u00a0\u00bb _builder_version=\u00a0\u00bb3.25&Prime; width=\u00a0\u00bb94%\u00a0\u00bb width_tablet=\u00a0\u00bb80%\u00a0\u00bb width_phone=\u00a0\u00bb\u00a0\u00bb width_last_edited=\u00a0\u00bbon|desktop\u00a0\u00bb max_width=\u00a0\u00bb94%\u00a0\u00bb max_width_tablet=\u00a0\u00bb80%\u00a0\u00bb max_width_phone=\u00a0\u00bb\u00a0\u00bb max_width_last_edited=\u00a0\u00bbon|desktop\u00a0\u00bb module_alignment=\u00a0\u00bbcenter\u00a0\u00bb custom_padding=\u00a0\u00bb0|0px|27px|0px|false|false\u00a0\u00bb make_fullwidth=\u00a0\u00bbon\u00a0\u00bb][et_pb_column type=\u00a0\u00bb4_4&Prime; _builder_version=\u00a0\u00bb3.25&Prime; custom_padding=\u00a0\u00bb|||\u00a0\u00bb custom_padding__hover=\u00a0\u00bb|||\u00a0\u00bb][et_pb_text _builder_version=\u00a0\u00bb3.27.4&Prime; text_font=\u00a0\u00bb||||||||\u00a0\u00bb text_font_size=\u00a0\u00bb10px\u00a0\u00bb]<\/p>\n<p style=\"text-align: left;\">Header photo by Kelsey Johnson on Pexels; body photo by Christina Schwantes<\/p>\n<p>[\/et_pb_text][\/et_pb_column][\/et_pb_row][\/et_pb_section]<\/p>\n","protected":false},"excerpt":{"rendered":"<p>[et_pb_section fb_built=\u00a0\u00bb1&Prime; fullwidth=\u00a0\u00bbon\u00a0\u00bb _builder_version=\u00a0\u00bb3.22&Prime;][et_pb_fullwidth_header title=\u00a0\u00bb. Sondage sur l\u2019action municipale canadienne en mati\u00e8re de biodiversit\u00e9\u00a0\u00bb text_orientation=\u00a0\u00bbcenter\u00a0\u00bb background_overlay_color=\u00a0\u00bbrgba(0,58,10,0.21)\u00a0\u00bb _builder_version=\u00a0\u00bb4.4.0&Prime; title_font=\u00a0\u00bbMontserrat|300|||||||\u00a0\u00bb title_font_size=\u00a0\u00bb59px\u00a0\u00bb title_letter_spacing=\u00a0\u00bb2px\u00a0\u00bb content_font=\u00a0\u00bb||||||||\u00a0\u00bb content_font_size=\u00a0\u00bb23px\u00a0\u00bb content_line_height=\u00a0\u00bb2.2em\u00a0\u00bb background_color=\u00a0\u00bbrgba(51,0,41,0.35)\u00a0\u00bb use_background_color_gradient=\u00a0\u00bbon\u00a0\u00bb background_image=\u00a0\u00bbhttps:\/\/icleicanada.org\/wp-content\/uploads\/2019\/07\/Photo-by-Kelsey-Johnson-from-Pexels.jpg\u00a0\u00bb][\/et_pb_fullwidth_header][\/et_pb_section][et_pb_section fb_built=\u00a0\u00bb1&Prime; _builder_version=\u00a0\u00bb3.22&Prime; custom_padding=\u00a0\u00bb3px|0px|13px|0px|false|false\u00a0\u00bb][et_pb_row column_structure=\u00a0\u00bb1_2,1_2&Prime; _builder_version=\u00a0\u00bb3.25&Prime; max_width=\u00a0\u00bb1376px\u00a0\u00bb module_alignment=\u00a0\u00bbcenter\u00a0\u00bb custom_padding=\u00a0\u00bb0|0px|67px|0px|false|false\u00a0\u00bb use_custom_width=\u00a0\u00bbon\u00a0\u00bb custom_width_px=\u00a0\u00bb1376px\u00a0\u00bb][et_pb_column type=\u00a0\u00bb1_2&Prime; _builder_version=\u00a0\u00bb3.25&Prime; custom_padding=\u00a0\u00bb|||\u00a0\u00bb custom_padding__hover=\u00a0\u00bb|||\u00a0\u00bb][et_pb_image src=\u00a0\u00bbhttps:\/\/icleicanada.org\/wp-content\/uploads\/2019\/07\/Skype_Picture_2019_07_23T14_07_27_339Z.jpeg\u00a0\u00bb align=\u00a0\u00bbcenter\u00a0\u00bb align_tablet=\u00a0\u00bbcenter\u00a0\u00bb align_phone=\u00a0\u00bb\u00a0\u00bb align_last_edited=\u00a0\u00bbon|desktop\u00a0\u00bb _builder_version=\u00a0\u00bb3.23&Prime; custom_margin=\u00a0\u00bb||\u00a0\u00bb custom_padding=\u00a0\u00bb194px||\u00a0\u00bb][\/et_pb_image][\/et_pb_column][et_pb_column type=\u00a0\u00bb1_2&Prime; _builder_version=\u00a0\u00bb3.25&Prime; custom_padding=\u00a0\u00bb|||\u00a0\u00bb custom_padding__hover=\u00a0\u00bb|||\u00a0\u00bb][et_pb_divider color=\u00a0\u00bb#136d15&Prime; _builder_version=\u00a0\u00bb3.20.2&Prime; max_width=\u00a0\u00bb14%\u00a0\u00bb [&hellip;]<\/p>\n","protected":false},"author":5,"featured_media":50601,"comment_status":"closed","ping_status":"closed","template":"","meta":{"_et_pb_use_builder":"on","_et_pb_old_content":"[et_pb_section fb_built=\"1\" fullwidth=\"on\" _builder_version=\"3.22\"][et_pb_fullwidth_header title=\"Survey on Canadian Municipal Action on Biodiversity\" text_orientation=\"center\" background_overlay_color=\"rgba(0,58,10,0.21)\" _builder_version=\"3.20.2\" title_font=\"Montserrat|300|||||||\" title_font_size=\"73px\" title_letter_spacing=\"2px\" content_font=\"||||||||\" content_font_size=\"23px\" content_line_height=\"2.2em\" background_color=\"rgba(51,0,41,0.35)\" use_background_color_gradient=\"on\" background_image=\"https:\/\/icleicanada.org\/wp-content\/uploads\/2019\/07\/Photo-by-Kelsey-Johnson-from-Pexels.jpg\"][\/et_pb_fullwidth_header][\/et_pb_section][et_pb_section fb_built=\"1\" _builder_version=\"3.22\" custom_padding=\"3px|0px|13px|0px|false|false\"][et_pb_row column_structure=\"1_2,1_2\" _builder_version=\"3.25\" max_width=\"1376px\" module_alignment=\"center\" custom_padding=\"0|0px|67px|0px|false|false\" use_custom_width=\"on\" custom_width_px=\"1376px\"][et_pb_column type=\"1_2\" _builder_version=\"3.25\" custom_padding=\"|||\" custom_padding__hover=\"|||\"][et_pb_image src=\"https:\/\/icleicanada.org\/wp-content\/uploads\/2019\/07\/Skype_Picture_2019_07_23T14_07_27_339Z.jpeg\" align=\"center\" align_tablet=\"center\" align_phone=\"\" align_last_edited=\"on|desktop\" _builder_version=\"3.23\" custom_margin=\"||\" custom_padding=\"194px||\"][\/et_pb_image][\/et_pb_column][et_pb_column type=\"1_2\" _builder_version=\"3.25\" custom_padding=\"|||\" custom_padding__hover=\"|||\"][et_pb_divider color=\"#136d15\" _builder_version=\"3.20.2\" max_width=\"14%\" module_alignment=\"left\" custom_margin=\"115px||\"][\/et_pb_divider][et_pb_text _builder_version=\"3.27.4\" text_font=\"|300|||||||\" text_font_size=\"16px\" header_font=\"Montserrat|300|||||||\" header_text_color=\"rgba(0,73,50,0.92)\" header_font_size=\"36px\" header_line_height=\"1.1em\"]<h1 class=\"et_pb_module_header et-fb-editable-element et-fb-editable-element__editing\" data-shortcode-id=\"0.0-1563891388433\" data-quickaccess-id=\"title\" contenteditable=\"true\">Survey on Canadian Municipal Action on Biodiversity<\/h1>\r\n<h1><span><\/span><\/h1>\r\n<p>ICLEI Canada administered this 2017 survey in support of the efforts of the federal, provincial, and territorial governments of Canada towards Canada's 6th National Report to the United Nations Convention on Biological Diversity. \u00a0\u00a0Canada Biodiversity Target 4 states: By 2020, biodiversity considerations are integrated into municipal planning and activities of major municipalities across Canada. \u00a0<\/p>\r\n<p>Through the survey we learned that 23 medium and large population centers have developed biodiversity conservation strategies and 42 have biodiversity objectives integrated into municipal planning documents.\u00a0 The most common biodiversity concerns integrated into other frameworks included environmentally significant areas, watershed management and greenspace conservation.\u00a0 The most common program or activity theme areas noted were invasive alien species, community gardens and tree planting.\u00a0<\/p>\r\n<p>There was nearly a 3-fold increase in survey responses in 2017 versus 2014, suggesting an increased interest in biodiversity at the municipal level.\u00a0 Respondents demonstrated more familiarity with the theme, alluding to an increased capacity to engage with and understand biodiversity concerns.\u00a0<\/p>\r\n<p><span>More information about <\/span>Canada's 6th National Report to the United Nations Convention on Biological Diversity and Target 4 can be found here: <span><a href=\"http:\/\/biodivcanada.chm-cbd.net\">http:\/\/biodivcanada.chm-cbd.net<\/a><\/span><\/p>\r\n<p><span style=\"font-size: 16px;\"><\/span><\/p>[\/et_pb_text][\/et_pb_column][\/et_pb_row][et_pb_row column_structure=\"1_2,1_2\" make_equal=\"on\" _builder_version=\"3.25\" module_alignment=\"center\" custom_padding=\"0|0px||0px|false|false\"][et_pb_column type=\"1_2\" _builder_version=\"3.25\" custom_padding=\"|||\" custom_padding__hover=\"|||\"][et_pb_blurb title=\"Capacity building\" url=\"https:\/\/icleicanada.org\/capacity-building\/\" use_icon=\"on\" font_icon=\"%%173%%\" icon_color=\"#005441\" content_max_width=\"1100px\" use_icon_font_size=\"on\" icon_font_size=\"89px\" _builder_version=\"3.20.2\" header_level=\"h1\" header_font=\"||||||||\" header_font_size=\"22px\" header_line_height=\"0.1em\" body_font=\"||||||||\" text_orientation=\"center\" custom_margin=\"-6px||\" link_option_url=\"https:\/\/icleicanada.org\/capacity-building\/\"][\/et_pb_blurb][\/et_pb_column][et_pb_column type=\"1_2\" _builder_version=\"3.25\" custom_padding=\"|||\" custom_padding__hover=\"|||\"][et_pb_blurb title=\"Consulting\" url=\"https:\/\/icleicanada.org\/consulting\/\" use_icon=\"on\" font_icon=\"%%74%%\" icon_color=\"#005441\" content_max_width=\"1100px\" use_icon_font_size=\"on\" icon_font_size=\"89px\" _builder_version=\"3.20.2\" header_level=\"h1\" header_font=\"||||||||\" header_font_size=\"22px\" header_line_height=\"0.1em\" body_font=\"||||||||\" text_orientation=\"center\" custom_margin=\"-6px||\" link_option_url=\"https:\/\/icleicanada.org\/consulting\/\"][\/et_pb_blurb][\/et_pb_column][\/et_pb_row][\/et_pb_section][et_pb_section fb_built=\"1\" _builder_version=\"3.22\" custom_padding=\"54px|0px|0|0px|false|false\"][et_pb_row module_class=\" et_pb_row_fullwidth\" _builder_version=\"3.25\" width=\"94%\" width_tablet=\"80%\" width_phone=\"\" width_last_edited=\"on|desktop\" max_width=\"94%\" max_width_tablet=\"80%\" max_width_phone=\"\" max_width_last_edited=\"on|desktop\" module_alignment=\"center\" custom_padding=\"0|0px|27px|0px|false|false\" make_fullwidth=\"on\"][et_pb_column type=\"4_4\" _builder_version=\"3.25\" custom_padding=\"|||\" custom_padding__hover=\"|||\"][et_pb_text _builder_version=\"3.27.4\" text_font=\"||||||||\" text_font_size=\"10px\"]<p style=\"text-align: left;\">Header photo by Kelsey Johnson on Pexels; body photo by Christina Schwantes<\/p>[\/et_pb_text][\/et_pb_column][\/et_pb_row][\/et_pb_section]","_et_gb_content_width":"","footnotes":""},"project_category":[74,70,80,77],"project_tag":[],"class_list":["post-53442","project","type-project","status-publish","has-post-thumbnail","hentry","project_category-consultation","project_category-renforcement-des-capacites","project_category-ressources","project_category-ressources-de-la-biodiversite"],"_links":{"self":[{"href":"https:\/\/icleicanada.org\/fr\/wp-json\/wp\/v2\/project\/53442","targetHints":{"allow":["GET"]}}],"collection":[{"href":"https:\/\/icleicanada.org\/fr\/wp-json\/wp\/v2\/project"}],"about":[{"href":"https:\/\/icleicanada.org\/fr\/wp-json\/wp\/v2\/types\/project"}],"author":[{"embeddable":true,"href":"https:\/\/icleicanada.org\/fr\/wp-json\/wp\/v2\/users\/5"}],"replies":[{"embeddable":true,"href":"https:\/\/icleicanada.org\/fr\/wp-json\/wp\/v2\/comments?post=53442"}],"version-history":[{"count":6,"href":"https:\/\/icleicanada.org\/fr\/wp-json\/wp\/v2\/project\/53442\/revisions"}],"predecessor-version":[{"id":53544,"href":"https:\/\/icleicanada.org\/fr\/wp-json\/wp\/v2\/project\/53442\/revisions\/53544"}],"wp:featuredmedia":[{"embeddable":true,"href":"https:\/\/icleicanada.org\/fr\/wp-json\/wp\/v2\/media\/50601"}],"wp:attachment":[{"href":"https:\/\/icleicanada.org\/fr\/wp-json\/wp\/v2\/media?parent=53442"}],"wp:term":[{"taxonomy":"project_category","embeddable":true,"href":"https:\/\/icleicanada.org\/fr\/wp-json\/wp\/v2\/project_category?post=53442"},{"taxonomy":"project_tag","embeddable":true,"href":"https:\/\/icleicanada.org\/fr\/wp-json\/wp\/v2\/project_tag?post=53442"}],"curies":[{"name":"wp","href":"https:\/\/api.w.org\/{rel}","templated":true}]}}