{"id":54739,"date":"2020-10-14T16:46:48","date_gmt":"2020-10-14T20:46:48","guid":{"rendered":"https:\/\/icleicanada.org\/project\/together-for-climate-project\/"},"modified":"2023-06-20T10:23:31","modified_gmt":"2023-06-20T14:23:31","slug":"together-for-climate-project","status":"publish","type":"project","link":"https:\/\/icleicanada.org\/fr\/project\/together-for-climate-project\/","title":{"rendered":"Ensemble pour le climat"},"content":{"rendered":"<p>[et_pb_section fb_built=\u00a0\u00bb1&Prime; fullwidth=\u00a0\u00bbon\u00a0\u00bb admin_label=\u00a0\u00bbPage Header\u00a0\u00bb _builder_version=\u00a0\u00bb4.4.0&Prime; background_enable_image=\u00a0\u00bboff\u00a0\u00bb parallax=\u00a0\u00bbon\u00a0\u00bb custom_padding=\u00a0\u00bb0px|0px|0|0px|false|false\u00a0\u00bb][et_pb_fullwidth_header title=\u00a0\u00bbEnsemble pour le climat \u00a0\u00bb subhead=\u00a0\u00bbGestion des risques par l\u2019entremise de la collaboration de la collectivit\u00e9\u00a0\u00bb text_orientation=\u00a0\u00bbcenter\u00a0\u00bb background_overlay_color=\u00a0\u00bbrgba(10,7,7,0.67)\u00a0\u00bb admin_label=\u00a0\u00bbHero Section\u00a0\u00bb _builder_version=\u00a0\u00bb4.4.0&Prime; title_font=\u00a0\u00bb|||on|||||\u00a0\u00bb title_font_size=\u00a0\u00bb60px\u00a0\u00bb content_font=\u00a0\u00bbMontserrat||||||||\u00a0\u00bb content_font_size=\u00a0\u00bb12px\u00a0\u00bb content_line_height=\u00a0\u00bb1.8em\u00a0\u00bb subhead_font=\u00a0\u00bb|||on|||||\u00a0\u00bb subhead_font_size=\u00a0\u00bb34px\u00a0\u00bb subhead_line_height=\u00a0\u00bb1.2em\u00a0\u00bb background_color=\u00a0\u00bbrgba(255,255,255,0)\u00a0\u00bb use_background_color_gradient=\u00a0\u00bbon\u00a0\u00bb background_color_gradient_start=\u00a0\u00bbrgba(58,52,226,0.93)\u00a0\u00bb background_color_gradient_end=\u00a0\u00bbrgba(73,108,220,0.7)\u00a0\u00bb background_image=\u00a0\u00bbhttps:\/\/icleicanada.org\/wp-content\/uploads\/2020\/10\/Climate-Change-is-Real_Eden-Janine-Jim_2019-Flickr.jpg\u00a0\u00bb custom_button_one=\u00a0\u00bbon\u00a0\u00bb button_one_text_size=\u00a0\u00bb16px\u00a0\u00bb button_one_bg_color=\u00a0\u00bb#6eba01&Prime; button_one_border_width=\u00a0\u00bb2px\u00a0\u00bb button_one_border_color=\u00a0\u00bb#6eba01&Prime; button_one_font=\u00a0\u00bbMontserrat|||on|\u00a0\u00bb button_one_use_icon=\u00a0\u00bboff\u00a0\u00bb custom_button_two=\u00a0\u00bbon\u00a0\u00bb button_two_text_size=\u00a0\u00bb16px\u00a0\u00bb button_two_border_width=\u00a0\u00bb2px\u00a0\u00bb button_two_border_color=\u00a0\u00bb#ffffff\u00a0\u00bb button_two_font=\u00a0\u00bbMontserrat|||on|\u00a0\u00bb button_two_use_icon=\u00a0\u00bboff\u00a0\u00bb module_alignment=\u00a0\u00bbleft\u00a0\u00bb min_height=\u00a0\u00bb404px\u00a0\u00bb custom_padding=\u00a0\u00bb||||false|false\u00a0\u00bb child_filter_brightness=\u00a0\u00bb86%\u00a0\u00bb animation_style=\u00a0\u00bbfade\u00a0\u00bb hover_enabled=\u00a0\u00bb0&Prime; title_font_size_tablet=\u00a0\u00bb48px\u00a0\u00bb title_font_size_phone=\u00a0\u00bb36px\u00a0\u00bb title_font_size_last_edited=\u00a0\u00bbon|phone\u00a0\u00bb subhead_font_tablet=\u00a0\u00bb\u00a0\u00bb subhead_font_phone=\u00a0\u00bb\u00a0\u00bb subhead_font_last_edited=\u00a0\u00bbon|desktop\u00a0\u00bb subhead_font_size_tablet=\u00a0\u00bb28px\u00a0\u00bb subhead_font_size_phone=\u00a0\u00bb22px\u00a0\u00bb subhead_font_size_last_edited=\u00a0\u00bbon|phone\u00a0\u00bb button_one_text_color_hover=\u00a0\u00bb#6eba01&Prime; button_two_text_color_hover=\u00a0\u00bb#6eba01&Prime; button_one_border_color_hover=\u00a0\u00bb#ffffff\u00a0\u00bb button_two_border_color_hover=\u00a0\u00bb#ffffff\u00a0\u00bb button_one_border_radius_hover=\u00a0\u00bb0&Prime; button_two_border_radius_hover=\u00a0\u00bb0&Prime; button_one_letter_spacing_hover=\u00a0\u00bb2&Prime; button_two_letter_spacing_hover=\u00a0\u00bb2&Prime; button_one_bg_color_hover=\u00a0\u00bb#ffffff\u00a0\u00bb button_two_bg_color_hover=\u00a0\u00bb#ffffff\u00a0\u00bb button_one_text_size__hover_enabled=\u00a0\u00bboff\u00a0\u00bb button_two_text_size__hover_enabled=\u00a0\u00bboff\u00a0\u00bb button_one_text_color__hover_enabled=\u00a0\u00bbon\u00a0\u00bb button_one_text_color__hover=\u00a0\u00bb#6eba01&Prime; button_two_text_color__hover_enabled=\u00a0\u00bbon\u00a0\u00bb button_two_text_color__hover=\u00a0\u00bb#6eba01&Prime; button_one_border_width__hover_enabled=\u00a0\u00bboff\u00a0\u00bb button_two_border_width__hover_enabled=\u00a0\u00bboff\u00a0\u00bb button_one_border_color__hover_enabled=\u00a0\u00bbon\u00a0\u00bb button_one_border_color__hover=\u00a0\u00bb#ffffff\u00a0\u00bb button_two_border_color__hover_enabled=\u00a0\u00bbon\u00a0\u00bb button_two_border_color__hover=\u00a0\u00bb#ffffff\u00a0\u00bb button_one_border_radius__hover_enabled=\u00a0\u00bbon\u00a0\u00bb button_one_border_radius__hover=\u00a0\u00bb0&Prime; button_two_border_radius__hover_enabled=\u00a0\u00bbon\u00a0\u00bb button_two_border_radius__hover=\u00a0\u00bb0&Prime; button_one_letter_spacing__hover_enabled=\u00a0\u00bbon\u00a0\u00bb button_one_letter_spacing__hover=\u00a0\u00bb2&Prime; button_two_letter_spacing__hover_enabled=\u00a0\u00bbon\u00a0\u00bb button_two_letter_spacing__hover=\u00a0\u00bb2&Prime; button_one_bg_color__hover_enabled=\u00a0\u00bbon\u00a0\u00bb button_one_bg_color__hover=\u00a0\u00bb#ffffff\u00a0\u00bb button_two_bg_color__hover_enabled=\u00a0\u00bbon\u00a0\u00bb button_two_bg_color__hover=\u00a0\u00bb#ffffff\u00a0\u00bb][\/et_pb_fullwidth_header][\/et_pb_section][et_pb_section fb_built=\u00a0\u00bb1&Prime; _builder_version=\u00a0\u00bb4.4.0&Prime;][et_pb_row _builder_version=\u00a0\u00bb4.4.0&Prime;][et_pb_column type=\u00a0\u00bb4_4&Prime; _builder_version=\u00a0\u00bb4.4.0&Prime;][et_pb_text _builder_version=\u00a0\u00bb4.4.0&Prime;]<\/p>\n<h1>Projet Ensemble pour le climat<\/h1>\n<p>Le projet Ensemble pour le climat (EPC), appuy\u00e9 par le programme de subvention de la Real Estate Foundation de la Colombie-Britannique, a aid\u00e9 huit municipalit\u00e9s \u00e0 l\u2019\u00e9chelle de l\u2019\u00eele de Vancouver \u00e0 faire progresser leurs efforts en mati\u00e8re d\u2019adaptation et de r\u00e9silience au climat. Ce projet de deux ans a favoris\u00e9 l\u2019\u00e9tablissement de relations et de partenariats durables, non seulement entre les municipalit\u00e9s participantes, mais \u00e9galement entre les intervenants communautaires, afin d\u2019encourager l\u2019engagement \u00e0 l\u2019\u00e9gard de l\u2019adaptation au climat partout sur l\u2019\u00eele de Vancouver et ailleurs.<\/p>\n<p>&nbsp;<\/p>\n<p>[\/et_pb_text][\/et_pb_column][\/et_pb_row][\/et_pb_section][et_pb_section fb_built=\u00a0\u00bb1&Prime; admin_label=\u00a0\u00bbSplit Section\u00a0\u00bb _builder_version=\u00a0\u00bb4.4.0&Prime; custom_padding=\u00a0\u00bb0px||0px|\u00a0\u00bb animation_style=\u00a0\u00bbfold\u00a0\u00bb animation_direction=\u00a0\u00bbbottom\u00a0\u00bb animation_intensity_fold=\u00a0\u00bb4%\u00a0\u00bb][et_pb_row column_structure=\u00a0\u00bb1_2,1_2&Prime; use_custom_gutter=\u00a0\u00bbon\u00a0\u00bb gutter_width=\u00a0\u00bb1&Prime; make_equal=\u00a0\u00bbon\u00a0\u00bb module_class=\u00a0\u00bb et_pb_row_fullwidth\u00a0\u00bb _builder_version=\u00a0\u00bb4.4.0&Prime; background_size=\u00a0\u00bbinitial\u00a0\u00bb background_position=\u00a0\u00bbtop_left\u00a0\u00bb background_repeat=\u00a0\u00bbrepeat\u00a0\u00bb width=\u00a0\u00bb100%\u00a0\u00bb width_tablet=\u00a0\u00bb100%\u00a0\u00bb width_phone=\u00a0\u00bb\u00a0\u00bb width_last_edited=\u00a0\u00bbon|desktop\u00a0\u00bb max_width=\u00a0\u00bb100%\u00a0\u00bb max_width_tablet=\u00a0\u00bb100%\u00a0\u00bb max_width_phone=\u00a0\u00bb\u00a0\u00bb max_width_last_edited=\u00a0\u00bbon|desktop\u00a0\u00bb custom_margin=\u00a0\u00bb||||false|false\u00a0\u00bb custom_padding=\u00a0\u00bb0px||0px||false|false\u00a0\u00bb animation_direction=\u00a0\u00bbright\u00a0\u00bb make_fullwidth=\u00a0\u00bbon\u00a0\u00bb][et_pb_column type=\u00a0\u00bb1_2&Prime; _builder_version=\u00a0\u00bb4.4.0&Prime; background_image=\u00a0\u00bbhttps:\/\/icleicanada.org\/wp-content\/uploads\/2020\/10\/Stamp-River-Provincial-Prk.jpg\u00a0\u00bb custom_padding=\u00a0\u00bb||||false|false\u00a0\u00bb custom_padding__hover=\u00a0\u00bb|||\u00a0\u00bb][\/et_pb_column][et_pb_column type=\u00a0\u00bb1_2&Prime; _builder_version=\u00a0\u00bb4.4.0&Prime; background_color=\u00a0\u00bb#f4f4f4&Prime; background_position=\u00a0\u00bbtop_left\u00a0\u00bb custom_padding=\u00a0\u00bb8%|6%|8%|6%\u00a0\u00bb custom_padding__hover=\u00a0\u00bb|||\u00a0\u00bb][et_pb_text _builder_version=\u00a0\u00bb4.4.0&Prime; header_font_size=\u00a0\u00bb34px\u00a0\u00bb header_line_height=\u00a0\u00bb1.4em\u00a0\u00bb]<\/p>\n<h1>\u00c0 propos du projet<\/h1>\n<p>Nous avons entrepris un processus de planification collaboratif avec huit municipalit\u00e9s \u00e0 l\u2019\u00e9chelle de l\u2019\u00eele de Vancouver en vue de renforcer les capacit\u00e9s d\u2019adaptation et la r\u00e9silience communautaire \u00e0 l\u2019\u00e9gard des impacts climatiques locaux. Chacune des \u00e9tapes du processus a suscit\u00e9 la participation de divers partenaires, intervenants et groupes communautaires repr\u00e9sentant chaque municipalit\u00e9, qui ont contribu\u00e9 \u00e0 cerner les impacts et les risques climatiques locaux. Ils ont ensuite envisag\u00e9 les objectifs et les mesures en ce qui a trait \u00e0 l\u2019adaptation au climat pouvant \u00eatre adopt\u00e9s pour am\u00e9liorer la r\u00e9silience climatique dans l\u2019ensemble des services municipaux et dans la communaut\u00e9 \u00e9largie. En outre, ce projet a favoris\u00e9 l&rsquo;\u00e9tablissement de relations non seulement entre les municipalit\u00e9s participantes, mais aussi entre les parties prenantes de la communaut\u00e9, favorisant ainsi la cr\u00e9ation de partenariats durables qui permettront de poursuivre l&rsquo;engagement en faveur de l&rsquo;adaptation aux changements climatiques sur l&rsquo;\u00eele de Vancouver et m\u00eame au-del\u00e0.<\/p>\n<p>&nbsp;<\/p>\n<p>[\/et_pb_text][\/et_pb_column][\/et_pb_row][et_pb_row column_structure=\u00a0\u00bb1_2,1_2&Prime; use_custom_gutter=\u00a0\u00bbon\u00a0\u00bb gutter_width=\u00a0\u00bb1&Prime; make_equal=\u00a0\u00bbon\u00a0\u00bb module_class=\u00a0\u00bb et_pb_row_fullwidth\u00a0\u00bb _builder_version=\u00a0\u00bb4.4.0&Prime; background_size=\u00a0\u00bbinitial\u00a0\u00bb background_position=\u00a0\u00bbtop_left\u00a0\u00bb background_repeat=\u00a0\u00bbrepeat\u00a0\u00bb width=\u00a0\u00bb100%\u00a0\u00bb width_tablet=\u00a0\u00bb100%\u00a0\u00bb width_phone=\u00a0\u00bb\u00a0\u00bb width_last_edited=\u00a0\u00bbon|desktop\u00a0\u00bb max_width=\u00a0\u00bb100%\u00a0\u00bb max_width_tablet=\u00a0\u00bb100%\u00a0\u00bb max_width_phone=\u00a0\u00bb\u00a0\u00bb max_width_last_edited=\u00a0\u00bbon|desktop\u00a0\u00bb custom_margin=\u00a0\u00bb||||false|false\u00a0\u00bb custom_padding=\u00a0\u00bb0px||0px||false|false\u00a0\u00bb animation_direction=\u00a0\u00bbright\u00a0\u00bb make_fullwidth=\u00a0\u00bbon\u00a0\u00bb][et_pb_column type=\u00a0\u00bb1_2&Prime; _builder_version=\u00a0\u00bb4.4.0&Prime; background_enable_color=\u00a0\u00bboff\u00a0\u00bb background_position=\u00a0\u00bbtop_left\u00a0\u00bb custom_padding=\u00a0\u00bb8%|6%|8%|6%\u00a0\u00bb custom_padding__hover=\u00a0\u00bb|||\u00a0\u00bb][et_pb_text _builder_version=\u00a0\u00bb4.4.0&Prime; header_font_size=\u00a0\u00bb34px\u00a0\u00bb header_line_height=\u00a0\u00bb1.4em\u00a0\u00bb header_2_font=\u00a0\u00bb|600|||||||\u00a0\u00bb header_2_line_height=\u00a0\u00bb1.2em\u00a0\u00bb header_4_font=\u00a0\u00bb|600|||||||\u00a0\u00bb header_4_line_height=\u00a0\u00bb1.4em\u00a0\u00bb]<\/p>\n<h1>L&rsquo;\u00e9quipe et le processus du projet<\/h1>\n<p>\u00a0Le projet Ensemble pour le climat a maintenu une orientation r\u00e9gionale pr\u00e9cise en choisissant huit municipalit\u00e9s du centre et sud de l\u2019\u00eele de Vancouver. Chaque municipalit\u00e9 participante a travaill\u00e9 avec ICLEI suivant notre cadre de travail B\u00e2tir des collectivit\u00e9s adapt\u00e9es et r\u00e9silientes (BARC) afin de les guider dans leur processus de planification et de miser sur ce cadre de travail pour favoriser davantage l\u2019engagement des partenaires communautaires. Ce faisant, ces municipalit\u00e9s ont veill\u00e9 \u00e0 ce que les impacts et les mesures dans le contexte des changements climatiques soient personnalis\u00e9s selon les circonstances et les besoins uniques de leur collectivit\u00e9.<\/p>\n<p>[\/et_pb_text][\/et_pb_column][et_pb_column type=\u00a0\u00bb1_2&Prime; _builder_version=\u00a0\u00bb4.4.0&Prime; background_image=\u00a0\u00bbhttps:\/\/icleicanada.org\/wp-content\/uploads\/2020\/10\/1DJI_0188.jpg\u00a0\u00bb custom_padding=\u00a0\u00bb|||\u00a0\u00bb custom_padding__hover=\u00a0\u00bb|||\u00a0\u00bb][\/et_pb_column][\/et_pb_row][\/et_pb_section][et_pb_section fb_built=\u00a0\u00bb1&Prime; _builder_version=\u00a0\u00bb4.4.0&Prime; background_color=\u00a0\u00bb#f4f4f4&Prime;][et_pb_row _builder_version=\u00a0\u00bb4.4.0&Prime; custom_padding=\u00a0\u00bb||0px||false|false\u00a0\u00bb][et_pb_column type=\u00a0\u00bb4_4&Prime; _builder_version=\u00a0\u00bb4.4.0&Prime;][et_pb_text _builder_version=\u00a0\u00bb4.4.0&Prime;]<\/p>\n<h1>Documents de planification en mati\u00e8re d&rsquo;adaptation des municipalit\u00e9s participantes (Anglais)<\/h1>\n<p>[\/et_pb_text][\/et_pb_column][\/et_pb_row][et_pb_row column_structure=\u00a0\u00bb1_2,1_2&Prime; _builder_version=\u00a0\u00bb4.4.0&Prime;][et_pb_column type=\u00a0\u00bb1_2&Prime; _builder_version=\u00a0\u00bb4.4.0&Prime;][et_pb_text _builder_version=\u00a0\u00bb4.4.0&Prime;]<\/p>\n<ul>\n<li><a href=\"https:\/\/icleicanada.org\/wp-content\/uploads\/2020\/10\/CR-CCAP_FINAL.pdf\" target=\"_blank\" rel=\"noopener noreferrer\">City of Campbell River Community Climate Change Adaptation Plan<\/a><\/li>\n<li><a href=\"https:\/\/icleicanada.org\/wp-content\/uploads\/2020\/10\/Courtenay-Adaptation-Report_FINAL.pdf\" target=\"_blank\" rel=\"noopener noreferrer\">City of Courtenay Together for Climate Project Report<\/a><\/li>\n<li><a href=\"https:\/\/icleicanada.org\/wp-content\/uploads\/2020\/10\/Port-Alberni-Climate-Adaptation-Report_FINAL.pdf\" target=\"_blank\" rel=\"noopener noreferrer\">City of Port Alberni Together for Climate Project Report<\/a><\/li>\n<li><a href=\"https:\/\/icleicanada.org\/wp-content\/uploads\/2020\/10\/CRD-Climate-Adaptation-Resource_FINAL.pdf\" target=\"_blank\" rel=\"noopener noreferrer\">Capital Region District\u00a0Community Climate Change Adaptation Priorities<\/a>\u00a0<\/li>\n<\/ul>\n<p>[\/et_pb_text][\/et_pb_column][et_pb_column type=\u00a0\u00bb1_2&Prime; _builder_version=\u00a0\u00bb4.4.0&Prime;][et_pb_text _builder_version=\u00a0\u00bb4.4.0&Prime;]<\/p>\n<ul>\n<li><a href=\"https:\/\/icleicanada.org\/wp-content\/uploads\/2020\/10\/Saanich-Climate-Plan_FINAL.pdf\" target=\"_blank\" rel=\"noopener noreferrer\">District of Saanich Climate Plan<\/a><\/li>\n<li><a href=\"https:\/\/icleicanada.org\/wp-content\/uploads\/2020\/10\/Colwood-Adaptation-Strategies_ICLEI-FINAL.pdf\" target=\"_blank\" rel=\"noopener noreferrer\">City of Colwood Climate Change Adaptation Strategies<\/a><\/li>\n<li><a href=\"https:\/\/icleicanada.org\/wp-content\/uploads\/2020\/10\/Esquimalt-Adaptation-Strategies_FINAL.pdf\" target=\"_blank\" rel=\"noopener noreferrer\">Township of Esquimalt Adaptation Planning Guide<\/a><\/li>\n<li><a href=\"https:\/\/www.cvrd.ca\/DocumentCenter\/View\/100254\/2021-01-18-CVRD-Climate-Change-Adaptation-and-Risk-Management-Strategy\" target=\"_blank\" rel=\"noopener noreferrer\">Cowichan Valley Regional District Regional Adaptation Strategy<\/a><\/li>\n<\/ul>\n<p>[\/et_pb_text][\/et_pb_column][\/et_pb_row][\/et_pb_section][et_pb_section fb_built=\u00a0\u00bb1&Prime; _builder_version=\u00a0\u00bb4.4.0&Prime;][et_pb_row _builder_version=\u00a0\u00bb4.4.0&Prime; custom_padding=\u00a0\u00bb||0px||false|false\u00a0\u00bb][et_pb_column type=\u00a0\u00bb4_4&Prime; _builder_version=\u00a0\u00bb4.4.0&Prime;][et_pb_text _builder_version=\u00a0\u00bb4.4.0&Prime;]<\/p>\n<h1>Ressources du projet<\/h1>\n<p>[\/et_pb_text][\/et_pb_column][\/et_pb_row][et_pb_row column_structure=\u00a0\u00bb1_4,3_4&Prime; _builder_version=\u00a0\u00bb4.4.0&Prime;][et_pb_column type=\u00a0\u00bb1_4&Prime; _builder_version=\u00a0\u00bb4.4.0&Prime;][et_pb_image src=\u00a0\u00bbhttps:\/\/icleicanada.org\/wp-content\/uploads\/2023\/06\/Title-Together-for-Climate-project-results-and-outputs.png\u00a0\u00bb _builder_version=\u00a0\u00bb4.4.0&Prime; box_shadow_style=\u00a0\u00bbpreset2&Prime;][\/et_pb_image][\/et_pb_column][et_pb_column type=\u00a0\u00bb3_4&Prime; _builder_version=\u00a0\u00bb4.4.0&Prime;][et_pb_text _builder_version=\u00a0\u00bb4.4.0&Prime; header_3_font=\u00a0\u00bb|600|||||||\u00a0\u00bb]<\/p>\n<h3>R\u00e9sum\u00e9 du projet<\/h3>\n<p>Nous avons entrepris un processus de planification collaboratif avec huit municipalit\u00e9s \u00e0 l\u2019\u00e9chelle de l\u2019\u00eele de Vancouver en vue de renforcer les capacit\u00e9s d\u2019adaptation et la r\u00e9silience communautaire \u00e0 l\u2019\u00e9gard des impacts climatiques locaux. Chacune des \u00e9tapes du processus a suscit\u00e9 la participation de divers partenaires, intervenants et groupes communautaires repr\u00e9sentant chaque municipalit\u00e9, qui ont contribu\u00e9 \u00e0 cerner les impacts et les risques climatiques locaux. Ils ont ensuite envisag\u00e9 les objectifs et les mesures en ce qui a trait \u00e0 l\u2019adaptation au climat pouvant \u00eatre adopt\u00e9s pour am\u00e9liorer la r\u00e9silience climatique dans l\u2019ensemble des services municipaux et dans la communaut\u00e9 \u00e9largie. Apprenez-en davantage au sujet de notre approche, des huit municipalit\u00e9s participantes et des le\u00e7ons que nous avons tir\u00e9es tout au long de ce processus.<\/p>\n<p>[\/et_pb_text][et_pb_button button_url=\u00a0\u00bbhttps:\/\/icleicanada.org\/wp-content\/uploads\/2020\/10\/Together-for-Climate-Output-Report_FINAL.pdf\u00a0\u00bb url_new_window=\u00a0\u00bbon\u00a0\u00bb button_text=\u00a0\u00bbT\u00e9l\u00e9charger\u00a0\u00bb _builder_version=\u00a0\u00bb4.4.0&Prime;][\/et_pb_button][et_pb_text _builder_version=\u00a0\u00bb4.4.0&Prime;]<\/p>\n<p>(Anglais)<\/p>\n<p>[\/et_pb_text][\/et_pb_column][\/et_pb_row][et_pb_row column_structure=\u00a0\u00bb1_4,3_4&Prime; _builder_version=\u00a0\u00bb4.4.0&Prime;][et_pb_column type=\u00a0\u00bb1_4&Prime; _builder_version=\u00a0\u00bb4.4.0&Prime;][et_pb_image src=\u00a0\u00bbhttps:\/\/icleicanada.org\/wp-content\/uploads\/2023\/06\/SLR-and-Cultural-Heritage.png\u00a0\u00bb _builder_version=\u00a0\u00bb4.4.0&Prime; box_shadow_style=\u00a0\u00bbpreset2&Prime;][\/et_pb_image][\/et_pb_column][et_pb_column type=\u00a0\u00bb3_4&Prime; _builder_version=\u00a0\u00bb4.4.0&Prime;][et_pb_text _builder_version=\u00a0\u00bb4.4.0&Prime; header_3_font=\u00a0\u00bb|600|||||||\u00a0\u00bb]<\/p>\n<h3>Prot\u00e9ger le patrimoine culturel contre l\u2019\u00e9l\u00e9vation du niveau de la mer<\/h3>\n<p>Tout comme les ressources naturelles, la biodiversit\u00e9, la sant\u00e9 publique et les infrastructures municipales, les changements climatiques menacent l\u2019int\u00e9grit\u00e9 de notre patrimoine culturel. Parmi les divers risques li\u00e9s aux changements climatiques auxquels nous sommes confront\u00e9s, l\u2019\u00e9l\u00e9vation du niveau de la mer (\u00c9NM) est l\u2019un des plus dommageables pour notre patrimoine culturel tangible. Comme r\u00e9sultat direct d\u00e9coulant des impacts li\u00e9s aux changements climatiques que plusieurs des gouvernements locaux participants ont cern\u00e9s, et selon leurs int\u00e9r\u00eats \u00e0 l\u2019\u00e9gard de la protection des biens culturels contre l\u2019\u00c9NM, nous avons \u00e9labor\u00e9 le document \u00ab\u2009R\u00e9flexion sur l\u2019\u00e9l\u00e9vation du niveau de la mer et le patrimoine culturel\u00a0: une ressource pour les municipalit\u00e9s\u2009\u00bb (en anglais seulement).\u00a0Cette ressource\u00a0aide les planificateurs municipaux\u00a0\u00e0 mieux comprendre le patrimoine culturel et les diverses approches et mesures d\u2019adaptation qui peuvent \u00eatre adopt\u00e9es pour prendre en charge une gestion de l\u2019\u00e9l\u00e9vation du niveau de la mer ou poursuivre ces efforts.<\/p>\n<p>[\/et_pb_text][et_pb_button button_url=\u00a0\u00bbhttps:\/\/icleicanada.org\/fr\/project\/protecting-cultural-heritage-from-sea-level-rise\/\u00a0\u00bb button_text=\u00a0\u00bbEn savoir plus\u00a0\u00bb _builder_version=\u00a0\u00bb4.4.0&Prime;][\/et_pb_button][\/et_pb_column][\/et_pb_row][et_pb_row _builder_version=\u00a0\u00bb4.4.0&Prime;][et_pb_column type=\u00a0\u00bb4_4&Prime; _builder_version=\u00a0\u00bb4.4.0&Prime;][et_pb_text _builder_version=\u00a0\u00bb4.4.0&Prime; header_3_font=\u00a0\u00bb|600|||||||\u00a0\u00bb background_color=\u00a0\u00bb#C9E9EB\u00a0\u00bb custom_padding=\u00a0\u00bb40px|40px|40px|40px|false|false\u00a0\u00bb]<\/p>\n<h3>Webinaire sur le patrimoine durable : Partage des r\u00e9sultats du projet<\/h3>\n<p>Ce webinaire a permis aux praticiens du climat\u00a0d\u2019acqu\u00e9rir des connaissances directement aupr\u00e8s d\u2019autres municipalit\u00e9s concernant la planification de l\u2019adaptation ainsi que divers processus et diff\u00e9rentes mesures pouvant \u00eatre adopt\u00e9s pour une action climatique efficace.\u00a0Les intervenants suivants ont fait part de leurs exp\u00e9riences et des le\u00e7ons qu&rsquo;ils ont tir\u00e9es tout au long du projet, tant en termes de d\u00e9fis que de succ\u00e8s.<\/p>\n<ul>\n<li><a href=\"https:\/\/icleicanada.org\/wp-content\/uploads\/2020\/10\/Lasting-Legacy-Together-for-Climate-Webinar-Deck-HL.pdf\" target=\"_blank\" rel=\"noopener noreferrer\">Hana Lapp, gestionnaire des programmes sur les changements climatiques, ICLEI Canada<\/a><\/li>\n<li><a href=\"https:\/\/icleicanada.org\/wp-content\/uploads\/2020\/10\/Baynham_2020-Climate-Plan_AdaptationCompressed.pdf\" target=\"_blank\" rel=\"noopener noreferrer\">Maggie Baynham, planificatrice principale du d\u00e9veloppement durable, district de Saanich<\/a><\/li>\n<li>Chris Osborne, directeur par int\u00e9rim de la planification \u00e0 long terme et du d\u00e9veloppement durable, ville de Campbell River<\/li>\n<li>Nicole Smith, arch\u00e9ologue<\/li>\n<\/ul>\n<p>Nous avons \u00e9galement pr\u00e9sent\u00e9 notre nouvelle ressource\u00a0\u00ab\u2009R\u00e9flexion sur l\u2019\u00e9l\u00e9vation du niveau de la mer et le patrimoine culturel\u00a0: une ressource pour les municipalit\u00e9s\u2009\u00bb (en anglais seulement). Nous avons pr\u00e9sent\u00e9 les points cl\u00e9s pour les gouvernements locaux qui cherchent \u00e0 prot\u00e9ger leur patrimoine culturel, mais qui ne savent pas par o\u00f9 commencer.<\/p>\n<p>[\/et_pb_text][\/et_pb_column][\/et_pb_row][\/et_pb_section][et_pb_section fb_built=\u00a0\u00bb1&Prime; admin_label=\u00a0\u00bbFAQ\u00a0\u00bb _builder_version=\u00a0\u00bb4.4.0&Prime; background_color=\u00a0\u00bb#f4f4f4&Prime; custom_padding=\u00a0\u00bb||||false|false\u00a0\u00bb][et_pb_row _builder_version=\u00a0\u00bb4.4.0&Prime; custom_padding=\u00a0\u00bb||||false|false\u00a0\u00bb][et_pb_column type=\u00a0\u00bb4_4&Prime; _builder_version=\u00a0\u00bb3.25&Prime; custom_padding=\u00a0\u00bb|||\u00a0\u00bb custom_padding__hover=\u00a0\u00bb|||\u00a0\u00bb][et_pb_cta url_new_window=\u00a0\u00bbon\u00a0\u00bb admin_label=\u00a0\u00bbFeature 01&Prime; _builder_version=\u00a0\u00bb4.4.0&Prime; header_font=\u00a0\u00bbMontserrat||||\u00a0\u00bb header_text_color=\u00a0\u00bb#1f1f1f\u00a0\u00bb header_font_size=\u00a0\u00bb36&Prime; header_line_height=\u00a0\u00bb1.4em\u00a0\u00bb use_background_color=\u00a0\u00bboff\u00a0\u00bb custom_button=\u00a0\u00bbon\u00a0\u00bb button_text_color=\u00a0\u00bb#ffffff\u00a0\u00bb button_bg_color=\u00a0\u00bb#464D77&Prime; button_border_color=\u00a0\u00bb#464D77&Prime; button_font=\u00a0\u00bbMontserrat|||on|\u00a0\u00bb button_use_icon=\u00a0\u00bboff\u00a0\u00bb text_orientation=\u00a0\u00bbleft\u00a0\u00bb background_layout=\u00a0\u00bblight\u00a0\u00bb module_alignment=\u00a0\u00bbcenter\u00a0\u00bb animation_direction=\u00a0\u00bbbottom\u00a0\u00bb link_option_url_new_window=\u00a0\u00bbon\u00a0\u00bb button_text_color_hover=\u00a0\u00bb#6eba01&Prime; button_border_color_hover=\u00a0\u00bb#6eba01&Prime; button_border_radius_hover=\u00a0\u00bb0&Prime; button_letter_spacing_hover=\u00a0\u00bb2&Prime; button_bg_color_hover=\u00a0\u00bbrgba(0,0,0,0)\u00a0\u00bb saved_tabs=\u00a0\u00bball\u00a0\u00bb locked=\u00a0\u00bboff\u00a0\u00bb button_text_size__hover_enabled=\u00a0\u00bboff\u00a0\u00bb button_one_text_size__hover_enabled=\u00a0\u00bboff\u00a0\u00bb button_two_text_size__hover_enabled=\u00a0\u00bboff\u00a0\u00bb button_text_color__hover_enabled=\u00a0\u00bbon|hover\u00a0\u00bb button_text_color__hover=\u00a0\u00bb#464d77&Prime; button_one_text_color__hover_enabled=\u00a0\u00bboff\u00a0\u00bb button_two_text_color__hover_enabled=\u00a0\u00bboff\u00a0\u00bb button_border_width__hover_enabled=\u00a0\u00bboff\u00a0\u00bb button_one_border_width__hover_enabled=\u00a0\u00bboff\u00a0\u00bb button_two_border_width__hover_enabled=\u00a0\u00bboff\u00a0\u00bb button_border_color__hover_enabled=\u00a0\u00bbon\u00a0\u00bb button_border_color__hover=\u00a0\u00bb#464D77&Prime; button_one_border_color__hover_enabled=\u00a0\u00bboff\u00a0\u00bb button_two_border_color__hover_enabled=\u00a0\u00bboff\u00a0\u00bb button_border_radius__hover_enabled=\u00a0\u00bbon\u00a0\u00bb button_border_radius__hover=\u00a0\u00bb0&Prime; button_one_border_radius__hover_enabled=\u00a0\u00bboff\u00a0\u00bb button_two_border_radius__hover_enabled=\u00a0\u00bboff\u00a0\u00bb button_letter_spacing__hover_enabled=\u00a0\u00bbon\u00a0\u00bb button_letter_spacing__hover=\u00a0\u00bb2&Prime; button_one_letter_spacing__hover_enabled=\u00a0\u00bboff\u00a0\u00bb button_two_letter_spacing__hover_enabled=\u00a0\u00bboff\u00a0\u00bb button_bg_color__hover_enabled=\u00a0\u00bbon\u00a0\u00bb button_bg_color__hover=\u00a0\u00bbrgba(0,0,0,0)\u00a0\u00bb button_one_bg_color__hover_enabled=\u00a0\u00bboff\u00a0\u00bb button_two_bg_color__hover_enabled=\u00a0\u00bboff\u00a0\u00bb custom_margin__hover_enabled=\u00a0\u00bbon|desktop\u00a0\u00bb]<\/p>\n<p><span>ICLEI Canada reconna\u00eet que le projet Ensemble pour le climat a \u00e9t\u00e9 rendu possible gr\u00e2ce au financement de la <\/span><em>Real Estate Foundation of British Columbia<\/em><span>.\u00a0Nous souhaitons \u00e9galement remercier tous ceux qui ont partag\u00e9 leurs exp\u00e9riences et leurs connaissances au cours du project.\u00a0Cr\u00e9dit photo : Eden, Janine, Jim, Flickr ; Explore Alberni ; Keith Holmes, Institut Hakai.<\/span><\/p>\n<p>[\/et_pb_cta][\/et_pb_column][\/et_pb_row][\/et_pb_section][et_pb_section fb_built=\u00a0\u00bb1&Prime; _builder_version=\u00a0\u00bb4.4.0&Prime; background_color=\u00a0\u00bb#00646C\u00a0\u00bb][et_pb_row column_structure=\u00a0\u00bb1_5,1_5,1_5,1_5,1_5&Prime; use_custom_gutter=\u00a0\u00bbon\u00a0\u00bb make_equal=\u00a0\u00bbon\u00a0\u00bb _builder_version=\u00a0\u00bb4.4.0&Prime; width=\u00a0\u00bb90%\u00a0\u00bb max_width=\u00a0\u00bb1518px\u00a0\u00bb][et_pb_column type=\u00a0\u00bb1_5&Prime; _builder_version=\u00a0\u00bb4.4.0&Prime;][et_pb_blurb use_icon=\u00a0\u00bbon\u00a0\u00bb font_icon=\u00a0\u00bb%%101%%\u00a0\u00bb icon_color=\u00a0\u00bb#ffffff\u00a0\u00bb use_icon_font_size=\u00a0\u00bbon\u00a0\u00bb icon_font_size=\u00a0\u00bb104px\u00a0\u00bb _builder_version=\u00a0\u00bb4.4.0&Prime; body_text_color=\u00a0\u00bb#00646c\u00a0\u00bb background_layout=\u00a0\u00bbdark\u00a0\u00bb link_option_url=\u00a0\u00bbhttps:\/\/icleicanada.org\/fr\/adaptation-and-resilience-planning\/\u00a0\u00bb]<\/p>\n<h3 style=\"text-align: center;\">Adaptation et planification de la r\u00e9silience<\/h3>\n<p>[\/et_pb_blurb][\/et_pb_column][et_pb_column type=\u00a0\u00bb1_5&Prime; _builder_version=\u00a0\u00bb4.4.0&Prime;][et_pb_blurb use_icon=\u00a0\u00bbon\u00a0\u00bb font_icon=\u00a0\u00bb%%173%%\u00a0\u00bb icon_color=\u00a0\u00bb#ffffff\u00a0\u00bb use_icon_font_size=\u00a0\u00bbon\u00a0\u00bb icon_font_size=\u00a0\u00bb104px\u00a0\u00bb _builder_version=\u00a0\u00bb4.4.0&Prime; body_text_color=\u00a0\u00bb#00646c\u00a0\u00bb background_layout=\u00a0\u00bbdark\u00a0\u00bb link_option_url=\u00a0\u00bbhttps:\/\/icleicanada.org\/fr\/capacity-building\u00a0\u00bb]<\/p>\n<h3 style=\"text-align: center;\">Renforcement des capacit\u00e9s<\/h3>\n<p>[\/et_pb_blurb][\/et_pb_column][et_pb_column type=\u00a0\u00bb1_5&Prime; _builder_version=\u00a0\u00bb4.4.0&Prime;][et_pb_blurb use_icon=\u00a0\u00bbon\u00a0\u00bb font_icon=\u00a0\u00bb%%157%%\u00a0\u00bb icon_color=\u00a0\u00bb#ffffff\u00a0\u00bb use_icon_font_size=\u00a0\u00bbon\u00a0\u00bb icon_font_size=\u00a0\u00bb104px\u00a0\u00bb _builder_version=\u00a0\u00bb4.4.0&Prime; body_text_color=\u00a0\u00bb#00646c\u00a0\u00bb background_layout=\u00a0\u00bbdark\u00a0\u00bb link_option_url=\u00a0\u00bbhttps:\/\/icleicanada.org\/fr\/training-and-workshops\/\u00a0\u00bb]<\/p>\n<h3 style=\"text-align: center;\">Formation et ateliers<\/h3>\n<p>[\/et_pb_blurb][\/et_pb_column][et_pb_column type=\u00a0\u00bb1_5&Prime; _builder_version=\u00a0\u00bb4.4.0&Prime;][et_pb_blurb use_icon=\u00a0\u00bbon\u00a0\u00bb font_icon=\u00a0\u00bb%%259%%\u00a0\u00bb icon_color=\u00a0\u00bb#ffffff\u00a0\u00bb use_icon_font_size=\u00a0\u00bbon\u00a0\u00bb icon_font_size=\u00a0\u00bb104px\u00a0\u00bb _builder_version=\u00a0\u00bb4.4.0&Prime; body_text_color=\u00a0\u00bb#00646c\u00a0\u00bb background_layout=\u00a0\u00bbdark\u00a0\u00bb link_option_url=\u00a0\u00bbhttps:\/\/icleicanada.org\/fr\/peer-networking\/\u00a0\u00bb]<\/p>\n<h3 style=\"text-align: center;\">R\u00e9seautage avec les pairs<\/h3>\n<p>[\/et_pb_blurb][\/et_pb_column][et_pb_column type=\u00a0\u00bb1_5&Prime; _builder_version=\u00a0\u00bb4.4.0&Prime;][et_pb_blurb use_icon=\u00a0\u00bbon\u00a0\u00bb font_icon=\u00a0\u00bb%%103%%\u00a0\u00bb icon_color=\u00a0\u00bb#ffffff\u00a0\u00bb use_icon_font_size=\u00a0\u00bbon\u00a0\u00bb icon_font_size=\u00a0\u00bb104px\u00a0\u00bb _builder_version=\u00a0\u00bb4.4.0&Prime; body_text_color=\u00a0\u00bb#00646c\u00a0\u00bb background_layout=\u00a0\u00bbdark\u00a0\u00bb link_option_url=\u00a0\u00bbhttps:\/\/icleicanada.org\/fr\/stakeholder-engagement-and-facilitation\/\u00a0\u00bb]<\/p>\n<h3 style=\"text-align: center;\">Engagement et animation des parties prenantes<\/h3>\n<p>[\/et_pb_blurb][\/et_pb_column][\/et_pb_row][\/et_pb_section][et_pb_section fb_built=\u00a0\u00bb1&Prime; admin_label=\u00a0\u00bbFooter\u00a0\u00bb _builder_version=\u00a0\u00bb4.4.0&Prime; background_image=\u00a0\u00bbhttps:\/\/icleicanada.org\/wp-content\/uploads\/2022\/10\/Richmond-Office-scaled.jpeg\u00a0\u00bb parallax=\u00a0\u00bbon\u00a0\u00bb custom_padding=\u00a0\u00bb86px||90px||false|false\u00a0\u00bb global_module=\u00a0\u00bb57010&Prime; saved_tabs=\u00a0\u00bball\u00a0\u00bb][et_pb_row column_structure=\u00a0\u00bb1_3,2_3&Prime; use_custom_gutter=\u00a0\u00bbon\u00a0\u00bb make_equal=\u00a0\u00bbon\u00a0\u00bb _builder_version=\u00a0\u00bb3.25&Prime; background_size=\u00a0\u00bbinitial\u00a0\u00bb background_position=\u00a0\u00bbtop_left\u00a0\u00bb background_repeat=\u00a0\u00bbrepeat\u00a0\u00bb custom_padding=\u00a0\u00bb|||\u00a0\u00bb][et_pb_column type=\u00a0\u00bb1_3&Prime; _builder_version=\u00a0\u00bb3.25&Prime; background_color=\u00a0\u00bb#ffffff\u00a0\u00bb background_position=\u00a0\u00bbtop_left\u00a0\u00bb custom_padding=\u00a0\u00bb50px|40px|50px|40px\u00a0\u00bb custom_padding__hover=\u00a0\u00bb|||\u00a0\u00bb][et_pb_text admin_label=\u00a0\u00bbContact US Title\u00a0\u00bb _builder_version=\u00a0\u00bb4.4.0&Prime; text_font_size=\u00a0\u00bb16px\u00a0\u00bb header_font=\u00a0\u00bbMontserrat||||\u00a0\u00bb header_text_color=\u00a0\u00bb#1f1f1f\u00a0\u00bb header_font_size=\u00a0\u00bb22px\u00a0\u00bb custom_padding=\u00a0\u00bb0px|0px|0px|0px\u00a0\u00bb animation_style=\u00a0\u00bbfold\u00a0\u00bb animation_direction=\u00a0\u00bbbottom\u00a0\u00bb animation_intensity_fold=\u00a0\u00bb20%\u00a0\u00bb]<\/p>\n<div class=\"et_pb_module et_pb_text et_pb_text_11 et_pb_text_align_left et_pb_bg_layout_light et_had_animation\">\n<div class=\"et_pb_text_inner\">\n<h1>Nous joindre<\/h1>\n<\/div>\n<\/div>\n<p style=\"text-align: center;\">[\/et_pb_text][et_pb_text admin_label=\u00a0\u00bbContact US Text\u00a0\u00bb _builder_version=\u00a0\u00bb4.4.0&Prime; text_font=\u00a0\u00bb|300|||||||\u00a0\u00bb text_font_size=\u00a0\u00bb16px\u00a0\u00bb text_line_height=\u00a0\u00bb1.8em\u00a0\u00bb header_font=\u00a0\u00bb||||||||\u00a0\u00bb header_text_color=\u00a0\u00bb#1f1f1f\u00a0\u00bb custom_margin=\u00a0\u00bb20px||40px|\u00a0\u00bb custom_padding=\u00a0\u00bb0px|0px|0px|0px\u00a0\u00bb animation_style=\u00a0\u00bbfold\u00a0\u00bb animation_direction=\u00a0\u00bbbottom\u00a0\u00bb animation_intensity_fold=\u00a0\u00bb20%\u00a0\u00bb]<\/p>\n<p>Communiquez avec nous pour en apprendre davantage au sujet de notre r\u00e9seau, de nos services et de nos \u00e9v\u00e9nements.<\/p>\n<p style=\"text-align: center;\">[\/et_pb_text][et_pb_blurb title=\u00a0\u00bbICLEI Canada \u00a0\u00bb use_icon=\u00a0\u00bbon\u00a0\u00bb font_icon=\u00a0\u00bb%%249%%\u00a0\u00bb icon_placement=\u00a0\u00bbleft\u00a0\u00bb use_icon_font_size=\u00a0\u00bbon\u00a0\u00bb icon_font_size=\u00a0\u00bb28px\u00a0\u00bb icon_font_size_last_edited=\u00a0\u00bboff|desktop\u00a0\u00bb admin_label=\u00a0\u00bbAddress\u00a0\u00bb _builder_version=\u00a0\u00bb4.4.0&Prime; header_font=\u00a0\u00bb|300|||||||\u00a0\u00bb header_font_size=\u00a0\u00bb17px\u00a0\u00bb body_font=\u00a0\u00bb|300|||||||\u00a0\u00bb body_font_size=\u00a0\u00bb15px\u00a0\u00bb custom_margin=\u00a0\u00bb|||\u00a0\u00bb animation_style=\u00a0\u00bbfold\u00a0\u00bb animation_direction=\u00a0\u00bbbottom\u00a0\u00bb animation_intensity_fold=\u00a0\u00bb20%\u00a0\u00bb]<\/p>\n<p>401 Richmond St W (Suite 204)<br \/> Toronto, ON M5V 3A8<\/p>\n<p style=\"text-align: center;\">[\/et_pb_blurb][et_pb_blurb use_icon=\u00a0\u00bbon\u00a0\u00bb font_icon=\u00a0\u00bb%%238%%\u00a0\u00bb icon_placement=\u00a0\u00bbleft\u00a0\u00bb use_icon_font_size=\u00a0\u00bbon\u00a0\u00bb icon_font_size=\u00a0\u00bb28px\u00a0\u00bb icon_font_size_last_edited=\u00a0\u00bboff|desktop\u00a0\u00bb admin_label=\u00a0\u00bbEmail\u00a0\u00bb _builder_version=\u00a0\u00bb4.4.0&Prime; body_font=\u00a0\u00bb|300|||||||\u00a0\u00bb body_font_size=\u00a0\u00bb16px\u00a0\u00bb custom_margin=\u00a0\u00bb|||\u00a0\u00bb animation_style=\u00a0\u00bbfold\u00a0\u00bb animation_direction=\u00a0\u00bbbottom\u00a0\u00bb animation_intensity_fold=\u00a0\u00bb20%\u00a0\u00bb]iclei-canada@iclei.org<\/p>\n<p style=\"text-align: center;\">[\/et_pb_blurb][et_pb_social_media_follow admin_label=\u00a0\u00bbFacebook\u00a0\u00bb _builder_version=\u00a0\u00bb4.4.0&Prime; text_orientation=\u00a0\u00bbleft\u00a0\u00bb custom_margin=\u00a0\u00bb|||\u00a0\u00bb custom_padding=\u00a0\u00bb20px||||false|false\u00a0\u00bb border_radii=\u00a0\u00bbon|100%|100%|100%|100%\u00a0\u00bb link_shape=\u00a0\u00bbcircle\u00a0\u00bb][et_pb_social_media_follow_network social_network=\u00a0\u00bbtwitter\u00a0\u00bb url=\u00a0\u00bbhttps:\/\/twitter.com\/ICLEI_Canada\u00a0\u00bb _builder_version=\u00a0\u00bb4.4.0&Prime; background_color=\u00a0\u00bb#00646C\u00a0\u00bb background_enable_color=\u00a0\u00bbon\u00a0\u00bb custom_margin=\u00a0\u00bb||||false|false\u00a0\u00bb bg_color=\u00a0\u00bb#00aced\u00a0\u00bb link_shape=\u00a0\u00bbcircle\u00a0\u00bb follow_button=\u00a0\u00bboff\u00a0\u00bb url_new_window=\u00a0\u00bbon\u00a0\u00bb]twitter[\/et_pb_social_media_follow_network][et_pb_social_media_follow_network social_network=\u00a0\u00bblinkedin\u00a0\u00bb url=\u00a0\u00bbhttps:\/\/www.linkedin.com\/company\/iclei-canada\/\u00a0\u00bb _builder_version=\u00a0\u00bb4.4.0&Prime; background_color=\u00a0\u00bb#00646C\u00a0\u00bb background_enable_color=\u00a0\u00bbon\u00a0\u00bb custom_margin=\u00a0\u00bb||||false|false\u00a0\u00bb bg_color=\u00a0\u00bb#007bb6&Prime; link_shape=\u00a0\u00bbcircle\u00a0\u00bb follow_button=\u00a0\u00bboff\u00a0\u00bb url_new_window=\u00a0\u00bbon\u00a0\u00bb]linkedin[\/et_pb_social_media_follow_network][et_pb_social_media_follow_network social_network=\u00a0\u00bbyoutube\u00a0\u00bb url=\u00a0\u00bbhttps:\/\/www.youtube.com\/@iclei_canada\u00a0\u00bb _builder_version=\u00a0\u00bb4.4.0&Prime; background_color=\u00a0\u00bb#00646C\u00a0\u00bb background_enable_color=\u00a0\u00bbon\u00a0\u00bb link_shape=\u00a0\u00bbcircle\u00a0\u00bb follow_button=\u00a0\u00bboff\u00a0\u00bb url_new_window=\u00a0\u00bbon\u00a0\u00bb]youtube[\/et_pb_social_media_follow_network][\/et_pb_social_media_follow][et_pb_social_media_follow _builder_version=\u00a0\u00bb3.0.87&Prime;][\/et_pb_social_media_follow][\/et_pb_column][et_pb_column type=\u00a0\u00bb2_3&Prime; _builder_version=\u00a0\u00bb3.25&Prime; background_color=\u00a0\u00bb#ffffff\u00a0\u00bb background_position=\u00a0\u00bbtop_left\u00a0\u00bb custom_padding=\u00a0\u00bb50px|40px|50px|40px\u00a0\u00bb custom_padding__hover=\u00a0\u00bb|||\u00a0\u00bb][et_pb_contact_form use_spam_service=\u00a0\u00bbon\u00a0\u00bb recaptcha_list=\u00a0\u00bbDefault|Default-0&Prime; recaptcha_min_score=\u00a0\u00bb0.9&Prime; email=\u00a0\u00bbiclei-canada@iclei.org\u00a0\u00bb title=\u00a0\u00bbNous envoyer un message\u00a0\u00bb success_message=\u00a0\u00bbMerci ! Votre message a \u00e9t\u00e9 envoy\u00e9. Nous vous r\u00e9pondrons dans les plus brefs d\u00e9lais.\u00a0\u00bb submit_button_text=\u00a0\u00bbEnvoyer le message\u00a0\u00bb module_id=\u00a0\u00bbet_pb_contact_form_1&Prime; _builder_version=\u00a0\u00bb4.4.0&Prime; form_field_background_color=\u00a0\u00bbrgba(255,255,255,0)\u00a0\u00bb title_font=\u00a0\u00bbMontserrat|700|||||||\u00a0\u00bb title_font_size=\u00a0\u00bb22px\u00a0\u00bb custom_button=\u00a0\u00bbon\u00a0\u00bb button_text_size=\u00a0\u00bb18px\u00a0\u00bb button_text_color=\u00a0\u00bb#ffffff\u00a0\u00bb button_bg_color=\u00a0\u00bb#00646c\u00a0\u00bb button_border_width=\u00a0\u00bb2px\u00a0\u00bb button_border_color=\u00a0\u00bb#00646c\u00a0\u00bb button_border_radius=\u00a0\u00bb0px\u00a0\u00bb button_letter_spacing=\u00a0\u00bb2px\u00a0\u00bb button_font=\u00a0\u00bbMontserrat|||on|\u00a0\u00bb button_use_icon=\u00a0\u00bboff\u00a0\u00bb animation_style=\u00a0\u00bbfold\u00a0\u00bb animation_direction=\u00a0\u00bbbottom\u00a0\u00bb animation_intensity_fold=\u00a0\u00bb20%\u00a0\u00bb border_width_all=\u00a0\u00bb1px\u00a0\u00bb border_color_all=\u00a0\u00bbrgba(0,0,0,0.12)\u00a0\u00bb border_style_all=\u00a0\u00bbsolid\u00a0\u00bb use_border_color=\u00a0\u00bbon\u00a0\u00bb border_color=\u00a0\u00bbrgba(0,0,0,0.12)\u00a0\u00bb form_background_color=\u00a0\u00bbrgba(255,255,255,0)\u00a0\u00bb button_text_color_hover=\u00a0\u00bb#6eba01&Prime; button_bg_color_hover=\u00a0\u00bbrgba(0,0,0,0)\u00a0\u00bb button_border_color_hover=\u00a0\u00bb#6eba01&Prime; button_border_radius_hover=\u00a0\u00bb0px\u00a0\u00bb button_letter_spacing_hover=\u00a0\u00bb2px\u00a0\u00bb][et_pb_contact_field field_id=\u00a0\u00bbName\u00a0\u00bb field_title=\u00a0\u00bbName\u00a0\u00bb fullwidth_field=\u00a0\u00bbon\u00a0\u00bb _builder_version=\u00a0\u00bb3.16&Prime; button_text_size__hover_enabled=\u00a0\u00bboff\u00a0\u00bb button_one_text_size__hover_enabled=\u00a0\u00bboff\u00a0\u00bb button_two_text_size__hover_enabled=\u00a0\u00bboff\u00a0\u00bb button_text_color__hover_enabled=\u00a0\u00bboff\u00a0\u00bb button_one_text_color__hover_enabled=\u00a0\u00bboff\u00a0\u00bb button_two_text_color__hover_enabled=\u00a0\u00bboff\u00a0\u00bb button_border_width__hover_enabled=\u00a0\u00bboff\u00a0\u00bb button_one_border_width__hover_enabled=\u00a0\u00bboff\u00a0\u00bb button_two_border_width__hover_enabled=\u00a0\u00bboff\u00a0\u00bb button_border_color__hover_enabled=\u00a0\u00bboff\u00a0\u00bb button_one_border_color__hover_enabled=\u00a0\u00bboff\u00a0\u00bb button_two_border_color__hover_enabled=\u00a0\u00bboff\u00a0\u00bb button_border_radius__hover_enabled=\u00a0\u00bboff\u00a0\u00bb button_one_border_radius__hover_enabled=\u00a0\u00bboff\u00a0\u00bb button_two_border_radius__hover_enabled=\u00a0\u00bboff\u00a0\u00bb button_letter_spacing__hover_enabled=\u00a0\u00bboff\u00a0\u00bb button_one_letter_spacing__hover_enabled=\u00a0\u00bboff\u00a0\u00bb button_two_letter_spacing__hover_enabled=\u00a0\u00bboff\u00a0\u00bb button_bg_color__hover_enabled=\u00a0\u00bboff\u00a0\u00bb button_one_bg_color__hover_enabled=\u00a0\u00bboff\u00a0\u00bb button_two_bg_color__hover_enabled=\u00a0\u00bboff\u00a0\u00bb][\/et_pb_contact_field][et_pb_contact_field field_id=\u00a0\u00bbEmail\u00a0\u00bb field_title=\u00a0\u00bbEmail Address\u00a0\u00bb field_type=\u00a0\u00bbemail\u00a0\u00bb fullwidth_field=\u00a0\u00bbon\u00a0\u00bb _builder_version=\u00a0\u00bb3.16&Prime; button_text_size__hover_enabled=\u00a0\u00bboff\u00a0\u00bb button_one_text_size__hover_enabled=\u00a0\u00bboff\u00a0\u00bb button_two_text_size__hover_enabled=\u00a0\u00bboff\u00a0\u00bb button_text_color__hover_enabled=\u00a0\u00bboff\u00a0\u00bb button_one_text_color__hover_enabled=\u00a0\u00bboff\u00a0\u00bb button_two_text_color__hover_enabled=\u00a0\u00bboff\u00a0\u00bb button_border_width__hover_enabled=\u00a0\u00bboff\u00a0\u00bb button_one_border_width__hover_enabled=\u00a0\u00bboff\u00a0\u00bb button_two_border_width__hover_enabled=\u00a0\u00bboff\u00a0\u00bb button_border_color__hover_enabled=\u00a0\u00bboff\u00a0\u00bb button_one_border_color__hover_enabled=\u00a0\u00bboff\u00a0\u00bb button_two_border_color__hover_enabled=\u00a0\u00bboff\u00a0\u00bb button_border_radius__hover_enabled=\u00a0\u00bboff\u00a0\u00bb button_one_border_radius__hover_enabled=\u00a0\u00bboff\u00a0\u00bb button_two_border_radius__hover_enabled=\u00a0\u00bboff\u00a0\u00bb button_letter_spacing__hover_enabled=\u00a0\u00bboff\u00a0\u00bb button_one_letter_spacing__hover_enabled=\u00a0\u00bboff\u00a0\u00bb button_two_letter_spacing__hover_enabled=\u00a0\u00bboff\u00a0\u00bb button_bg_color__hover_enabled=\u00a0\u00bboff\u00a0\u00bb button_one_bg_color__hover_enabled=\u00a0\u00bboff\u00a0\u00bb button_two_bg_color__hover_enabled=\u00a0\u00bboff\u00a0\u00bb][\/et_pb_contact_field][et_pb_contact_field field_id=\u00a0\u00bbMessage\u00a0\u00bb field_title=\u00a0\u00bbMessage\u00a0\u00bb field_type=\u00a0\u00bbtext\u00a0\u00bb fullwidth_field=\u00a0\u00bbon\u00a0\u00bb _builder_version=\u00a0\u00bb3.16&Prime; button_text_size__hover_enabled=\u00a0\u00bboff\u00a0\u00bb button_one_text_size__hover_enabled=\u00a0\u00bboff\u00a0\u00bb button_two_text_size__hover_enabled=\u00a0\u00bboff\u00a0\u00bb button_text_color__hover_enabled=\u00a0\u00bboff\u00a0\u00bb button_one_text_color__hover_enabled=\u00a0\u00bboff\u00a0\u00bb button_two_text_color__hover_enabled=\u00a0\u00bboff\u00a0\u00bb button_border_width__hover_enabled=\u00a0\u00bboff\u00a0\u00bb button_one_border_width__hover_enabled=\u00a0\u00bboff\u00a0\u00bb button_two_border_width__hover_enabled=\u00a0\u00bboff\u00a0\u00bb button_border_color__hover_enabled=\u00a0\u00bboff\u00a0\u00bb button_one_border_color__hover_enabled=\u00a0\u00bboff\u00a0\u00bb button_two_border_color__hover_enabled=\u00a0\u00bboff\u00a0\u00bb button_border_radius__hover_enabled=\u00a0\u00bboff\u00a0\u00bb button_one_border_radius__hover_enabled=\u00a0\u00bboff\u00a0\u00bb button_two_border_radius__hover_enabled=\u00a0\u00bboff\u00a0\u00bb button_letter_spacing__hover_enabled=\u00a0\u00bboff\u00a0\u00bb button_one_letter_spacing__hover_enabled=\u00a0\u00bboff\u00a0\u00bb button_two_letter_spacing__hover_enabled=\u00a0\u00bboff\u00a0\u00bb button_bg_color__hover_enabled=\u00a0\u00bboff\u00a0\u00bb button_one_bg_color__hover_enabled=\u00a0\u00bboff\u00a0\u00bb button_two_bg_color__hover_enabled=\u00a0\u00bboff\u00a0\u00bb][\/et_pb_contact_field][\/et_pb_contact_form][\/et_pb_column][\/et_pb_row][\/et_pb_section]<\/p>\n","protected":false},"excerpt":{"rendered":"<p>[et_pb_section fb_built=\u00a0\u00bb1&Prime; fullwidth=\u00a0\u00bbon\u00a0\u00bb admin_label=\u00a0\u00bbPage Header\u00a0\u00bb _builder_version=\u00a0\u00bb4.4.0&Prime; background_enable_image=\u00a0\u00bboff\u00a0\u00bb parallax=\u00a0\u00bbon\u00a0\u00bb custom_padding=\u00a0\u00bb0px|0px|0|0px|false|false\u00a0\u00bb][et_pb_fullwidth_header title=\u00a0\u00bbEnsemble pour le climat \u00a0\u00bb subhead=\u00a0\u00bbGestion des risques par l\u2019entremise de la collaboration de la collectivit\u00e9\u00a0\u00bb text_orientation=\u00a0\u00bbcenter\u00a0\u00bb background_overlay_color=\u00a0\u00bbrgba(10,7,7,0.67)\u00a0\u00bb admin_label=\u00a0\u00bbHero Section\u00a0\u00bb _builder_version=\u00a0\u00bb4.4.0&Prime; title_font=\u00a0\u00bb|||on|||||\u00a0\u00bb title_font_size=\u00a0\u00bb60px\u00a0\u00bb content_font=\u00a0\u00bbMontserrat||||||||\u00a0\u00bb content_font_size=\u00a0\u00bb12px\u00a0\u00bb content_line_height=\u00a0\u00bb1.8em\u00a0\u00bb subhead_font=\u00a0\u00bb|||on|||||\u00a0\u00bb subhead_font_size=\u00a0\u00bb34px\u00a0\u00bb subhead_line_height=\u00a0\u00bb1.2em\u00a0\u00bb background_color=\u00a0\u00bbrgba(255,255,255,0)\u00a0\u00bb use_background_color_gradient=\u00a0\u00bbon\u00a0\u00bb background_color_gradient_start=\u00a0\u00bbrgba(58,52,226,0.93)\u00a0\u00bb background_color_gradient_end=\u00a0\u00bbrgba(73,108,220,0.7)\u00a0\u00bb background_image=\u00a0\u00bbhttps:\/\/icleicanada.org\/wp-content\/uploads\/2020\/10\/Climate-Change-is-Real_Eden-Janine-Jim_2019-Flickr.jpg\u00a0\u00bb custom_button_one=\u00a0\u00bbon\u00a0\u00bb button_one_text_size=\u00a0\u00bb16px\u00a0\u00bb button_one_bg_color=\u00a0\u00bb#6eba01&Prime; button_one_border_width=\u00a0\u00bb2px\u00a0\u00bb button_one_border_color=\u00a0\u00bb#6eba01&Prime; button_one_font=\u00a0\u00bbMontserrat|||on|\u00a0\u00bb button_one_use_icon=\u00a0\u00bboff\u00a0\u00bb custom_button_two=\u00a0\u00bbon\u00a0\u00bb button_two_text_size=\u00a0\u00bb16px\u00a0\u00bb button_two_border_width=\u00a0\u00bb2px\u00a0\u00bb button_two_border_color=\u00a0\u00bb#ffffff\u00a0\u00bb button_two_font=\u00a0\u00bbMontserrat|||on|\u00a0\u00bb [&hellip;]<\/p>\n","protected":false},"author":2,"featured_media":54134,"comment_status":"closed","ping_status":"closed","template":"","meta":{"_et_pb_use_builder":"on","_et_pb_old_content":"","_et_gb_content_width":"","footnotes":""},"project_category":[68,75,72,70,73,80,78],"project_tag":[],"class_list":["post-54739","project","type-project","status-publish","has-post-thumbnail","hentry","project_category-adaptation-et-planification-de-la-resilience","project_category-engagement-et-facilitation-des-intervenants","project_category-formation-et-ateliers","project_category-renforcement-des-capacites","project_category-reseautage-avec-les-pairs","project_category-ressources","project_category-ressources-dadaptation-et-resilience"],"_links":{"self":[{"href":"https:\/\/icleicanada.org\/fr\/wp-json\/wp\/v2\/project\/54739","targetHints":{"allow":["GET"]}}],"collection":[{"href":"https:\/\/icleicanada.org\/fr\/wp-json\/wp\/v2\/project"}],"about":[{"href":"https:\/\/icleicanada.org\/fr\/wp-json\/wp\/v2\/types\/project"}],"author":[{"embeddable":true,"href":"https:\/\/icleicanada.org\/fr\/wp-json\/wp\/v2\/users\/2"}],"replies":[{"embeddable":true,"href":"https:\/\/icleicanada.org\/fr\/wp-json\/wp\/v2\/comments?post=54739"}],"version-history":[{"count":16,"href":"https:\/\/icleicanada.org\/fr\/wp-json\/wp\/v2\/project\/54739\/revisions"}],"predecessor-version":[{"id":59185,"href":"https:\/\/icleicanada.org\/fr\/wp-json\/wp\/v2\/project\/54739\/revisions\/59185"}],"wp:featuredmedia":[{"embeddable":true,"href":"https:\/\/icleicanada.org\/fr\/wp-json\/wp\/v2\/media\/54134"}],"wp:attachment":[{"href":"https:\/\/icleicanada.org\/fr\/wp-json\/wp\/v2\/media?parent=54739"}],"wp:term":[{"taxonomy":"project_category","embeddable":true,"href":"https:\/\/icleicanada.org\/fr\/wp-json\/wp\/v2\/project_category?post=54739"},{"taxonomy":"project_tag","embeddable":true,"href":"https:\/\/icleicanada.org\/fr\/wp-json\/wp\/v2\/project_tag?post=54739"}],"curies":[{"name":"wp","href":"https:\/\/api.w.org\/{rel}","templated":true}]}}