{"id":54773,"date":"2020-11-16T19:25:38","date_gmt":"2020-11-17T00:25:38","guid":{"rendered":"https:\/\/icleicanada.org\/project\/climate-change-adaptation-case-studies-database\/"},"modified":"2021-05-31T16:00:39","modified_gmt":"2021-05-31T20:00:39","slug":"climate-change-adaptation-case-studies-database","status":"publish","type":"project","link":"https:\/\/icleicanada.org\/fr\/project\/climate-change-adaptation-case-studies-database\/","title":{"rendered":"Base de donn\u00e9es sur les \u00e9tudes de cas en mati\u00e8re d\u2019adaptation"},"content":{"rendered":"<p>[et_pb_section fb_built=\u00a0\u00bb1&Prime; fullwidth=\u00a0\u00bbon\u00a0\u00bb _builder_version=\u00a0\u00bb3.22&Prime;][et_pb_fullwidth_header title=\u00a0\u00bbBase de donn\u00e9es canadienne sur les \u00e9tudes de cas en mati\u00e8re d\u2019adaptation\u00a0\u00bb text_orientation=\u00a0\u00bbcenter\u00a0\u00bb background_overlay_color=\u00a0\u00bbrgba(214,214,214,0.22)\u00a0\u00bb _builder_version=\u00a0\u00bb4.4.0&Prime; title_font=\u00a0\u00bbMontserrat|300||on|||||\u00a0\u00bb title_font_size=\u00a0\u00bb54px\u00a0\u00bb title_letter_spacing=\u00a0\u00bb5px\u00a0\u00bb title_line_height=\u00a0\u00bb1.1em\u00a0\u00bb content_font=\u00a0\u00bb||||||||\u00a0\u00bb content_font_size=\u00a0\u00bb23px\u00a0\u00bb content_line_height=\u00a0\u00bb2.2em\u00a0\u00bb subhead_font=\u00a0\u00bb|||on|||||\u00a0\u00bb subhead_font_size=\u00a0\u00bb33px\u00a0\u00bb subhead_letter_spacing=\u00a0\u00bb1px\u00a0\u00bb subhead_line_height=\u00a0\u00bb1.1em\u00a0\u00bb background_image=\u00a0\u00bbhttps:\/\/icleicanada.org\/wp-content\/uploads\/2020\/11\/Coastal-erosion_LornaR-2017-Flickr.jpg\u00a0\u00bb background_position=\u00a0\u00bbbottom_center\u00a0\u00bb][\/et_pb_fullwidth_header][\/et_pb_section][et_pb_section fb_built=\u00a0\u00bb1&Prime; _builder_version=\u00a0\u00bb3.22&Prime; custom_padding=\u00a0\u00bb3px|0px|36px|0px|false|false\u00a0\u00bb][et_pb_row column_structure=\u00a0\u00bb1_2,1_2&Prime; module_class=\u00a0\u00bb et_pb_row_fullwidth\u00a0\u00bb _builder_version=\u00a0\u00bb3.25&Prime; width=\u00a0\u00bb94%\u00a0\u00bb width_tablet=\u00a0\u00bb80%\u00a0\u00bb width_phone=\u00a0\u00bb\u00a0\u00bb width_last_edited=\u00a0\u00bbon|desktop\u00a0\u00bb max_width=\u00a0\u00bb94%\u00a0\u00bb max_width_tablet=\u00a0\u00bb80%\u00a0\u00bb max_width_phone=\u00a0\u00bb\u00a0\u00bb max_width_last_edited=\u00a0\u00bbon|desktop\u00a0\u00bb module_alignment=\u00a0\u00bbcenter\u00a0\u00bb custom_padding=\u00a0\u00bb0|0px|75px|0px|false|false\u00a0\u00bb make_fullwidth=\u00a0\u00bbon\u00a0\u00bb custom_width_px=\u00a0\u00bb2600px\u00a0\u00bb][et_pb_column type=\u00a0\u00bb1_2&Prime; _builder_version=\u00a0\u00bb3.25&Prime; custom_padding=\u00a0\u00bb|||\u00a0\u00bb custom_padding__hover=\u00a0\u00bb|||\u00a0\u00bb][et_pb_image align=\u00a0\u00bbcenter\u00a0\u00bb align_tablet=\u00a0\u00bbcenter\u00a0\u00bb align_phone=\u00a0\u00bb\u00a0\u00bb align_last_edited=\u00a0\u00bbon|desktop\u00a0\u00bb _builder_version=\u00a0\u00bb3.23&Prime; max_width=\u00a0\u00bb85%\u00a0\u00bb module_alignment=\u00a0\u00bbcenter\u00a0\u00bb custom_margin=\u00a0\u00bb||\u00a0\u00bb custom_padding=\u00a0\u00bb109px||\u00a0\u00bb][\/et_pb_image][et_pb_image src=\u00a0\u00bbhttps:\/\/icleicanada.org\/wp-content\/uploads\/2020\/11\/Urban-wetland_TTMimages-PDX-2015-Flickr.jpg\u00a0\u00bb align=\u00a0\u00bbcenter\u00a0\u00bb align_tablet=\u00a0\u00bbcenter\u00a0\u00bb align_phone=\u00a0\u00bb\u00a0\u00bb align_last_edited=\u00a0\u00bbon|desktop\u00a0\u00bb _builder_version=\u00a0\u00bb4.4.0&Prime; module_alignment=\u00a0\u00bbright\u00a0\u00bb][\/et_pb_image][\/et_pb_column][et_pb_column type=\u00a0\u00bb1_2&Prime; _builder_version=\u00a0\u00bb3.25&Prime; custom_padding=\u00a0\u00bb|||\u00a0\u00bb custom_padding__hover=\u00a0\u00bb|||\u00a0\u00bb][et_pb_divider color=\u00a0\u00bbrgba(0,73,50,0.92)\u00a0\u00bb _builder_version=\u00a0\u00bb3.20.2&Prime; max_width=\u00a0\u00bb14%\u00a0\u00bb module_alignment=\u00a0\u00bbleft\u00a0\u00bb custom_margin=\u00a0\u00bb115px||\u00a0\u00bb][\/et_pb_divider][et_pb_text _builder_version=\u00a0\u00bb4.4.0&Prime; text_font=\u00a0\u00bb|300|||||||\u00a0\u00bb text_font_size=\u00a0\u00bb16px\u00a0\u00bb header_font=\u00a0\u00bbMontserrat|300|||||||\u00a0\u00bb header_text_color=\u00a0\u00bbrgba(0,73,50,0.92)\u00a0\u00bb header_font_size=\u00a0\u00bb34px\u00a0\u00bb header_line_height=\u00a0\u00bb1.1em\u00a0\u00bb max_width=\u00a0\u00bb90%\u00a0\u00bb]<\/p>\n<h1><\/h1>\n<p>&nbsp;<\/p>\n<h1>Base de donn\u00e9es sur les \u00e9tudes de cas en mati\u00e8re d&rsquo;adaptation<span><\/span><\/h1>\n<p>En partenariat avec le Climate Risk Institute et l\u2019Institut de pr\u00e9vention des sinistres catastrophiques, ICLEI Canada a travaill\u00e9 avec le Centre canadien des services climatiques pour cr\u00e9er un catalogue des \u00e9tudes de cas en mati\u00e8re d\u2019adaptation au Canada. Cette base de donn\u00e9es a pour objectif d\u2019offrir aux praticiens de l\u2019adaptation communautaire des renseignements pertinents li\u00e9s \u00e0 l\u2019adaptation aux changements climatiques au Canada, avec un accent sur la mise en \u0153uvre, lorsque cela est possible.<\/p>\n<p>La base de donn\u00e9es pr\u00e9sente environ 185 \u00e9tudes de cas en mati\u00e8re d\u2019adaptation qui offrent des options d\u2019adaptation concr\u00e8tes et pratiques, tout en pr\u00e9sentant une perspective intersectorielle de l\u2019adaptation au Canada (p. ex., industries, entreprises, \u00e9nergie, communaut\u00e9s, communaut\u00e9s autochtones). Apr\u00e8s le lancement officiel de la base de donn\u00e9es, les utilisateurs seront en mesure d\u2019effectuer des recherches sur les \u00e9tudes de cas en mati\u00e8re d\u2019adaptation qui r\u00e9pondent \u00e0 leurs besoins pr\u00e9cis, en fonction de l\u2019emplacement, des impacts climatiques, du secteur, de l\u2019\u00e9tape d\u2019adaptation, des mesures d\u2019adaptation, et plus!<\/p>\n<p>Nous pr\u00e9voyons faire le lancement officiel de la base de donn\u00e9es au d\u00e9but de 2021. Pour obtenir plus d\u2019information sur ce projet, communiquez avec Ewa Jackson, directrice principale, ICLEI Canada, \u00e0\u00a0<a href=\"mailto:ewa.jackson@iclei.org\">ewa.jackson@iclei.org<\/a>.<\/p>\n<p>&nbsp;<\/p>\n<p>[\/et_pb_text][et_pb_button button_url=\u00a0\u00bbhttps:\/\/www.canada.ca\/fr\/environnement-changement-climatique\/services\/changements-climatiques\/centre-canadien-services-climatiques\/a-propos.html\u00a0\u00bb url_new_window=\u00a0\u00bbon\u00a0\u00bb button_text=\u00a0\u00bbPLUS D&rsquo;nformation\u00a0\u00bb _builder_version=\u00a0\u00bb4.4.0&Prime; custom_button=\u00a0\u00bbon\u00a0\u00bb button_text_size=\u00a0\u00bb22px\u00a0\u00bb button_text_color=\u00a0\u00bbrgba(0,73,50,0.92)\u00a0\u00bb button_letter_spacing=\u00a0\u00bb2px\u00a0\u00bb button_font=\u00a0\u00bbMontserrat|||on|||||\u00a0\u00bb][\/et_pb_button][\/et_pb_column][\/et_pb_row][et_pb_row column_structure=\u00a0\u00bb1_3,1_3,1_3&Prime; make_equal=\u00a0\u00bbon\u00a0\u00bb _builder_version=\u00a0\u00bb4.4.0&Prime; module_alignment=\u00a0\u00bbcenter\u00a0\u00bb custom_padding=\u00a0\u00bb0|0px||0px|false|false\u00a0\u00bb custom_width_px=\u00a0\u00bb1874px\u00a0\u00bb][et_pb_column type=\u00a0\u00bb1_3&Prime; _builder_version=\u00a0\u00bb3.25&Prime; custom_padding=\u00a0\u00bb|||\u00a0\u00bb custom_padding__hover=\u00a0\u00bb|||\u00a0\u00bb][et_pb_blurb title=\u00a0\u00bbPlanification des mesures d\u2019adaptation et de la r\u00e9silience\u00a0\u00bb url=\u00a0\u00bbhttps:\/\/icleicanada.org\/fr\/adaptation-and-resilience-planning\/\u00a0\u00bb url_new_window=\u00a0\u00bbon\u00a0\u00bb use_icon=\u00a0\u00bbon\u00a0\u00bb font_icon=\u00a0\u00bb%%101%%\u00a0\u00bb icon_color=\u00a0\u00bbrgba(0,73,50,0.92)\u00a0\u00bb use_icon_font_size=\u00a0\u00bbon\u00a0\u00bb icon_font_size=\u00a0\u00bb100px\u00a0\u00bb _builder_version=\u00a0\u00bb4.4.0&Prime; header_level=\u00a0\u00bbh1&Prime; header_font=\u00a0\u00bb||||||||\u00a0\u00bb header_font_size=\u00a0\u00bb22px\u00a0\u00bb header_line_height=\u00a0\u00bb1.4em\u00a0\u00bb body_font=\u00a0\u00bb||||||||\u00a0\u00bb text_orientation=\u00a0\u00bbcenter\u00a0\u00bb][\/et_pb_blurb][\/et_pb_column][et_pb_column type=\u00a0\u00bb1_3&Prime; _builder_version=\u00a0\u00bb3.25&Prime; custom_padding=\u00a0\u00bb|||\u00a0\u00bb custom_padding__hover=\u00a0\u00bb|||\u00a0\u00bb][et_pb_blurb title=\u00a0\u00bbRenforcement des capacit\u00e9s\u00a0\u00bb url=\u00a0\u00bbhttps:\/\/icleicanada.org\/fr\/capacity-building\/\u00a0\u00bb url_new_window=\u00a0\u00bbon\u00a0\u00bb use_icon=\u00a0\u00bbon\u00a0\u00bb font_icon=\u00a0\u00bb%%173%%\u00a0\u00bb icon_color=\u00a0\u00bbrgba(0,73,50,0.92)\u00a0\u00bb use_icon_font_size=\u00a0\u00bbon\u00a0\u00bb icon_font_size=\u00a0\u00bb100px\u00a0\u00bb _builder_version=\u00a0\u00bb4.4.0&Prime; header_level=\u00a0\u00bbh1&Prime; header_font=\u00a0\u00bb||||||||\u00a0\u00bb header_font_size=\u00a0\u00bb22px\u00a0\u00bb header_line_height=\u00a0\u00bb1.4em\u00a0\u00bb body_font=\u00a0\u00bb||||||||\u00a0\u00bb text_orientation=\u00a0\u00bbcenter\u00a0\u00bb][\/et_pb_blurb][\/et_pb_column][et_pb_column type=\u00a0\u00bb1_3&Prime; _builder_version=\u00a0\u00bb3.25&Prime; custom_padding=\u00a0\u00bb|||\u00a0\u00bb custom_padding__hover=\u00a0\u00bb|||\u00a0\u00bb][et_pb_blurb title=\u00a0\u00bbOutils et ressources\u00a0\u00bb url=\u00a0\u00bbhttps:\/\/icleicanada.org\/fr\/tools-and-resources\/\u00a0\u00bb url_new_window=\u00a0\u00bbon\u00a0\u00bb use_icon=\u00a0\u00bbon\u00a0\u00bb font_icon=\u00a0\u00bb%%230%%\u00a0\u00bb icon_color=\u00a0\u00bbrgba(0,73,50,0.92)\u00a0\u00bb use_icon_font_size=\u00a0\u00bbon\u00a0\u00bb icon_font_size=\u00a0\u00bb100px\u00a0\u00bb _builder_version=\u00a0\u00bb4.4.0&Prime; header_level=\u00a0\u00bbh1&Prime; header_font=\u00a0\u00bb||||||||\u00a0\u00bb header_font_size=\u00a0\u00bb22px\u00a0\u00bb header_line_height=\u00a0\u00bb1.4em\u00a0\u00bb body_font=\u00a0\u00bb||||||||\u00a0\u00bb text_orientation=\u00a0\u00bbcenter\u00a0\u00bb][\/et_pb_blurb][\/et_pb_column][\/et_pb_row][et_pb_row module_class=\u00a0\u00bb et_pb_row_fullwidth\u00a0\u00bb _builder_version=\u00a0\u00bb3.25&Prime; width=\u00a0\u00bb94%\u00a0\u00bb width_tablet=\u00a0\u00bb80%\u00a0\u00bb width_phone=\u00a0\u00bb\u00a0\u00bb width_last_edited=\u00a0\u00bbon|desktop\u00a0\u00bb max_width=\u00a0\u00bb94%\u00a0\u00bb max_width_tablet=\u00a0\u00bb80%\u00a0\u00bb max_width_phone=\u00a0\u00bb\u00a0\u00bb max_width_last_edited=\u00a0\u00bbon|desktop\u00a0\u00bb custom_padding=\u00a0\u00bb0|0px|27px|0px|false|false\u00a0\u00bb make_fullwidth=\u00a0\u00bbon\u00a0\u00bb][et_pb_column type=\u00a0\u00bb4_4&Prime; _builder_version=\u00a0\u00bb3.25&Prime; custom_padding=\u00a0\u00bb|||\u00a0\u00bb custom_padding__hover=\u00a0\u00bb|||\u00a0\u00bb][et_pb_text _builder_version=\u00a0\u00bb4.4.0&Prime; text_font=\u00a0\u00bb||||||||\u00a0\u00bb text_font_size=\u00a0\u00bb8px\u00a0\u00bb]<\/p>\n<p>Photos:\u00a0photo de couverture par Lorna R sur Flickr et photo des zones humides urbaines par TTM Images PDX sur Flickr<\/p>\n<p>[\/et_pb_text][\/et_pb_column][\/et_pb_row][\/et_pb_section]<\/p>\n","protected":false},"excerpt":{"rendered":"<p>[et_pb_section fb_built=\u00a0\u00bb1&Prime; fullwidth=\u00a0\u00bbon\u00a0\u00bb _builder_version=\u00a0\u00bb3.22&Prime;][et_pb_fullwidth_header title=\u00a0\u00bbBase de donn\u00e9es canadienne sur les \u00e9tudes de cas en mati\u00e8re d\u2019adaptation\u00a0\u00bb text_orientation=\u00a0\u00bbcenter\u00a0\u00bb background_overlay_color=\u00a0\u00bbrgba(214,214,214,0.22)\u00a0\u00bb _builder_version=\u00a0\u00bb4.4.0&Prime; title_font=\u00a0\u00bbMontserrat|300||on|||||\u00a0\u00bb title_font_size=\u00a0\u00bb54px\u00a0\u00bb title_letter_spacing=\u00a0\u00bb5px\u00a0\u00bb title_line_height=\u00a0\u00bb1.1em\u00a0\u00bb content_font=\u00a0\u00bb||||||||\u00a0\u00bb content_font_size=\u00a0\u00bb23px\u00a0\u00bb content_line_height=\u00a0\u00bb2.2em\u00a0\u00bb subhead_font=\u00a0\u00bb|||on|||||\u00a0\u00bb subhead_font_size=\u00a0\u00bb33px\u00a0\u00bb subhead_letter_spacing=\u00a0\u00bb1px\u00a0\u00bb subhead_line_height=\u00a0\u00bb1.1em\u00a0\u00bb background_image=\u00a0\u00bbhttps:\/\/icleicanada.org\/wp-content\/uploads\/2020\/11\/Coastal-erosion_LornaR-2017-Flickr.jpg\u00a0\u00bb background_position=\u00a0\u00bbbottom_center\u00a0\u00bb][\/et_pb_fullwidth_header][\/et_pb_section][et_pb_section fb_built=\u00a0\u00bb1&Prime; _builder_version=\u00a0\u00bb3.22&Prime; custom_padding=\u00a0\u00bb3px|0px|36px|0px|false|false\u00a0\u00bb][et_pb_row column_structure=\u00a0\u00bb1_2,1_2&Prime; module_class=\u00a0\u00bb et_pb_row_fullwidth\u00a0\u00bb _builder_version=\u00a0\u00bb3.25&Prime; width=\u00a0\u00bb94%\u00a0\u00bb width_tablet=\u00a0\u00bb80%\u00a0\u00bb width_phone=\u00a0\u00bb\u00a0\u00bb width_last_edited=\u00a0\u00bbon|desktop\u00a0\u00bb max_width=\u00a0\u00bb94%\u00a0\u00bb max_width_tablet=\u00a0\u00bb80%\u00a0\u00bb max_width_phone=\u00a0\u00bb\u00a0\u00bb max_width_last_edited=\u00a0\u00bbon|desktop\u00a0\u00bb module_alignment=\u00a0\u00bbcenter\u00a0\u00bb custom_padding=\u00a0\u00bb0|0px|75px|0px|false|false\u00a0\u00bb make_fullwidth=\u00a0\u00bbon\u00a0\u00bb custom_width_px=\u00a0\u00bb2600px\u00a0\u00bb][et_pb_column type=\u00a0\u00bb1_2&Prime; _builder_version=\u00a0\u00bb3.25&Prime; custom_padding=\u00a0\u00bb|||\u00a0\u00bb custom_padding__hover=\u00a0\u00bb|||\u00a0\u00bb][et_pb_image [&hellip;]<\/p>\n","protected":false},"author":2,"featured_media":54541,"comment_status":"closed","ping_status":"closed","template":"","meta":{"_et_pb_use_builder":"on","_et_pb_old_content":"","_et_gb_content_width":"","footnotes":""},"project_category":[68,71,88,70],"project_tag":[],"class_list":["post-54773","project","type-project","status-publish","has-post-thumbnail","hentry","project_category-adaptation-et-planification-de-la-resilience","project_category-outils-et-ressources","project_category-presente-sur-la-page-daccueil","project_category-renforcement-des-capacites"],"_links":{"self":[{"href":"https:\/\/icleicanada.org\/fr\/wp-json\/wp\/v2\/project\/54773","targetHints":{"allow":["GET"]}}],"collection":[{"href":"https:\/\/icleicanada.org\/fr\/wp-json\/wp\/v2\/project"}],"about":[{"href":"https:\/\/icleicanada.org\/fr\/wp-json\/wp\/v2\/types\/project"}],"author":[{"embeddable":true,"href":"https:\/\/icleicanada.org\/fr\/wp-json\/wp\/v2\/users\/2"}],"replies":[{"embeddable":true,"href":"https:\/\/icleicanada.org\/fr\/wp-json\/wp\/v2\/comments?post=54773"}],"version-history":[{"count":9,"href":"https:\/\/icleicanada.org\/fr\/wp-json\/wp\/v2\/project\/54773\/revisions"}],"predecessor-version":[{"id":55500,"href":"https:\/\/icleicanada.org\/fr\/wp-json\/wp\/v2\/project\/54773\/revisions\/55500"}],"wp:featuredmedia":[{"embeddable":true,"href":"https:\/\/icleicanada.org\/fr\/wp-json\/wp\/v2\/media\/54541"}],"wp:attachment":[{"href":"https:\/\/icleicanada.org\/fr\/wp-json\/wp\/v2\/media?parent=54773"}],"wp:term":[{"taxonomy":"project_category","embeddable":true,"href":"https:\/\/icleicanada.org\/fr\/wp-json\/wp\/v2\/project_category?post=54773"},{"taxonomy":"project_tag","embeddable":true,"href":"https:\/\/icleicanada.org\/fr\/wp-json\/wp\/v2\/project_tag?post=54773"}],"curies":[{"name":"wp","href":"https:\/\/api.w.org\/{rel}","templated":true}]}}