{"id":55481,"date":"2021-05-31T15:26:36","date_gmt":"2021-05-31T19:26:36","guid":{"rendered":"https:\/\/icleicanada.org\/?post_type=project&#038;p=55481\/"},"modified":"2021-05-31T15:28:38","modified_gmt":"2021-05-31T19:28:38","slug":"en-route-vers-lobjectif-1-du-canada-etudes-de-cas-sur-les-gouvernements-locaux","status":"publish","type":"project","link":"https:\/\/icleicanada.org\/fr\/project\/en-route-vers-lobjectif-1-du-canada-etudes-de-cas-sur-les-gouvernements-locaux\/","title":{"rendered":"En route vers l&rsquo;objectif 1 du Canada : \u00e9tudes de cas sur les gouvernements locaux"},"content":{"rendered":"<p>[et_pb_section fb_built=\u00a0\u00bb1&Prime; fullwidth=\u00a0\u00bbon\u00a0\u00bb _builder_version=\u00a0\u00bb4.4.0&Prime;][et_pb_fullwidth_header title=\u00a0\u00bbEn route vers l\u2019objectif 1 du Canada : \u00e9tudes de cas sur les gouvernements locaux\u00a0\u00bb text_orientation=\u00a0\u00bbcenter\u00a0\u00bb background_overlay_color=\u00a0\u00bbrgba(56,66,55,0.41)\u00a0\u00bb _builder_version=\u00a0\u00bb4.4.0&Prime; title_font=\u00a0\u00bbMontserrat|300||on|||||\u00a0\u00bb title_font_size=\u00a0\u00bb59px\u00a0\u00bb title_letter_spacing=\u00a0\u00bb6px\u00a0\u00bb title_line_height=\u00a0\u00bb1.1em\u00a0\u00bb content_font=\u00a0\u00bb||||||||\u00a0\u00bb content_font_size=\u00a0\u00bb23px\u00a0\u00bb content_line_height=\u00a0\u00bb2.2em\u00a0\u00bb subhead_font=\u00a0\u00bb|||on|||||\u00a0\u00bb subhead_font_size=\u00a0\u00bb33px\u00a0\u00bb subhead_letter_spacing=\u00a0\u00bb1px\u00a0\u00bb subhead_line_height=\u00a0\u00bb1.1em\u00a0\u00bb background_image=\u00a0\u00bbhttps:\/\/icleicanada.org\/wp-content\/uploads\/2020\/11\/CapRouge_panorama_MrBanjo1138_2014-Flickr.jpg\u00a0\u00bb][\/et_pb_fullwidth_header][\/et_pb_section][et_pb_section fb_built=\u00a0\u00bb1&Prime; _builder_version=\u00a0\u00bb3.22&Prime; custom_padding=\u00a0\u00bb3px|0px|36px|0px|false|false\u00a0\u00bb][et_pb_row column_structure=\u00a0\u00bb3_5,2_5&Prime; _builder_version=\u00a0\u00bb3.25&Prime; max_width=\u00a0\u00bb2600px\u00a0\u00bb module_alignment=\u00a0\u00bbcenter\u00a0\u00bb custom_padding=\u00a0\u00bb0|0px|0|0px|false|false\u00a0\u00bb use_custom_width=\u00a0\u00bbon\u00a0\u00bb custom_width_px=\u00a0\u00bb2600px\u00a0\u00bb][et_pb_column type=\u00a0\u00bb3_5&Prime; _builder_version=\u00a0\u00bb3.25&Prime; custom_padding=\u00a0\u00bb|||\u00a0\u00bb custom_padding__hover=\u00a0\u00bb|||\u00a0\u00bb][et_pb_image align=\u00a0\u00bbcenter\u00a0\u00bb align_tablet=\u00a0\u00bbcenter\u00a0\u00bb align_phone=\u00a0\u00bb\u00a0\u00bb align_last_edited=\u00a0\u00bbon|desktop\u00a0\u00bb _builder_version=\u00a0\u00bb3.23&Prime; max_width=\u00a0\u00bb85%\u00a0\u00bb module_alignment=\u00a0\u00bbcenter\u00a0\u00bb custom_margin=\u00a0\u00bb||\u00a0\u00bb custom_padding=\u00a0\u00bb109px||\u00a0\u00bb][\/et_pb_image][et_pb_image src=\u00a0\u00bbhttps:\/\/icleicanada.org\/wp-content\/uploads\/2020\/12\/Hills-Saskatchewan_Brandon-Giesbrecht-2012-from-Flickr.jpg\u00a0\u00bb align=\u00a0\u00bbcenter\u00a0\u00bb align_tablet=\u00a0\u00bbcenter\u00a0\u00bb align_phone=\u00a0\u00bb\u00a0\u00bb align_last_edited=\u00a0\u00bbon|desktop\u00a0\u00bb _builder_version=\u00a0\u00bb4.4.0&Prime; width=\u00a0\u00bb82%\u00a0\u00bb max_width=\u00a0\u00bb85%\u00a0\u00bb][\/et_pb_image][\/et_pb_column][et_pb_column type=\u00a0\u00bb2_5&Prime; _builder_version=\u00a0\u00bb3.25&Prime; custom_padding=\u00a0\u00bb|||\u00a0\u00bb custom_padding__hover=\u00a0\u00bb|||\u00a0\u00bb][et_pb_divider color=\u00a0\u00bbrgba(0,73,50,0.92)\u00a0\u00bb _builder_version=\u00a0\u00bb3.20.2&Prime; max_width=\u00a0\u00bb14%\u00a0\u00bb module_alignment=\u00a0\u00bbleft\u00a0\u00bb height=\u00a0\u00bb0px\u00a0\u00bb custom_margin=\u00a0\u00bb115px||\u00a0\u00bb][\/et_pb_divider][et_pb_text _builder_version=\u00a0\u00bb4.4.0&Prime; _dynamic_attributes=\u00a0\u00bblink_option_url\u00a0\u00bb text_font=\u00a0\u00bb|300|||||||\u00a0\u00bb text_font_size=\u00a0\u00bb16px\u00a0\u00bb header_font=\u00a0\u00bbMontserrat|300|||||||\u00a0\u00bb header_text_color=\u00a0\u00bbrgba(0,73,50,0.92)\u00a0\u00bb header_font_size=\u00a0\u00bb36px\u00a0\u00bb header_line_height=\u00a0\u00bb1.1em\u00a0\u00bb max_width=\u00a0\u00bb100%\u00a0\u00bb link_option_url=\u00a0\u00bb@ET-DC@eyJkeW5hbWljIjp0cnVlLCJjb250ZW50IjoicG9zdF9saW5rX3VybCIsInNldHRpbmdzIjp7fX0=@\u00a0\u00bb link_option_url_new_window=\u00a0\u00bbon\u00a0\u00bb]<\/p>\n<h1>En route vers l\u2019objectif 1 du Canada : \u00e9tudes de cas sur les gouvernements locaux<\/h1>\n<p>&nbsp;<\/p>\n<p>ICLEI Canada a travaill\u00e9 avec Environnement et Changement climatique Canada sur l\u2019initiative \u00ab\u2009En route vers l\u2019objectif\u00a01 du Canada\u2009\u00bb en vue d\u2019\u00e9laborer une ressource visant \u00e0 pr\u00e9senter plusieurs emplacements de gouvernements locaux \u00e0 l\u2019\u00e9chelle du pays qui contribuent \u00e0 l\u2019objectif\u00a01 du Canada. La ressource souligne la valeur de ces emplacements et la raison pour laquelle ils constituent d\u2019importants exemples pour d\u2019autres gouvernements locaux. Il s\u2019agit d\u2019un document de travail qui pr\u00e9sente des \u00e9l\u00e9ments techniques, puis les situe \u00e0 l\u2019aide d\u2019\u00e9tudes de cas.<\/p>\n<p>REMARQUE\u00a0: la publication est en cours de conception. Lorsque la version finale sera pr\u00eate, nous actualiserons notre site Web pour ajouter le lien vers la publication.\u00a0<\/p>\n<p>\u00a0Si vous avez des questions concernant ce projet, n\u2019h\u00e9sitez pas \u00e0 communiquer avec Megan Meaney, directrice g\u00e9n\u00e9rale, ICLEI Canada\u00a0: megan.meaney@iclei.org.<\/p>\n<p>&nbsp;<\/p>\n<p>[\/et_pb_text][et_pb_button button_url=\u00a0\u00bbhttps:\/\/www.conservation2020canada.ca\/home\u00a0\u00bb url_new_window=\u00a0\u00bbon\u00a0\u00bb button_text=\u00a0\u00bbEn route vers l&rsquo;objectif 1 du Canada\u00a0\u00bb _builder_version=\u00a0\u00bb4.4.0&Prime; custom_button=\u00a0\u00bbon\u00a0\u00bb button_text_size=\u00a0\u00bb23px\u00a0\u00bb button_text_color=\u00a0\u00bb#004934&Prime; button_letter_spacing=\u00a0\u00bb1px\u00a0\u00bb button_font=\u00a0\u00bb||||||||\u00a0\u00bb][\/et_pb_button][et_pb_text _builder_version=\u00a0\u00bb3.27.4&Prime; text_font=\u00a0\u00bb|300|||||||\u00a0\u00bb text_font_size=\u00a0\u00bb16px\u00a0\u00bb header_font=\u00a0\u00bbMontserrat|300|||||||\u00a0\u00bb header_text_color=\u00a0\u00bbrgba(0,73,50,0.92)\u00a0\u00bb header_font_size=\u00a0\u00bb36px\u00a0\u00bb header_line_height=\u00a0\u00bb1.1em\u00a0\u00bb max_width=\u00a0\u00bb90%\u00a0\u00bb][\/et_pb_text][\/et_pb_column][\/et_pb_row][et_pb_row column_structure=\u00a0\u00bb1_3,1_3,1_3&Prime; make_equal=\u00a0\u00bbon\u00a0\u00bb _builder_version=\u00a0\u00bb3.25&Prime; module_alignment=\u00a0\u00bbcenter\u00a0\u00bb custom_padding=\u00a0\u00bb37px|0px||0px|false|false\u00a0\u00bb custom_width_px=\u00a0\u00bb1874px\u00a0\u00bb][et_pb_column type=\u00a0\u00bb1_3&Prime; _builder_version=\u00a0\u00bb3.25&Prime; custom_padding=\u00a0\u00bb|||\u00a0\u00bb custom_padding__hover=\u00a0\u00bb|||\u00a0\u00bb][et_pb_blurb title=\u00a0\u00bbRessource de biodiversit\u00e9\u00a0\u00bb url=\u00a0\u00bbhttps:\/\/icleicanada.org\/resources\/\u00a0\u00bb url_new_window=\u00a0\u00bbon\u00a0\u00bb image=\u00a0\u00bbhttps:\/\/icleicanada.org\/wp-content\/uploads\/2019\/07\/gardengreen.png\u00a0\u00bb image_max_width=\u00a0\u00bb30%\u00a0\u00bb _builder_version=\u00a0\u00bb4.4.0&Prime; header_level=\u00a0\u00bbh1&Prime; header_font=\u00a0\u00bb||||||||\u00a0\u00bb header_font_size=\u00a0\u00bb22px\u00a0\u00bb header_line_height=\u00a0\u00bb1.4em\u00a0\u00bb body_font=\u00a0\u00bb||||||||\u00a0\u00bb text_orientation=\u00a0\u00bbcenter\u00a0\u00bb custom_margin=\u00a0\u00bb-5px||0px|0px\u00a0\u00bb custom_padding=\u00a0\u00bb0px||0px\u00a0\u00bb][\/et_pb_blurb][\/et_pb_column][et_pb_column type=\u00a0\u00bb1_3&Prime; _builder_version=\u00a0\u00bb3.25&Prime; custom_padding=\u00a0\u00bb|||\u00a0\u00bb custom_padding__hover=\u00a0\u00bb|||\u00a0\u00bb][et_pb_blurb title=\u00a0\u00bbConsultation\u00a0\u00bb url=\u00a0\u00bbhttps:\/\/icleicanada.org\/capacity-building\/\u00a0\u00bb url_new_window=\u00a0\u00bbon\u00a0\u00bb use_icon=\u00a0\u00bbon\u00a0\u00bb font_icon=\u00a0\u00bb%%74%%\u00a0\u00bb icon_color=\u00a0\u00bbrgba(0,73,50,0.92)\u00a0\u00bb use_icon_font_size=\u00a0\u00bbon\u00a0\u00bb icon_font_size=\u00a0\u00bb100px\u00a0\u00bb _builder_version=\u00a0\u00bb4.4.0&Prime; header_level=\u00a0\u00bbh1&Prime; header_font=\u00a0\u00bb||||||||\u00a0\u00bb header_font_size=\u00a0\u00bb22px\u00a0\u00bb header_line_height=\u00a0\u00bb1.4em\u00a0\u00bb body_font=\u00a0\u00bb||||||||\u00a0\u00bb text_orientation=\u00a0\u00bbcenter\u00a0\u00bb][\/et_pb_blurb][\/et_pb_column][et_pb_column type=\u00a0\u00bb1_3&Prime; _builder_version=\u00a0\u00bb3.25&Prime; custom_padding=\u00a0\u00bb|||\u00a0\u00bb custom_padding__hover=\u00a0\u00bb|||\u00a0\u00bb][et_pb_blurb title=\u00a0\u00bbOutils et ressources\u00a0\u00bb url=\u00a0\u00bbhttps:\/\/icleicanada.org\/tools-and-resources\/\u00a0\u00bb url_new_window=\u00a0\u00bbon\u00a0\u00bb use_icon=\u00a0\u00bbon\u00a0\u00bb font_icon=\u00a0\u00bb%%230%%\u00a0\u00bb icon_color=\u00a0\u00bbrgba(0,73,50,0.92)\u00a0\u00bb use_icon_font_size=\u00a0\u00bbon\u00a0\u00bb icon_font_size=\u00a0\u00bb100px\u00a0\u00bb _builder_version=\u00a0\u00bb3.20.2&Prime; header_level=\u00a0\u00bbh1&Prime; header_font=\u00a0\u00bb||||||||\u00a0\u00bb header_font_size=\u00a0\u00bb22px\u00a0\u00bb header_line_height=\u00a0\u00bb1.4em\u00a0\u00bb body_font=\u00a0\u00bb||||||||\u00a0\u00bb text_orientation=\u00a0\u00bbcenter\u00a0\u00bb][\/et_pb_blurb][\/et_pb_column][\/et_pb_row][et_pb_row module_class=\u00a0\u00bb et_pb_row_fullwidth\u00a0\u00bb _builder_version=\u00a0\u00bb3.25&Prime; width=\u00a0\u00bb94%\u00a0\u00bb width_tablet=\u00a0\u00bb80%\u00a0\u00bb width_phone=\u00a0\u00bb\u00a0\u00bb width_last_edited=\u00a0\u00bbon|desktop\u00a0\u00bb max_width=\u00a0\u00bb94%\u00a0\u00bb max_width_tablet=\u00a0\u00bb80%\u00a0\u00bb max_width_phone=\u00a0\u00bb\u00a0\u00bb max_width_last_edited=\u00a0\u00bbon|desktop\u00a0\u00bb custom_padding=\u00a0\u00bb0|0px|27px|0px|false|false\u00a0\u00bb make_fullwidth=\u00a0\u00bbon\u00a0\u00bb][et_pb_column type=\u00a0\u00bb4_4&Prime; _builder_version=\u00a0\u00bb3.25&Prime; custom_padding=\u00a0\u00bb|||\u00a0\u00bb custom_padding__hover=\u00a0\u00bb|||\u00a0\u00bb][et_pb_text _builder_version=\u00a0\u00bb4.4.0&Prime; text_font=\u00a0\u00bb||||||||\u00a0\u00bb text_font_size=\u00a0\u00bb8px\u00a0\u00bb]<\/p>\n<p>Photo de couverture: Cap-Rouge Mr.Banjo1138; prairies : Brandon Giesbrech. Les deux images viennent de Flickr.<\/p>\n<p>[\/et_pb_text][\/et_pb_column][\/et_pb_row][\/et_pb_section]<\/p>\n","protected":false},"excerpt":{"rendered":"<p>[et_pb_section fb_built=\u00a0\u00bb1&Prime; fullwidth=\u00a0\u00bbon\u00a0\u00bb _builder_version=\u00a0\u00bb4.4.0&Prime;][et_pb_fullwidth_header title=\u00a0\u00bbEn route vers l\u2019objectif 1 du Canada : \u00e9tudes de cas sur les gouvernements locaux\u00a0\u00bb text_orientation=\u00a0\u00bbcenter\u00a0\u00bb background_overlay_color=\u00a0\u00bbrgba(56,66,55,0.41)\u00a0\u00bb _builder_version=\u00a0\u00bb4.4.0&Prime; title_font=\u00a0\u00bbMontserrat|300||on|||||\u00a0\u00bb title_font_size=\u00a0\u00bb59px\u00a0\u00bb title_letter_spacing=\u00a0\u00bb6px\u00a0\u00bb title_line_height=\u00a0\u00bb1.1em\u00a0\u00bb content_font=\u00a0\u00bb||||||||\u00a0\u00bb content_font_size=\u00a0\u00bb23px\u00a0\u00bb content_line_height=\u00a0\u00bb2.2em\u00a0\u00bb subhead_font=\u00a0\u00bb|||on|||||\u00a0\u00bb subhead_font_size=\u00a0\u00bb33px\u00a0\u00bb subhead_letter_spacing=\u00a0\u00bb1px\u00a0\u00bb subhead_line_height=\u00a0\u00bb1.1em\u00a0\u00bb background_image=\u00a0\u00bbhttps:\/\/icleicanada.org\/wp-content\/uploads\/2020\/11\/CapRouge_panorama_MrBanjo1138_2014-Flickr.jpg\u00a0\u00bb][\/et_pb_fullwidth_header][\/et_pb_section][et_pb_section fb_built=\u00a0\u00bb1&Prime; _builder_version=\u00a0\u00bb3.22&Prime; custom_padding=\u00a0\u00bb3px|0px|36px|0px|false|false\u00a0\u00bb][et_pb_row column_structure=\u00a0\u00bb3_5,2_5&Prime; _builder_version=\u00a0\u00bb3.25&Prime; max_width=\u00a0\u00bb2600px\u00a0\u00bb module_alignment=\u00a0\u00bbcenter\u00a0\u00bb custom_padding=\u00a0\u00bb0|0px|0|0px|false|false\u00a0\u00bb use_custom_width=\u00a0\u00bbon\u00a0\u00bb custom_width_px=\u00a0\u00bb2600px\u00a0\u00bb][et_pb_column type=\u00a0\u00bb3_5&Prime; _builder_version=\u00a0\u00bb3.25&Prime; custom_padding=\u00a0\u00bb|||\u00a0\u00bb custom_padding__hover=\u00a0\u00bb|||\u00a0\u00bb][et_pb_image align=\u00a0\u00bbcenter\u00a0\u00bb align_tablet=\u00a0\u00bbcenter\u00a0\u00bb align_phone=\u00a0\u00bb\u00a0\u00bb align_last_edited=\u00a0\u00bbon|desktop\u00a0\u00bb _builder_version=\u00a0\u00bb3.23&Prime; max_width=\u00a0\u00bb85%\u00a0\u00bb module_alignment=\u00a0\u00bbcenter\u00a0\u00bb [&hellip;]<\/p>\n","protected":false},"author":14,"featured_media":54658,"comment_status":"open","ping_status":"closed","template":"","meta":{"_et_pb_use_builder":"on","_et_pb_old_content":"<p>[et_pb_section fb_built=\"1\" fullwidth=\"on\" _builder_version=\"4.4.0\"][et_pb_fullwidth_header title=\"Pathway to Canada Target 1: Local government Case studies\" text_orientation=\"center\" background_overlay_color=\"rgba(56,66,55,0.41)\" _builder_version=\"4.4.0\" title_font=\"Montserrat|300||on|||||\" title_font_size=\"59px\" title_letter_spacing=\"6px\" title_line_height=\"1.1em\" content_font=\"||||||||\" content_font_size=\"23px\" content_line_height=\"2.2em\" subhead_font=\"|||on|||||\" subhead_font_size=\"33px\" subhead_letter_spacing=\"1px\" subhead_line_height=\"1.1em\" background_image=\"https:\/\/icleicanada.org\/wp-content\/uploads\/2020\/11\/CapRouge_panorama_MrBanjo1138_2014-Flickr.jpg\"][\/et_pb_fullwidth_header][\/et_pb_section][et_pb_section fb_built=\"1\" _builder_version=\"3.22\" custom_padding=\"3px|0px|36px|0px|false|false\"][et_pb_row column_structure=\"3_5,2_5\" _builder_version=\"3.25\" max_width=\"2600px\" module_alignment=\"center\" custom_padding=\"0|0px|0|0px|false|false\" use_custom_width=\"on\" custom_width_px=\"2600px\"][et_pb_column type=\"3_5\" _builder_version=\"3.25\" custom_padding=\"|||\" custom_padding__hover=\"|||\"][et_pb_image align=\"center\" align_tablet=\"center\" align_phone=\"\" align_last_edited=\"on|desktop\" _builder_version=\"3.23\" max_width=\"85%\" module_alignment=\"center\" custom_margin=\"||\" custom_padding=\"109px||\"][\/et_pb_image][et_pb_image src=\"https:\/\/icleicanada.org\/wp-content\/uploads\/2020\/12\/Hills-Saskatchewan_Brandon-Giesbrecht-2012-from-Flickr.jpg\" align=\"center\" align_tablet=\"center\" align_phone=\"\" align_last_edited=\"on|desktop\" _builder_version=\"4.4.0\" width=\"82%\" max_width=\"85%\"][\/et_pb_image][\/et_pb_column][et_pb_column type=\"2_5\" _builder_version=\"3.25\" custom_padding=\"|||\" custom_padding__hover=\"|||\"][et_pb_divider color=\"rgba(0,73,50,0.92)\" _builder_version=\"3.20.2\" max_width=\"14%\" module_alignment=\"left\" height=\"0px\" custom_margin=\"115px||\"][\/et_pb_divider][et_pb_text _builder_version=\"4.4.0\" text_font=\"|300|||||||\" text_font_size=\"16px\" header_font=\"Montserrat|300|||||||\" header_text_color=\"rgba(0,73,50,0.92)\" header_font_size=\"36px\" header_line_height=\"1.1em\" max_width=\"100%\" link_option_url_new_window=\"on\" hover_enabled=\"0\" link_option_url=\"@ET-DC@eyJkeW5hbWljIjp0cnVlLCJjb250ZW50IjoicG9zdF9saW5rX3VybCIsInNldHRpbmdzIjp7fX0=@\" _dynamic_attributes=\"link_option_url\"]<\/p><h1>Pathway to Canada Target 1: Local Government Case Studies<\/h1><p>ICLEI Canada worked with Environment and Climate Change Canada, on behalf of Pathway to Canada Target 1, to develop a resource showcasing several local government sites across Canada that contribute to Canada Target 1. The resource highlights what makes these sites count, and why they are important examples for other local governments. This is a communication document that draws in technical elements and situates them using case studies.<\/p><p>NOTE: The publication is going through a design phase, and once the final version is ready, we will update our website to include the link to the publication.\u00a0<\/p><p>For any questions regarding this project please contact Megan Meaney, Executive Director, ICLEI Canada: megan.meaney@iclei.org<\/p><p>[\/et_pb_text][et_pb_button button_url=\"https:\/\/www.conservation2020canada.ca\/home\" url_new_window=\"on\" button_text=\"Pathway to Canada Target 1\" _builder_version=\"4.4.0\" custom_button=\"on\" button_text_size=\"23px\" button_text_color=\"#004934\" button_letter_spacing=\"1px\" button_font=\"||||||||\"][\/et_pb_button][et_pb_text _builder_version=\"3.27.4\" text_font=\"|300|||||||\" text_font_size=\"16px\" header_font=\"Montserrat|300|||||||\" header_text_color=\"rgba(0,73,50,0.92)\" header_font_size=\"36px\" header_line_height=\"1.1em\" max_width=\"90%\"][\/et_pb_text][\/et_pb_column][\/et_pb_row][et_pb_row column_structure=\"1_3,1_3,1_3\" make_equal=\"on\" _builder_version=\"3.25\" module_alignment=\"center\" custom_padding=\"37px|0px||0px|false|false\" custom_width_px=\"1874px\"][et_pb_column type=\"1_3\" _builder_version=\"3.25\" custom_padding=\"|||\" custom_padding__hover=\"|||\"][et_pb_blurb title=\"Biodiversity resource\" url=\"https:\/\/icleicanada.org\/resources\/\" url_new_window=\"on\" image=\"https:\/\/icleicanada.org\/wp-content\/uploads\/2019\/07\/gardengreen.png\" image_max_width=\"30%\" _builder_version=\"4.4.0\" header_level=\"h1\" header_font=\"||||||||\" header_font_size=\"22px\" header_line_height=\"1.4em\" body_font=\"||||||||\" text_orientation=\"center\" custom_margin=\"-5px||0px|0px\" custom_padding=\"0px||0px\"][\/et_pb_blurb][\/et_pb_column][et_pb_column type=\"1_3\" _builder_version=\"3.25\" custom_padding=\"|||\" custom_padding__hover=\"|||\"][et_pb_blurb title=\"Consulting\" url=\"https:\/\/icleicanada.org\/capacity-building\/\" url_new_window=\"on\" use_icon=\"on\" font_icon=\"%%74%%\" icon_color=\"rgba(0,73,50,0.92)\" use_icon_font_size=\"on\" icon_font_size=\"100px\" _builder_version=\"4.4.0\" header_level=\"h1\" header_font=\"||||||||\" header_font_size=\"22px\" header_line_height=\"1.4em\" body_font=\"||||||||\" text_orientation=\"center\"][\/et_pb_blurb][\/et_pb_column][et_pb_column type=\"1_3\" _builder_version=\"3.25\" custom_padding=\"|||\" custom_padding__hover=\"|||\"][et_pb_blurb title=\"Tools and resources\" url=\"https:\/\/icleicanada.org\/tools-and-resources\/\" url_new_window=\"on\" use_icon=\"on\" font_icon=\"%%230%%\" icon_color=\"rgba(0,73,50,0.92)\" use_icon_font_size=\"on\" icon_font_size=\"100px\" _builder_version=\"3.20.2\" header_level=\"h1\" header_font=\"||||||||\" header_font_size=\"22px\" header_line_height=\"1.4em\" body_font=\"||||||||\" text_orientation=\"center\"][\/et_pb_blurb][\/et_pb_column][\/et_pb_row][et_pb_row module_class=\" et_pb_row_fullwidth\" _builder_version=\"3.25\" width=\"94%\" width_tablet=\"80%\" width_phone=\"\" width_last_edited=\"on|desktop\" max_width=\"94%\" max_width_tablet=\"80%\" max_width_phone=\"\" max_width_last_edited=\"on|desktop\" custom_padding=\"0|0px|27px|0px|false|false\" make_fullwidth=\"on\"][et_pb_column type=\"4_4\" _builder_version=\"3.25\" custom_padding=\"|||\" custom_padding__hover=\"|||\"][et_pb_text _builder_version=\"4.4.0\" text_font=\"||||||||\" text_font_size=\"8px\"]Cover Photo: CapRouge Mr.Banjo1138; Grasslands Photo: Brandon Giesbrech. Both images from Flickr.<br \/>[\/et_pb_text][\/et_pb_column][\/et_pb_row][\/et_pb_section]<\/p>","_et_gb_content_width":"","footnotes":""},"project_category":[74,71,88,80,77],"project_tag":[],"class_list":["post-55481","project","type-project","status-publish","has-post-thumbnail","hentry","project_category-consultation","project_category-outils-et-ressources","project_category-presente-sur-la-page-daccueil","project_category-ressources","project_category-ressources-de-la-biodiversite"],"_links":{"self":[{"href":"https:\/\/icleicanada.org\/fr\/wp-json\/wp\/v2\/project\/55481","targetHints":{"allow":["GET"]}}],"collection":[{"href":"https:\/\/icleicanada.org\/fr\/wp-json\/wp\/v2\/project"}],"about":[{"href":"https:\/\/icleicanada.org\/fr\/wp-json\/wp\/v2\/types\/project"}],"author":[{"embeddable":true,"href":"https:\/\/icleicanada.org\/fr\/wp-json\/wp\/v2\/users\/14"}],"replies":[{"embeddable":true,"href":"https:\/\/icleicanada.org\/fr\/wp-json\/wp\/v2\/comments?post=55481"}],"version-history":[{"count":4,"href":"https:\/\/icleicanada.org\/fr\/wp-json\/wp\/v2\/project\/55481\/revisions"}],"predecessor-version":[{"id":55486,"href":"https:\/\/icleicanada.org\/fr\/wp-json\/wp\/v2\/project\/55481\/revisions\/55486"}],"wp:featuredmedia":[{"embeddable":true,"href":"https:\/\/icleicanada.org\/fr\/wp-json\/wp\/v2\/media\/54658"}],"wp:attachment":[{"href":"https:\/\/icleicanada.org\/fr\/wp-json\/wp\/v2\/media?parent=55481"}],"wp:term":[{"taxonomy":"project_category","embeddable":true,"href":"https:\/\/icleicanada.org\/fr\/wp-json\/wp\/v2\/project_category?post=55481"},{"taxonomy":"project_tag","embeddable":true,"href":"https:\/\/icleicanada.org\/fr\/wp-json\/wp\/v2\/project_tag?post=55481"}],"curies":[{"name":"wp","href":"https:\/\/api.w.org\/{rel}","templated":true}]}}