{"id":55608,"date":"2021-06-30T16:04:01","date_gmt":"2021-06-30T20:04:01","guid":{"rendered":"https:\/\/icleicanada.org\/?post_type=project&#038;p=55608\/"},"modified":"2021-06-30T16:05:34","modified_gmt":"2021-06-30T20:05:34","slug":"55588","status":"publish","type":"project","link":"https:\/\/icleicanada.org\/fr\/project\/55588\/","title":{"rendered":"Plan d&rsquo;adaptation aux changements climatiques des MRC de Mirabel and Th\u00e9r\u00e8se-De Blainville"},"content":{"rendered":"<p>[et_pb_section fb_built=\u00a0\u00bb1&Prime; fullwidth=\u00a0\u00bbon\u00a0\u00bb _builder_version=\u00a0\u00bb4.4.0&Prime;][et_pb_fullwidth_header title=\u00a0\u00bbplan d&rsquo;adaptation aux changements climatiques \u00a0\u00bb subhead=\u00a0\u00bbMRC de Mirabel et mrc th\u00e9r\u00e8se-de blainville\u00a0\u00bb text_orientation=\u00a0\u00bbcenter\u00a0\u00bb background_overlay_color=\u00a0\u00bbrgba(0,58,10,0.21)\u00a0\u00bb _builder_version=\u00a0\u00bb4.4.0&Prime; title_font=\u00a0\u00bbMontserrat|300||on|||||\u00a0\u00bb title_font_size=\u00a0\u00bb69px\u00a0\u00bb title_letter_spacing=\u00a0\u00bb5px\u00a0\u00bb content_font=\u00a0\u00bb||||||||\u00a0\u00bb content_font_size=\u00a0\u00bb23px\u00a0\u00bb content_line_height=\u00a0\u00bb2.2em\u00a0\u00bb subhead_font=\u00a0\u00bb|||on|||||\u00a0\u00bb subhead_font_size=\u00a0\u00bb33px\u00a0\u00bb subhead_letter_spacing=\u00a0\u00bb1px\u00a0\u00bb subhead_line_height=\u00a0\u00bb1.1em\u00a0\u00bb background_color=\u00a0\u00bbrgba(51,0,41,0.35)\u00a0\u00bb use_background_color_gradient=\u00a0\u00bbon\u00a0\u00bb background_image=\u00a0\u00bbhttps:\/\/icleicanada.org\/wp-content\/uploads\/2021\/06\/pexels-skitterphoto-2678.jpg\u00a0\u00bb][\/et_pb_fullwidth_header][\/et_pb_section][et_pb_section fb_built=\u00a0\u00bb1&Prime; _builder_version=\u00a0\u00bb3.22&Prime; custom_padding=\u00a0\u00bb3px|0px|36px|0px|false|false\u00a0\u00bb][et_pb_row column_structure=\u00a0\u00bb1_2,1_2&Prime; module_class=\u00a0\u00bb et_pb_row_fullwidth\u00a0\u00bb _builder_version=\u00a0\u00bb3.25&Prime; width=\u00a0\u00bb94%\u00a0\u00bb width_tablet=\u00a0\u00bb80%\u00a0\u00bb width_phone=\u00a0\u00bb\u00a0\u00bb width_last_edited=\u00a0\u00bbon|desktop\u00a0\u00bb max_width=\u00a0\u00bb94%\u00a0\u00bb max_width_tablet=\u00a0\u00bb80%\u00a0\u00bb max_width_phone=\u00a0\u00bb\u00a0\u00bb max_width_last_edited=\u00a0\u00bbon|desktop\u00a0\u00bb module_alignment=\u00a0\u00bbcenter\u00a0\u00bb custom_padding=\u00a0\u00bb0|0px|48px|0px|false|false\u00a0\u00bb make_fullwidth=\u00a0\u00bbon\u00a0\u00bb custom_width_px=\u00a0\u00bb2600px\u00a0\u00bb][et_pb_column type=\u00a0\u00bb1_2&Prime; _builder_version=\u00a0\u00bb3.25&Prime; custom_padding=\u00a0\u00bb|||\u00a0\u00bb custom_padding__hover=\u00a0\u00bb|||\u00a0\u00bb][et_pb_image src=\u00a0\u00bbhttps:\/\/icleicanada.org\/wp-content\/uploads\/2021\/06\/ste-anne-des-plaines-scaled.jpg\u00a0\u00bb align=\u00a0\u00bbcenter\u00a0\u00bb align_tablet=\u00a0\u00bbcenter\u00a0\u00bb align_phone=\u00a0\u00bb\u00a0\u00bb align_last_edited=\u00a0\u00bbon|desktop\u00a0\u00bb _builder_version=\u00a0\u00bb4.4.0&Prime; custom_margin=\u00a0\u00bb||\u00a0\u00bb custom_padding=\u00a0\u00bb109px||\u00a0\u00bb][\/et_pb_image][\/et_pb_column][et_pb_column type=\u00a0\u00bb1_2&Prime; _builder_version=\u00a0\u00bb3.25&Prime; custom_padding=\u00a0\u00bb|||\u00a0\u00bb custom_padding__hover=\u00a0\u00bb|||\u00a0\u00bb][et_pb_divider color=\u00a0\u00bbrgba(0,73,50,0.92)\u00a0\u00bb _builder_version=\u00a0\u00bb3.20.2&Prime; max_width=\u00a0\u00bb14%\u00a0\u00bb module_alignment=\u00a0\u00bbleft\u00a0\u00bb custom_margin=\u00a0\u00bb115px||\u00a0\u00bb][\/et_pb_divider][et_pb_text _builder_version=\u00a0\u00bb3.27.4&Prime; text_font=\u00a0\u00bb|300|||||||\u00a0\u00bb text_font_size=\u00a0\u00bb16px\u00a0\u00bb header_font=\u00a0\u00bbMontserrat|300|||||||\u00a0\u00bb header_text_color=\u00a0\u00bbrgba(0,73,50,0.92)\u00a0\u00bb header_font_size=\u00a0\u00bb36px\u00a0\u00bb header_line_height=\u00a0\u00bb1.1em\u00a0\u00bb max_width=\u00a0\u00bb90%\u00a0\u00bb]<\/p>\n<h1>Plan d\u2019adaptation aux changements climatiques des MRC Mirabel et Th\u00e9r\u00e8se-De Blainville<span><\/span><\/h1>\n<p>&nbsp;<\/p>\n<p>ICLEI Canada \u2013 Bureau du Qu\u00e9bec a entam\u00e9 en 2021 avec les MRC de Mirabel et Th\u00e9r\u00e8se-De Blainville une d\u00e9marche de planification d\u2019adaptation aux changements climatiques. Ce projet est r\u00e9alis\u00e9 gr\u00e2ce au Programme de soutien \u00e0 l\u2019int\u00e9gration de l\u2019adaptation aux changements climatiques \u00e0 la planification municipale (PIACC) du minist\u00e8re des Affaires municipales et de l\u2019Habitation. Ce programme r\u00e9pond aux objectifs du Plan pour une \u00e9conomie verte 2030. Puisque les deux territoires sont voisins et pr\u00e9sentent des al\u00e9as climatiques similaires, la d\u00e9marche sera r\u00e9alis\u00e9e conjointement entre les deux MRC. L\u2019\u00e9laboration des plans d\u2019adaptation et le choix des actions \u00e0 mettre en \u0153uvre seront propres \u00e0 chaque MRC, afin de refl\u00e9ter leurs contextes et besoins sp\u00e9cifiques. L\u2019arrimage des actions communes sera r\u00e9alis\u00e9 lorsque pertinent lors de la planification de la mise en \u0153uvre.<\/p>\n<p>Pour obtenir plus d\u2019informations sur ce projet en cours, communiquez avec le bureau du Qu\u00e9bec : <a href=\"mailto:bureau.quebec@iclei.org\">bureau.quebec@iclei.org<\/a>\u00a0<span style=\"font-size: 16px;\">\u00a0<\/span><\/p>\n<p>&nbsp;<\/p>\n<p>[\/et_pb_text][\/et_pb_column][\/et_pb_row][et_pb_row column_structure=\u00a0\u00bb1_3,1_3,1_3&Prime; make_equal=\u00a0\u00bbon\u00a0\u00bb _builder_version=\u00a0\u00bb3.25&Prime; max_width=\u00a0\u00bb1874px\u00a0\u00bb module_alignment=\u00a0\u00bbcenter\u00a0\u00bb custom_padding=\u00a0\u00bb0|0px||0px|false|false\u00a0\u00bb use_custom_width=\u00a0\u00bbon\u00a0\u00bb custom_width_px=\u00a0\u00bb1874px\u00a0\u00bb][et_pb_column type=\u00a0\u00bb1_3&Prime; _builder_version=\u00a0\u00bb3.25&Prime; custom_padding=\u00a0\u00bb|||\u00a0\u00bb custom_padding__hover=\u00a0\u00bb|||\u00a0\u00bb][et_pb_blurb title=\u00a0\u00bbPlanification de l&rsquo;adaptation et r\u00e9silience\u00a0\u00bb url=\u00a0\u00bbhttps:\/\/icleicanada.org\/fr\/adaptation-and-resilience-planning\/\u00a0\u00bb url_new_window=\u00a0\u00bbon\u00a0\u00bb use_icon=\u00a0\u00bbon\u00a0\u00bb font_icon=\u00a0\u00bb%%101%%\u00a0\u00bb icon_color=\u00a0\u00bbrgba(0,73,50,0.92)\u00a0\u00bb use_icon_font_size=\u00a0\u00bbon\u00a0\u00bb icon_font_size=\u00a0\u00bb61px\u00a0\u00bb _builder_version=\u00a0\u00bb4.4.0&Prime; header_level=\u00a0\u00bbh1&Prime; header_font=\u00a0\u00bb||||||||\u00a0\u00bb header_font_size=\u00a0\u00bb22px\u00a0\u00bb header_line_height=\u00a0\u00bb1.4em\u00a0\u00bb body_font=\u00a0\u00bb||||||||\u00a0\u00bb text_orientation=\u00a0\u00bbcenter\u00a0\u00bb][\/et_pb_blurb][\/et_pb_column][et_pb_column type=\u00a0\u00bb1_3&Prime; _builder_version=\u00a0\u00bb3.25&Prime; custom_padding=\u00a0\u00bb|||\u00a0\u00bb custom_padding__hover=\u00a0\u00bb|||\u00a0\u00bb][et_pb_blurb title=\u00a0\u00bbConsultation\u00a0\u00bb url=\u00a0\u00bbhttps:\/\/icleicanada.org\/fr\/consulting\/\u00a0\u00bb url_new_window=\u00a0\u00bbon\u00a0\u00bb use_icon=\u00a0\u00bbon\u00a0\u00bb font_icon=\u00a0\u00bb%%74%%\u00a0\u00bb icon_color=\u00a0\u00bbrgba(0,73,50,0.92)\u00a0\u00bb use_icon_font_size=\u00a0\u00bbon\u00a0\u00bb icon_font_size=\u00a0\u00bb61px\u00a0\u00bb _builder_version=\u00a0\u00bb4.4.0&Prime; header_level=\u00a0\u00bbh1&Prime; header_font=\u00a0\u00bb||||||||\u00a0\u00bb header_font_size=\u00a0\u00bb22px\u00a0\u00bb header_line_height=\u00a0\u00bb1.4em\u00a0\u00bb body_font=\u00a0\u00bb||||||||\u00a0\u00bb text_orientation=\u00a0\u00bbcenter\u00a0\u00bb][\/et_pb_blurb][\/et_pb_column][et_pb_column type=\u00a0\u00bb1_3&Prime; _builder_version=\u00a0\u00bb3.25&Prime; custom_padding=\u00a0\u00bb|||\u00a0\u00bb custom_padding__hover=\u00a0\u00bb|||\u00a0\u00bb][et_pb_blurb title=\u00a0\u00bbEngagement des parties prenantes et animation\u00a0\u00bb url=\u00a0\u00bbhttps:\/\/icleicanada.org\/fr\/energy-and-emissions-planning\/\u00a0\u00bb url_new_window=\u00a0\u00bbon\u00a0\u00bb use_icon=\u00a0\u00bbon\u00a0\u00bb font_icon=\u00a0\u00bb%%103%%\u00a0\u00bb icon_color=\u00a0\u00bbrgba(0,73,50,0.92)\u00a0\u00bb use_icon_font_size=\u00a0\u00bbon\u00a0\u00bb icon_font_size=\u00a0\u00bb61px\u00a0\u00bb _builder_version=\u00a0\u00bb4.4.0&Prime; header_level=\u00a0\u00bbh1&Prime; header_font=\u00a0\u00bb||||||||\u00a0\u00bb header_font_size=\u00a0\u00bb22px\u00a0\u00bb header_line_height=\u00a0\u00bb1.4em\u00a0\u00bb body_font=\u00a0\u00bb||||||||\u00a0\u00bb text_orientation=\u00a0\u00bbcenter\u00a0\u00bb][\/et_pb_blurb][\/et_pb_column][\/et_pb_row][et_pb_row module_class=\u00a0\u00bb et_pb_row_fullwidth\u00a0\u00bb _builder_version=\u00a0\u00bb4.4.0&Prime; width=\u00a0\u00bb94%\u00a0\u00bb width_tablet=\u00a0\u00bb80%\u00a0\u00bb width_phone=\u00a0\u00bb\u00a0\u00bb width_last_edited=\u00a0\u00bbon|desktop\u00a0\u00bb max_width=\u00a0\u00bb94%\u00a0\u00bb max_width_tablet=\u00a0\u00bb80%\u00a0\u00bb max_width_phone=\u00a0\u00bb\u00a0\u00bb max_width_last_edited=\u00a0\u00bbon|desktop\u00a0\u00bb custom_padding=\u00a0\u00bb49px|0px|27px|0px|false|false\u00a0\u00bb make_fullwidth=\u00a0\u00bbon\u00a0\u00bb][et_pb_column type=\u00a0\u00bb4_4&Prime; _builder_version=\u00a0\u00bb3.25&Prime; custom_padding=\u00a0\u00bb|||\u00a0\u00bb custom_padding__hover=\u00a0\u00bb|||\u00a0\u00bb][et_pb_text _builder_version=\u00a0\u00bb4.4.0&Prime; text_font=\u00a0\u00bb||||||||\u00a0\u00bb text_font_size=\u00a0\u00bb8px\u00a0\u00bb]<\/p>\n<p>Photo: <em>Ste-Anne-des-plaines,\u00a0<\/em>MRC Th\u00e9r\u00e8se-de Blainville<\/p>\n<p>[\/et_pb_text][\/et_pb_column][\/et_pb_row][\/et_pb_section]<\/p>\n","protected":false},"excerpt":{"rendered":"<p>[et_pb_section fb_built=\u00a0\u00bb1&Prime; fullwidth=\u00a0\u00bbon\u00a0\u00bb _builder_version=\u00a0\u00bb4.4.0&Prime;][et_pb_fullwidth_header title=\u00a0\u00bbplan d&rsquo;adaptation aux changements climatiques \u00a0\u00bb subhead=\u00a0\u00bbMRC de Mirabel et mrc th\u00e9r\u00e8se-de blainville\u00a0\u00bb text_orientation=\u00a0\u00bbcenter\u00a0\u00bb background_overlay_color=\u00a0\u00bbrgba(0,58,10,0.21)\u00a0\u00bb _builder_version=\u00a0\u00bb4.4.0&Prime; title_font=\u00a0\u00bbMontserrat|300||on|||||\u00a0\u00bb title_font_size=\u00a0\u00bb69px\u00a0\u00bb title_letter_spacing=\u00a0\u00bb5px\u00a0\u00bb content_font=\u00a0\u00bb||||||||\u00a0\u00bb content_font_size=\u00a0\u00bb23px\u00a0\u00bb content_line_height=\u00a0\u00bb2.2em\u00a0\u00bb subhead_font=\u00a0\u00bb|||on|||||\u00a0\u00bb subhead_font_size=\u00a0\u00bb33px\u00a0\u00bb subhead_letter_spacing=\u00a0\u00bb1px\u00a0\u00bb subhead_line_height=\u00a0\u00bb1.1em\u00a0\u00bb background_color=\u00a0\u00bbrgba(51,0,41,0.35)\u00a0\u00bb use_background_color_gradient=\u00a0\u00bbon\u00a0\u00bb background_image=\u00a0\u00bbhttps:\/\/icleicanada.org\/wp-content\/uploads\/2021\/06\/pexels-skitterphoto-2678.jpg\u00a0\u00bb][\/et_pb_fullwidth_header][\/et_pb_section][et_pb_section fb_built=\u00a0\u00bb1&Prime; _builder_version=\u00a0\u00bb3.22&Prime; custom_padding=\u00a0\u00bb3px|0px|36px|0px|false|false\u00a0\u00bb][et_pb_row column_structure=\u00a0\u00bb1_2,1_2&Prime; module_class=\u00a0\u00bb et_pb_row_fullwidth\u00a0\u00bb _builder_version=\u00a0\u00bb3.25&Prime; width=\u00a0\u00bb94%\u00a0\u00bb width_tablet=\u00a0\u00bb80%\u00a0\u00bb width_phone=\u00a0\u00bb\u00a0\u00bb width_last_edited=\u00a0\u00bbon|desktop\u00a0\u00bb max_width=\u00a0\u00bb94%\u00a0\u00bb max_width_tablet=\u00a0\u00bb80%\u00a0\u00bb max_width_phone=\u00a0\u00bb\u00a0\u00bb max_width_last_edited=\u00a0\u00bbon|desktop\u00a0\u00bb module_alignment=\u00a0\u00bbcenter\u00a0\u00bb custom_padding=\u00a0\u00bb0|0px|48px|0px|false|false\u00a0\u00bb make_fullwidth=\u00a0\u00bbon\u00a0\u00bb custom_width_px=\u00a0\u00bb2600px\u00a0\u00bb][et_pb_column type=\u00a0\u00bb1_2&Prime; _builder_version=\u00a0\u00bb3.25&Prime; custom_padding=\u00a0\u00bb|||\u00a0\u00bb [&hellip;]<\/p>\n","protected":false},"author":14,"featured_media":55593,"comment_status":"closed","ping_status":"closed","template":"","meta":{"_et_pb_use_builder":"on","_et_pb_old_content":"","_et_gb_content_width":"","footnotes":""},"project_category":[68,74,75],"project_tag":[],"class_list":["post-55608","project","type-project","status-publish","has-post-thumbnail","hentry","project_category-adaptation-et-planification-de-la-resilience","project_category-consultation","project_category-engagement-et-facilitation-des-intervenants"],"_links":{"self":[{"href":"https:\/\/icleicanada.org\/fr\/wp-json\/wp\/v2\/project\/55608","targetHints":{"allow":["GET"]}}],"collection":[{"href":"https:\/\/icleicanada.org\/fr\/wp-json\/wp\/v2\/project"}],"about":[{"href":"https:\/\/icleicanada.org\/fr\/wp-json\/wp\/v2\/types\/project"}],"author":[{"embeddable":true,"href":"https:\/\/icleicanada.org\/fr\/wp-json\/wp\/v2\/users\/14"}],"replies":[{"embeddable":true,"href":"https:\/\/icleicanada.org\/fr\/wp-json\/wp\/v2\/comments?post=55608"}],"version-history":[{"count":7,"href":"https:\/\/icleicanada.org\/fr\/wp-json\/wp\/v2\/project\/55608\/revisions"}],"predecessor-version":[{"id":55618,"href":"https:\/\/icleicanada.org\/fr\/wp-json\/wp\/v2\/project\/55608\/revisions\/55618"}],"wp:featuredmedia":[{"embeddable":true,"href":"https:\/\/icleicanada.org\/fr\/wp-json\/wp\/v2\/media\/55593"}],"wp:attachment":[{"href":"https:\/\/icleicanada.org\/fr\/wp-json\/wp\/v2\/media?parent=55608"}],"wp:term":[{"taxonomy":"project_category","embeddable":true,"href":"https:\/\/icleicanada.org\/fr\/wp-json\/wp\/v2\/project_category?post=55608"},{"taxonomy":"project_tag","embeddable":true,"href":"https:\/\/icleicanada.org\/fr\/wp-json\/wp\/v2\/project_tag?post=55608"}],"curies":[{"name":"wp","href":"https:\/\/api.w.org\/{rel}","templated":true}]}}