{"id":62670,"date":"2025-04-16T17:06:34","date_gmt":"2025-04-16T21:06:34","guid":{"rendered":"https:\/\/icleicanada.org\/?post_type=project&#038;p=62670\/"},"modified":"2025-04-23T16:54:42","modified_gmt":"2025-04-23T20:54:42","slug":"webinaire-communiquer-differemment-sur-le-climat","status":"publish","type":"project","link":"https:\/\/icleicanada.org\/fr\/project\/webinaire-communiquer-differemment-sur-le-climat\/","title":{"rendered":"Webinaire \u00ab Communiquer diff\u00e9remment sur le climat \u00bb"},"content":{"rendered":"<p>[et_pb_section fb_built=\u00a0\u00bb1&Prime; fullwidth=\u00a0\u00bbon\u00a0\u00bb _builder_version=\u00a0\u00bb4.4.0&Prime;][et_pb_fullwidth_header title=\u00a0\u00bbCommuniquer diff\u00e9remment sur le climat\u00a0\u00bb subhead=\u00a0\u00bbRediffusion du webinaire\u00a0\u00bb text_orientation=\u00a0\u00bbcenter\u00a0\u00bb background_overlay_color=\u00a0\u00bbrgba(25,19,19,0.42)\u00a0\u00bb _builder_version=\u00a0\u00bb4.4.0&Prime; title_font=\u00a0\u00bb|||on|||||\u00a0\u00bb title_font_size=\u00a0\u00bb68px\u00a0\u00bb title_line_height=\u00a0\u00bb1.1em\u00a0\u00bb content_font=\u00a0\u00bb||||||||\u00a0\u00bb content_font_size=\u00a0\u00bb23px\u00a0\u00bb content_line_height=\u00a0\u00bb2.2em\u00a0\u00bb subhead_font=\u00a0\u00bb|||on|||||\u00a0\u00bb subhead_font_size=\u00a0\u00bb40px\u00a0\u00bb subhead_line_height=\u00a0\u00bb1.2em\u00a0\u00bb background_color=\u00a0\u00bb#00646C\u00a0\u00bb background_image=\u00a0\u00bbhttps:\/\/icleicanada.org\/wp-content\/uploads\/2025\/04\/CC-Webinar-Feature.png\u00a0\u00bb parallax=\u00a0\u00bbon\u00a0\u00bb title_font_size_tablet=\u00a0\u00bb48px\u00a0\u00bb title_font_size_phone=\u00a0\u00bb28px\u00a0\u00bb title_font_size_last_edited=\u00a0\u00bbon|phone\u00a0\u00bb subhead_font_size_tablet=\u00a0\u00bb30px\u00a0\u00bb subhead_font_size_phone=\u00a0\u00bb\u00a0\u00bb subhead_font_size_last_edited=\u00a0\u00bbon|desktop\u00a0\u00bb][\/et_pb_fullwidth_header][\/et_pb_section][et_pb_section fb_built=\u00a0\u00bb1&Prime; _builder_version=\u00a0\u00bb4.4.0&Prime;][et_pb_row _builder_version=\u00a0\u00bb4.4.0&Prime;][et_pb_column type=\u00a0\u00bb4_4&Prime; _builder_version=\u00a0\u00bb4.4.0&Prime;][et_pb_text _builder_version=\u00a0\u00bb4.4.0&Prime; text_font=\u00a0\u00bb||||||||\u00a0\u00bb text_line_height=\u00a0\u00bb1.8em\u00a0\u00bb header_line_height=\u00a0\u00bb1.4em\u00a0\u00bb header_2_line_height=\u00a0\u00bb1.4em\u00a0\u00bb header_3_font=\u00a0\u00bb|600|||||||\u00a0\u00bb header_3_line_height=\u00a0\u00bb1.4em\u00a0\u00bb header_4_font=\u00a0\u00bb|600|||||||\u00a0\u00bb header_4_line_height=\u00a0\u00bb1.4em\u00a0\u00bb header_font_size_tablet=\u00a0\u00bb\u00a0\u00bb header_font_size_phone=\u00a0\u00bb26px\u00a0\u00bb header_font_size_last_edited=\u00a0\u00bbon|tablet\u00a0\u00bb header_3_font_size_tablet=\u00a0\u00bb\u00a0\u00bb header_3_font_size_phone=\u00a0\u00bb18px\u00a0\u00bb header_3_font_size_last_edited=\u00a0\u00bbon|phone\u00a0\u00bb]<\/p>\n<h1>Webinaire \u00ab Communiquer diff\u00e9remment sur le climat \u00bb<\/h1>\n<h4>Mercredi 16 avril 2025 | 14 h \u00e0 15 h (HE) | En ligne<\/h4>\n<p>La fa\u00e7on dont nous parlons de l\u2019action climatique est importante, en particulier si nous voulons inciter des personnes ayant des origines, des valeurs et des priorit\u00e9s diff\u00e9rentes \u00e0 s\u2019impliquer. Regardez la rediffusion du webinaire (en anglais) du 16 avril 2025 pour apprendre comment s\u2019\u00e9loigner des communications climatiques traditionnelles, utiliser les r\u00e9sultats de la recherche pour encadrer les messages sur le climat, incorporer des id\u00e9es et des strat\u00e9gies comportementales dans le d\u00e9ploiement d\u2019initiatives climatiques, et voir comment des donn\u00e9es et des concepts abstraits peuvent \u00eatre transform\u00e9s en r\u00e9cits \u00e9vocateurs.<\/p>\n<p>[\/et_pb_text][\/et_pb_column][\/et_pb_row][et_pb_row _builder_version=\u00a0\u00bb4.4.0&Prime; background_color=\u00a0\u00bb#C9E9EB\u00a0\u00bb custom_padding=\u00a0\u00bb40px|40px|40px|40px|false|false\u00a0\u00bb max_width__hover_enabled=\u00a0\u00bbon|desktop\u00a0\u00bb][et_pb_column type=\u00a0\u00bb4_4&Prime; _builder_version=\u00a0\u00bb4.4.0&Prime;][et_pb_video src=\u00a0\u00bbhttps:\/\/youtu.be\/md2ZlopVDqk\u00a0\u00bb _builder_version=\u00a0\u00bb4.4.0&Prime;][\/et_pb_video][\/et_pb_column][\/et_pb_row][et_pb_row column_structure=\u00a0\u00bb1_3,2_3&Prime; _builder_version=\u00a0\u00bb4.4.0&Prime;][et_pb_column type=\u00a0\u00bb1_3&Prime; _builder_version=\u00a0\u00bb4.4.0&Prime;][et_pb_image src=\u00a0\u00bbhttps:\/\/icleicanada.org\/wp-content\/uploads\/2025\/04\/CC-Webinar-Replay-Feature.png\u00a0\u00bb url=\u00a0\u00bbhttps:\/\/youtu.be\/md2ZlopVDqk?si=Wx2yDIxCVDru5Dm4&Prime; _builder_version=\u00a0\u00bb4.4.0&Prime;][\/et_pb_image][\/et_pb_column][et_pb_column type=\u00a0\u00bb2_3&Prime; _builder_version=\u00a0\u00bb4.4.0&Prime;][et_pb_text _builder_version=\u00a0\u00bb4.4.0&Prime; header_line_height=\u00a0\u00bb1.4em\u00a0\u00bb]<\/p>\n<h3>Rediffusion du webinaire et pr\u00e9sentations<\/h3>\n<p>[\/et_pb_text][et_pb_text _builder_version=\u00a0\u00bb4.4.0&Prime;]<\/p>\n<ul>\n<li><span style=\"font-weight: 400;\">Bienvenue et pr\u00e9sentations (<\/span><a href=\"https:\/\/www.youtube.com\/watch?v=md2ZlopVDqk&amp;t=85s\"><span style=\"font-weight: 400;\">0:01:25<\/span><\/a><span style=\"font-weight: 400;\">)<\/span><\/li>\n<li><span style=\"font-weight: 400;\">Raisons pour lesquelles les professionnels locaux et les responsables communautaires doivent d\u00e9laisser les communications climatiques traditionnelles (<\/span><a href=\"https:\/\/www.youtube.com\/watch?v=md2ZlopVDqk&amp;t=312s\"><span style=\"font-weight: 400;\">0:05:12<\/span><\/a><span style=\"font-weight: 400;\">)<\/span><\/li>\n<li><span style=\"font-weight: 400;\">Comment utiliser les r\u00e9sultats de la recherche de Re:Climate pour encadrer les messages sur le climat (<\/span><a href=\"https:\/\/www.youtube.com\/watch?v=md2ZlopVDqk&amp;t=821s\"><span style=\"font-weight: 400;\">0:13:41<\/span><\/a><span style=\"font-weight: 400;\">)<\/span><\/li>\n<li><span style=\"font-weight: 400;\">Comment utiliser la Bo\u00eete \u00e0 outils pour la communication climatique d\u2019ICLEI Canada pour int\u00e9grer des id\u00e9es et des strat\u00e9gies comportementales dans le d\u00e9ploiement d\u2019initiatives sur le climat (<\/span><a href=\"https:\/\/www.youtube.com\/watch?v=md2ZlopVDqk&amp;t=2122s\"><span style=\"font-weight: 400;\">0:35:22<\/span><\/a><span style=\"font-weight: 400;\">)<\/span><\/li>\n<li><span style=\"font-weight: 400;\">Exemples de la fa\u00e7on dont des concepts abstraits peuvent \u00eatre transform\u00e9s en r\u00e9cits \u00e9vocateurs (<\/span><a href=\"https:\/\/www.youtube.com\/watch?v=md2ZlopVDqk&amp;t=2643s\"><span style=\"font-weight: 400;\">0:44:03<\/span><\/a><span style=\"font-weight: 400;\">)<\/span><\/li>\n<li><span style=\"font-weight: 400;\">Questions et remarques finales (<\/span><a href=\"https:\/\/www.youtube.com\/watch?v=md2ZlopVDqk&amp;t=3383s\"><span style=\"font-weight: 400;\">0:56:23<\/span><\/a><span style=\"font-weight: 400;\">)<\/span><\/li>\n<\/ul>\n<p>[\/et_pb_text][et_pb_button button_url=\u00a0\u00bbhttps:\/\/youtu.be\/md2ZlopVDqk?si=Wx2yDIxCVDru5Dm4&Prime; url_new_window=\u00a0\u00bbon\u00a0\u00bb button_text=\u00a0\u00bbREGARDER (Anglais)\u00a0\u00bb button_alignment=\u00a0\u00bbleft\u00a0\u00bb _builder_version=\u00a0\u00bb4.4.0&Prime; button_icon=\u00a0\u00bb%%330%%\u00a0\u00bb button_icon_color=\u00a0\u00bb#ffffff\u00a0\u00bb button_on_hover=\u00a0\u00bboff\u00a0\u00bb][\/et_pb_button][et_pb_button button_url=\u00a0\u00bbhttps:\/\/icleicanada.org\/wp-content\/uploads\/2025\/04\/ICLEI-Canada-2025-Do-Climate-Communications-Differently-Webinar-Slides.pdf\u00a0\u00bb url_new_window=\u00a0\u00bbon\u00a0\u00bb button_text=\u00a0\u00bbT\u00c9L\u00c9CHARGER LES PR\u00c9SENTATIONS (anglais)\u00a0\u00bb _builder_version=\u00a0\u00bb4.4.0&Prime;][\/et_pb_button][\/et_pb_column][\/et_pb_row][et_pb_row column_structure=\u00a0\u00bb1_3,2_3&Prime; _builder_version=\u00a0\u00bb4.4.0&Prime;][et_pb_column type=\u00a0\u00bb1_3&Prime; _builder_version=\u00a0\u00bb4.4.0&Prime;][et_pb_image src=\u00a0\u00bbhttps:\/\/icleicanada.org\/wp-content\/uploads\/2025\/04\/CC-Toolkit.png\u00a0\u00bb url=\u00a0\u00bb@ET-DC@eyJkeW5hbWljIjp0cnVlLCJjb250ZW50IjoicG9zdF9saW5rX3VybF9wcm9qZWN0Iiwic2V0dGluZ3MiOnsicG9zdF9pZCI6IjYxNDM3In19@\u00a0\u00bb _builder_version=\u00a0\u00bb4.4.0&Prime; _dynamic_attributes=\u00a0\u00bburl\u00a0\u00bb][\/et_pb_image][\/et_pb_column][et_pb_column type=\u00a0\u00bb2_3&Prime; _builder_version=\u00a0\u00bb4.4.0&Prime;][et_pb_cta title=\u00a0\u00bbBo\u00eete \u00e0 outils pour la communication climatique\u00a0\u00bb button_url=\u00a0\u00bb@ET-DC@eyJkeW5hbWljIjp0cnVlLCJjb250ZW50IjoicG9zdF9saW5rX3VybF9wcm9qZWN0Iiwic2V0dGluZ3MiOnsicG9zdF9pZCI6IjYxNDM3In19@\u00a0\u00bb url_new_window=\u00a0\u00bbon\u00a0\u00bb button_text=\u00a0\u00bbACC\u00c9DER \u00c0 LA BO\u00ceTE \u00c0 OUTILS\u00a0\u00bb admin_label=\u00a0\u00bbFeature 01&Prime; module_id=\u00a0\u00bbCaledon\u00a0\u00bb _builder_version=\u00a0\u00bb4.4.0&Prime; _dynamic_attributes=\u00a0\u00bbbutton_url\u00a0\u00bb header_level=\u00a0\u00bbh3&Prime; header_line_height=\u00a0\u00bb1.4em\u00a0\u00bb use_background_color=\u00a0\u00bboff\u00a0\u00bb button_icon=\u00a0\u00bb%%147%%\u00a0\u00bb button_on_hover=\u00a0\u00bboff\u00a0\u00bb text_orientation=\u00a0\u00bbleft\u00a0\u00bb background_layout=\u00a0\u00bblight\u00a0\u00bb module_alignment=\u00a0\u00bbcenter\u00a0\u00bb custom_margin=\u00a0\u00bb||||false|false\u00a0\u00bb custom_padding=\u00a0\u00bb||||false|false\u00a0\u00bb animation_direction=\u00a0\u00bbbottom\u00a0\u00bb link_option_url_new_window=\u00a0\u00bbon\u00a0\u00bb header_font_size_tablet=\u00a0\u00bb\u00a0\u00bb header_font_size_phone=\u00a0\u00bb\u00a0\u00bb header_font_size_last_edited=\u00a0\u00bbon|phone\u00a0\u00bb button_text_color_hover=\u00a0\u00bb#6eba01&Prime; button_border_color_hover=\u00a0\u00bb#6eba01&Prime; button_border_radius_hover=\u00a0\u00bb0&Prime; button_letter_spacing_hover=\u00a0\u00bb2&Prime; button_bg_color_hover=\u00a0\u00bbrgba(0,0,0,0)\u00a0\u00bb saved_tabs=\u00a0\u00bball\u00a0\u00bb locked=\u00a0\u00bboff\u00a0\u00bb button_text_size__hover_enabled=\u00a0\u00bboff\u00a0\u00bb button_one_text_size__hover_enabled=\u00a0\u00bboff\u00a0\u00bb button_two_text_size__hover_enabled=\u00a0\u00bboff\u00a0\u00bb button_text_color__hover_enabled=\u00a0\u00bbon|hover\u00a0\u00bb button_text_color__hover=\u00a0\u00bb#464d77&Prime; button_one_text_color__hover_enabled=\u00a0\u00bboff\u00a0\u00bb button_two_text_color__hover_enabled=\u00a0\u00bboff\u00a0\u00bb button_border_width__hover_enabled=\u00a0\u00bboff\u00a0\u00bb button_one_border_width__hover_enabled=\u00a0\u00bboff\u00a0\u00bb button_two_border_width__hover_enabled=\u00a0\u00bboff\u00a0\u00bb button_border_color__hover_enabled=\u00a0\u00bbon\u00a0\u00bb button_border_color__hover=\u00a0\u00bb#464D77&Prime; button_one_border_color__hover_enabled=\u00a0\u00bboff\u00a0\u00bb button_two_border_color__hover_enabled=\u00a0\u00bboff\u00a0\u00bb button_border_radius__hover_enabled=\u00a0\u00bbon\u00a0\u00bb button_border_radius__hover=\u00a0\u00bb0&Prime; button_one_border_radius__hover_enabled=\u00a0\u00bboff\u00a0\u00bb button_two_border_radius__hover_enabled=\u00a0\u00bboff\u00a0\u00bb button_letter_spacing__hover_enabled=\u00a0\u00bbon\u00a0\u00bb button_letter_spacing__hover=\u00a0\u00bb2&Prime; button_one_letter_spacing__hover_enabled=\u00a0\u00bboff\u00a0\u00bb button_two_letter_spacing__hover_enabled=\u00a0\u00bboff\u00a0\u00bb button_bg_color__hover_enabled=\u00a0\u00bbon\u00a0\u00bb button_bg_color__hover=\u00a0\u00bbrgba(0,0,0,0)\u00a0\u00bb button_one_bg_color__hover_enabled=\u00a0\u00bboff\u00a0\u00bb button_two_bg_color__hover_enabled=\u00a0\u00bboff\u00a0\u00bb]<\/p>\n<p>Ce webinaire a \u00e9t\u00e9 con\u00e7u pour aider les professionnels et des responsables communautaires canadiens \u00e0 utiliser les communications pour appuyer la mise en \u0153uvre d\u2019actions locales en faveur du climat, dans le cadre de la Bo\u00eete \u00e0 outils pour la communication climatique d\u2019ICLEI Canada. Cette derni\u00e8re fournit des strat\u00e9gies pratiques, des ressources et des possibilit\u00e9s de formation n\u00e9cessaires pour int\u00e9grer l\u2019introspection comportementale dans les communications climatiques et favoriser l\u2019action.<\/p>\n<p>[\/et_pb_cta][\/et_pb_column][\/et_pb_row][et_pb_row column_structure=\u00a0\u00bb1_3,2_3&Prime; _builder_version=\u00a0\u00bb4.4.0&Prime;][et_pb_column type=\u00a0\u00bb1_3&Prime; _builder_version=\u00a0\u00bb4.4.0&Prime;][et_pb_image src=\u00a0\u00bbhttps:\/\/icleicanada.org\/wp-content\/uploads\/2025\/04\/ReClimate.png\u00a0\u00bb url=\u00a0\u00bbhttps:\/\/reclimate.ca\/\u00a0\u00bb url_new_window=\u00a0\u00bbon\u00a0\u00bb _builder_version=\u00a0\u00bb4.4.0&Prime;][\/et_pb_image][\/et_pb_column][et_pb_column type=\u00a0\u00bb2_3&Prime; _builder_version=\u00a0\u00bb4.4.0&Prime;][et_pb_cta title=\u00a0\u00bbRessources suppl\u00e9mentaires de Re:Climate (en anglais)\u00a0\u00bb button_url=\u00a0\u00bb@ET-DC@eyJkeW5hbWljIjp0cnVlLCJjb250ZW50IjoicG9zdF9saW5rX3VybF9wcm9qZWN0Iiwic2V0dGluZ3MiOnsicG9zdF9pZCI6IjYyMzE2In19@\u00a0\u00bb url_new_window=\u00a0\u00bbon\u00a0\u00bb admin_label=\u00a0\u00bbFeature 01&Prime; module_id=\u00a0\u00bbCaledon\u00a0\u00bb _builder_version=\u00a0\u00bb4.4.0&Prime; _dynamic_attributes=\u00a0\u00bbbutton_url\u00a0\u00bb header_level=\u00a0\u00bbh3&Prime; header_line_height=\u00a0\u00bb1.4em\u00a0\u00bb use_background_color=\u00a0\u00bboff\u00a0\u00bb button_icon=\u00a0\u00bb%%147%%\u00a0\u00bb button_on_hover=\u00a0\u00bboff\u00a0\u00bb text_orientation=\u00a0\u00bbleft\u00a0\u00bb background_layout=\u00a0\u00bblight\u00a0\u00bb module_alignment=\u00a0\u00bbcenter\u00a0\u00bb custom_margin=\u00a0\u00bb||||false|false\u00a0\u00bb custom_padding=\u00a0\u00bb||||false|false\u00a0\u00bb animation_direction=\u00a0\u00bbbottom\u00a0\u00bb link_option_url_new_window=\u00a0\u00bbon\u00a0\u00bb header_font_size_tablet=\u00a0\u00bb\u00a0\u00bb header_font_size_phone=\u00a0\u00bb\u00a0\u00bb header_font_size_last_edited=\u00a0\u00bbon|phone\u00a0\u00bb button_text_color_hover=\u00a0\u00bb#6eba01&Prime; button_border_color_hover=\u00a0\u00bb#6eba01&Prime; button_border_radius_hover=\u00a0\u00bb0&Prime; button_letter_spacing_hover=\u00a0\u00bb2&Prime; button_bg_color_hover=\u00a0\u00bbrgba(0,0,0,0)\u00a0\u00bb saved_tabs=\u00a0\u00bball\u00a0\u00bb locked=\u00a0\u00bboff\u00a0\u00bb button_text_size__hover_enabled=\u00a0\u00bboff\u00a0\u00bb button_one_text_size__hover_enabled=\u00a0\u00bboff\u00a0\u00bb button_two_text_size__hover_enabled=\u00a0\u00bboff\u00a0\u00bb button_text_color__hover_enabled=\u00a0\u00bbon|hover\u00a0\u00bb button_text_color__hover=\u00a0\u00bb#464d77&Prime; button_one_text_color__hover_enabled=\u00a0\u00bboff\u00a0\u00bb button_two_text_color__hover_enabled=\u00a0\u00bboff\u00a0\u00bb button_border_width__hover_enabled=\u00a0\u00bboff\u00a0\u00bb button_one_border_width__hover_enabled=\u00a0\u00bboff\u00a0\u00bb button_two_border_width__hover_enabled=\u00a0\u00bboff\u00a0\u00bb button_border_color__hover_enabled=\u00a0\u00bbon\u00a0\u00bb button_border_color__hover=\u00a0\u00bb#464D77&Prime; button_one_border_color__hover_enabled=\u00a0\u00bboff\u00a0\u00bb button_two_border_color__hover_enabled=\u00a0\u00bboff\u00a0\u00bb button_border_radius__hover_enabled=\u00a0\u00bbon\u00a0\u00bb button_border_radius__hover=\u00a0\u00bb0&Prime; button_one_border_radius__hover_enabled=\u00a0\u00bboff\u00a0\u00bb button_two_border_radius__hover_enabled=\u00a0\u00bboff\u00a0\u00bb button_letter_spacing__hover_enabled=\u00a0\u00bbon\u00a0\u00bb button_letter_spacing__hover=\u00a0\u00bb2&Prime; button_one_letter_spacing__hover_enabled=\u00a0\u00bboff\u00a0\u00bb button_two_letter_spacing__hover_enabled=\u00a0\u00bboff\u00a0\u00bb button_bg_color__hover_enabled=\u00a0\u00bbon\u00a0\u00bb button_bg_color__hover=\u00a0\u00bbrgba(0,0,0,0)\u00a0\u00bb button_one_bg_color__hover_enabled=\u00a0\u00bboff\u00a0\u00bb button_two_bg_color__hover_enabled=\u00a0\u00bboff\u00a0\u00bb]<\/p>\n<ul>\n<li><em><a href=\"https:\/\/reclimate.ca\/the-five-canadas-engaging-canadians-on-climate-change\/\" target=\"_blank\" rel=\"noopener noreferrer\">Knowing your Audience: Who are the Five Canadas?\u00a0<\/a><\/em><\/li>\n<li><em><a href=\"https:\/\/reclimate.ca\/wp-content\/uploads\/2024\/10\/Re.Climate-Segments-The-Five-Canadas-2024.pdf\" target=\"_blank\" rel=\"noopener noreferrer\">The Five Canadas Segment Overview<\/a><\/em><\/li>\n<li><em><a href=\"https:\/\/reclimate.ca\/wp-content\/uploads\/2024\/09\/Re.Climate-Technical-Report-Social-Mandate-2024.pdf\" target=\"_blank\" rel=\"noopener noreferrer\">Technical Report<\/a><\/em><\/li>\n<li><em><a href=\"https:\/\/reclimate.ca\/wp-content\/uploads\/2024\/10\/Re.Climate-Playbook-Social-Mandate-2024.pdf\" target=\"_blank\" rel=\"noopener noreferrer\">Building a Social Mandate for Climate Action Playbook<\/a><\/em><\/li>\n<li><em><a href=\"https:\/\/reclimate.ca\/success-story-how-a-campaign-found-new-audiences\/\" target=\"_blank\" rel=\"noopener noreferrer\">Using Segmentation &#8211; Campaign Example<\/a><\/em><\/li>\n<li><em><a href=\"https:\/\/reclimate.ca\/resource-training-hu\/who-are-albertans-anyway\/\" target=\"_blank\" rel=\"noopener noreferrer\">Who Are Albertans Anyway?\u00a0<\/a><\/em><\/li>\n<li><em><a href=\"https:\/\/reclimate.ca\/wp-content\/uploads\/2023\/06\/Alberta-opinion-rollup-DIGITAL.pdf\" target=\"_blank\" rel=\"noopener noreferrer\">Engaging Mainstream Albertans<\/a><\/em><\/li>\n<li><em><a href=\"https:\/\/drive.google.com\/file\/d\/1jgkjrNvskWLnz0jbVzkNwGwP2-EWAR79\/view?usp=sharing\" target=\"_blank\" rel=\"noopener noreferrer\">Overview of Alberta Segmentation<\/a><\/em><\/li>\n<li><em><a href=\"https:\/\/reclimate.ca\/rising-energy-prices-cause-and-response\/\" target=\"_blank\" rel=\"noopener noreferrer\">Is affordability messaging the solution to energy unaffordability?\u00a0<\/a><\/em><\/li>\n<li><em><a href=\"https:\/\/reclimate.ca\/wp-content\/uploads\/2025\/03\/Re.Climate-Affordability-Playbook-March-2025.pdf\" target=\"_blank\" rel=\"noopener noreferrer\">Affordability Playbook<\/a><\/em><\/li>\n<li><em><a href=\"https:\/\/reclimate.ca\/wp-content\/uploads\/2025\/03\/Re.Climate-Affordability-Technical-Report-March-2025.pdf\" target=\"_blank\" rel=\"noopener noreferrer\">Technical Report<\/a><\/em><\/li>\n<\/ul>\n<p>[\/et_pb_cta][\/et_pb_column][\/et_pb_row][\/et_pb_section][et_pb_section fb_built=\u00a0\u00bb1&Prime; admin_label=\u00a0\u00bbFAQ\u00a0\u00bb _builder_version=\u00a0\u00bb4.4.0&Prime; background_color=\u00a0\u00bb#00646c\u00a0\u00bb custom_padding=\u00a0\u00bb||||false|false\u00a0\u00bb][et_pb_row _builder_version=\u00a0\u00bb4.4.0&Prime; custom_margin=\u00a0\u00bb||||false|false\u00a0\u00bb custom_padding=\u00a0\u00bb||||false|false\u00a0\u00bb][et_pb_column type=\u00a0\u00bb4_4&Prime; _builder_version=\u00a0\u00bb4.4.0&Prime;][et_pb_text _builder_version=\u00a0\u00bb4.4.0&Prime; header_font_size=\u00a0\u00bb34px\u00a0\u00bb header_line_height=\u00a0\u00bb1.4em\u00a0\u00bb text_orientation=\u00a0\u00bbcenter\u00a0\u00bb background_layout=\u00a0\u00bbdark\u00a0\u00bb]<\/p>\n<h1>D\u00e9couvrir des ressources semblables<\/h1>\n<p>[\/et_pb_text][\/et_pb_column][\/et_pb_row][et_pb_row column_structure=\u00a0\u00bb1_3,1_3,1_3&Prime; use_custom_gutter=\u00a0\u00bbon\u00a0\u00bb make_equal=\u00a0\u00bbon\u00a0\u00bb _builder_version=\u00a0\u00bb4.4.0&Prime; width=\u00a0\u00bb90%\u00a0\u00bb max_width=\u00a0\u00bb1518px\u00a0\u00bb][et_pb_column type=\u00a0\u00bb1_3&Prime; _builder_version=\u00a0\u00bb4.4.0&Prime;][et_pb_blurb use_icon=\u00a0\u00bbon\u00a0\u00bb font_icon=\u00a0\u00bb%%230%%\u00a0\u00bb icon_color=\u00a0\u00bb#ffffff\u00a0\u00bb use_icon_font_size=\u00a0\u00bbon\u00a0\u00bb icon_font_size=\u00a0\u00bb104px\u00a0\u00bb _builder_version=\u00a0\u00bb4.4.0&Prime; body_text_color=\u00a0\u00bb#00646c\u00a0\u00bb background_layout=\u00a0\u00bbdark\u00a0\u00bb link_option_url=\u00a0\u00bbhttps:\/\/icleicanada.org\/fr\/tools-and-resources\/\u00a0\u00bb]<\/p>\n<h3 style=\"text-align: center;\">Outils et ressources<\/h3>\n<p>[\/et_pb_blurb][\/et_pb_column][et_pb_column type=\u00a0\u00bb1_3&Prime; _builder_version=\u00a0\u00bb4.4.0&Prime;][et_pb_blurb url=\u00a0\u00bbhttps:\/\/icleicanada.org\/fr\/training-and-workshops\/\u00a0\u00bb use_icon=\u00a0\u00bbon\u00a0\u00bb font_icon=\u00a0\u00bb%%157%%\u00a0\u00bb icon_color=\u00a0\u00bb#ffffff\u00a0\u00bb use_icon_font_size=\u00a0\u00bbon\u00a0\u00bb icon_font_size=\u00a0\u00bb104px\u00a0\u00bb _builder_version=\u00a0\u00bb4.4.0&Prime; body_text_color=\u00a0\u00bb#00646c\u00a0\u00bb background_layout=\u00a0\u00bbdark\u00a0\u00bb link_option_url=\u00a0\u00bbhttps:\/\/icleicanada.org\/fr\/training-and-workshops\/\u00a0\u00bb]<\/p>\n<h3 style=\"text-align: center;\">Formation et ateliers<\/h3>\n<p>[\/et_pb_blurb][\/et_pb_column][et_pb_column type=\u00a0\u00bb1_3&Prime; _builder_version=\u00a0\u00bb4.4.0&Prime;][et_pb_blurb use_icon=\u00a0\u00bbon\u00a0\u00bb font_icon=\u00a0\u00bb%%86%%\u00a0\u00bb icon_color=\u00a0\u00bb#ffffff\u00a0\u00bb use_icon_font_size=\u00a0\u00bbon\u00a0\u00bb icon_font_size=\u00a0\u00bb104px\u00a0\u00bb _builder_version=\u00a0\u00bb4.4.0&Prime; body_text_color=\u00a0\u00bb#00646c\u00a0\u00bb background_layout=\u00a0\u00bbdark\u00a0\u00bb link_option_url=\u00a0\u00bbhttps:\/\/icleicanada.org\/fr\/climate-communications\/\u00a0\u00bb]<\/p>\n<h3 style=\"text-align: center;\">Communications sur le climat<\/h3>\n<p>[\/et_pb_blurb][\/et_pb_column][\/et_pb_row][\/et_pb_section][et_pb_section fb_built=\u00a0\u00bb1&Prime; admin_label=\u00a0\u00bbFooter\u00a0\u00bb _builder_version=\u00a0\u00bb4.4.0&Prime; background_image=\u00a0\u00bbhttps:\/\/icleicanada.org\/wp-content\/uploads\/2022\/10\/Richmond-Office-scaled.jpeg\u00a0\u00bb parallax=\u00a0\u00bbon\u00a0\u00bb custom_padding=\u00a0\u00bb86px||90px||false|false\u00a0\u00bb global_module=\u00a0\u00bb57010&Prime; saved_tabs=\u00a0\u00bball\u00a0\u00bb][et_pb_row column_structure=\u00a0\u00bb2_5,3_5&Prime; use_custom_gutter=\u00a0\u00bbon\u00a0\u00bb make_equal=\u00a0\u00bbon\u00a0\u00bb _builder_version=\u00a0\u00bb3.25&Prime; background_size=\u00a0\u00bbinitial\u00a0\u00bb background_position=\u00a0\u00bbtop_left\u00a0\u00bb background_repeat=\u00a0\u00bbrepeat\u00a0\u00bb custom_padding=\u00a0\u00bb|||\u00a0\u00bb][et_pb_column type=\u00a0\u00bb2_5&Prime; _builder_version=\u00a0\u00bb3.25&Prime; background_color=\u00a0\u00bb#ffffff\u00a0\u00bb background_position=\u00a0\u00bbtop_left\u00a0\u00bb custom_padding=\u00a0\u00bb50px|40px|50px|40px\u00a0\u00bb custom_padding__hover=\u00a0\u00bb|||\u00a0\u00bb][et_pb_text _builder_version=\u00a0\u00bb4.4.0&Prime;]<\/p>\n<h2>Nous joindre<\/h2>\n<p>[\/et_pb_text][et_pb_blurb use_icon=\u00a0\u00bbon\u00a0\u00bb font_icon=\u00a0\u00bb%%238%%\u00a0\u00bb icon_placement=\u00a0\u00bbleft\u00a0\u00bb use_icon_font_size=\u00a0\u00bbon\u00a0\u00bb icon_font_size=\u00a0\u00bb28px\u00a0\u00bb icon_font_size_last_edited=\u00a0\u00bboff|desktop\u00a0\u00bb admin_label=\u00a0\u00bbEmail\u00a0\u00bb _builder_version=\u00a0\u00bb4.4.0&Prime; body_font=\u00a0\u00bb||||||||\u00a0\u00bb custom_margin=\u00a0\u00bb|||\u00a0\u00bb animation_direction=\u00a0\u00bbbottom\u00a0\u00bb]iclei-canada@iclei.org[\/et_pb_blurb][et_pb_blurb use_icon=\u00a0\u00bbon\u00a0\u00bb font_icon=\u00a0\u00bb%%249%%\u00a0\u00bb icon_placement=\u00a0\u00bbleft\u00a0\u00bb use_icon_font_size=\u00a0\u00bbon\u00a0\u00bb icon_font_size=\u00a0\u00bb28px\u00a0\u00bb icon_font_size_last_edited=\u00a0\u00bboff|desktop\u00a0\u00bb admin_label=\u00a0\u00bbAddress\u00a0\u00bb _builder_version=\u00a0\u00bb4.4.0&Prime; header_font=\u00a0\u00bb||||||||\u00a0\u00bb header_font_size=\u00a0\u00bb20px\u00a0\u00bb body_font=\u00a0\u00bb||||||||\u00a0\u00bb custom_margin=\u00a0\u00bb|||\u00a0\u00bb animation_direction=\u00a0\u00bbbottom\u00a0\u00bb]<\/p>\n<p>Suite 204<br \/> 401 Richmond St. W<br \/> Toronto, ON<br \/> M5V 3A8<\/p>\n<p>[\/et_pb_blurb][et_pb_social_media_follow admin_label=\u00a0\u00bbFacebook\u00a0\u00bb _builder_version=\u00a0\u00bb4.4.0&Prime; text_orientation=\u00a0\u00bbleft\u00a0\u00bb custom_margin=\u00a0\u00bb|||\u00a0\u00bb custom_padding=\u00a0\u00bb||||false|false\u00a0\u00bb border_radii=\u00a0\u00bbon|100%|100%|100%|100%\u00a0\u00bb link_shape=\u00a0\u00bbcircle\u00a0\u00bb][et_pb_social_media_follow_network social_network=\u00a0\u00bblinkedin\u00a0\u00bb url=\u00a0\u00bbhttps:\/\/www.linkedin.com\/company\/iclei-canada\/\u00a0\u00bb _builder_version=\u00a0\u00bb4.4.0&Prime; background_color=\u00a0\u00bb#00646C\u00a0\u00bb background_enable_color=\u00a0\u00bbon\u00a0\u00bb custom_margin=\u00a0\u00bb||||false|false\u00a0\u00bb bg_color=\u00a0\u00bb#007bb6&Prime; link_shape=\u00a0\u00bbcircle\u00a0\u00bb follow_button=\u00a0\u00bboff\u00a0\u00bb url_new_window=\u00a0\u00bbon\u00a0\u00bb]linkedin[\/et_pb_social_media_follow_network][et_pb_social_media_follow_network social_network=\u00a0\u00bbyoutube\u00a0\u00bb url=\u00a0\u00bbhttps:\/\/www.youtube.com\/@iclei_canada\u00a0\u00bb _builder_version=\u00a0\u00bb4.4.0&Prime; background_color=\u00a0\u00bb#00646C\u00a0\u00bb background_enable_color=\u00a0\u00bbon\u00a0\u00bb link_shape=\u00a0\u00bbcircle\u00a0\u00bb follow_button=\u00a0\u00bboff\u00a0\u00bb url_new_window=\u00a0\u00bbon\u00a0\u00bb]youtube[\/et_pb_social_media_follow_network][\/et_pb_social_media_follow][et_pb_text _builder_version=\u00a0\u00bb4.4.0&Prime;]<\/p>\n<p>Nous reconnaissons respectueusement que notre travail se fait sur l\u2019\u00eele de la Tortue qui, depuis des temps imm\u00e9moriaux, a \u00e9t\u00e9 et est toujours le milieu de vie de nombreux peuples divers, Premi\u00e8res Nations, Inuits et M\u00e9tis.<\/p>\n<p>[\/et_pb_text][et_pb_social_media_follow _builder_version=\u00a0\u00bb3.0.87&Prime;][\/et_pb_social_media_follow][\/et_pb_column][et_pb_column type=\u00a0\u00bb3_5&Prime; _builder_version=\u00a0\u00bb3.25&Prime; background_color=\u00a0\u00bb#ffffff\u00a0\u00bb background_position=\u00a0\u00bbtop_left\u00a0\u00bb custom_padding=\u00a0\u00bb50px|40px|50px|40px\u00a0\u00bb custom_padding__hover=\u00a0\u00bb|||\u00a0\u00bb][et_pb_text _builder_version=\u00a0\u00bb4.4.0&Prime;]<\/p>\n<h2>Nous joindre<\/h2>\n<p>[\/et_pb_text][et_pb_contact_form use_spam_service=\u00a0\u00bbon\u00a0\u00bb recaptcha_list=\u00a0\u00bbDefault|Default-0&Prime; recaptcha_min_score=\u00a0\u00bb0.9&Prime; email=\u00a0\u00bbiclei-canada@iclei.org\u00a0\u00bb success_message=\u00a0\u00bbMerci ! Votre message a \u00e9t\u00e9 envoy\u00e9. Nous vous r\u00e9pondrons dans les plus brefs d\u00e9lais.\u00a0\u00bb submit_button_text=\u00a0\u00bbEnvoyer le message\u00a0\u00bb module_id=\u00a0\u00bbet_pb_contact_form_1&Prime; _builder_version=\u00a0\u00bb4.4.0&Prime; form_field_background_color=\u00a0\u00bbrgba(255,255,255,0)\u00a0\u00bb title_font=\u00a0\u00bbMontserrat|700|||||||\u00a0\u00bb title_font_size=\u00a0\u00bb22px\u00a0\u00bb custom_button=\u00a0\u00bbon\u00a0\u00bb button_text_size=\u00a0\u00bb18px\u00a0\u00bb button_text_color=\u00a0\u00bb#ffffff\u00a0\u00bb button_bg_color=\u00a0\u00bb#00646c\u00a0\u00bb button_border_width=\u00a0\u00bb2px\u00a0\u00bb button_border_color=\u00a0\u00bb#00646c\u00a0\u00bb button_border_radius=\u00a0\u00bb0px\u00a0\u00bb button_letter_spacing=\u00a0\u00bb2px\u00a0\u00bb button_font=\u00a0\u00bbMontserrat|||on|\u00a0\u00bb button_use_icon=\u00a0\u00bboff\u00a0\u00bb animation_direction=\u00a0\u00bbbottom\u00a0\u00bb border_width_all=\u00a0\u00bb1px\u00a0\u00bb border_color_all=\u00a0\u00bbrgba(0,0,0,0.12)\u00a0\u00bb border_style_all=\u00a0\u00bbsolid\u00a0\u00bb use_border_color=\u00a0\u00bbon\u00a0\u00bb border_color=\u00a0\u00bbrgba(0,0,0,0.12)\u00a0\u00bb form_background_color=\u00a0\u00bbrgba(255,255,255,0)\u00a0\u00bb button_text_color_hover=\u00a0\u00bb#6eba01&Prime; button_bg_color_hover=\u00a0\u00bbrgba(0,0,0,0)\u00a0\u00bb button_border_color_hover=\u00a0\u00bb#6eba01&Prime; button_border_radius_hover=\u00a0\u00bb0px\u00a0\u00bb button_letter_spacing_hover=\u00a0\u00bb2px\u00a0\u00bb][et_pb_contact_field field_id=\u00a0\u00bbName\u00a0\u00bb field_title=\u00a0\u00bbName\u00a0\u00bb fullwidth_field=\u00a0\u00bbon\u00a0\u00bb _builder_version=\u00a0\u00bb3.16&Prime; button_text_size__hover_enabled=\u00a0\u00bboff\u00a0\u00bb button_one_text_size__hover_enabled=\u00a0\u00bboff\u00a0\u00bb button_two_text_size__hover_enabled=\u00a0\u00bboff\u00a0\u00bb button_text_color__hover_enabled=\u00a0\u00bboff\u00a0\u00bb button_one_text_color__hover_enabled=\u00a0\u00bboff\u00a0\u00bb button_two_text_color__hover_enabled=\u00a0\u00bboff\u00a0\u00bb button_border_width__hover_enabled=\u00a0\u00bboff\u00a0\u00bb button_one_border_width__hover_enabled=\u00a0\u00bboff\u00a0\u00bb button_two_border_width__hover_enabled=\u00a0\u00bboff\u00a0\u00bb button_border_color__hover_enabled=\u00a0\u00bboff\u00a0\u00bb button_one_border_color__hover_enabled=\u00a0\u00bboff\u00a0\u00bb button_two_border_color__hover_enabled=\u00a0\u00bboff\u00a0\u00bb button_border_radius__hover_enabled=\u00a0\u00bboff\u00a0\u00bb button_one_border_radius__hover_enabled=\u00a0\u00bboff\u00a0\u00bb button_two_border_radius__hover_enabled=\u00a0\u00bboff\u00a0\u00bb button_letter_spacing__hover_enabled=\u00a0\u00bboff\u00a0\u00bb button_one_letter_spacing__hover_enabled=\u00a0\u00bboff\u00a0\u00bb button_two_letter_spacing__hover_enabled=\u00a0\u00bboff\u00a0\u00bb button_bg_color__hover_enabled=\u00a0\u00bboff\u00a0\u00bb button_one_bg_color__hover_enabled=\u00a0\u00bboff\u00a0\u00bb button_two_bg_color__hover_enabled=\u00a0\u00bboff\u00a0\u00bb][\/et_pb_contact_field][et_pb_contact_field field_id=\u00a0\u00bbEmail\u00a0\u00bb field_title=\u00a0\u00bbEmail Address\u00a0\u00bb field_type=\u00a0\u00bbemail\u00a0\u00bb fullwidth_field=\u00a0\u00bbon\u00a0\u00bb _builder_version=\u00a0\u00bb3.16&Prime; button_text_size__hover_enabled=\u00a0\u00bboff\u00a0\u00bb button_one_text_size__hover_enabled=\u00a0\u00bboff\u00a0\u00bb button_two_text_size__hover_enabled=\u00a0\u00bboff\u00a0\u00bb button_text_color__hover_enabled=\u00a0\u00bboff\u00a0\u00bb button_one_text_color__hover_enabled=\u00a0\u00bboff\u00a0\u00bb button_two_text_color__hover_enabled=\u00a0\u00bboff\u00a0\u00bb button_border_width__hover_enabled=\u00a0\u00bboff\u00a0\u00bb button_one_border_width__hover_enabled=\u00a0\u00bboff\u00a0\u00bb button_two_border_width__hover_enabled=\u00a0\u00bboff\u00a0\u00bb button_border_color__hover_enabled=\u00a0\u00bboff\u00a0\u00bb button_one_border_color__hover_enabled=\u00a0\u00bboff\u00a0\u00bb button_two_border_color__hover_enabled=\u00a0\u00bboff\u00a0\u00bb button_border_radius__hover_enabled=\u00a0\u00bboff\u00a0\u00bb button_one_border_radius__hover_enabled=\u00a0\u00bboff\u00a0\u00bb button_two_border_radius__hover_enabled=\u00a0\u00bboff\u00a0\u00bb button_letter_spacing__hover_enabled=\u00a0\u00bboff\u00a0\u00bb button_one_letter_spacing__hover_enabled=\u00a0\u00bboff\u00a0\u00bb button_two_letter_spacing__hover_enabled=\u00a0\u00bboff\u00a0\u00bb button_bg_color__hover_enabled=\u00a0\u00bboff\u00a0\u00bb button_one_bg_color__hover_enabled=\u00a0\u00bboff\u00a0\u00bb button_two_bg_color__hover_enabled=\u00a0\u00bboff\u00a0\u00bb][\/et_pb_contact_field][et_pb_contact_field field_id=\u00a0\u00bbMessage\u00a0\u00bb field_title=\u00a0\u00bbMessage\u00a0\u00bb field_type=\u00a0\u00bbtext\u00a0\u00bb fullwidth_field=\u00a0\u00bbon\u00a0\u00bb _builder_version=\u00a0\u00bb3.16&Prime; button_text_size__hover_enabled=\u00a0\u00bboff\u00a0\u00bb button_one_text_size__hover_enabled=\u00a0\u00bboff\u00a0\u00bb button_two_text_size__hover_enabled=\u00a0\u00bboff\u00a0\u00bb button_text_color__hover_enabled=\u00a0\u00bboff\u00a0\u00bb button_one_text_color__hover_enabled=\u00a0\u00bboff\u00a0\u00bb button_two_text_color__hover_enabled=\u00a0\u00bboff\u00a0\u00bb button_border_width__hover_enabled=\u00a0\u00bboff\u00a0\u00bb button_one_border_width__hover_enabled=\u00a0\u00bboff\u00a0\u00bb button_two_border_width__hover_enabled=\u00a0\u00bboff\u00a0\u00bb button_border_color__hover_enabled=\u00a0\u00bboff\u00a0\u00bb button_one_border_color__hover_enabled=\u00a0\u00bboff\u00a0\u00bb button_two_border_color__hover_enabled=\u00a0\u00bboff\u00a0\u00bb button_border_radius__hover_enabled=\u00a0\u00bboff\u00a0\u00bb button_one_border_radius__hover_enabled=\u00a0\u00bboff\u00a0\u00bb button_two_border_radius__hover_enabled=\u00a0\u00bboff\u00a0\u00bb button_letter_spacing__hover_enabled=\u00a0\u00bboff\u00a0\u00bb button_one_letter_spacing__hover_enabled=\u00a0\u00bboff\u00a0\u00bb button_two_letter_spacing__hover_enabled=\u00a0\u00bboff\u00a0\u00bb button_bg_color__hover_enabled=\u00a0\u00bboff\u00a0\u00bb button_one_bg_color__hover_enabled=\u00a0\u00bboff\u00a0\u00bb button_two_bg_color__hover_enabled=\u00a0\u00bboff\u00a0\u00bb][\/et_pb_contact_field][\/et_pb_contact_form][\/et_pb_column][\/et_pb_row][\/et_pb_section]<\/p>\n","protected":false},"excerpt":{"rendered":"<p>[et_pb_section fb_built=\u00a0\u00bb1&Prime; fullwidth=\u00a0\u00bbon\u00a0\u00bb _builder_version=\u00a0\u00bb4.4.0&Prime;][et_pb_fullwidth_header title=\u00a0\u00bbCommuniquer diff\u00e9remment sur le climat\u00a0\u00bb subhead=\u00a0\u00bbRediffusion du webinaire\u00a0\u00bb text_orientation=\u00a0\u00bbcenter\u00a0\u00bb background_overlay_color=\u00a0\u00bbrgba(25,19,19,0.42)\u00a0\u00bb _builder_version=\u00a0\u00bb4.4.0&Prime; title_font=\u00a0\u00bb|||on|||||\u00a0\u00bb title_font_size=\u00a0\u00bb68px\u00a0\u00bb title_line_height=\u00a0\u00bb1.1em\u00a0\u00bb content_font=\u00a0\u00bb||||||||\u00a0\u00bb content_font_size=\u00a0\u00bb23px\u00a0\u00bb content_line_height=\u00a0\u00bb2.2em\u00a0\u00bb subhead_font=\u00a0\u00bb|||on|||||\u00a0\u00bb subhead_font_size=\u00a0\u00bb40px\u00a0\u00bb subhead_line_height=\u00a0\u00bb1.2em\u00a0\u00bb background_color=\u00a0\u00bb#00646C\u00a0\u00bb background_image=\u00a0\u00bbhttps:\/\/icleicanada.org\/wp-content\/uploads\/2025\/04\/CC-Webinar-Feature.png\u00a0\u00bb parallax=\u00a0\u00bbon\u00a0\u00bb title_font_size_tablet=\u00a0\u00bb48px\u00a0\u00bb title_font_size_phone=\u00a0\u00bb28px\u00a0\u00bb title_font_size_last_edited=\u00a0\u00bbon|phone\u00a0\u00bb subhead_font_size_tablet=\u00a0\u00bb30px\u00a0\u00bb subhead_font_size_phone=\u00a0\u00bb\u00a0\u00bb subhead_font_size_last_edited=\u00a0\u00bbon|desktop\u00a0\u00bb][\/et_pb_fullwidth_header][\/et_pb_section][et_pb_section fb_built=\u00a0\u00bb1&Prime; _builder_version=\u00a0\u00bb4.4.0&Prime;][et_pb_row _builder_version=\u00a0\u00bb4.4.0&Prime;][et_pb_column type=\u00a0\u00bb4_4&Prime; _builder_version=\u00a0\u00bb4.4.0&Prime;][et_pb_text _builder_version=\u00a0\u00bb4.4.0&Prime; text_font=\u00a0\u00bb||||||||\u00a0\u00bb text_line_height=\u00a0\u00bb1.8em\u00a0\u00bb header_line_height=\u00a0\u00bb1.4em\u00a0\u00bb header_2_line_height=\u00a0\u00bb1.4em\u00a0\u00bb header_3_font=\u00a0\u00bb|600|||||||\u00a0\u00bb header_3_line_height=\u00a0\u00bb1.4em\u00a0\u00bb header_4_font=\u00a0\u00bb|600|||||||\u00a0\u00bb header_4_line_height=\u00a0\u00bb1.4em\u00a0\u00bb header_font_size_tablet=\u00a0\u00bb\u00a0\u00bb header_font_size_phone=\u00a0\u00bb26px\u00a0\u00bb header_font_size_last_edited=\u00a0\u00bbon|tablet\u00a0\u00bb header_3_font_size_tablet=\u00a0\u00bb\u00a0\u00bb header_3_font_size_phone=\u00a0\u00bb18px\u00a0\u00bb header_3_font_size_last_edited=\u00a0\u00bbon|phone\u00a0\u00bb] Webinaire \u00ab [&hellip;]<\/p>\n","protected":false},"author":18,"featured_media":62679,"comment_status":"closed","ping_status":"closed","template":"","meta":{"_et_pb_use_builder":"on","_et_pb_old_content":"[et_pb_section fb_built=\"1\" fullwidth=\"on\" _builder_version=\"4.4.0\"][et_pb_fullwidth_header title=\"Do Climate Communications Differently\" subhead=\"Webinar Replay\" text_orientation=\"center\" background_overlay_color=\"rgba(25,19,19,0.42)\" _builder_version=\"4.4.0\" title_font=\"|||on|||||\" title_font_size=\"68px\" title_line_height=\"1.1em\" content_font=\"||||||||\" content_font_size=\"23px\" content_line_height=\"2.2em\" subhead_font=\"|||on|||||\" subhead_font_size=\"40px\" subhead_line_height=\"1.2em\" background_color=\"#00646C\" background_image=\"https:\/\/icleicanada.org\/wp-content\/uploads\/2025\/04\/CC-Webinar-Feature.png\" parallax=\"on\" title_font_size_tablet=\"48px\" title_font_size_phone=\"28px\" title_font_size_last_edited=\"on|phone\" subhead_font_size_tablet=\"30px\" subhead_font_size_phone=\"\" subhead_font_size_last_edited=\"on|desktop\"][\/et_pb_fullwidth_header][\/et_pb_section][et_pb_section fb_built=\"1\" _builder_version=\"4.4.0\"][et_pb_row _builder_version=\"4.4.0\"][et_pb_column type=\"4_4\" _builder_version=\"4.4.0\"][et_pb_text _builder_version=\"4.4.0\" text_font=\"||||||||\" text_line_height=\"1.8em\" header_line_height=\"1.4em\" header_2_line_height=\"1.4em\" header_3_font=\"|600|||||||\" header_3_line_height=\"1.4em\" header_4_font=\"|600|||||||\" header_4_line_height=\"1.4em\" header_font_size_tablet=\"\" header_font_size_phone=\"26px\" header_font_size_last_edited=\"on|tablet\" header_3_font_size_tablet=\"\" header_3_font_size_phone=\"18px\" header_3_font_size_last_edited=\"on|phone\"]<h1>\u201cDo Climate Communications Differently\u201d Webinar<\/h1>\r\n<h4>Wednesday April 16, 2025 | 2:00 to 3:00 pm ET | Online<\/h4>\r\n<p>The way we talk about climate action matters\u2014especially if we want to motivate people with different backgrounds, values, and priorities to get involved. Watch this webinar replay from April 16, 2025 to learn how to move away from traditional climate communications, use research findings to frame climate messages, incorporate insights and behavioural strategies in the roll-out of climate initiatives, and see how abstract concepts and data can be transformed into relatable narratives.<\/p>[\/et_pb_text][\/et_pb_column][\/et_pb_row][et_pb_row _builder_version=\"4.4.0\" background_color=\"#C9E9EB\" custom_padding=\"40px|40px|40px|40px|false|false\" max_width__hover_enabled=\"on|desktop\"][et_pb_column type=\"4_4\" _builder_version=\"4.4.0\"][et_pb_video src=\"https:\/\/youtu.be\/md2ZlopVDqk\" _builder_version=\"4.4.0\"][\/et_pb_video][\/et_pb_column][\/et_pb_row][et_pb_row column_structure=\"1_3,2_3\" _builder_version=\"4.4.0\"][et_pb_column type=\"1_3\" _builder_version=\"4.4.0\"][et_pb_image src=\"https:\/\/icleicanada.org\/wp-content\/uploads\/2025\/04\/CC-Webinar-Replay-Feature.png\" url=\"https:\/\/youtu.be\/md2ZlopVDqk?si=Wx2yDIxCVDru5Dm4\" _builder_version=\"4.4.0\"][\/et_pb_image][\/et_pb_column][et_pb_column type=\"2_3\" _builder_version=\"4.4.0\"][et_pb_text _builder_version=\"4.4.0\" header_line_height=\"1.4em\"]<h3>Replay and Presentation<\/h3>[\/et_pb_text][et_pb_text _builder_version=\"4.4.0\"]<ul>\r\n<li><span style=\"font-weight: 400;\">Welcome and introductions (<\/span><a href=\"https:\/\/www.youtube.com\/watch?v=md2ZlopVDqk&t=85s\"><span style=\"font-weight: 400;\">0:01:25<\/span><\/a><span style=\"font-weight: 400;\">)<\/span><\/li>\r\n<li><span style=\"font-weight: 400;\">Why local practitioners and community leaders must move away from traditional climate communications (<\/span><a href=\"https:\/\/www.youtube.com\/watch?v=md2ZlopVDqk&t=312s\"><span style=\"font-weight: 400;\">0:05:12<\/span><\/a><span style=\"font-weight: 400;\">)<\/span><\/li>\r\n<li><span style=\"font-weight: 400;\">How to use research findings from Re:Climate to frame climate messages\u00a0 (<\/span><a href=\"https:\/\/www.youtube.com\/watch?v=md2ZlopVDqk&t=821s\"><span style=\"font-weight: 400;\">0:13:41<\/span><\/a><span style=\"font-weight: 400;\">)<\/span><\/li>\r\n<li><span style=\"font-weight: 400;\">How to use ICLEI Canada\u2019s Climate Communications Toolkit to incorporate insights and behavioural strategies in the roll-out of climate initiatives (<\/span><a href=\"https:\/\/www.youtube.com\/watch?v=md2ZlopVDqk&t=2122s\"><span style=\"font-weight: 400;\">0:35:22<\/span><\/a><span style=\"font-weight: 400;\">)<\/span><\/li>\r\n<li><span style=\"font-weight: 400;\">Examples of how abstract concepts can be transformed into relatable narratives\u00a0 (<\/span><a href=\"https:\/\/www.youtube.com\/watch?v=md2ZlopVDqk&t=2643s\"><span style=\"font-weight: 400;\">0:44:03<\/span><\/a><span style=\"font-weight: 400;\">)<\/span><\/li>\r\n<li><span style=\"font-weight: 400;\">Questions and closing remarks (<\/span><a href=\"https:\/\/www.youtube.com\/watch?v=md2ZlopVDqk&t=3383s\"><span style=\"font-weight: 400;\">0:56:23<\/span><\/a><span style=\"font-weight: 400;\">)<\/span><\/li>\r\n<\/ul>[\/et_pb_text][et_pb_button button_url=\"https:\/\/youtu.be\/md2ZlopVDqk?si=Wx2yDIxCVDru5Dm4\" url_new_window=\"on\" button_text=\"Watch the replay\" button_alignment=\"left\" _builder_version=\"4.4.0\" button_icon=\"%%330%%\" button_icon_color=\"#ffffff\" button_on_hover=\"off\"][\/et_pb_button][et_pb_button button_url=\"https:\/\/icleicanada.org\/wp-content\/uploads\/2025\/04\/ICLEI-Canada-Webinar-Slides-2025-04-16.pdf\" url_new_window=\"on\" button_text=\"Download the ICLEI slides\" _builder_version=\"4.4.0\"][\/et_pb_button][\/et_pb_column][\/et_pb_row][et_pb_row column_structure=\"1_3,2_3\" _builder_version=\"4.4.0\"][et_pb_column type=\"1_3\" _builder_version=\"4.4.0\"][et_pb_image src=\"https:\/\/icleicanada.org\/wp-content\/uploads\/2025\/01\/Toolkit-no-bg.png\" _builder_version=\"4.4.0\"][\/et_pb_image][\/et_pb_column][et_pb_column type=\"2_3\" _builder_version=\"4.4.0\"][et_pb_cta title=\"Climate Communications Toolkit\" button_url=\"@ET-DC@eyJkeW5hbWljIjp0cnVlLCJjb250ZW50IjoicG9zdF9saW5rX3VybF9wcm9qZWN0Iiwic2V0dGluZ3MiOnsicG9zdF9pZCI6IjYxNDI3In19@\" url_new_window=\"on\" button_text=\"GO TO THE TOOLKIT\" admin_label=\"Feature 01\" module_id=\"Caledon\" _builder_version=\"4.4.0\" _dynamic_attributes=\"button_url\" header_level=\"h3\" header_line_height=\"1.4em\" use_background_color=\"off\" button_icon=\"%%147%%\" button_on_hover=\"off\" text_orientation=\"left\" background_layout=\"light\" module_alignment=\"center\" custom_margin=\"||||false|false\" custom_padding=\"||||false|false\" animation_direction=\"bottom\" link_option_url_new_window=\"on\" header_font_size_tablet=\"\" header_font_size_phone=\"\" header_font_size_last_edited=\"on|phone\" button_text_color_hover=\"#6eba01\" button_border_color_hover=\"#6eba01\" button_border_radius_hover=\"0\" button_letter_spacing_hover=\"2\" button_bg_color_hover=\"rgba(0,0,0,0)\" saved_tabs=\"all\" locked=\"off\" button_text_size__hover_enabled=\"off\" button_one_text_size__hover_enabled=\"off\" button_two_text_size__hover_enabled=\"off\" button_text_color__hover_enabled=\"on|hover\" button_text_color__hover=\"#464d77\" button_one_text_color__hover_enabled=\"off\" button_two_text_color__hover_enabled=\"off\" button_border_width__hover_enabled=\"off\" button_one_border_width__hover_enabled=\"off\" button_two_border_width__hover_enabled=\"off\" button_border_color__hover_enabled=\"on\" button_border_color__hover=\"#464D77\" button_one_border_color__hover_enabled=\"off\" button_two_border_color__hover_enabled=\"off\" button_border_radius__hover_enabled=\"on\" button_border_radius__hover=\"0\" button_one_border_radius__hover_enabled=\"off\" button_two_border_radius__hover_enabled=\"off\" button_letter_spacing__hover_enabled=\"on\" button_letter_spacing__hover=\"2\" button_one_letter_spacing__hover_enabled=\"off\" button_two_letter_spacing__hover_enabled=\"off\" button_bg_color__hover_enabled=\"on\" button_bg_color__hover=\"rgba(0,0,0,0)\" button_one_bg_color__hover_enabled=\"off\" button_two_bg_color__hover_enabled=\"off\"]<p>This webinar was designed to help Canadian practitioners and community leaders use communications to support the implementation of local climate action as part of ICLEI Canada's Climate Communications Toolkit. The Climate Communications Toolkit provides practical strategies, resources, and training opportunities needed to incorporate behavioural insights into climate communications and drive action.<\/p>[\/et_pb_cta][\/et_pb_column][\/et_pb_row][\/et_pb_section][et_pb_section fb_built=\"1\" admin_label=\"FAQ\" _builder_version=\"4.4.0\" background_color=\"#00646c\" custom_padding=\"||||false|false\"][et_pb_row _builder_version=\"4.4.0\" custom_margin=\"||||false|false\" custom_padding=\"||||false|false\"][et_pb_column type=\"4_4\" _builder_version=\"4.4.0\"][et_pb_text _builder_version=\"4.4.0\" header_font_size=\"34px\" header_line_height=\"1.4em\" text_orientation=\"center\" background_layout=\"dark\"]<h1>Discover similar resources<\/h1>[\/et_pb_text][\/et_pb_column][\/et_pb_row][et_pb_row column_structure=\"1_3,1_3,1_3\" use_custom_gutter=\"on\" make_equal=\"on\" _builder_version=\"4.4.0\" width=\"90%\" max_width=\"1518px\"][et_pb_column type=\"1_3\" _builder_version=\"4.4.0\"][et_pb_blurb url=\"https:\/\/icleicanada.org\/tools-and-resources\/\" use_icon=\"on\" font_icon=\"%%230%%\" icon_color=\"#ffffff\" use_icon_font_size=\"on\" icon_font_size=\"104px\" _builder_version=\"4.4.0\" body_text_color=\"#00646c\" background_layout=\"dark\" link_option_url=\"https:\/\/icleicanada.org\/tools-and-resources\/\"]<h3 style=\"text-align: center;\">Tools and resources<\/h3>[\/et_pb_blurb][\/et_pb_column][et_pb_column type=\"1_3\" _builder_version=\"4.4.0\"][et_pb_blurb url=\"https:\/\/icleicanada.org\/training-and-workshops\/\" use_icon=\"on\" font_icon=\"%%157%%\" icon_color=\"#ffffff\" use_icon_font_size=\"on\" icon_font_size=\"104px\" _builder_version=\"4.4.0\" body_text_color=\"#00646c\" background_layout=\"dark\" link_option_url=\"https:\/\/icleicanada.org\/training-and-workshops\/\"]<h3 style=\"text-align: center;\">Training and workshops<\/h3>[\/et_pb_blurb][\/et_pb_column][et_pb_column type=\"1_3\" _builder_version=\"4.4.0\"][et_pb_blurb url=\"https:\/\/icleicanada.org\/climate-communications\/\" use_icon=\"on\" font_icon=\"%%86%%\" icon_color=\"#ffffff\" use_icon_font_size=\"on\" icon_font_size=\"104px\" _builder_version=\"4.4.0\" body_text_color=\"#00646c\" background_layout=\"dark\" link_option_url=\"https:\/\/icleicanada.org\/climate-communications\/\"]<h3 style=\"text-align: center;\">Climate communications<\/h3>[\/et_pb_blurb][\/et_pb_column][\/et_pb_row][\/et_pb_section][et_pb_section fb_built=\"1\" admin_label=\"Footer\" _builder_version=\"4.4.0\" background_image=\"https:\/\/icleicanada.org\/wp-content\/uploads\/2022\/10\/Richmond-Office-scaled.jpeg\" parallax=\"on\" custom_padding=\"86px||90px||false|false\" global_module=\"57000\" saved_tabs=\"all\"][et_pb_row column_structure=\"1_3,2_3\" use_custom_gutter=\"on\" make_equal=\"on\" _builder_version=\"4.4.0\" background_size=\"initial\" background_position=\"top_left\" background_repeat=\"repeat\" custom_padding=\"|||\"][et_pb_column type=\"1_3\" _builder_version=\"3.25\" background_color=\"#ffffff\" background_position=\"top_left\" custom_padding=\"50px|40px|50px|40px\" custom_padding__hover=\"|||\"][et_pb_text _builder_version=\"4.4.0\"]<h2>Reach us<\/h2>[\/et_pb_text][et_pb_blurb use_icon=\"on\" font_icon=\"%%238%%\" icon_placement=\"left\" use_icon_font_size=\"on\" icon_font_size=\"28px\" icon_font_size_last_edited=\"off|desktop\" admin_label=\"Email\" _builder_version=\"4.4.0\" body_font=\"||||||||\" custom_margin=\"|||\" animation_direction=\"bottom\"]<p>iclei-canada@iclei.org<\/p>[\/et_pb_blurb][et_pb_blurb use_icon=\"on\" font_icon=\"%%249%%\" icon_placement=\"left\" use_icon_font_size=\"on\" icon_font_size=\"28px\" icon_font_size_last_edited=\"off|desktop\" admin_label=\"Address\" _builder_version=\"4.4.0\" header_font=\"||||||||\" header_font_size=\"20px\" body_font=\"||||||||\" custom_margin=\"|||\" animation_direction=\"bottom\"]<p>Suite 204<br \/> 401 Richmond St. W<br \/> Toronto, ON<br \/> M5V 3A8<\/p>[\/et_pb_blurb][et_pb_social_media_follow admin_label=\"Facebook\" _builder_version=\"4.4.0\" text_orientation=\"left\" custom_margin=\"|||\" border_radii=\"on|100%|100%|100%|100%\" link_shape=\"circle\"][et_pb_social_media_follow_network social_network=\"linkedin\" url=\"https:\/\/www.linkedin.com\/company\/iclei-canada\/\" _builder_version=\"4.4.0\" background_color=\"#00646C\" background_enable_color=\"on\" custom_margin=\"||||false|false\" bg_color=\"#007bb6\" link_shape=\"circle\" follow_button=\"off\" url_new_window=\"on\"]linkedin[\/et_pb_social_media_follow_network][et_pb_social_media_follow_network social_network=\"youtube\" url=\"https:\/\/www.youtube.com\/@iclei_canada\" _builder_version=\"4.4.0\" background_color=\"#00646C\" background_enable_color=\"on\" link_shape=\"circle\" follow_button=\"off\" url_new_window=\"on\"]youtube[\/et_pb_social_media_follow_network][\/et_pb_social_media_follow][et_pb_text _builder_version=\"4.4.0\"]<p>We respectfully acknowledge that ICLEI Canada\u2019s work happens across Turtle Island which has traditionally been and is home to many diverse First Nations, Inuit, and M\u00e9tis peoples since time immemorial.<\/p>[\/et_pb_text][et_pb_social_media_follow _builder_version=\"3.0.87\"][\/et_pb_social_media_follow][\/et_pb_column][et_pb_column type=\"2_3\" _builder_version=\"3.25\" background_color=\"#ffffff\" background_position=\"top_left\" custom_padding=\"50px|40px|50px|40px\" custom_padding__hover=\"|||\"][et_pb_contact_form use_spam_service=\"on\" recaptcha_list=\"Default|Default-0\" recaptcha_min_score=\"0.9\" email=\"iclei-canada@iclei.org\" title=\"Send us a message\" success_message=\"Thank you! Your message has been sent. Please note that we are currently experiencing technical difficulties with our web forms and are receiving messages without a return email address. Please email us directly at iclei-canada@iclei.org if you do not hear back from us within three business days. We value your time and thank you for your patience.\" submit_button_text=\"Send\" module_id=\"et_pb_contact_form_1\" _builder_version=\"4.4.0\" form_field_background_color=\"rgba(255,255,255,0)\" title_font=\"Montserrat|700|||||||\" title_font_size=\"22px\" animation_direction=\"bottom\" border_width_all=\"1px\" border_color_all=\"rgba(0,0,0,0.12)\" border_style_all=\"solid\" use_border_color=\"on\" border_color=\"rgba(0,0,0,0.12)\" form_background_color=\"rgba(255,255,255,0)\" button_text_color_hover=\"#6eba01\" button_bg_color_hover=\"rgba(0,0,0,0)\" button_border_color_hover=\"#6eba01\" button_border_radius_hover=\"0px\" button_letter_spacing_hover=\"2px\"][et_pb_contact_field field_id=\"Name\" field_title=\"Name\" fullwidth_field=\"on\" _builder_version=\"3.16\" button_text_size__hover_enabled=\"off\" button_one_text_size__hover_enabled=\"off\" button_two_text_size__hover_enabled=\"off\" button_text_color__hover_enabled=\"off\" button_one_text_color__hover_enabled=\"off\" button_two_text_color__hover_enabled=\"off\" button_border_width__hover_enabled=\"off\" button_one_border_width__hover_enabled=\"off\" button_two_border_width__hover_enabled=\"off\" button_border_color__hover_enabled=\"off\" button_one_border_color__hover_enabled=\"off\" button_two_border_color__hover_enabled=\"off\" button_border_radius__hover_enabled=\"off\" button_one_border_radius__hover_enabled=\"off\" button_two_border_radius__hover_enabled=\"off\" button_letter_spacing__hover_enabled=\"off\" button_one_letter_spacing__hover_enabled=\"off\" button_two_letter_spacing__hover_enabled=\"off\" button_bg_color__hover_enabled=\"off\" button_one_bg_color__hover_enabled=\"off\" button_two_bg_color__hover_enabled=\"off\"][\/et_pb_contact_field][et_pb_contact_field field_id=\"Email\" field_title=\"Email Address\" field_type=\"email\" fullwidth_field=\"on\" _builder_version=\"3.16\" button_text_size__hover_enabled=\"off\" button_one_text_size__hover_enabled=\"off\" button_two_text_size__hover_enabled=\"off\" button_text_color__hover_enabled=\"off\" button_one_text_color__hover_enabled=\"off\" button_two_text_color__hover_enabled=\"off\" button_border_width__hover_enabled=\"off\" button_one_border_width__hover_enabled=\"off\" button_two_border_width__hover_enabled=\"off\" button_border_color__hover_enabled=\"off\" button_one_border_color__hover_enabled=\"off\" button_two_border_color__hover_enabled=\"off\" button_border_radius__hover_enabled=\"off\" button_one_border_radius__hover_enabled=\"off\" button_two_border_radius__hover_enabled=\"off\" button_letter_spacing__hover_enabled=\"off\" button_one_letter_spacing__hover_enabled=\"off\" button_two_letter_spacing__hover_enabled=\"off\" button_bg_color__hover_enabled=\"off\" button_one_bg_color__hover_enabled=\"off\" button_two_bg_color__hover_enabled=\"off\"][\/et_pb_contact_field][et_pb_contact_field field_id=\"Message\" field_title=\"Write your message here. To make it easier for us to get back to you, please include your email address in the body of your message or email us directly at iclei-canada@iclei.org. We value your time and thank you for reaching out. \" field_type=\"text\" fullwidth_field=\"on\" _builder_version=\"4.4.0\" button_text_size__hover_enabled=\"off\" button_one_text_size__hover_enabled=\"off\" button_two_text_size__hover_enabled=\"off\" button_text_color__hover_enabled=\"off\" button_one_text_color__hover_enabled=\"off\" button_two_text_color__hover_enabled=\"off\" button_border_width__hover_enabled=\"off\" button_one_border_width__hover_enabled=\"off\" button_two_border_width__hover_enabled=\"off\" button_border_color__hover_enabled=\"off\" button_one_border_color__hover_enabled=\"off\" button_two_border_color__hover_enabled=\"off\" button_border_radius__hover_enabled=\"off\" button_one_border_radius__hover_enabled=\"off\" button_two_border_radius__hover_enabled=\"off\" button_letter_spacing__hover_enabled=\"off\" button_one_letter_spacing__hover_enabled=\"off\" button_two_letter_spacing__hover_enabled=\"off\" button_bg_color__hover_enabled=\"off\" button_one_bg_color__hover_enabled=\"off\" button_two_bg_color__hover_enabled=\"off\"][\/et_pb_contact_field][\/et_pb_contact_form][\/et_pb_column][\/et_pb_row][\/et_pb_section]","_et_gb_content_width":"","footnotes":""},"project_category":[78,76,83,79,84,80,81,71,72],"project_tag":[],"class_list":["post-62670","project","type-project","status-publish","has-post-thumbnail","hentry","project_category-ressources-dadaptation-et-resilience","project_category-communications-sur-le-climat","project_category-evenements","project_category-ressources-denergie-et-emissions","project_category-evenements-passes","project_category-ressources","project_category-nos-services","project_category-outils-et-ressources","project_category-formation-et-ateliers"],"_links":{"self":[{"href":"https:\/\/icleicanada.org\/fr\/wp-json\/wp\/v2\/project\/62670","targetHints":{"allow":["GET"]}}],"collection":[{"href":"https:\/\/icleicanada.org\/fr\/wp-json\/wp\/v2\/project"}],"about":[{"href":"https:\/\/icleicanada.org\/fr\/wp-json\/wp\/v2\/types\/project"}],"author":[{"embeddable":true,"href":"https:\/\/icleicanada.org\/fr\/wp-json\/wp\/v2\/users\/18"}],"replies":[{"embeddable":true,"href":"https:\/\/icleicanada.org\/fr\/wp-json\/wp\/v2\/comments?post=62670"}],"version-history":[{"count":6,"href":"https:\/\/icleicanada.org\/fr\/wp-json\/wp\/v2\/project\/62670\/revisions"}],"predecessor-version":[{"id":62709,"href":"https:\/\/icleicanada.org\/fr\/wp-json\/wp\/v2\/project\/62670\/revisions\/62709"}],"wp:featuredmedia":[{"embeddable":true,"href":"https:\/\/icleicanada.org\/fr\/wp-json\/wp\/v2\/media\/62679"}],"wp:attachment":[{"href":"https:\/\/icleicanada.org\/fr\/wp-json\/wp\/v2\/media?parent=62670"}],"wp:term":[{"taxonomy":"project_category","embeddable":true,"href":"https:\/\/icleicanada.org\/fr\/wp-json\/wp\/v2\/project_category?post=62670"},{"taxonomy":"project_tag","embeddable":true,"href":"https:\/\/icleicanada.org\/fr\/wp-json\/wp\/v2\/project_tag?post=62670"}],"curies":[{"name":"wp","href":"https:\/\/api.w.org\/{rel}","templated":true}]}}