{"id":63101,"date":"2025-06-11T08:30:42","date_gmt":"2025-06-11T12:30:42","guid":{"rendered":"https:\/\/icleicanada.org\/?post_type=project&#038;p=63101\/"},"modified":"2026-04-16T11:28:52","modified_gmt":"2026-04-16T15:28:52","slug":"adaptation-canada-2026","status":"publish","type":"project","link":"https:\/\/icleicanada.org\/fr\/project\/adaptation-canada-2026\/","title":{"rendered":"Adaptation Canada 2026"},"content":{"rendered":"<p>[et_pb_section fb_built=\u00a0\u00bb1&Prime; fullwidth=\u00a0\u00bbon\u00a0\u00bb admin_label=\u00a0\u00bbPage Header\u00a0\u00bb _builder_version=\u00a0\u00bb4.4.0&Prime; background_enable_image=\u00a0\u00bboff\u00a0\u00bb parallax=\u00a0\u00bbon\u00a0\u00bb custom_padding=\u00a0\u00bb0px|0px|0|0px|false|false\u00a0\u00bb hover_transition_duration=\u00a0\u00bb2000ms\u00a0\u00bb hover_transition_delay=\u00a0\u00bb300ms\u00a0\u00bb hover_transition_speed_curve=\u00a0\u00bbease-in-out\u00a0\u00bb][et_pb_fullwidth_header title=\u00a0\u00bbAdaptation Canada 2026&Prime; subhead=\u00a0\u00bbAgir ensemble pour demain\u00a0\u00bb text_orientation=\u00a0\u00bbcenter\u00a0\u00bb background_overlay_color=\u00a0\u00bbrgba(15,15,15,0.55)\u00a0\u00bb header_image_url=\u00a0\u00bbhttps:\/\/icleicanada.org\/wp-content\/uploads\/2025\/06\/AC-2026-Logomark-White.png\u00a0\u00bb admin_label=\u00a0\u00bbHero Section\u00a0\u00bb _builder_version=\u00a0\u00bb4.4.0&Prime; title_font=\u00a0\u00bb|||on|||||\u00a0\u00bb title_font_size=\u00a0\u00bb66px\u00a0\u00bb title_line_height=\u00a0\u00bb1.1em\u00a0\u00bb content_font=\u00a0\u00bbMontserrat||||||||\u00a0\u00bb content_font_size=\u00a0\u00bb22px\u00a0\u00bb content_line_height=\u00a0\u00bb1.8em\u00a0\u00bb subhead_font=\u00a0\u00bb|||on|||||\u00a0\u00bb subhead_font_size=\u00a0\u00bb30px\u00a0\u00bb subhead_line_height=\u00a0\u00bb1.3em\u00a0\u00bb background_image=\u00a0\u00bbhttps:\/\/icleicanada.org\/wp-content\/uploads\/2025\/06\/2025-Web-Banner-WBWP-2.png\u00a0\u00bb parallax=\u00a0\u00bbon\u00a0\u00bb custom_button_one=\u00a0\u00bbon\u00a0\u00bb button_one_text_size=\u00a0\u00bb16px\u00a0\u00bb button_one_bg_color=\u00a0\u00bb#6eba01&Prime; button_one_border_width=\u00a0\u00bb2px\u00a0\u00bb button_one_border_color=\u00a0\u00bb#6eba01&Prime; button_one_font=\u00a0\u00bbMontserrat|||on|\u00a0\u00bb button_one_use_icon=\u00a0\u00bboff\u00a0\u00bb custom_button_two=\u00a0\u00bbon\u00a0\u00bb button_two_text_size=\u00a0\u00bb16px\u00a0\u00bb button_two_border_width=\u00a0\u00bb2px\u00a0\u00bb button_two_border_color=\u00a0\u00bb#ffffff\u00a0\u00bb button_two_font=\u00a0\u00bbMontserrat|||on|\u00a0\u00bb button_two_use_icon=\u00a0\u00bboff\u00a0\u00bb min_height_tablet=\u00a0\u00bb\u00a0\u00bb min_height_phone=\u00a0\u00bb\u00a0\u00bb min_height_last_edited=\u00a0\u00bbon|desktop\u00a0\u00bb link_option_url=\u00a0\u00bbhttps:\/\/adaptationcanada2026.ca\/?lang=fr\u00a0\u00bb link_option_url_new_window=\u00a0\u00bbon\u00a0\u00bb title_font_size_tablet=\u00a0\u00bb50px\u00a0\u00bb title_font_size_phone=\u00a0\u00bb30px\u00a0\u00bb title_font_size_last_edited=\u00a0\u00bbon|desktop\u00a0\u00bb subhead_font_tablet=\u00a0\u00bb\u00a0\u00bb subhead_font_phone=\u00a0\u00bb\u00a0\u00bb subhead_font_last_edited=\u00a0\u00bbon|desktop\u00a0\u00bb subhead_font_size_tablet=\u00a0\u00bb25px\u00a0\u00bb subhead_font_size_phone=\u00a0\u00bb20px\u00a0\u00bb subhead_font_size_last_edited=\u00a0\u00bbon|phone\u00a0\u00bb border_color_all_image=\u00a0\u00bbrgba(0,0,0,0)\u00a0\u00bb button_one_text_color_hover=\u00a0\u00bb#6eba01&Prime; button_two_text_color_hover=\u00a0\u00bb#6eba01&Prime; button_one_border_color_hover=\u00a0\u00bb#ffffff\u00a0\u00bb button_two_border_color_hover=\u00a0\u00bb#ffffff\u00a0\u00bb button_one_border_radius_hover=\u00a0\u00bb0&Prime; button_two_border_radius_hover=\u00a0\u00bb0&Prime; button_one_letter_spacing_hover=\u00a0\u00bb2&Prime; button_two_letter_spacing_hover=\u00a0\u00bb2&Prime; button_one_bg_color_hover=\u00a0\u00bb#ffffff\u00a0\u00bb button_two_bg_color_hover=\u00a0\u00bb#ffffff\u00a0\u00bb button_one_text_size__hover_enabled=\u00a0\u00bboff\u00a0\u00bb button_two_text_size__hover_enabled=\u00a0\u00bboff\u00a0\u00bb button_one_text_color__hover_enabled=\u00a0\u00bbon\u00a0\u00bb button_one_text_color__hover=\u00a0\u00bb#6eba01&Prime; button_two_text_color__hover_enabled=\u00a0\u00bbon\u00a0\u00bb button_two_text_color__hover=\u00a0\u00bb#6eba01&Prime; button_one_border_width__hover_enabled=\u00a0\u00bboff\u00a0\u00bb button_two_border_width__hover_enabled=\u00a0\u00bboff\u00a0\u00bb button_one_border_color__hover_enabled=\u00a0\u00bbon\u00a0\u00bb button_one_border_color__hover=\u00a0\u00bb#ffffff\u00a0\u00bb button_two_border_color__hover_enabled=\u00a0\u00bbon\u00a0\u00bb button_two_border_color__hover=\u00a0\u00bb#ffffff\u00a0\u00bb button_one_border_radius__hover_enabled=\u00a0\u00bbon\u00a0\u00bb button_one_border_radius__hover=\u00a0\u00bb0&Prime; button_two_border_radius__hover_enabled=\u00a0\u00bbon\u00a0\u00bb button_two_border_radius__hover=\u00a0\u00bb0&Prime; button_one_letter_spacing__hover_enabled=\u00a0\u00bbon\u00a0\u00bb button_one_letter_spacing__hover=\u00a0\u00bb2&Prime; button_two_letter_spacing__hover_enabled=\u00a0\u00bbon\u00a0\u00bb button_two_letter_spacing__hover=\u00a0\u00bb2&Prime; button_one_bg_color__hover_enabled=\u00a0\u00bbon\u00a0\u00bb button_one_bg_color__hover=\u00a0\u00bb#ffffff\u00a0\u00bb button_two_bg_color__hover_enabled=\u00a0\u00bbon\u00a0\u00bb button_two_bg_color__hover=\u00a0\u00bb#ffffff\u00a0\u00bb][\/et_pb_fullwidth_header][\/et_pb_section][et_pb_section fb_built=\u00a0\u00bb1&Prime; disabled_on=\u00a0\u00bbon|on|on\u00a0\u00bb _builder_version=\u00a0\u00bb4.4.0&Prime; background_color=\u00a0\u00bb#ffe144&Prime; custom_padding=\u00a0\u00bb0px||0px||false|false\u00a0\u00bb disabled=\u00a0\u00bbon\u00a0\u00bb][et_pb_row _builder_version=\u00a0\u00bb4.4.0&Prime; custom_padding=\u00a0\u00bb10px||10px||false|false\u00a0\u00bb][et_pb_column type=\u00a0\u00bb4_4&Prime; _builder_version=\u00a0\u00bb4.4.0&Prime;][\/et_pb_column][\/et_pb_row][\/et_pb_section][et_pb_section fb_built=\u00a0\u00bb1&Prime; _builder_version=\u00a0\u00bb4.4.0&Prime; background_color=\u00a0\u00bb#ffe144&Prime; custom_padding=\u00a0\u00bb20px||20px||false|false\u00a0\u00bb disabled_on=\u00a0\u00bbon|on|on\u00a0\u00bb disabled=\u00a0\u00bbon\u00a0\u00bb][et_pb_row _builder_version=\u00a0\u00bb4.4.0&Prime; custom_padding=\u00a0\u00bb0px||0px||false|false\u00a0\u00bb][et_pb_column type=\u00a0\u00bb4_4&Prime; _builder_version=\u00a0\u00bb4.4.0&Prime;][et_pb_text _builder_version=\u00a0\u00bb4.4.0&Prime; header_3_font=\u00a0\u00bb|600|||on||||\u00a0\u00bb header_3_text_align=\u00a0\u00bbcenter\u00a0\u00bb header_3_line_height=\u00a0\u00bb1.4em\u00a0\u00bb]<\/p>\n<h3><a href=\"https:\/\/adaptationcanada2026.ca\/inscriptions\/?lang=fr\" target=\"_blank\" rel=\"noopener noreferrer\">Inscrivez-vous avant le 15 avril pour \u00e9conomiser 350 $.<\/a><\/h3>\n<p>[\/et_pb_text][\/et_pb_column][\/et_pb_row][\/et_pb_section][et_pb_section fb_built=\u00a0\u00bb1&Prime; _builder_version=\u00a0\u00bb4.4.0&Prime;][et_pb_row _builder_version=\u00a0\u00bb4.4.0&Prime;][et_pb_column type=\u00a0\u00bb4_4&Prime; _builder_version=\u00a0\u00bb4.4.0&Prime;][et_pb_text _builder_version=\u00a0\u00bb4.4.0&Prime; header_line_height=\u00a0\u00bb1.4em\u00a0\u00bb header_3_line_height=\u00a0\u00bb1.4em\u00a0\u00bb]<\/p>\n<h1>Adaptation Canada 2026 : Agir ensemble pour demain<\/h1>\n<h3>Rejoignez-nous \u00e0 Toronto du 22 au 24 septembre 2026.<\/h3>\n<p>La principale conf\u00e9rence nationale du Canada sur l\u2019adaptation aux changements climatiques, qui en est \u00e0 sa troisi\u00e8me \u00e9dition, a une port\u00e9e plus vaste que jamais. Elle r\u00e9unira plus de 1000 participants provenant de divers secteurs et collectivit\u00e9s de l\u2019ensemble du Canada. Gr\u00e2ce \u00e0 des panels, des ateliers, des s\u00e9ances mobiles et des activit\u00e9s de r\u00e9seautage, les d\u00e9l\u00e9gu\u00e9s prendront part aux conversations n\u00e9cessaires pour prendre des mesures significatives. Plus qu\u2019une conf\u00e9rence, Adaptation Canada est une occasion de briser les silos, d\u2019\u00e9tablir des liens constructifs et de contribuer \u00e0 l\u2019\u00e9laboration de solutions \u00e0 long terme pour faire face \u00e0 nos plus grands enjeux climatiques.<\/p>\n<p>[\/et_pb_text][et_pb_button button_url=\u00a0\u00bbhttps:\/\/adaptationcanada2026.ca\/?lang=fr\u00a0\u00bb url_new_window=\u00a0\u00bbon\u00a0\u00bb button_text=\u00a0\u00bbEn savoir plus\u00a0\u00bb _builder_version=\u00a0\u00bb4.4.0&Prime;][\/et_pb_button][\/et_pb_column][\/et_pb_row][et_pb_row column_structure=\u00a0\u00bb3_4,1_4&Prime; _builder_version=\u00a0\u00bb4.4.0&Prime; background_color=\u00a0\u00bb#C9E9EB\u00a0\u00bb custom_margin=\u00a0\u00bb40px||20px||false|false\u00a0\u00bb custom_padding=\u00a0\u00bb40px|40px|40px|40px|false|false\u00a0\u00bb max_width__hover_enabled=\u00a0\u00bbon|desktop\u00a0\u00bb][et_pb_column type=\u00a0\u00bb3_4&Prime; _builder_version=\u00a0\u00bb4.4.0&Prime;][et_pb_cta title=\u00a0\u00bbDevenez partenaire de la plus importante conf\u00e9rence sur l&rsquo;adaptation climatique au Canada\u00a0\u00bb button_url=\u00a0\u00bbhttps:\/\/adaptationcanada2026.ca\/commanditaires\/?lang=fr\u00a0\u00bb url_new_window=\u00a0\u00bbon\u00a0\u00bb button_text=\u00a0\u00bbExplorer les options\u00a0\u00bb admin_label=\u00a0\u00bbFeature 01&Prime; _builder_version=\u00a0\u00bb4.4.0&Prime; header_level=\u00a0\u00bbh1&Prime; header_text_align=\u00a0\u00bbleft\u00a0\u00bb header_line_height=\u00a0\u00bb1.4em\u00a0\u00bb body_font=\u00a0\u00bb||||||||\u00a0\u00bb use_background_color=\u00a0\u00bboff\u00a0\u00bb custom_button=\u00a0\u00bbon\u00a0\u00bb button_text_color=\u00a0\u00bb#ffffff\u00a0\u00bb button_bg_color=\u00a0\u00bb#00646c\u00a0\u00bb button_border_color=\u00a0\u00bb#00646c\u00a0\u00bb button_font=\u00a0\u00bbMontserrat|||on|\u00a0\u00bb button_use_icon=\u00a0\u00bboff\u00a0\u00bb text_orientation=\u00a0\u00bbleft\u00a0\u00bb background_layout=\u00a0\u00bblight\u00a0\u00bb custom_padding=\u00a0\u00bb||||false|false\u00a0\u00bb animation_direction=\u00a0\u00bbbottom\u00a0\u00bb button_text_color_hover=\u00a0\u00bb#6eba01&Prime; button_border_color_hover=\u00a0\u00bb#6eba01&Prime; button_border_radius_hover=\u00a0\u00bb0&Prime; button_letter_spacing_hover=\u00a0\u00bb2&Prime; button_bg_color_hover=\u00a0\u00bbrgba(0,0,0,0)\u00a0\u00bb saved_tabs=\u00a0\u00bball\u00a0\u00bb locked=\u00a0\u00bboff\u00a0\u00bb button_text_size__hover_enabled=\u00a0\u00bboff\u00a0\u00bb button_one_text_size__hover_enabled=\u00a0\u00bboff\u00a0\u00bb button_two_text_size__hover_enabled=\u00a0\u00bboff\u00a0\u00bb button_text_color__hover_enabled=\u00a0\u00bbon\u00a0\u00bb button_text_color__hover=\u00a0\u00bb#00646c\u00a0\u00bb button_one_text_color__hover_enabled=\u00a0\u00bboff\u00a0\u00bb button_two_text_color__hover_enabled=\u00a0\u00bboff\u00a0\u00bb button_border_width__hover_enabled=\u00a0\u00bboff\u00a0\u00bb button_one_border_width__hover_enabled=\u00a0\u00bboff\u00a0\u00bb button_two_border_width__hover_enabled=\u00a0\u00bboff\u00a0\u00bb button_border_color__hover_enabled=\u00a0\u00bbon\u00a0\u00bb button_border_color__hover=\u00a0\u00bb#00646c\u00a0\u00bb button_one_border_color__hover_enabled=\u00a0\u00bboff\u00a0\u00bb button_two_border_color__hover_enabled=\u00a0\u00bboff\u00a0\u00bb button_border_radius__hover_enabled=\u00a0\u00bbon\u00a0\u00bb button_border_radius__hover=\u00a0\u00bb0&Prime; button_one_border_radius__hover_enabled=\u00a0\u00bboff\u00a0\u00bb button_two_border_radius__hover_enabled=\u00a0\u00bboff\u00a0\u00bb button_letter_spacing__hover_enabled=\u00a0\u00bbon\u00a0\u00bb button_letter_spacing__hover=\u00a0\u00bb2&Prime; button_one_letter_spacing__hover_enabled=\u00a0\u00bboff\u00a0\u00bb button_two_letter_spacing__hover_enabled=\u00a0\u00bboff\u00a0\u00bb button_bg_color__hover_enabled=\u00a0\u00bbon|hover\u00a0\u00bb button_bg_color__hover=\u00a0\u00bbrgba(0,0,0,0)\u00a0\u00bb button_one_bg_color__hover_enabled=\u00a0\u00bboff\u00a0\u00bb button_two_bg_color__hover_enabled=\u00a0\u00bboff\u00a0\u00bb]<\/p>\n<p>Votre organisation s&rsquo;est-elle engag\u00e9e \u00e0 prot\u00e9ger les Canadiens et \u00e0 renforcer la r\u00e9silience des collectivit\u00e9s ? Commanditer Adaptation Canada 2026 est une occasion de positionner votre organisation en tant que chef de file dans le fa\u00e7onnement d\u2019un avenir r\u00e9silient au Canada. Vous pouvez vous impliquer en rejoignant le pavillon des exposants, en commanditant la conf\u00e9rence, en organisant un \u00e9v\u00e9nement parall\u00e8le et bien plus encore.<\/p>\n<p>[\/et_pb_cta][\/et_pb_column][et_pb_column type=\u00a0\u00bb1_4&Prime; _builder_version=\u00a0\u00bb4.4.0&Prime;][et_pb_image src=\u00a0\u00bbhttps:\/\/icleicanada.org\/wp-content\/uploads\/2025\/06\/AC2026-Partner.png\u00a0\u00bb url=\u00a0\u00bbhttps:\/\/adaptationcanada2026.ca\/commanditaires\/?lang=fr\u00a0\u00bb url_new_window=\u00a0\u00bbon\u00a0\u00bb _builder_version=\u00a0\u00bb4.4.0&Prime; width_tablet=\u00a0\u00bb\u00a0\u00bb width_phone=\u00a0\u00bb\u00a0\u00bb width_last_edited=\u00a0\u00bbon|phone\u00a0\u00bb custom_margin=\u00a0\u00bb-100px|-120px|||false|false\u00a0\u00bb custom_margin_tablet=\u00a0\u00bb0px|0px|||false|false\u00a0\u00bb custom_margin_phone=\u00a0\u00bb\u00a0\u00bb custom_margin_last_edited=\u00a0\u00bbon|tablet\u00a0\u00bb][\/et_pb_image][\/et_pb_column][\/et_pb_row][\/et_pb_section][et_pb_section fb_built=\u00a0\u00bb1&Prime; admin_label=\u00a0\u00bbSplit Section\u00a0\u00bb _builder_version=\u00a0\u00bb4.4.0&Prime; custom_padding=\u00a0\u00bb0px||0px|\u00a0\u00bb animation_direction=\u00a0\u00bbbottom\u00a0\u00bb][et_pb_row column_structure=\u00a0\u00bb1_2,1_2&Prime; use_custom_gutter=\u00a0\u00bbon\u00a0\u00bb gutter_width=\u00a0\u00bb1&Prime; make_equal=\u00a0\u00bbon\u00a0\u00bb module_class=\u00a0\u00bb et_pb_row_fullwidth\u00a0\u00bb _builder_version=\u00a0\u00bb4.4.0&Prime; background_size=\u00a0\u00bbinitial\u00a0\u00bb background_position=\u00a0\u00bbtop_left\u00a0\u00bb background_repeat=\u00a0\u00bbrepeat\u00a0\u00bb width=\u00a0\u00bb100%\u00a0\u00bb width_tablet=\u00a0\u00bb100%\u00a0\u00bb width_phone=\u00a0\u00bb\u00a0\u00bb width_last_edited=\u00a0\u00bbon|desktop\u00a0\u00bb max_width=\u00a0\u00bb100%\u00a0\u00bb max_width_tablet=\u00a0\u00bb100%\u00a0\u00bb max_width_phone=\u00a0\u00bb\u00a0\u00bb max_width_last_edited=\u00a0\u00bbon|desktop\u00a0\u00bb custom_margin=\u00a0\u00bb||||false|false\u00a0\u00bb custom_padding=\u00a0\u00bb0px||0px||false|false\u00a0\u00bb animation_direction=\u00a0\u00bbright\u00a0\u00bb make_fullwidth=\u00a0\u00bbon\u00a0\u00bb][et_pb_column type=\u00a0\u00bb1_2&Prime; _builder_version=\u00a0\u00bb4.4.0&Prime; background_enable_color=\u00a0\u00bboff\u00a0\u00bb background_enable_image=\u00a0\u00bboff\u00a0\u00bb background_size=\u00a0\u00bbcontain\u00a0\u00bb custom_padding=\u00a0\u00bb||||false|false\u00a0\u00bb custom_padding__hover=\u00a0\u00bb|||\u00a0\u00bb][et_pb_image src=\u00a0\u00bbhttps:\/\/icleicanada.org\/wp-content\/uploads\/2025\/06\/AC2026-Feature-Image-2-Mosaic.png\u00a0\u00bb url=\u00a0\u00bbhttps:\/\/adaptationcanada2026.ca\/?lang=fr\u00a0\u00bb url_new_window=\u00a0\u00bbon\u00a0\u00bb show_bottom_space=\u00a0\u00bboff\u00a0\u00bb align=\u00a0\u00bbcenter\u00a0\u00bb _builder_version=\u00a0\u00bb4.4.0&Prime;][\/et_pb_image][\/et_pb_column][et_pb_column type=\u00a0\u00bb1_2&Prime; _builder_version=\u00a0\u00bb4.4.0&Prime; background_enable_color=\u00a0\u00bboff\u00a0\u00bb background_position=\u00a0\u00bbtop_left\u00a0\u00bb custom_padding=\u00a0\u00bb8%|6%|8%|6%\u00a0\u00bb custom_padding__hover=\u00a0\u00bb|||\u00a0\u00bb][et_pb_cta title=\u00a0\u00bbAgir ensemble est plus important que jamais\u00a0\u00bb url_new_window=\u00a0\u00bbon\u00a0\u00bb admin_label=\u00a0\u00bbFeature 01&Prime; _builder_version=\u00a0\u00bb4.4.0&Prime; header_level=\u00a0\u00bbh1&Prime; header_text_align=\u00a0\u00bbleft\u00a0\u00bb header_line_height=\u00a0\u00bb1.4em\u00a0\u00bb body_font=\u00a0\u00bb||||||||\u00a0\u00bb use_background_color=\u00a0\u00bboff\u00a0\u00bb custom_button=\u00a0\u00bbon\u00a0\u00bb button_text_color=\u00a0\u00bb#ffffff\u00a0\u00bb button_bg_color=\u00a0\u00bb#00646c\u00a0\u00bb button_border_color=\u00a0\u00bb#00646c\u00a0\u00bb button_font=\u00a0\u00bbMontserrat|||on|\u00a0\u00bb button_use_icon=\u00a0\u00bboff\u00a0\u00bb text_orientation=\u00a0\u00bbleft\u00a0\u00bb background_layout=\u00a0\u00bblight\u00a0\u00bb custom_padding=\u00a0\u00bb||||false|false\u00a0\u00bb animation_direction=\u00a0\u00bbbottom\u00a0\u00bb button_text_color_hover=\u00a0\u00bb#6eba01&Prime; button_border_color_hover=\u00a0\u00bb#6eba01&Prime; button_border_radius_hover=\u00a0\u00bb0&Prime; button_letter_spacing_hover=\u00a0\u00bb2&Prime; button_bg_color_hover=\u00a0\u00bbrgba(0,0,0,0)\u00a0\u00bb saved_tabs=\u00a0\u00bball\u00a0\u00bb locked=\u00a0\u00bboff\u00a0\u00bb button_text_size__hover_enabled=\u00a0\u00bboff\u00a0\u00bb button_one_text_size__hover_enabled=\u00a0\u00bboff\u00a0\u00bb button_two_text_size__hover_enabled=\u00a0\u00bboff\u00a0\u00bb button_text_color__hover_enabled=\u00a0\u00bbon\u00a0\u00bb button_text_color__hover=\u00a0\u00bb#00646c\u00a0\u00bb button_one_text_color__hover_enabled=\u00a0\u00bboff\u00a0\u00bb button_two_text_color__hover_enabled=\u00a0\u00bboff\u00a0\u00bb button_border_width__hover_enabled=\u00a0\u00bboff\u00a0\u00bb button_one_border_width__hover_enabled=\u00a0\u00bboff\u00a0\u00bb button_two_border_width__hover_enabled=\u00a0\u00bboff\u00a0\u00bb button_border_color__hover_enabled=\u00a0\u00bbon\u00a0\u00bb button_border_color__hover=\u00a0\u00bb#00646c\u00a0\u00bb button_one_border_color__hover_enabled=\u00a0\u00bboff\u00a0\u00bb button_two_border_color__hover_enabled=\u00a0\u00bboff\u00a0\u00bb button_border_radius__hover_enabled=\u00a0\u00bbon\u00a0\u00bb button_border_radius__hover=\u00a0\u00bb0&Prime; button_one_border_radius__hover_enabled=\u00a0\u00bboff\u00a0\u00bb button_two_border_radius__hover_enabled=\u00a0\u00bboff\u00a0\u00bb button_letter_spacing__hover_enabled=\u00a0\u00bbon\u00a0\u00bb button_letter_spacing__hover=\u00a0\u00bb2&Prime; button_one_letter_spacing__hover_enabled=\u00a0\u00bboff\u00a0\u00bb button_two_letter_spacing__hover_enabled=\u00a0\u00bboff\u00a0\u00bb button_bg_color__hover_enabled=\u00a0\u00bbon|hover\u00a0\u00bb button_bg_color__hover=\u00a0\u00bbrgba(0,0,0,0)\u00a0\u00bb button_one_bg_color__hover_enabled=\u00a0\u00bboff\u00a0\u00bb button_two_bg_color__hover_enabled=\u00a0\u00bboff\u00a0\u00bb]<\/p>\n<p>Partout au Canada, les cons\u00e9quences des changements climatiques s\u2019accentuent. Les membres des collectivit\u00e9s, des diff\u00e9rents secteurs et des organisations proposent des solutions qui renforcent la r\u00e9silience aux \u00e9chelles locale, r\u00e9gionale et nationale. Adaptation Canada 2026 misera sur cet \u00e9lan et proposera une approche pansoci\u00e9tale pour nous guider vers l\u2019avenir. Plus qu\u2019une conf\u00e9rence, Adaptation Canada est une occasion de briser les silos, d\u2019\u00e9tablir des liens constructifs et de contribuer \u00e0 l\u2019\u00e9laboration de solutions \u00e0 long terme pour faire face \u00e0 nos plus grands enjeux climatiques.<\/p>\n<p>[\/et_pb_cta][\/et_pb_column][\/et_pb_row][et_pb_row column_structure=\u00a0\u00bb1_2,1_2&Prime; use_custom_gutter=\u00a0\u00bbon\u00a0\u00bb gutter_width=\u00a0\u00bb1&Prime; make_equal=\u00a0\u00bbon\u00a0\u00bb module_class=\u00a0\u00bb et_pb_row_fullwidth\u00a0\u00bb _builder_version=\u00a0\u00bb4.4.0&Prime; background_size=\u00a0\u00bbinitial\u00a0\u00bb background_position=\u00a0\u00bbtop_left\u00a0\u00bb background_repeat=\u00a0\u00bbrepeat\u00a0\u00bb width=\u00a0\u00bb100%\u00a0\u00bb width_tablet=\u00a0\u00bb100%\u00a0\u00bb width_phone=\u00a0\u00bb\u00a0\u00bb width_last_edited=\u00a0\u00bbon|desktop\u00a0\u00bb max_width=\u00a0\u00bb100%\u00a0\u00bb max_width_tablet=\u00a0\u00bb100%\u00a0\u00bb max_width_phone=\u00a0\u00bb\u00a0\u00bb max_width_last_edited=\u00a0\u00bbon|desktop\u00a0\u00bb custom_margin=\u00a0\u00bb||||false|false\u00a0\u00bb custom_padding=\u00a0\u00bb0px||0px||false|false\u00a0\u00bb animation_direction=\u00a0\u00bbright\u00a0\u00bb make_fullwidth=\u00a0\u00bbon\u00a0\u00bb][et_pb_column type=\u00a0\u00bb1_2&Prime; _builder_version=\u00a0\u00bb4.4.0&Prime; background_enable_color=\u00a0\u00bboff\u00a0\u00bb background_position=\u00a0\u00bbtop_left\u00a0\u00bb custom_padding=\u00a0\u00bb8%|6%|8%|6%\u00a0\u00bb custom_padding__hover=\u00a0\u00bb|||\u00a0\u00bb][et_pb_cta title=\u00a0\u00bbPrenez part aux discussions nationales sur l\u2019adaptation aux changements climatiques \u00a0\u00bb url_new_window=\u00a0\u00bbon\u00a0\u00bb admin_label=\u00a0\u00bbFeature 01&Prime; _builder_version=\u00a0\u00bb4.4.0&Prime; header_level=\u00a0\u00bbh1&Prime; header_text_align=\u00a0\u00bbleft\u00a0\u00bb header_line_height=\u00a0\u00bb1.4em\u00a0\u00bb body_font=\u00a0\u00bb||||||||\u00a0\u00bb use_background_color=\u00a0\u00bboff\u00a0\u00bb custom_button=\u00a0\u00bbon\u00a0\u00bb button_text_color=\u00a0\u00bb#ffffff\u00a0\u00bb button_bg_color=\u00a0\u00bb#00646c\u00a0\u00bb button_border_color=\u00a0\u00bb#00646c\u00a0\u00bb button_font=\u00a0\u00bbMontserrat|||on|\u00a0\u00bb button_use_icon=\u00a0\u00bboff\u00a0\u00bb text_orientation=\u00a0\u00bbleft\u00a0\u00bb background_layout=\u00a0\u00bblight\u00a0\u00bb custom_padding=\u00a0\u00bb||||false|false\u00a0\u00bb animation_direction=\u00a0\u00bbbottom\u00a0\u00bb button_text_color_hover=\u00a0\u00bb#6eba01&Prime; button_border_color_hover=\u00a0\u00bb#6eba01&Prime; button_border_radius_hover=\u00a0\u00bb0&Prime; button_letter_spacing_hover=\u00a0\u00bb2&Prime; button_bg_color_hover=\u00a0\u00bbrgba(0,0,0,0)\u00a0\u00bb saved_tabs=\u00a0\u00bball\u00a0\u00bb locked=\u00a0\u00bboff\u00a0\u00bb button_text_size__hover_enabled=\u00a0\u00bboff\u00a0\u00bb button_one_text_size__hover_enabled=\u00a0\u00bboff\u00a0\u00bb button_two_text_size__hover_enabled=\u00a0\u00bboff\u00a0\u00bb button_text_color__hover_enabled=\u00a0\u00bbon\u00a0\u00bb button_text_color__hover=\u00a0\u00bb#00646c\u00a0\u00bb button_one_text_color__hover_enabled=\u00a0\u00bboff\u00a0\u00bb button_two_text_color__hover_enabled=\u00a0\u00bboff\u00a0\u00bb button_border_width__hover_enabled=\u00a0\u00bboff\u00a0\u00bb button_one_border_width__hover_enabled=\u00a0\u00bboff\u00a0\u00bb button_two_border_width__hover_enabled=\u00a0\u00bboff\u00a0\u00bb button_border_color__hover_enabled=\u00a0\u00bbon\u00a0\u00bb button_border_color__hover=\u00a0\u00bb#00646c\u00a0\u00bb button_one_border_color__hover_enabled=\u00a0\u00bboff\u00a0\u00bb button_two_border_color__hover_enabled=\u00a0\u00bboff\u00a0\u00bb button_border_radius__hover_enabled=\u00a0\u00bbon\u00a0\u00bb button_border_radius__hover=\u00a0\u00bb0&Prime; button_one_border_radius__hover_enabled=\u00a0\u00bboff\u00a0\u00bb button_two_border_radius__hover_enabled=\u00a0\u00bboff\u00a0\u00bb button_letter_spacing__hover_enabled=\u00a0\u00bbon\u00a0\u00bb button_letter_spacing__hover=\u00a0\u00bb2&Prime; button_one_letter_spacing__hover_enabled=\u00a0\u00bboff\u00a0\u00bb button_two_letter_spacing__hover_enabled=\u00a0\u00bboff\u00a0\u00bb button_bg_color__hover_enabled=\u00a0\u00bbon|hover\u00a0\u00bb button_bg_color__hover=\u00a0\u00bbrgba(0,0,0,0)\u00a0\u00bb button_one_bg_color__hover_enabled=\u00a0\u00bboff\u00a0\u00bb button_two_bg_color__hover_enabled=\u00a0\u00bboff\u00a0\u00bb]<\/p>\n<p>Adaptation Canada 2026 aura lieu au Westin Harbour Castle \u00e0 Toronto du 22 au 24 septembre 2026, sur le territoire traditionnel de la bande des Mississaugas de Credit, des Anichinab\u00e9s, des Ojibw\u00e9s, des Haudenosaunee et des Wendat. P\u00f4le d\u2019\u00e9change dynamique r\u00e9unissant les pouvoirs publics, les entreprises et le secteur de l\u2019innovation, Toronto offre une toile de fond id\u00e9ale pour les discussions sur l\u2019adaptation aux changements climatiques, les partenariats public ou priv\u00e9 et l\u2019action collective. Rejoignez-nous pour trois jours de d\u00e9bats approfondis, d\u2019ateliers pratiques, de visites dynamiques de la ville, d\u2019expositions, d\u2019\u00e9v\u00e9nements de r\u00e9seautage, et bien plus encore.<\/p>\n<p>[\/et_pb_cta][\/et_pb_column][et_pb_column type=\u00a0\u00bb1_2&Prime; _builder_version=\u00a0\u00bb4.4.0&Prime; background_enable_color=\u00a0\u00bboff\u00a0\u00bb background_size=\u00a0\u00bbcontain\u00a0\u00bb custom_padding=\u00a0\u00bb|||\u00a0\u00bb custom_padding__hover=\u00a0\u00bb|||\u00a0\u00bb][et_pb_image src=\u00a0\u00bbhttps:\/\/icleicanada.org\/wp-content\/uploads\/2025\/06\/AC2026-Feature-Image-3-Mosaic.png\u00a0\u00bb url=\u00a0\u00bbhttps:\/\/adaptationcanada2026.ca\/?lang=fr\u00a0\u00bb url_new_window=\u00a0\u00bbon\u00a0\u00bb show_bottom_space=\u00a0\u00bboff\u00a0\u00bb align=\u00a0\u00bbcenter\u00a0\u00bb _builder_version=\u00a0\u00bb4.4.0&Prime;][\/et_pb_image][\/et_pb_column][\/et_pb_row][\/et_pb_section][et_pb_section fb_built=\u00a0\u00bb1&Prime; _builder_version=\u00a0\u00bb4.4.0&Prime; background_color=\u00a0\u00bb#C9E9EB\u00a0\u00bb][et_pb_row _builder_version=\u00a0\u00bb4.4.0&Prime;][et_pb_column type=\u00a0\u00bb4_4&Prime; _builder_version=\u00a0\u00bb4.4.0&Prime;][et_pb_cta button_url=\u00a0\u00bb@ET-DC@eyJkeW5hbWljIjp0cnVlLCJjb250ZW50IjoicG9zdF9saW5rX3VybF9wb3N0Iiwic2V0dGluZ3MiOnsicG9zdF9pZCI6IjYzNjk0In19@\u00a0\u00bb url_new_window=\u00a0\u00bbon\u00a0\u00bb button_text=\u00a0\u00bbLire la suite\u00a0\u00bb admin_label=\u00a0\u00bbFeature 01&Prime; _builder_version=\u00a0\u00bb4.4.0&Prime; _dynamic_attributes=\u00a0\u00bbbutton_url\u00a0\u00bb header_level=\u00a0\u00bbh1&Prime; header_text_align=\u00a0\u00bbleft\u00a0\u00bb header_line_height=\u00a0\u00bb1.4em\u00a0\u00bb body_font=\u00a0\u00bb||||||||\u00a0\u00bb use_background_color=\u00a0\u00bboff\u00a0\u00bb custom_button=\u00a0\u00bbon\u00a0\u00bb button_text_color=\u00a0\u00bb#ffffff\u00a0\u00bb button_bg_color=\u00a0\u00bb#00646c\u00a0\u00bb button_border_color=\u00a0\u00bb#00646c\u00a0\u00bb button_font=\u00a0\u00bbMontserrat|||on|\u00a0\u00bb button_use_icon=\u00a0\u00bboff\u00a0\u00bb text_orientation=\u00a0\u00bbleft\u00a0\u00bb background_layout=\u00a0\u00bblight\u00a0\u00bb custom_padding=\u00a0\u00bb||||false|false\u00a0\u00bb animation_direction=\u00a0\u00bbbottom\u00a0\u00bb button_text_color_hover=\u00a0\u00bb#6eba01&Prime; button_border_color_hover=\u00a0\u00bb#6eba01&Prime; button_border_radius_hover=\u00a0\u00bb0&Prime; button_letter_spacing_hover=\u00a0\u00bb2&Prime; button_bg_color_hover=\u00a0\u00bbrgba(0,0,0,0)\u00a0\u00bb saved_tabs=\u00a0\u00bball\u00a0\u00bb locked=\u00a0\u00bboff\u00a0\u00bb button_text_size__hover_enabled=\u00a0\u00bboff\u00a0\u00bb button_one_text_size__hover_enabled=\u00a0\u00bboff\u00a0\u00bb button_two_text_size__hover_enabled=\u00a0\u00bboff\u00a0\u00bb button_text_color__hover_enabled=\u00a0\u00bbon\u00a0\u00bb button_text_color__hover=\u00a0\u00bb#00646c\u00a0\u00bb button_one_text_color__hover_enabled=\u00a0\u00bboff\u00a0\u00bb button_two_text_color__hover_enabled=\u00a0\u00bboff\u00a0\u00bb button_border_width__hover_enabled=\u00a0\u00bboff\u00a0\u00bb button_one_border_width__hover_enabled=\u00a0\u00bboff\u00a0\u00bb button_two_border_width__hover_enabled=\u00a0\u00bboff\u00a0\u00bb button_border_color__hover_enabled=\u00a0\u00bbon\u00a0\u00bb button_border_color__hover=\u00a0\u00bb#00646c\u00a0\u00bb button_one_border_color__hover_enabled=\u00a0\u00bboff\u00a0\u00bb button_two_border_color__hover_enabled=\u00a0\u00bboff\u00a0\u00bb button_border_radius__hover_enabled=\u00a0\u00bbon\u00a0\u00bb button_border_radius__hover=\u00a0\u00bb0&Prime; button_one_border_radius__hover_enabled=\u00a0\u00bboff\u00a0\u00bb button_two_border_radius__hover_enabled=\u00a0\u00bboff\u00a0\u00bb button_letter_spacing__hover_enabled=\u00a0\u00bbon\u00a0\u00bb button_letter_spacing__hover=\u00a0\u00bb2&Prime; button_one_letter_spacing__hover_enabled=\u00a0\u00bboff\u00a0\u00bb button_two_letter_spacing__hover_enabled=\u00a0\u00bboff\u00a0\u00bb button_bg_color__hover_enabled=\u00a0\u00bbon|hover\u00a0\u00bb button_bg_color__hover=\u00a0\u00bbrgba(0,0,0,0)\u00a0\u00bb button_one_bg_color__hover_enabled=\u00a0\u00bboff\u00a0\u00bb button_two_bg_color__hover_enabled=\u00a0\u00bboff\u00a0\u00bb]<\/p>\n<p>\u00ab La Strat\u00e9gie Nationale d\u2019Adaptation du Canada est essentielle pour assurer la r\u00e9silience climatique, nous permettant ainsi de prot\u00e9ger les personnes, la nature, les infrastructures et l\u2019\u00e9conomie contre les effets des changements climatiques. Des conf\u00e9rences comme Adaptation Canada sont essentielles pour faire de cette vision une r\u00e9alit\u00e9. Les conditions m\u00e9t\u00e9orologiques extr\u00eames, notamment les feux de for\u00eat, les inondations et les s\u00e9cheresses, ont des r\u00e9percussions sur nos collectivit\u00e9s, nos moyens de subsistance et notre \u00e9conomie. Travailler ensemble pour am\u00e9liorer notre r\u00e9silience climatique est un moyen rentable et abordable de pr\u00e9server notre avenir. Cela permet d\u2019\u00e9viter des co\u00fbts plus importants \u00e0 long terme, tout en prot\u00e9geant la population canadienne et l\u2019endroit qu\u2019elle consid\u00e8re comme son foyer aujourd\u2019hui. \u00bb<\/p>\n<p><strong>\u2014\u00a0L\u2019honorable Julie Dabrusin<\/strong><br \/> Ministre de l\u2019Environnement et du Changement climatique.<\/p>\n<p>[\/et_pb_cta][\/et_pb_column][\/et_pb_row][\/et_pb_section][et_pb_section fb_built=\u00a0\u00bb1&Prime; _builder_version=\u00a0\u00bb4.4.0&Prime; background_color=\u00a0\u00bb#f4f4f4&Prime; custom_padding=\u00a0\u00bb||80px||false|false\u00a0\u00bb][et_pb_row _builder_version=\u00a0\u00bb4.4.0&Prime; custom_margin=\u00a0\u00bb||||false|false\u00a0\u00bb][et_pb_column type=\u00a0\u00bb4_4&Prime; _builder_version=\u00a0\u00bb4.4.0&Prime;][et_pb_text _builder_version=\u00a0\u00bb4.4.0&Prime; header_font_size=\u00a0\u00bb34px\u00a0\u00bb header_line_height=\u00a0\u00bb1.4em\u00a0\u00bb]<\/p>\n<h1>Groupe conseil<\/h1>\n<p>Adaptation Canada 2026 est rendue possible gr\u00e2ce \u00e0 un r\u00e9seau de partenaires qui m\u00e8ne des travaux d\u2019adaptation aux changements climatiques dans tous les secteurs, \u00e0 toutes les \u00e9chelles et dans toutes les r\u00e9gions.\u00a0La planification d\u2019Adaptation Canada 2026 est entreprise gr\u00e2ce aux efforts de collaboration d\u2019un groupe conseil compos\u00e9 de l\u2019\u00e9quipe du projet ICLEI, des membres du comit\u00e9 de surveillance de l\u2019accord de financement, des partenaires de mise en \u0153uvre et des partenaires consultatifs. Parmi ces partenaires, on peut citer :<\/p>\n<table>\n<tbody>\n<tr>\n<td>\n<ul>\n<li aria-level=\"1\"><a href=\"https:\/\/www.aluutaa.ca\/\" target=\"_blank\" rel=\"noopener noreferrer\"><span>Aluu\u2019taa<\/span><\/a><\/li>\n<li aria-level=\"1\"><a href=\"https:\/\/institutclimatique.ca\/\" target=\"_blank\" rel=\"noopener noreferrer\">L\u2019Institut climatique du Canada<\/a><\/li>\n<li aria-level=\"1\"><a href=\"https:\/\/canurb.org\/\" target=\"_blank\" rel=\"noopener noreferrer\">Canadian Urban Institute<\/a><\/li>\n<li aria-level=\"1\"><a href=\"https:\/\/climatlantic.ca\/fr\/\" target=\"_blank\" rel=\"noopener noreferrer\" style=\"font-family: inherit; font-size: inherit;\">CLIMAtlantic<\/a><\/li>\n<li><a href=\"https:\/\/climateriskinstitute.ca\/\" target=\"_blank\" rel=\"noopener noreferrer\"><span>Climate Risk Institute<\/span><\/a><\/li>\n<\/ul>\n<\/td>\n<td>\n<ul>\n<li aria-level=\"1\"><a href=\"https:\/\/climatewest.ca\/\" target=\"_blank\" rel=\"noopener noreferrer\">Climate West<\/a><span><\/span><\/li>\n<li aria-level=\"1\"><a href=\"https:\/\/www.cooperators.ca\/fr-ca\/personal\" target=\"_blank\" rel=\"noopener noreferrer\">Co-operators<\/a><\/li>\n<li aria-level=\"1\"><a href=\"https:\/\/www.definityfinancial.com\/French\/accueil\/default.aspx\" target=\"_blank\" rel=\"noopener noreferrer\"><span>Definity<\/span><\/a><\/li>\n<li aria-level=\"1\"><a href=\"https:\/\/www.canada.ca\/fr\/environnement-changement-climatique.html\" target=\"_blank\" rel=\"noopener noreferrer\">Environnement et Changement climatique Canada<\/a><\/li>\n<li aria-level=\"1\"><span>Janna Wale<\/span><\/li>\n<\/ul>\n<\/td>\n<td>\n<ul>\n<li aria-level=\"1\"><a href=\"https:\/\/www.marsdd.com\/francais\/\" target=\"_blank\" rel=\"noopener noreferrer\"><span>MaRS Discovery District<\/span><\/a><\/li>\n<li aria-level=\"1\"><a href=\"https:\/\/www.ouranos.ca\/fr\" target=\"_blank\" rel=\"noopener noreferrer\"><span>Ouranos<\/span><\/a><\/li>\n<li aria-level=\"1\"><a href=\"https:\/\/www.pacificclimate.org\/\" target=\"_blank\" rel=\"noopener noreferrer\"><span>Pacific Climate Impacts Consortium (PCIC)<\/span><\/a><\/li>\n<li aria-level=\"1\"><a href=\"https:\/\/www.ualberta.ca\/en\/index.html\" target=\"_blank\" rel=\"noopener noreferrer\">Universit\u00e9 de l&rsquo;Alberta<\/a><\/li>\n<\/ul>\n<\/td>\n<\/tr>\n<\/tbody>\n<\/table>\n<p>Ces partenaires contribuent \u00e0 orienter la vision de la conf\u00e9rence, \u00e0 fa\u00e7onner le programme et \u00e0 faire en sorte que l\u2019\u00e9v\u00e9nement refl\u00e8te l\u2019ampleur et la profondeur du leadership en mati\u00e8re d\u2019adaptation au Canada.<\/p>\n<p>[\/et_pb_text][et_pb_button button_url=\u00a0\u00bbhttps:\/\/adaptationcanada2026.ca\/groupe-conseil\/?lang=fr\u00a0\u00bb url_new_window=\u00a0\u00bbon\u00a0\u00bb button_text=\u00a0\u00bbEn savoir plus\u00a0\u00bb _builder_version=\u00a0\u00bb4.4.0&Prime;][\/et_pb_button][\/et_pb_column][\/et_pb_row][\/et_pb_section][et_pb_section fb_built=\u00a0\u00bb1&Prime; module_id=\u00a0\u00bbresources\u00a0\u00bb _builder_version=\u00a0\u00bb4.4.0&Prime;][et_pb_row _builder_version=\u00a0\u00bb4.4.0&Prime; custom_margin=\u00a0\u00bb||||false|false\u00a0\u00bb custom_padding=\u00a0\u00bb||0px||false|false\u00a0\u00bb][et_pb_column type=\u00a0\u00bb4_4&Prime; _builder_version=\u00a0\u00bb4.4.0&Prime;][et_pb_text _builder_version=\u00a0\u00bb4.4.0&Prime; header_line_height=\u00a0\u00bb1.4em\u00a0\u00bb]<\/p>\n<h1>S\u2019impliquer<\/h1>\n<p>[\/et_pb_text][\/et_pb_column][\/et_pb_row][et_pb_row column_structure=\u00a0\u00bb1_3,2_3&Prime; disabled_on=\u00a0\u00bbon|on|on\u00a0\u00bb _builder_version=\u00a0\u00bb4.4.0&Prime; disabled=\u00a0\u00bbon\u00a0\u00bb][et_pb_column type=\u00a0\u00bb1_3&Prime; _builder_version=\u00a0\u00bb4.4.0&Prime;][et_pb_image src=\u00a0\u00bbhttps:\/\/icleicanada.org\/wp-content\/uploads\/2025\/09\/AC2026-Feature-Image-Call-FR-2-1.png\u00a0\u00bb url=\u00a0\u00bbhttps:\/\/adaptationcanada2026.ca\/appel-a-presentations\/?lang=fr\u00a0\u00bb url_new_window=\u00a0\u00bbon\u00a0\u00bb _builder_version=\u00a0\u00bb4.4.0&Prime; box_shadow_style=\u00a0\u00bbpreset2&Prime; box_shadow_color=\u00a0\u00bbrgba(0,0,0,0.1)\u00a0\u00bb][\/et_pb_image][\/et_pb_column][et_pb_column type=\u00a0\u00bb2_3&Prime; _builder_version=\u00a0\u00bb4.4.0&Prime;][et_pb_cta title=\u00a0\u00bbMenez la conversation\u00a0\u00bb button_url=\u00a0\u00bbhttps:\/\/adaptationcanada2026.ca\/appel-a-presentations\/?lang=fr\u00a0\u00bb url_new_window=\u00a0\u00bbon\u00a0\u00bb button_text=\u00a0\u00bbEN SAVOIR PLUS\u00a0\u00bb admin_label=\u00a0\u00bbFeature 01&Prime; module_id=\u00a0\u00bbCaledon\u00a0\u00bb _builder_version=\u00a0\u00bb4.4.0&Prime; header_level=\u00a0\u00bbh3&Prime; header_line_height=\u00a0\u00bb1.4em\u00a0\u00bb use_background_color=\u00a0\u00bboff\u00a0\u00bb text_orientation=\u00a0\u00bbleft\u00a0\u00bb background_layout=\u00a0\u00bblight\u00a0\u00bb module_alignment=\u00a0\u00bbcenter\u00a0\u00bb custom_margin=\u00a0\u00bb||||false|false\u00a0\u00bb custom_padding=\u00a0\u00bb||||false|false\u00a0\u00bb animation_direction=\u00a0\u00bbbottom\u00a0\u00bb link_option_url_new_window=\u00a0\u00bbon\u00a0\u00bb header_font_size_tablet=\u00a0\u00bb26px\u00a0\u00bb header_font_size_phone=\u00a0\u00bb26px\u00a0\u00bb header_font_size_last_edited=\u00a0\u00bbon|phone\u00a0\u00bb button_text_color_hover=\u00a0\u00bb#6eba01&Prime; button_border_color_hover=\u00a0\u00bb#6eba01&Prime; button_border_radius_hover=\u00a0\u00bb0&Prime; button_letter_spacing_hover=\u00a0\u00bb2&Prime; button_bg_color_hover=\u00a0\u00bbrgba(0,0,0,0)\u00a0\u00bb saved_tabs=\u00a0\u00bball\u00a0\u00bb locked=\u00a0\u00bboff\u00a0\u00bb button_text_size__hover_enabled=\u00a0\u00bboff\u00a0\u00bb button_one_text_size__hover_enabled=\u00a0\u00bboff\u00a0\u00bb button_two_text_size__hover_enabled=\u00a0\u00bboff\u00a0\u00bb button_text_color__hover_enabled=\u00a0\u00bbon|hover\u00a0\u00bb button_text_color__hover=\u00a0\u00bb#464d77&Prime; button_one_text_color__hover_enabled=\u00a0\u00bboff\u00a0\u00bb button_two_text_color__hover_enabled=\u00a0\u00bboff\u00a0\u00bb button_border_width__hover_enabled=\u00a0\u00bboff\u00a0\u00bb button_one_border_width__hover_enabled=\u00a0\u00bboff\u00a0\u00bb button_two_border_width__hover_enabled=\u00a0\u00bboff\u00a0\u00bb button_border_color__hover_enabled=\u00a0\u00bbon\u00a0\u00bb button_border_color__hover=\u00a0\u00bb#464D77&Prime; button_one_border_color__hover_enabled=\u00a0\u00bboff\u00a0\u00bb button_two_border_color__hover_enabled=\u00a0\u00bboff\u00a0\u00bb button_border_radius__hover_enabled=\u00a0\u00bbon\u00a0\u00bb button_border_radius__hover=\u00a0\u00bb0&Prime; button_one_border_radius__hover_enabled=\u00a0\u00bboff\u00a0\u00bb button_two_border_radius__hover_enabled=\u00a0\u00bboff\u00a0\u00bb button_letter_spacing__hover_enabled=\u00a0\u00bbon\u00a0\u00bb button_letter_spacing__hover=\u00a0\u00bb2&Prime; button_one_letter_spacing__hover_enabled=\u00a0\u00bboff\u00a0\u00bb button_two_letter_spacing__hover_enabled=\u00a0\u00bboff\u00a0\u00bb button_bg_color__hover_enabled=\u00a0\u00bbon\u00a0\u00bb button_bg_color__hover=\u00a0\u00bbrgba(0,0,0,0)\u00a0\u00bb button_one_bg_color__hover_enabled=\u00a0\u00bboff\u00a0\u00bb button_two_bg_color__hover_enabled=\u00a0\u00bboff\u00a0\u00bb]<\/p>\n<div class=\"et_pb_module et_pb_text et_pb_text_1  et_pb_text_align_left et_pb_bg_layout_light\">\n<div class=\"et_pb_text_inner\">\n<p>Si vous avez des solutions ou des id\u00e9es sur la r\u00e9silience, faites une demande de participation \u00e0 l\u2019une des quelque 50 s\u00e9ances et plus qui approfondiront les th\u00e8mes de la conf\u00e9rence. Les conf\u00e9renciers b\u00e9n\u00e9ficient d\u2019un tarif d\u2019inscription r\u00e9duit. L&rsquo;appel \u00e0 conf\u00e9renciers a pris fin le 30 novembre 2025.<\/p>\n<\/div>\n<\/div>\n<p>[\/et_pb_cta][\/et_pb_column][\/et_pb_row][et_pb_row column_structure=\u00a0\u00bb1_3,2_3&Prime; _builder_version=\u00a0\u00bb4.4.0&Prime;][et_pb_column type=\u00a0\u00bb1_3&Prime; _builder_version=\u00a0\u00bb4.4.0&Prime;][et_pb_image src=\u00a0\u00bbhttps:\/\/icleicanada.org\/wp-content\/uploads\/2025\/06\/AC2026-Feature-Image-Partners-FR.png\u00a0\u00bb url=\u00a0\u00bbhttps:\/\/adaptationcanada2026.ca\/commanditaires\/?lang=fr\u00a0\u00bb url_new_window=\u00a0\u00bbon\u00a0\u00bb _builder_version=\u00a0\u00bb4.4.0&Prime; box_shadow_style=\u00a0\u00bbpreset2&Prime; box_shadow_color=\u00a0\u00bbrgba(0,0,0,0.1)\u00a0\u00bb][\/et_pb_image][\/et_pb_column][et_pb_column type=\u00a0\u00bb2_3&Prime; _builder_version=\u00a0\u00bb4.4.0&Prime;][et_pb_cta title=\u00a0\u00bbFaites \u00e9quipe avec Adaptation Canada 2026&Prime; button_url=\u00a0\u00bbhttps:\/\/adaptationcanada2026.ca\/commanditaires\/?lang=fr\u00a0\u00bb url_new_window=\u00a0\u00bbon\u00a0\u00bb button_text=\u00a0\u00bbEn savoir plus\u00a0\u00bb admin_label=\u00a0\u00bbFeature 01&Prime; module_id=\u00a0\u00bbCaledon\u00a0\u00bb _builder_version=\u00a0\u00bb4.4.0&Prime; header_level=\u00a0\u00bbh3&Prime; header_line_height=\u00a0\u00bb1.4em\u00a0\u00bb use_background_color=\u00a0\u00bboff\u00a0\u00bb text_orientation=\u00a0\u00bbleft\u00a0\u00bb background_layout=\u00a0\u00bblight\u00a0\u00bb module_alignment=\u00a0\u00bbcenter\u00a0\u00bb custom_margin=\u00a0\u00bb||||false|false\u00a0\u00bb custom_padding=\u00a0\u00bb||||false|false\u00a0\u00bb animation_direction=\u00a0\u00bbbottom\u00a0\u00bb link_option_url_new_window=\u00a0\u00bbon\u00a0\u00bb header_font_size_tablet=\u00a0\u00bb26px\u00a0\u00bb header_font_size_phone=\u00a0\u00bb26px\u00a0\u00bb header_font_size_last_edited=\u00a0\u00bbon|phone\u00a0\u00bb button_text_color_hover=\u00a0\u00bb#6eba01&Prime; button_border_color_hover=\u00a0\u00bb#6eba01&Prime; button_border_radius_hover=\u00a0\u00bb0&Prime; button_letter_spacing_hover=\u00a0\u00bb2&Prime; button_bg_color_hover=\u00a0\u00bbrgba(0,0,0,0)\u00a0\u00bb saved_tabs=\u00a0\u00bball\u00a0\u00bb locked=\u00a0\u00bboff\u00a0\u00bb button_text_size__hover_enabled=\u00a0\u00bboff\u00a0\u00bb button_one_text_size__hover_enabled=\u00a0\u00bboff\u00a0\u00bb button_two_text_size__hover_enabled=\u00a0\u00bboff\u00a0\u00bb button_text_color__hover_enabled=\u00a0\u00bbon|hover\u00a0\u00bb button_text_color__hover=\u00a0\u00bb#464d77&Prime; button_one_text_color__hover_enabled=\u00a0\u00bboff\u00a0\u00bb button_two_text_color__hover_enabled=\u00a0\u00bboff\u00a0\u00bb button_border_width__hover_enabled=\u00a0\u00bboff\u00a0\u00bb button_one_border_width__hover_enabled=\u00a0\u00bboff\u00a0\u00bb button_two_border_width__hover_enabled=\u00a0\u00bboff\u00a0\u00bb button_border_color__hover_enabled=\u00a0\u00bbon\u00a0\u00bb button_border_color__hover=\u00a0\u00bb#464D77&Prime; button_one_border_color__hover_enabled=\u00a0\u00bboff\u00a0\u00bb button_two_border_color__hover_enabled=\u00a0\u00bboff\u00a0\u00bb button_border_radius__hover_enabled=\u00a0\u00bbon\u00a0\u00bb button_border_radius__hover=\u00a0\u00bb0&Prime; button_one_border_radius__hover_enabled=\u00a0\u00bboff\u00a0\u00bb button_two_border_radius__hover_enabled=\u00a0\u00bboff\u00a0\u00bb button_letter_spacing__hover_enabled=\u00a0\u00bbon\u00a0\u00bb button_letter_spacing__hover=\u00a0\u00bb2&Prime; button_one_letter_spacing__hover_enabled=\u00a0\u00bboff\u00a0\u00bb button_two_letter_spacing__hover_enabled=\u00a0\u00bboff\u00a0\u00bb button_bg_color__hover_enabled=\u00a0\u00bbon\u00a0\u00bb button_bg_color__hover=\u00a0\u00bbrgba(0,0,0,0)\u00a0\u00bb button_one_bg_color__hover_enabled=\u00a0\u00bboff\u00a0\u00bb button_two_bg_color__hover_enabled=\u00a0\u00bboff\u00a0\u00bb]<\/p>\n<div class=\"et_pb_module et_pb_text et_pb_text_1  et_pb_text_align_left et_pb_bg_layout_light\">\n<div class=\"et_pb_text_inner\">\n<p>Votre organisation s\u2019engage-t-elle \u00e0 assurer la s\u00e9curit\u00e9 des Canadiens et \u00e0 renforcer la r\u00e9silience des collectivit\u00e9s? Associez-vous \u00e0 la principale conf\u00e9rence nationale sur l\u2019adaptation au Canada et contribuez \u00e0 fa\u00e7onner un avenir plus s\u00fbr et mieux pr\u00e9par\u00e9 pour tous. Les partenaires offrent plus qu\u2019un soutien financier \u2013 ils orientent les conversations cruciales sur l\u2019adaptation et ouvrent la voie vers un avenir meilleur et plus r\u00e9silient. T\u00e9l\u00e9chargez la brochure de commandite d\u2019Adaptation Canada pour savoir comment vous pouvez vous associer \u00e0 la principale conf\u00e9rence canadienne sur l\u2019adaptation aux changements climatiques.<\/p>\n<\/div>\n<\/div>\n<p>[\/et_pb_cta][\/et_pb_column][\/et_pb_row][et_pb_row column_structure=\u00a0\u00bb1_3,2_3&Prime; _builder_version=\u00a0\u00bb4.4.0&Prime;][et_pb_column type=\u00a0\u00bb1_3&Prime; _builder_version=\u00a0\u00bb4.4.0&Prime;][et_pb_image src=\u00a0\u00bbhttps:\/\/icleicanada.org\/wp-content\/uploads\/2025\/06\/AC2026-Feature-Image-1.png\u00a0\u00bb url=\u00a0\u00bbhttps:\/\/adaptationcanada2026.ca\/inscriptions\/?lang=fr\u00a0\u00bb url_new_window=\u00a0\u00bbon\u00a0\u00bb _builder_version=\u00a0\u00bb4.4.0&Prime; box_shadow_style=\u00a0\u00bbpreset2&Prime; box_shadow_color=\u00a0\u00bbrgba(0,0,0,0.1)\u00a0\u00bb][\/et_pb_image][\/et_pb_column][et_pb_column type=\u00a0\u00bb2_3&Prime; _builder_version=\u00a0\u00bb4.4.0&Prime;][et_pb_cta title=\u00a0\u00bbS\u2019inscrire d\u00e8s aujourd\u2019hui\u00a0\u00bb button_url=\u00a0\u00bbhttps:\/\/adaptationcanada2026.ca\/inscriptions\/?lang=fr\u00a0\u00bb url_new_window=\u00a0\u00bbon\u00a0\u00bb button_text=\u00a0\u00bbS\u2019INSCRIRE\u00a0\u00bb admin_label=\u00a0\u00bbFeature 01&Prime; module_id=\u00a0\u00bbCaledon\u00a0\u00bb _builder_version=\u00a0\u00bb4.4.0&Prime; header_level=\u00a0\u00bbh3&Prime; header_line_height=\u00a0\u00bb1.4em\u00a0\u00bb use_background_color=\u00a0\u00bboff\u00a0\u00bb text_orientation=\u00a0\u00bbleft\u00a0\u00bb background_layout=\u00a0\u00bblight\u00a0\u00bb module_alignment=\u00a0\u00bbcenter\u00a0\u00bb custom_margin=\u00a0\u00bb||||false|false\u00a0\u00bb custom_padding=\u00a0\u00bb||||false|false\u00a0\u00bb animation_direction=\u00a0\u00bbbottom\u00a0\u00bb link_option_url_new_window=\u00a0\u00bbon\u00a0\u00bb header_font_size_tablet=\u00a0\u00bb26px\u00a0\u00bb header_font_size_phone=\u00a0\u00bb26px\u00a0\u00bb header_font_size_last_edited=\u00a0\u00bbon|phone\u00a0\u00bb button_text_color_hover=\u00a0\u00bb#6eba01&Prime; button_border_color_hover=\u00a0\u00bb#6eba01&Prime; button_border_radius_hover=\u00a0\u00bb0&Prime; button_letter_spacing_hover=\u00a0\u00bb2&Prime; button_bg_color_hover=\u00a0\u00bbrgba(0,0,0,0)\u00a0\u00bb saved_tabs=\u00a0\u00bball\u00a0\u00bb locked=\u00a0\u00bboff\u00a0\u00bb button_text_size__hover_enabled=\u00a0\u00bboff\u00a0\u00bb button_one_text_size__hover_enabled=\u00a0\u00bboff\u00a0\u00bb button_two_text_size__hover_enabled=\u00a0\u00bboff\u00a0\u00bb button_text_color__hover_enabled=\u00a0\u00bbon|hover\u00a0\u00bb button_text_color__hover=\u00a0\u00bb#464d77&Prime; button_one_text_color__hover_enabled=\u00a0\u00bboff\u00a0\u00bb button_two_text_color__hover_enabled=\u00a0\u00bboff\u00a0\u00bb button_border_width__hover_enabled=\u00a0\u00bboff\u00a0\u00bb button_one_border_width__hover_enabled=\u00a0\u00bboff\u00a0\u00bb button_two_border_width__hover_enabled=\u00a0\u00bboff\u00a0\u00bb button_border_color__hover_enabled=\u00a0\u00bbon\u00a0\u00bb button_border_color__hover=\u00a0\u00bb#464D77&Prime; button_one_border_color__hover_enabled=\u00a0\u00bboff\u00a0\u00bb button_two_border_color__hover_enabled=\u00a0\u00bboff\u00a0\u00bb button_border_radius__hover_enabled=\u00a0\u00bbon\u00a0\u00bb button_border_radius__hover=\u00a0\u00bb0&Prime; button_one_border_radius__hover_enabled=\u00a0\u00bboff\u00a0\u00bb button_two_border_radius__hover_enabled=\u00a0\u00bboff\u00a0\u00bb button_letter_spacing__hover_enabled=\u00a0\u00bbon\u00a0\u00bb button_letter_spacing__hover=\u00a0\u00bb2&Prime; button_one_letter_spacing__hover_enabled=\u00a0\u00bboff\u00a0\u00bb button_two_letter_spacing__hover_enabled=\u00a0\u00bboff\u00a0\u00bb button_bg_color__hover_enabled=\u00a0\u00bbon\u00a0\u00bb button_bg_color__hover=\u00a0\u00bbrgba(0,0,0,0)\u00a0\u00bb button_one_bg_color__hover_enabled=\u00a0\u00bboff\u00a0\u00bb button_two_bg_color__hover_enabled=\u00a0\u00bboff\u00a0\u00bb]<\/p>\n<div class=\"et_pb_module et_pb_text et_pb_text_1  et_pb_text_align_left et_pb_bg_layout_light\">\n<div class=\"et_pb_text_inner\">\n<p>Acc\u00e8s \u00e0 plus de trois jours de pr\u00e9sentations, d\u2019ateliers et de discussions stimulantes avec plus de 1000 d\u00e9l\u00e9gu\u00e9s de r\u00e9gions, de collectivit\u00e9s et de secteurs diversifi\u00e9s de tout le Canada. Deux r\u00e9ceptions, tous les repas et pauses de la conf\u00e9rence, des visites terrain et des \u00e9v\u00e9nements parall\u00e8les sont \u00e9galement pr\u00e9vus. Les tarifs pr\u00e9f\u00e9rentiels pour les inscriptions anticip\u00e9es sont d\u00e9sormais disponibles.<\/p>\n<\/div>\n<\/div>\n<p>[\/et_pb_cta][\/et_pb_column][\/et_pb_row][et_pb_row column_structure=\u00a0\u00bb1_3,2_3&Prime; _builder_version=\u00a0\u00bb4.4.0&Prime;][et_pb_column type=\u00a0\u00bb1_3&Prime; _builder_version=\u00a0\u00bb4.4.0&Prime;][et_pb_image src=\u00a0\u00bbhttps:\/\/icleicanada.org\/wp-content\/uploads\/2025\/11\/AC2026-Feature-Email-1.png\u00a0\u00bb url=\u00a0\u00bbhttps:\/\/mailchi.mp\/iclei.org\/liste-de-diffusion-adaptation-canada\u00a0\u00bb url_new_window=\u00a0\u00bbon\u00a0\u00bb _builder_version=\u00a0\u00bb4.4.0&Prime; box_shadow_style=\u00a0\u00bbpreset2&Prime; box_shadow_color=\u00a0\u00bbrgba(0,0,0,0.1)\u00a0\u00bb][\/et_pb_image][\/et_pb_column][et_pb_column type=\u00a0\u00bb2_3&Prime; _builder_version=\u00a0\u00bb4.4.0&Prime;][et_pb_cta title=\u00a0\u00bb S&rsquo;abonner \u00e0 la liste de diffusion d&rsquo;Adaptation Canada\u00a0\u00bb button_url=\u00a0\u00bbhttps:\/\/mailchi.mp\/iclei.org\/liste-de-diffusion-adaptation-canada\u00a0\u00bb url_new_window=\u00a0\u00bbon\u00a0\u00bb button_text=\u00a0\u00bbS\u2019abonner\u00a0\u00bb admin_label=\u00a0\u00bbFeature 01&Prime; module_id=\u00a0\u00bbCaledon\u00a0\u00bb _builder_version=\u00a0\u00bb4.4.0&Prime; header_level=\u00a0\u00bbh3&Prime; header_line_height=\u00a0\u00bb1.4em\u00a0\u00bb use_background_color=\u00a0\u00bboff\u00a0\u00bb text_orientation=\u00a0\u00bbleft\u00a0\u00bb background_layout=\u00a0\u00bblight\u00a0\u00bb module_alignment=\u00a0\u00bbcenter\u00a0\u00bb custom_margin=\u00a0\u00bb||||false|false\u00a0\u00bb custom_padding=\u00a0\u00bb||||false|false\u00a0\u00bb animation_direction=\u00a0\u00bbbottom\u00a0\u00bb link_option_url_new_window=\u00a0\u00bbon\u00a0\u00bb header_font_size_tablet=\u00a0\u00bb26px\u00a0\u00bb header_font_size_phone=\u00a0\u00bb26px\u00a0\u00bb header_font_size_last_edited=\u00a0\u00bbon|phone\u00a0\u00bb button_text_color_hover=\u00a0\u00bb#6eba01&Prime; button_border_color_hover=\u00a0\u00bb#6eba01&Prime; button_border_radius_hover=\u00a0\u00bb0&Prime; button_letter_spacing_hover=\u00a0\u00bb2&Prime; button_bg_color_hover=\u00a0\u00bbrgba(0,0,0,0)\u00a0\u00bb saved_tabs=\u00a0\u00bball\u00a0\u00bb locked=\u00a0\u00bboff\u00a0\u00bb button_text_size__hover_enabled=\u00a0\u00bboff\u00a0\u00bb button_one_text_size__hover_enabled=\u00a0\u00bboff\u00a0\u00bb button_two_text_size__hover_enabled=\u00a0\u00bboff\u00a0\u00bb button_text_color__hover_enabled=\u00a0\u00bbon|hover\u00a0\u00bb button_text_color__hover=\u00a0\u00bb#464d77&Prime; button_one_text_color__hover_enabled=\u00a0\u00bboff\u00a0\u00bb button_two_text_color__hover_enabled=\u00a0\u00bboff\u00a0\u00bb button_border_width__hover_enabled=\u00a0\u00bboff\u00a0\u00bb button_one_border_width__hover_enabled=\u00a0\u00bboff\u00a0\u00bb button_two_border_width__hover_enabled=\u00a0\u00bboff\u00a0\u00bb button_border_color__hover_enabled=\u00a0\u00bbon\u00a0\u00bb button_border_color__hover=\u00a0\u00bb#464D77&Prime; button_one_border_color__hover_enabled=\u00a0\u00bboff\u00a0\u00bb button_two_border_color__hover_enabled=\u00a0\u00bboff\u00a0\u00bb button_border_radius__hover_enabled=\u00a0\u00bbon\u00a0\u00bb button_border_radius__hover=\u00a0\u00bb0&Prime; button_one_border_radius__hover_enabled=\u00a0\u00bboff\u00a0\u00bb button_two_border_radius__hover_enabled=\u00a0\u00bboff\u00a0\u00bb button_letter_spacing__hover_enabled=\u00a0\u00bbon\u00a0\u00bb button_letter_spacing__hover=\u00a0\u00bb2&Prime; button_one_letter_spacing__hover_enabled=\u00a0\u00bboff\u00a0\u00bb button_two_letter_spacing__hover_enabled=\u00a0\u00bboff\u00a0\u00bb button_bg_color__hover_enabled=\u00a0\u00bbon\u00a0\u00bb button_bg_color__hover=\u00a0\u00bbrgba(0,0,0,0)\u00a0\u00bb button_one_bg_color__hover_enabled=\u00a0\u00bboff\u00a0\u00bb button_two_bg_color__hover_enabled=\u00a0\u00bboff\u00a0\u00bb]<\/p>\n<div class=\"et_pb_module et_pb_text et_pb_text_1  et_pb_text_align_left et_pb_bg_layout_light\">\n<div class=\"et_pb_text_inner\">\n<p>Adaptation Canada est de retour et sa port\u00e9e est plus grande que jamais.\u00a0Abonnez-vous \u00e0 la liste de diffusion d&rsquo;Adaptation Canada pour recevoir des mises \u00e0 jour et rester \u00e0 l&rsquo;aff\u00fbt des derni\u00e8res nouvelles.\u00a0<\/p>\n<\/div>\n<\/div>\n<p>[\/et_pb_cta][\/et_pb_column][\/et_pb_row][\/et_pb_section][et_pb_section fb_built=\u00a0\u00bb1&Prime; admin_label=\u00a0\u00bbFAQ\u00a0\u00bb _builder_version=\u00a0\u00bb4.4.0&Prime; background_color=\u00a0\u00bb#f4f4f4&Prime; custom_padding=\u00a0\u00bb||||false|false\u00a0\u00bb][et_pb_row _builder_version=\u00a0\u00bb4.4.0&Prime; custom_padding=\u00a0\u00bb||||false|false\u00a0\u00bb][et_pb_column type=\u00a0\u00bb4_4&Prime; _builder_version=\u00a0\u00bb3.25&Prime; custom_padding=\u00a0\u00bb|||\u00a0\u00bb custom_padding__hover=\u00a0\u00bb|||\u00a0\u00bb][et_pb_text _builder_version=\u00a0\u00bb4.4.0&Prime; header_4_font=\u00a0\u00bb|600|||||||\u00a0\u00bb header_4_line_height=\u00a0\u00bb1.4em\u00a0\u00bb header_5_font=\u00a0\u00bb|600|||||||\u00a0\u00bb header_5_text_align=\u00a0\u00bbcenter\u00a0\u00bb header_5_line_height=\u00a0\u00bb1.4em\u00a0\u00bb text_orientation=\u00a0\u00bbcenter\u00a0\u00bb max_width=\u00a0\u00bb85%\u00a0\u00bb module_alignment=\u00a0\u00bbcenter\u00a0\u00bb header_5_font_size_tablet=\u00a0\u00bb\u00a0\u00bb header_5_font_size_phone=\u00a0\u00bb\u00a0\u00bb header_5_font_size_last_edited=\u00a0\u00bbon|desktop\u00a0\u00bb]<\/p>\n<h5>Adaptation Canada 2026 est r\u00e9alis\u00e9 par ICLEI Canada avec le soutien d&rsquo;un r\u00e9seau de partenaires et de commanditaires. Ce projet est financ\u00e9 en partie par le gouvernement du Canada. Visitez le site web de la conf\u00e9rence pour en savoir plus.<\/h5>\n<p>[\/et_pb_text][et_pb_image src=\u00a0\u00bbhttps:\/\/icleicanada.org\/wp-content\/uploads\/2025\/06\/AC26_LOGO_Colour-Small.png\u00a0\u00bb url=\u00a0\u00bbhttps:\/\/adaptationcanada2026.ca\/?lang=fr\u00a0\u00bb url_new_window=\u00a0\u00bbon\u00a0\u00bb align=\u00a0\u00bbcenter\u00a0\u00bb _builder_version=\u00a0\u00bb4.4.0&Prime; max_width=\u00a0\u00bb25%\u00a0\u00bb module_alignment=\u00a0\u00bbcenter\u00a0\u00bb][\/et_pb_image][et_pb_text _builder_version=\u00a0\u00bb4.4.0&Prime; header_4_font=\u00a0\u00bb|600|||||||\u00a0\u00bb header_4_line_height=\u00a0\u00bb1.4em\u00a0\u00bb header_5_font=\u00a0\u00bb|600|||||||\u00a0\u00bb header_5_text_align=\u00a0\u00bbcenter\u00a0\u00bb header_5_line_height=\u00a0\u00bb1.4em\u00a0\u00bb text_orientation=\u00a0\u00bbcenter\u00a0\u00bb max_width=\u00a0\u00bb85%\u00a0\u00bb module_alignment=\u00a0\u00bbcenter\u00a0\u00bb custom_padding=\u00a0\u00bb20px||||false|false\u00a0\u00bb header_5_font_size_tablet=\u00a0\u00bb\u00a0\u00bb header_5_font_size_phone=\u00a0\u00bb\u00a0\u00bb header_5_font_size_last_edited=\u00a0\u00bbon|desktop\u00a0\u00bb]<\/p>\n<h5>Merci aux partenaires, commanditaires et partenaires financiers d&rsquo;Adaptation Canada 2026.<\/h5>\n<p>[\/et_pb_text][\/et_pb_column][\/et_pb_row][\/et_pb_section][et_pb_section fb_built=\u00a0\u00bb1&Prime; admin_label=\u00a0\u00bbFAQ\u00a0\u00bb _builder_version=\u00a0\u00bb4.4.0&Prime; background_color=\u00a0\u00bb#00646c\u00a0\u00bb custom_padding=\u00a0\u00bb||||false|false\u00a0\u00bb][et_pb_row _builder_version=\u00a0\u00bb4.4.0&Prime; custom_margin=\u00a0\u00bb||||false|false\u00a0\u00bb custom_padding=\u00a0\u00bb||||false|false\u00a0\u00bb][et_pb_column type=\u00a0\u00bb4_4&Prime; _builder_version=\u00a0\u00bb4.4.0&Prime;][et_pb_text _builder_version=\u00a0\u00bb4.4.0&Prime; header_line_height=\u00a0\u00bb1.4em\u00a0\u00bb text_orientation=\u00a0\u00bbcenter\u00a0\u00bb background_layout=\u00a0\u00bbdark\u00a0\u00bb]<\/p>\n<h1>D\u00e9couvrir des projets semblables<\/h1>\n<p>[\/et_pb_text][\/et_pb_column][\/et_pb_row][et_pb_row column_structure=\u00a0\u00bb1_5,1_5,1_5,1_5,1_5&Prime; use_custom_gutter=\u00a0\u00bbon\u00a0\u00bb make_equal=\u00a0\u00bbon\u00a0\u00bb _builder_version=\u00a0\u00bb4.4.0&Prime; width=\u00a0\u00bb90%\u00a0\u00bb max_width=\u00a0\u00bb1518px\u00a0\u00bb][et_pb_column type=\u00a0\u00bb1_5&Prime; _builder_version=\u00a0\u00bb4.4.0&Prime;][et_pb_blurb use_icon=\u00a0\u00bbon\u00a0\u00bb font_icon=\u00a0\u00bb%%101%%\u00a0\u00bb icon_color=\u00a0\u00bb#ffffff\u00a0\u00bb use_icon_font_size=\u00a0\u00bbon\u00a0\u00bb icon_font_size=\u00a0\u00bb104px\u00a0\u00bb _builder_version=\u00a0\u00bb4.4.0&Prime; body_text_color=\u00a0\u00bb#00646c\u00a0\u00bb background_layout=\u00a0\u00bbdark\u00a0\u00bb link_option_url=\u00a0\u00bbhttps:\/\/icleicanada.org\/fr\/adaptation-and-resilience-planning\/\u00a0\u00bb]<\/p>\n<h3 style=\"text-align: center;\">Adaptation et planification de la r\u00e9silience<\/h3>\n<p>[\/et_pb_blurb][\/et_pb_column][et_pb_column type=\u00a0\u00bb1_5&Prime; _builder_version=\u00a0\u00bb4.4.0&Prime;][et_pb_blurb use_icon=\u00a0\u00bbon\u00a0\u00bb font_icon=\u00a0\u00bb%%173%%\u00a0\u00bb icon_color=\u00a0\u00bb#ffffff\u00a0\u00bb use_icon_font_size=\u00a0\u00bbon\u00a0\u00bb icon_font_size=\u00a0\u00bb104px\u00a0\u00bb _builder_version=\u00a0\u00bb4.4.0&Prime; body_text_color=\u00a0\u00bb#00646c\u00a0\u00bb background_layout=\u00a0\u00bbdark\u00a0\u00bb link_option_url=\u00a0\u00bbhttps:\/\/icleicanada.org\/fr\/capacity-building\u00a0\u00bb]<\/p>\n<h3 style=\"text-align: center;\">Renforcement des capacit\u00e9s<\/h3>\n<p>[\/et_pb_blurb][\/et_pb_column][et_pb_column type=\u00a0\u00bb1_5&Prime; _builder_version=\u00a0\u00bb4.4.0&Prime;][et_pb_blurb use_icon=\u00a0\u00bbon\u00a0\u00bb font_icon=\u00a0\u00bb%%230%%\u00a0\u00bb icon_color=\u00a0\u00bb#ffffff\u00a0\u00bb use_icon_font_size=\u00a0\u00bbon\u00a0\u00bb icon_font_size=\u00a0\u00bb104px\u00a0\u00bb _builder_version=\u00a0\u00bb4.4.0&Prime; body_text_color=\u00a0\u00bb#00646c\u00a0\u00bb background_layout=\u00a0\u00bbdark\u00a0\u00bb link_option_url=\u00a0\u00bbhttps:\/\/icleicanada.org\/fr\/tools-and-resources\/\u00a0\u00bb]<\/p>\n<h3 style=\"text-align: center;\">Outils et ressources<\/h3>\n<p>[\/et_pb_blurb][\/et_pb_column][et_pb_column type=\u00a0\u00bb1_5&Prime; _builder_version=\u00a0\u00bb4.4.0&Prime;][et_pb_blurb url=\u00a0\u00bbhttps:\/\/icleicanada.org\/fr\/training-and-workshops\/\u00a0\u00bb use_icon=\u00a0\u00bbon\u00a0\u00bb font_icon=\u00a0\u00bb%%157%%\u00a0\u00bb icon_color=\u00a0\u00bb#ffffff\u00a0\u00bb use_icon_font_size=\u00a0\u00bbon\u00a0\u00bb icon_font_size=\u00a0\u00bb104px\u00a0\u00bb _builder_version=\u00a0\u00bb4.4.0&Prime; body_text_color=\u00a0\u00bb#00646c\u00a0\u00bb background_layout=\u00a0\u00bbdark\u00a0\u00bb]<\/p>\n<h3 style=\"text-align: center;\">Formation et ateliers<\/h3>\n<p>[\/et_pb_blurb][\/et_pb_column][et_pb_column type=\u00a0\u00bb1_5&Prime; _builder_version=\u00a0\u00bb4.4.0&Prime;][et_pb_blurb use_icon=\u00a0\u00bbon\u00a0\u00bb font_icon=\u00a0\u00bb%%259%%\u00a0\u00bb icon_color=\u00a0\u00bb#ffffff\u00a0\u00bb use_icon_font_size=\u00a0\u00bbon\u00a0\u00bb icon_font_size=\u00a0\u00bb104px\u00a0\u00bb _builder_version=\u00a0\u00bb4.4.0&Prime; body_text_color=\u00a0\u00bb#00646c\u00a0\u00bb background_layout=\u00a0\u00bbdark\u00a0\u00bb link_option_url=\u00a0\u00bbhttps:\/\/icleicanada.org\/fr\/peer-networking\/\u00a0\u00bb]<\/p>\n<h3 style=\"text-align: center;\">R\u00e9seautage avec les pairs<\/h3>\n<p>[\/et_pb_blurb][\/et_pb_column][\/et_pb_row][\/et_pb_section][et_pb_section fb_built=\u00a0\u00bb1&Prime; admin_label=\u00a0\u00bbFooter\u00a0\u00bb _builder_version=\u00a0\u00bb4.4.0&Prime; background_image=\u00a0\u00bbhttps:\/\/icleicanada.org\/wp-content\/uploads\/2022\/10\/Richmond-Office-scaled.jpeg\u00a0\u00bb parallax=\u00a0\u00bbon\u00a0\u00bb custom_padding=\u00a0\u00bb86px||90px||false|false\u00a0\u00bb global_module=\u00a0\u00bb57010&Prime; saved_tabs=\u00a0\u00bball\u00a0\u00bb][et_pb_row column_structure=\u00a0\u00bb2_5,3_5&Prime; use_custom_gutter=\u00a0\u00bbon\u00a0\u00bb make_equal=\u00a0\u00bbon\u00a0\u00bb _builder_version=\u00a0\u00bb3.25&Prime; background_size=\u00a0\u00bbinitial\u00a0\u00bb background_position=\u00a0\u00bbtop_left\u00a0\u00bb background_repeat=\u00a0\u00bbrepeat\u00a0\u00bb custom_padding=\u00a0\u00bb|||\u00a0\u00bb][et_pb_column type=\u00a0\u00bb2_5&Prime; _builder_version=\u00a0\u00bb3.25&Prime; background_color=\u00a0\u00bb#ffffff\u00a0\u00bb background_position=\u00a0\u00bbtop_left\u00a0\u00bb custom_padding=\u00a0\u00bb50px|40px|50px|40px\u00a0\u00bb custom_padding__hover=\u00a0\u00bb|||\u00a0\u00bb][et_pb_text _builder_version=\u00a0\u00bb4.4.0&Prime;]<\/p>\n<h2>Nous joindre<\/h2>\n<p>[\/et_pb_text][et_pb_blurb use_icon=\u00a0\u00bbon\u00a0\u00bb font_icon=\u00a0\u00bb%%238%%\u00a0\u00bb icon_placement=\u00a0\u00bbleft\u00a0\u00bb use_icon_font_size=\u00a0\u00bbon\u00a0\u00bb icon_font_size=\u00a0\u00bb28px\u00a0\u00bb icon_font_size_last_edited=\u00a0\u00bboff|desktop\u00a0\u00bb admin_label=\u00a0\u00bbEmail\u00a0\u00bb _builder_version=\u00a0\u00bb4.4.0&Prime; body_font=\u00a0\u00bb||||||||\u00a0\u00bb custom_margin=\u00a0\u00bb|||\u00a0\u00bb animation_direction=\u00a0\u00bbbottom\u00a0\u00bb]iclei-canada@iclei.org[\/et_pb_blurb][et_pb_blurb use_icon=\u00a0\u00bbon\u00a0\u00bb font_icon=\u00a0\u00bb%%249%%\u00a0\u00bb icon_placement=\u00a0\u00bbleft\u00a0\u00bb use_icon_font_size=\u00a0\u00bbon\u00a0\u00bb icon_font_size=\u00a0\u00bb28px\u00a0\u00bb icon_font_size_last_edited=\u00a0\u00bboff|desktop\u00a0\u00bb admin_label=\u00a0\u00bbAddress\u00a0\u00bb _builder_version=\u00a0\u00bb4.4.0&Prime; header_font=\u00a0\u00bb||||||||\u00a0\u00bb header_font_size=\u00a0\u00bb20px\u00a0\u00bb body_font=\u00a0\u00bb||||||||\u00a0\u00bb custom_margin=\u00a0\u00bb|||\u00a0\u00bb animation_direction=\u00a0\u00bbbottom\u00a0\u00bb]<\/p>\n<p>Suite 204<br \/> 401 Richmond St. W<br \/> Toronto, ON<br \/> M5V 3A8<\/p>\n<p>[\/et_pb_blurb][et_pb_social_media_follow admin_label=\u00a0\u00bbFacebook\u00a0\u00bb _builder_version=\u00a0\u00bb4.4.0&Prime; text_orientation=\u00a0\u00bbleft\u00a0\u00bb custom_margin=\u00a0\u00bb|||\u00a0\u00bb custom_padding=\u00a0\u00bb||||false|false\u00a0\u00bb border_radii=\u00a0\u00bbon|100%|100%|100%|100%\u00a0\u00bb link_shape=\u00a0\u00bbcircle\u00a0\u00bb][et_pb_social_media_follow_network social_network=\u00a0\u00bblinkedin\u00a0\u00bb url=\u00a0\u00bbhttps:\/\/www.linkedin.com\/company\/iclei-canada\/\u00a0\u00bb _builder_version=\u00a0\u00bb4.4.0&Prime; background_color=\u00a0\u00bb#00646C\u00a0\u00bb background_enable_color=\u00a0\u00bbon\u00a0\u00bb custom_margin=\u00a0\u00bb||||false|false\u00a0\u00bb bg_color=\u00a0\u00bb#007bb6&Prime; link_shape=\u00a0\u00bbcircle\u00a0\u00bb follow_button=\u00a0\u00bboff\u00a0\u00bb url_new_window=\u00a0\u00bbon\u00a0\u00bb]linkedin[\/et_pb_social_media_follow_network][et_pb_social_media_follow_network social_network=\u00a0\u00bbyoutube\u00a0\u00bb url=\u00a0\u00bbhttps:\/\/www.youtube.com\/@iclei_canada\u00a0\u00bb _builder_version=\u00a0\u00bb4.4.0&Prime; background_color=\u00a0\u00bb#00646C\u00a0\u00bb background_enable_color=\u00a0\u00bbon\u00a0\u00bb link_shape=\u00a0\u00bbcircle\u00a0\u00bb follow_button=\u00a0\u00bboff\u00a0\u00bb url_new_window=\u00a0\u00bbon\u00a0\u00bb]youtube[\/et_pb_social_media_follow_network][\/et_pb_social_media_follow][et_pb_text _builder_version=\u00a0\u00bb4.4.0&Prime;]<\/p>\n<p>Nous reconnaissons respectueusement que notre travail se fait sur l\u2019\u00eele de la Tortue qui, depuis des temps imm\u00e9moriaux, a \u00e9t\u00e9 et est toujours le milieu de vie de nombreux peuples divers, Premi\u00e8res Nations, Inuits et M\u00e9tis.<\/p>\n<p>[\/et_pb_text][et_pb_social_media_follow _builder_version=\u00a0\u00bb3.0.87&Prime;][\/et_pb_social_media_follow][\/et_pb_column][et_pb_column type=\u00a0\u00bb3_5&Prime; _builder_version=\u00a0\u00bb3.25&Prime; background_color=\u00a0\u00bb#ffffff\u00a0\u00bb background_position=\u00a0\u00bbtop_left\u00a0\u00bb custom_padding=\u00a0\u00bb50px|40px|50px|40px\u00a0\u00bb custom_padding__hover=\u00a0\u00bb|||\u00a0\u00bb][et_pb_text _builder_version=\u00a0\u00bb4.4.0&Prime;]<\/p>\n<h2>Nous joindre<\/h2>\n<p>[\/et_pb_text][et_pb_contact_form use_spam_service=\u00a0\u00bbon\u00a0\u00bb recaptcha_list=\u00a0\u00bbDefault|Default-0&Prime; recaptcha_min_score=\u00a0\u00bb0.9&Prime; email=\u00a0\u00bbiclei-canada@iclei.org\u00a0\u00bb success_message=\u00a0\u00bbMerci ! Votre message a \u00e9t\u00e9 envoy\u00e9. Nous vous r\u00e9pondrons dans les plus brefs d\u00e9lais.\u00a0\u00bb submit_button_text=\u00a0\u00bbEnvoyer le message\u00a0\u00bb module_id=\u00a0\u00bbet_pb_contact_form_1&Prime; _builder_version=\u00a0\u00bb4.4.0&Prime; form_field_background_color=\u00a0\u00bbrgba(255,255,255,0)\u00a0\u00bb title_font=\u00a0\u00bbMontserrat|700|||||||\u00a0\u00bb title_font_size=\u00a0\u00bb22px\u00a0\u00bb custom_button=\u00a0\u00bbon\u00a0\u00bb button_text_size=\u00a0\u00bb18px\u00a0\u00bb button_text_color=\u00a0\u00bb#ffffff\u00a0\u00bb button_bg_color=\u00a0\u00bb#00646c\u00a0\u00bb button_border_width=\u00a0\u00bb2px\u00a0\u00bb button_border_color=\u00a0\u00bb#00646c\u00a0\u00bb button_border_radius=\u00a0\u00bb0px\u00a0\u00bb button_letter_spacing=\u00a0\u00bb2px\u00a0\u00bb button_font=\u00a0\u00bbMontserrat|||on|\u00a0\u00bb button_use_icon=\u00a0\u00bboff\u00a0\u00bb animation_direction=\u00a0\u00bbbottom\u00a0\u00bb border_width_all=\u00a0\u00bb1px\u00a0\u00bb border_color_all=\u00a0\u00bbrgba(0,0,0,0.12)\u00a0\u00bb border_style_all=\u00a0\u00bbsolid\u00a0\u00bb use_border_color=\u00a0\u00bbon\u00a0\u00bb border_color=\u00a0\u00bbrgba(0,0,0,0.12)\u00a0\u00bb form_background_color=\u00a0\u00bbrgba(255,255,255,0)\u00a0\u00bb button_text_color_hover=\u00a0\u00bb#6eba01&Prime; button_bg_color_hover=\u00a0\u00bbrgba(0,0,0,0)\u00a0\u00bb button_border_color_hover=\u00a0\u00bb#6eba01&Prime; button_border_radius_hover=\u00a0\u00bb0px\u00a0\u00bb button_letter_spacing_hover=\u00a0\u00bb2px\u00a0\u00bb][et_pb_contact_field field_id=\u00a0\u00bbName\u00a0\u00bb field_title=\u00a0\u00bbName\u00a0\u00bb fullwidth_field=\u00a0\u00bbon\u00a0\u00bb _builder_version=\u00a0\u00bb3.16&Prime; button_text_size__hover_enabled=\u00a0\u00bboff\u00a0\u00bb button_one_text_size__hover_enabled=\u00a0\u00bboff\u00a0\u00bb button_two_text_size__hover_enabled=\u00a0\u00bboff\u00a0\u00bb button_text_color__hover_enabled=\u00a0\u00bboff\u00a0\u00bb button_one_text_color__hover_enabled=\u00a0\u00bboff\u00a0\u00bb button_two_text_color__hover_enabled=\u00a0\u00bboff\u00a0\u00bb button_border_width__hover_enabled=\u00a0\u00bboff\u00a0\u00bb button_one_border_width__hover_enabled=\u00a0\u00bboff\u00a0\u00bb button_two_border_width__hover_enabled=\u00a0\u00bboff\u00a0\u00bb button_border_color__hover_enabled=\u00a0\u00bboff\u00a0\u00bb button_one_border_color__hover_enabled=\u00a0\u00bboff\u00a0\u00bb button_two_border_color__hover_enabled=\u00a0\u00bboff\u00a0\u00bb button_border_radius__hover_enabled=\u00a0\u00bboff\u00a0\u00bb button_one_border_radius__hover_enabled=\u00a0\u00bboff\u00a0\u00bb button_two_border_radius__hover_enabled=\u00a0\u00bboff\u00a0\u00bb button_letter_spacing__hover_enabled=\u00a0\u00bboff\u00a0\u00bb button_one_letter_spacing__hover_enabled=\u00a0\u00bboff\u00a0\u00bb button_two_letter_spacing__hover_enabled=\u00a0\u00bboff\u00a0\u00bb button_bg_color__hover_enabled=\u00a0\u00bboff\u00a0\u00bb button_one_bg_color__hover_enabled=\u00a0\u00bboff\u00a0\u00bb button_two_bg_color__hover_enabled=\u00a0\u00bboff\u00a0\u00bb][\/et_pb_contact_field][et_pb_contact_field field_id=\u00a0\u00bbEmail\u00a0\u00bb field_title=\u00a0\u00bbEmail Address\u00a0\u00bb field_type=\u00a0\u00bbemail\u00a0\u00bb fullwidth_field=\u00a0\u00bbon\u00a0\u00bb _builder_version=\u00a0\u00bb3.16&Prime; button_text_size__hover_enabled=\u00a0\u00bboff\u00a0\u00bb button_one_text_size__hover_enabled=\u00a0\u00bboff\u00a0\u00bb button_two_text_size__hover_enabled=\u00a0\u00bboff\u00a0\u00bb button_text_color__hover_enabled=\u00a0\u00bboff\u00a0\u00bb button_one_text_color__hover_enabled=\u00a0\u00bboff\u00a0\u00bb button_two_text_color__hover_enabled=\u00a0\u00bboff\u00a0\u00bb button_border_width__hover_enabled=\u00a0\u00bboff\u00a0\u00bb button_one_border_width__hover_enabled=\u00a0\u00bboff\u00a0\u00bb button_two_border_width__hover_enabled=\u00a0\u00bboff\u00a0\u00bb button_border_color__hover_enabled=\u00a0\u00bboff\u00a0\u00bb button_one_border_color__hover_enabled=\u00a0\u00bboff\u00a0\u00bb button_two_border_color__hover_enabled=\u00a0\u00bboff\u00a0\u00bb button_border_radius__hover_enabled=\u00a0\u00bboff\u00a0\u00bb button_one_border_radius__hover_enabled=\u00a0\u00bboff\u00a0\u00bb button_two_border_radius__hover_enabled=\u00a0\u00bboff\u00a0\u00bb button_letter_spacing__hover_enabled=\u00a0\u00bboff\u00a0\u00bb button_one_letter_spacing__hover_enabled=\u00a0\u00bboff\u00a0\u00bb button_two_letter_spacing__hover_enabled=\u00a0\u00bboff\u00a0\u00bb button_bg_color__hover_enabled=\u00a0\u00bboff\u00a0\u00bb button_one_bg_color__hover_enabled=\u00a0\u00bboff\u00a0\u00bb button_two_bg_color__hover_enabled=\u00a0\u00bboff\u00a0\u00bb][\/et_pb_contact_field][et_pb_contact_field field_id=\u00a0\u00bbMessage\u00a0\u00bb field_title=\u00a0\u00bbMessage\u00a0\u00bb field_type=\u00a0\u00bbtext\u00a0\u00bb fullwidth_field=\u00a0\u00bbon\u00a0\u00bb _builder_version=\u00a0\u00bb3.16&Prime; button_text_size__hover_enabled=\u00a0\u00bboff\u00a0\u00bb button_one_text_size__hover_enabled=\u00a0\u00bboff\u00a0\u00bb button_two_text_size__hover_enabled=\u00a0\u00bboff\u00a0\u00bb button_text_color__hover_enabled=\u00a0\u00bboff\u00a0\u00bb button_one_text_color__hover_enabled=\u00a0\u00bboff\u00a0\u00bb button_two_text_color__hover_enabled=\u00a0\u00bboff\u00a0\u00bb button_border_width__hover_enabled=\u00a0\u00bboff\u00a0\u00bb button_one_border_width__hover_enabled=\u00a0\u00bboff\u00a0\u00bb button_two_border_width__hover_enabled=\u00a0\u00bboff\u00a0\u00bb button_border_color__hover_enabled=\u00a0\u00bboff\u00a0\u00bb button_one_border_color__hover_enabled=\u00a0\u00bboff\u00a0\u00bb button_two_border_color__hover_enabled=\u00a0\u00bboff\u00a0\u00bb button_border_radius__hover_enabled=\u00a0\u00bboff\u00a0\u00bb button_one_border_radius__hover_enabled=\u00a0\u00bboff\u00a0\u00bb button_two_border_radius__hover_enabled=\u00a0\u00bboff\u00a0\u00bb button_letter_spacing__hover_enabled=\u00a0\u00bboff\u00a0\u00bb button_one_letter_spacing__hover_enabled=\u00a0\u00bboff\u00a0\u00bb button_two_letter_spacing__hover_enabled=\u00a0\u00bboff\u00a0\u00bb button_bg_color__hover_enabled=\u00a0\u00bboff\u00a0\u00bb button_one_bg_color__hover_enabled=\u00a0\u00bboff\u00a0\u00bb button_two_bg_color__hover_enabled=\u00a0\u00bboff\u00a0\u00bb][\/et_pb_contact_field][\/et_pb_contact_form][\/et_pb_column][\/et_pb_row][\/et_pb_section]<\/p>\n","protected":false},"excerpt":{"rendered":"<p>[et_pb_section fb_built=\u00a0\u00bb1&Prime; fullwidth=\u00a0\u00bbon\u00a0\u00bb admin_label=\u00a0\u00bbPage Header\u00a0\u00bb _builder_version=\u00a0\u00bb4.4.0&Prime; background_enable_image=\u00a0\u00bboff\u00a0\u00bb parallax=\u00a0\u00bbon\u00a0\u00bb custom_padding=\u00a0\u00bb0px|0px|0|0px|false|false\u00a0\u00bb hover_transition_duration=\u00a0\u00bb2000ms\u00a0\u00bb hover_transition_delay=\u00a0\u00bb300ms\u00a0\u00bb hover_transition_speed_curve=\u00a0\u00bbease-in-out\u00a0\u00bb][et_pb_fullwidth_header title=\u00a0\u00bbAdaptation Canada 2026&Prime; subhead=\u00a0\u00bbAgir ensemble pour demain\u00a0\u00bb text_orientation=\u00a0\u00bbcenter\u00a0\u00bb background_overlay_color=\u00a0\u00bbrgba(15,15,15,0.55)\u00a0\u00bb header_image_url=\u00a0\u00bbhttps:\/\/icleicanada.org\/wp-content\/uploads\/2025\/06\/AC-2026-Logomark-White.png\u00a0\u00bb admin_label=\u00a0\u00bbHero Section\u00a0\u00bb _builder_version=\u00a0\u00bb4.4.0&Prime; title_font=\u00a0\u00bb|||on|||||\u00a0\u00bb title_font_size=\u00a0\u00bb66px\u00a0\u00bb title_line_height=\u00a0\u00bb1.1em\u00a0\u00bb content_font=\u00a0\u00bbMontserrat||||||||\u00a0\u00bb content_font_size=\u00a0\u00bb22px\u00a0\u00bb content_line_height=\u00a0\u00bb1.8em\u00a0\u00bb subhead_font=\u00a0\u00bb|||on|||||\u00a0\u00bb subhead_font_size=\u00a0\u00bb30px\u00a0\u00bb subhead_line_height=\u00a0\u00bb1.3em\u00a0\u00bb background_image=\u00a0\u00bbhttps:\/\/icleicanada.org\/wp-content\/uploads\/2025\/06\/2025-Web-Banner-WBWP-2.png\u00a0\u00bb parallax=\u00a0\u00bbon\u00a0\u00bb custom_button_one=\u00a0\u00bbon\u00a0\u00bb button_one_text_size=\u00a0\u00bb16px\u00a0\u00bb button_one_bg_color=\u00a0\u00bb#6eba01&Prime; button_one_border_width=\u00a0\u00bb2px\u00a0\u00bb button_one_border_color=\u00a0\u00bb#6eba01&Prime; button_one_font=\u00a0\u00bbMontserrat|||on|\u00a0\u00bb button_one_use_icon=\u00a0\u00bboff\u00a0\u00bb custom_button_two=\u00a0\u00bbon\u00a0\u00bb button_two_text_size=\u00a0\u00bb16px\u00a0\u00bb button_two_border_width=\u00a0\u00bb2px\u00a0\u00bb button_two_border_color=\u00a0\u00bb#ffffff\u00a0\u00bb button_two_font=\u00a0\u00bbMontserrat|||on|\u00a0\u00bb button_two_use_icon=\u00a0\u00bboff\u00a0\u00bb min_height_tablet=\u00a0\u00bb\u00a0\u00bb min_height_phone=\u00a0\u00bb\u00a0\u00bb min_height_last_edited=\u00a0\u00bbon|desktop\u00a0\u00bb link_option_url=\u00a0\u00bbhttps:\/\/adaptationcanada2026.ca\/?lang=fr\u00a0\u00bb link_option_url_new_window=\u00a0\u00bbon\u00a0\u00bb title_font_size_tablet=\u00a0\u00bb50px\u00a0\u00bb [&hellip;]<\/p>\n","protected":false},"author":18,"featured_media":63081,"comment_status":"closed","ping_status":"closed","template":"","meta":{"_et_pb_use_builder":"on","_et_pb_old_content":"[et_pb_section fb_built=\"1\" fullwidth=\"on\" admin_label=\"Page Header\" _builder_version=\"4.4.0\" background_enable_image=\"off\" parallax=\"on\" custom_padding=\"0px|0px|0|0px|false|false\" hover_transition_duration=\"2000ms\" hover_transition_delay=\"300ms\" hover_transition_speed_curve=\"ease-in-out\"][et_pb_fullwidth_header title=\"Adaptation Canada 2026\" subhead=\"Acting Today for Our Shared Tomorrow \" text_orientation=\"center\" background_overlay_color=\"rgba(15,15,15,0.55)\" admin_label=\"Hero Section\" _builder_version=\"4.4.0\" title_font=\"|||on|||||\" title_font_size=\"66px\" title_line_height=\"1.1em\" content_font=\"Montserrat||||||||\" content_font_size=\"22px\" content_line_height=\"1.8em\" subhead_font=\"|||on|||||\" subhead_font_size=\"30px\" subhead_line_height=\"1.3em\" background_image=\"https:\/\/icleicanada.org\/wp-content\/uploads\/2025\/06\/2025-Web-Banner-WBWP-2.png\" parallax=\"on\" custom_button_one=\"on\" button_one_text_size=\"16px\" button_one_bg_color=\"#6eba01\" button_one_border_width=\"2px\" button_one_border_color=\"#6eba01\" button_one_font=\"Montserrat|||on|\" button_one_use_icon=\"off\" custom_button_two=\"on\" button_two_text_size=\"16px\" button_two_border_width=\"2px\" button_two_border_color=\"#ffffff\" button_two_font=\"Montserrat|||on|\" button_two_use_icon=\"off\" min_height_tablet=\"\" min_height_phone=\"\" min_height_last_edited=\"on|desktop\" hover_enabled=\"0\" title_font_size_tablet=\"50px\" title_font_size_phone=\"30px\" title_font_size_last_edited=\"on|desktop\" subhead_font_tablet=\"\" subhead_font_phone=\"\" subhead_font_last_edited=\"on|desktop\" subhead_font_size_tablet=\"25px\" subhead_font_size_phone=\"20px\" subhead_font_size_last_edited=\"on|phone\" button_one_text_color_hover=\"#6eba01\" button_two_text_color_hover=\"#6eba01\" button_one_border_color_hover=\"#ffffff\" button_two_border_color_hover=\"#ffffff\" button_one_border_radius_hover=\"0\" button_two_border_radius_hover=\"0\" button_one_letter_spacing_hover=\"2\" button_two_letter_spacing_hover=\"2\" button_one_bg_color_hover=\"#ffffff\" button_two_bg_color_hover=\"#ffffff\" button_one_text_size__hover_enabled=\"off\" button_two_text_size__hover_enabled=\"off\" button_one_text_color__hover_enabled=\"on\" button_one_text_color__hover=\"#6eba01\" button_two_text_color__hover_enabled=\"on\" button_two_text_color__hover=\"#6eba01\" button_one_border_width__hover_enabled=\"off\" button_two_border_width__hover_enabled=\"off\" button_one_border_color__hover_enabled=\"on\" button_one_border_color__hover=\"#ffffff\" button_two_border_color__hover_enabled=\"on\" button_two_border_color__hover=\"#ffffff\" button_one_border_radius__hover_enabled=\"on\" button_one_border_radius__hover=\"0\" button_two_border_radius__hover_enabled=\"on\" button_two_border_radius__hover=\"0\" button_one_letter_spacing__hover_enabled=\"on\" button_one_letter_spacing__hover=\"2\" button_two_letter_spacing__hover_enabled=\"on\" button_two_letter_spacing__hover=\"2\" button_one_bg_color__hover_enabled=\"on\" button_one_bg_color__hover=\"#ffffff\" button_two_bg_color__hover_enabled=\"on\" button_two_bg_color__hover=\"#ffffff\" header_image_url=\"https:\/\/icleicanada.org\/wp-content\/uploads\/2025\/06\/AC-2026-Logomark-White.png\" border_color_all_image=\"rgba(0,0,0,0)\"][\/et_pb_fullwidth_header][\/et_pb_section][et_pb_section fb_built=\"1\" _builder_version=\"4.4.0\"][et_pb_row _builder_version=\"4.4.0\"][et_pb_column type=\"4_4\" _builder_version=\"4.4.0\"][et_pb_text _builder_version=\"4.4.0\" header_line_height=\"1.4em\" header_3_line_height=\"1.4em\" hover_enabled=\"0\"]<h1>Adaptation Canada 2026: Acting today for our shared tomorrow<\/h1>\r\n<h3>Join us in Toronto September 22-24, 2026.<\/h3>\r\n<p>Adaptation Canada 2026 is Canada\u2019s premier national conference on climate adaptation. Now in its third edition, Canada\u2019s leading national conference on climate adaptation is more expansive in its reach than ever. It will bring together over 1,000 participants from diverse Canadian sectors and communities to exchange ideas, share solutions, and spark action on climate resilience. Through engaging panels, workshops, sessions-on-the-move, and curated networking, delegates will take part in the conversations needed to drive meaningful action forward.<\/p>[\/et_pb_text][et_pb_button button_text=\"Learn More\" _builder_version=\"4.4.0\" button_url=\"https:\/\/adaptationcanada2026.ca\/\" url_new_window=\"on\" hover_enabled=\"0\"][\/et_pb_button][\/et_pb_column][\/et_pb_row][et_pb_row column_structure=\"3_4,1_4\" _builder_version=\"4.4.0\" background_color=\"#C9E9EB\" custom_margin=\"40px||20px||false|false\" custom_padding=\"40px|40px|40px|40px|false|false\" hover_enabled=\"0\" max_width__hover_enabled=\"on|desktop\"][et_pb_column type=\"3_4\" _builder_version=\"4.4.0\"][et_pb_cta title=\"Partner with Canada\u2019s Leading Climate Adaptation Conference\" button_url=\"https:\/\/adaptationcanada2026.ca\/sponsor\/\" url_new_window=\"on\" button_text=\"Explore Options\" admin_label=\"Feature 01\" _builder_version=\"4.4.0\" header_level=\"h1\" header_text_align=\"left\" header_line_height=\"1.4em\" body_font=\"||||||||\" use_background_color=\"off\" custom_button=\"on\" button_text_color=\"#ffffff\" button_bg_color=\"#00646c\" button_border_color=\"#00646c\" button_font=\"Montserrat|||on|\" button_use_icon=\"off\" text_orientation=\"left\" background_layout=\"light\" custom_padding=\"||||false|false\" animation_direction=\"bottom\" hover_enabled=\"0\" button_text_color_hover=\"#6eba01\" button_border_color_hover=\"#6eba01\" button_border_radius_hover=\"0\" button_letter_spacing_hover=\"2\" button_bg_color_hover=\"rgba(0,0,0,0)\" saved_tabs=\"all\" locked=\"off\" button_text_size__hover_enabled=\"off\" button_one_text_size__hover_enabled=\"off\" button_two_text_size__hover_enabled=\"off\" button_text_color__hover_enabled=\"on\" button_text_color__hover=\"#00646c\" button_one_text_color__hover_enabled=\"off\" button_two_text_color__hover_enabled=\"off\" button_border_width__hover_enabled=\"off\" button_one_border_width__hover_enabled=\"off\" button_two_border_width__hover_enabled=\"off\" button_border_color__hover_enabled=\"on\" button_border_color__hover=\"#00646c\" button_one_border_color__hover_enabled=\"off\" button_two_border_color__hover_enabled=\"off\" button_border_radius__hover_enabled=\"on\" button_border_radius__hover=\"0\" button_one_border_radius__hover_enabled=\"off\" button_two_border_radius__hover_enabled=\"off\" button_letter_spacing__hover_enabled=\"on\" button_letter_spacing__hover=\"2\" button_one_letter_spacing__hover_enabled=\"off\" button_two_letter_spacing__hover_enabled=\"off\" button_bg_color__hover_enabled=\"on|hover\" button_bg_color__hover=\"rgba(0,0,0,0)\" button_one_bg_color__hover_enabled=\"off\" button_two_bg_color__hover_enabled=\"off\"]<p>Is your organization committed to keeping Canadians safe and strengthening community resilience? Partner with Canada\u2019s leading national adaptation conference and help shape a more secure and prepared future for all. Options to get involved range from joining the exhibitor pavilion to sponsoring the conference and hosting a side event.<\/p>\r\n[\/et_pb_cta][\/et_pb_column][et_pb_column type=\"1_4\" _builder_version=\"4.4.0\"][et_pb_image src=\"https:\/\/icleicanada.org\/wp-content\/uploads\/2025\/06\/AC2026-Partner.png\" _builder_version=\"4.4.0\" hover_enabled=\"0\" url=\"https:\/\/adaptationcanada2026.ca\/sponsor\/\" url_new_window=\"on\" custom_margin=\"-100px|-120px|||false|false\" custom_margin_last_edited=\"on|tablet\" custom_margin_tablet=\"0px|0px|||false|false\" width_last_edited=\"on|phone\"][\/et_pb_image][\/et_pb_column][\/et_pb_row][\/et_pb_section][et_pb_section fb_built=\"1\" admin_label=\"Split Section\" _builder_version=\"4.4.0\" custom_padding=\"0px||0px|\" animation_direction=\"bottom\"][et_pb_row column_structure=\"1_2,1_2\" use_custom_gutter=\"on\" gutter_width=\"1\" make_equal=\"on\" module_class=\" et_pb_row_fullwidth\" _builder_version=\"4.4.0\" background_size=\"initial\" background_position=\"top_left\" background_repeat=\"repeat\" width=\"100%\" width_tablet=\"100%\" width_phone=\"\" width_last_edited=\"on|desktop\" max_width=\"100%\" max_width_tablet=\"100%\" max_width_phone=\"\" max_width_last_edited=\"on|desktop\" custom_margin=\"||||false|false\" custom_padding=\"0px||0px||false|false\" animation_direction=\"right\" hover_enabled=\"0\" make_fullwidth=\"on\"][et_pb_column type=\"1_2\" _builder_version=\"4.4.0\" custom_padding=\"||||false|false\" hover_enabled=\"0\" custom_padding__hover=\"|||\" background_enable_image=\"off\" background_size=\"contain\" background_enable_color=\"off\"][et_pb_image src=\"https:\/\/icleicanada.org\/wp-content\/uploads\/2025\/06\/AC2026-Feature-Image-2-Mosaic.png\" _builder_version=\"4.4.0\" hover_enabled=\"0\" url=\"https:\/\/adaptationcanada2026.ca\/\" url_new_window=\"on\" show_bottom_space=\"off\"][\/et_pb_image][\/et_pb_column][et_pb_column type=\"1_2\" _builder_version=\"4.4.0\" background_position=\"top_left\" custom_padding=\"8%|6%|8%|6%\" hover_enabled=\"0\" custom_padding__hover=\"|||\" background_enable_color=\"off\"][et_pb_cta title=\"Working Together is More Important Than Ever\" url_new_window=\"on\" admin_label=\"Feature 01\" _builder_version=\"4.4.0\" header_level=\"h1\" header_text_align=\"left\" header_line_height=\"1.4em\" body_font=\"||||||||\" use_background_color=\"off\" custom_button=\"on\" button_text_color=\"#ffffff\" button_bg_color=\"#00646c\" button_border_color=\"#00646c\" button_font=\"Montserrat|||on|\" button_use_icon=\"off\" text_orientation=\"left\" background_layout=\"light\" custom_padding=\"||||false|false\" animation_direction=\"bottom\" hover_enabled=\"0\" button_text_color_hover=\"#6eba01\" button_border_color_hover=\"#6eba01\" button_border_radius_hover=\"0\" button_letter_spacing_hover=\"2\" button_bg_color_hover=\"rgba(0,0,0,0)\" saved_tabs=\"all\" locked=\"off\" button_text_size__hover_enabled=\"off\" button_one_text_size__hover_enabled=\"off\" button_two_text_size__hover_enabled=\"off\" button_text_color__hover_enabled=\"on\" button_text_color__hover=\"#00646c\" button_one_text_color__hover_enabled=\"off\" button_two_text_color__hover_enabled=\"off\" button_border_width__hover_enabled=\"off\" button_one_border_width__hover_enabled=\"off\" button_two_border_width__hover_enabled=\"off\" button_border_color__hover_enabled=\"on\" button_border_color__hover=\"#00646c\" button_one_border_color__hover_enabled=\"off\" button_two_border_color__hover_enabled=\"off\" button_border_radius__hover_enabled=\"on\" button_border_radius__hover=\"0\" button_one_border_radius__hover_enabled=\"off\" button_two_border_radius__hover_enabled=\"off\" button_letter_spacing__hover_enabled=\"on\" button_letter_spacing__hover=\"2\" button_one_letter_spacing__hover_enabled=\"off\" button_two_letter_spacing__hover_enabled=\"off\" button_bg_color__hover_enabled=\"on|hover\" button_bg_color__hover=\"rgba(0,0,0,0)\" button_one_bg_color__hover_enabled=\"off\" button_two_bg_color__hover_enabled=\"off\"]<p>Across Canada, climate impacts are increasing. People in communities, sectors, and organizations are coming up with solutions that strengthen resilience at the local, regional, and national levels. Adaptation Canada 2026 builds on this momentum and provides a whole-of-society approach to guide us into the future. More than a conference, Adaptation Canada is an opportunity to break down silos, build meaningful connections, and help shape long-term solutions to our biggest climate challenges.<\/p>\r\n[\/et_pb_cta][\/et_pb_column][\/et_pb_row][et_pb_row column_structure=\"1_2,1_2\" use_custom_gutter=\"on\" gutter_width=\"1\" make_equal=\"on\" module_class=\" et_pb_row_fullwidth\" _builder_version=\"4.4.0\" background_size=\"initial\" background_position=\"top_left\" background_repeat=\"repeat\" width=\"100%\" width_tablet=\"100%\" width_phone=\"\" width_last_edited=\"on|desktop\" max_width=\"100%\" max_width_tablet=\"100%\" max_width_phone=\"\" max_width_last_edited=\"on|desktop\" custom_margin=\"||||false|false\" custom_padding=\"0px||0px||false|false\" animation_direction=\"right\" hover_enabled=\"0\" make_fullwidth=\"on\"][et_pb_column type=\"1_2\" _builder_version=\"4.4.0\" background_position=\"top_left\" custom_padding=\"8%|6%|8%|6%\" hover_enabled=\"0\" custom_padding__hover=\"|||\" background_enable_color=\"off\"][et_pb_cta title=\"Add Your Voice to National Climate Adaptation Discussions\" url_new_window=\"on\" admin_label=\"Feature 01\" _builder_version=\"4.4.0\" header_level=\"h1\" header_text_align=\"left\" header_line_height=\"1.4em\" body_font=\"||||||||\" use_background_color=\"off\" custom_button=\"on\" button_text_color=\"#ffffff\" button_bg_color=\"#00646c\" button_border_color=\"#00646c\" button_font=\"Montserrat|||on|\" button_use_icon=\"off\" text_orientation=\"left\" background_layout=\"light\" custom_padding=\"||||false|false\" animation_direction=\"bottom\" hover_enabled=\"0\" button_text_color_hover=\"#6eba01\" button_border_color_hover=\"#6eba01\" button_border_radius_hover=\"0\" button_letter_spacing_hover=\"2\" button_bg_color_hover=\"rgba(0,0,0,0)\" saved_tabs=\"all\" locked=\"off\" button_text_size__hover_enabled=\"off\" button_one_text_size__hover_enabled=\"off\" button_two_text_size__hover_enabled=\"off\" button_text_color__hover_enabled=\"on\" button_text_color__hover=\"#00646c\" button_one_text_color__hover_enabled=\"off\" button_two_text_color__hover_enabled=\"off\" button_border_width__hover_enabled=\"off\" button_one_border_width__hover_enabled=\"off\" button_two_border_width__hover_enabled=\"off\" button_border_color__hover_enabled=\"on\" button_border_color__hover=\"#00646c\" button_one_border_color__hover_enabled=\"off\" button_two_border_color__hover_enabled=\"off\" button_border_radius__hover_enabled=\"on\" button_border_radius__hover=\"0\" button_one_border_radius__hover_enabled=\"off\" button_two_border_radius__hover_enabled=\"off\" button_letter_spacing__hover_enabled=\"on\" button_letter_spacing__hover=\"2\" button_one_letter_spacing__hover_enabled=\"off\" button_two_letter_spacing__hover_enabled=\"off\" button_bg_color__hover_enabled=\"on|hover\" button_bg_color__hover=\"rgba(0,0,0,0)\" button_one_bg_color__hover_enabled=\"off\" button_two_bg_color__hover_enabled=\"off\"]<p>Adaptation Canada 2026 will take place from September 22 to 24, 2026 at the Westin Harbour Castle in Toronto, on the traditional territory of the Mississaugas of the Credit, the Annishnabeg, the Chippewa, the Haudenosaunee and the Wendat peoples. A vibrant hub of government, business, and innovation, Toronto offers an ideal backdrop for discussions on climate adaptation, public\/private partnerships, and collective action. Join us for three days of insightful panels, hands-on workshops, dynamic city-wide tours, exhibitions, networking events, and more.<\/p>\r\n[\/et_pb_cta][\/et_pb_column][et_pb_column type=\"1_2\" _builder_version=\"4.4.0\" custom_padding=\"|||\" hover_enabled=\"0\" custom_padding__hover=\"|||\" background_enable_color=\"off\" background_size=\"contain\"][et_pb_image src=\"https:\/\/icleicanada.org\/wp-content\/uploads\/2025\/06\/AC2026-Feature-Image-3-Mosaic.png\" _builder_version=\"4.4.0\" hover_enabled=\"0\" url=\"https:\/\/adaptationcanada2026.ca\/\" url_new_window=\"on\" show_bottom_space=\"off\"][\/et_pb_image][\/et_pb_column][\/et_pb_row][\/et_pb_section][et_pb_section fb_built=\"1\" _builder_version=\"4.4.0\" custom_padding=\"||80px||false|false\" hover_enabled=\"0\" background_color=\"#f4f4f4\"][et_pb_row _builder_version=\"4.4.0\" custom_margin=\"||||false|false\"][et_pb_column type=\"4_4\" _builder_version=\"4.4.0\"][et_pb_text _builder_version=\"4.4.0\" header_font_size=\"34px\" header_line_height=\"1.4em\" hover_enabled=\"0\"]<h1>Advisory Group<\/h1>\r\n<p>Adaptation Canada 2026 is made possible thanks to a network of practitioners leading climate adaptation work across sectors, scales, and regions. Planning for Adaptation Canada 2026 is being undertaken through the collaborative efforts of an Advisory Group, which is composed of the ICLEI Project team, funding agreement oversight committee members, implementing partners, and advisory partners. These include:<\/p>\r\n<table>\r\n<tbody>\r\n<tr>\r\n<td>\r\n<ul>\r\n<li aria-level=\"1\"><a href=\"https:\/\/www.aluutaa.ca\/\" target=\"_blank\" rel=\"noopener noreferrer\"><span>Aluu\u2019taa<\/span><\/a><\/li>\r\n<li aria-level=\"1\"><a href=\"https:\/\/climateinstitute.ca\/\" target=\"_blank\" rel=\"noopener noreferrer\"><span>Canadian Climate Institute<\/span><\/a><\/li>\r\n<li aria-level=\"1\"><a href=\"https:\/\/canurb.org\/\" target=\"_blank\" rel=\"noopener noreferrer\"><span>Canadian Urban Institute<\/span><\/a><\/li>\r\n<li aria-level=\"1\"><a href=\"https:\/\/climatlantic.ca\/\" target=\"_blank\" rel=\"noopener noreferrer\"><span>CLIMAtlantic<\/span><\/a><\/li>\r\n<\/ul>\r\n<\/td>\r\n<td>\r\n<ul>\r\n<li aria-level=\"1\"><a href=\"https:\/\/climateriskinstitute.ca\/\" target=\"_blank\" rel=\"noopener noreferrer\"><span>Climate Risk Institute<\/span><\/a><\/li>\r\n<li aria-level=\"1\"><a href=\"https:\/\/www.cooperators.ca\/en\" target=\"_blank\" rel=\"noopener noreferrer\"><span>Co-operators<\/span><\/a><\/li>\r\n<li aria-level=\"1\"><a href=\"https:\/\/www.definityfinancial.com\/English\/overview\/default.aspx\" target=\"_blank\" rel=\"noopener noreferrer\"><span>Definity<\/span><\/a><\/li>\r\n<li aria-level=\"1\"><a href=\"https:\/\/www.canada.ca\/en\/environment-climate-change.html\" target=\"_blank\" rel=\"noopener noreferrer\"><span>Environment and Climate Change Canada<\/span><\/a><\/li>\r\n<li aria-level=\"1\"><span>Janna Wale<\/span><\/li>\r\n<\/ul>\r\n<\/td>\r\n<td>\r\n<ul>\r\n<li aria-level=\"1\"><a href=\"https:\/\/www.marsdd.com\/\" target=\"_blank\" rel=\"noopener noreferrer\"><span>MaRS Discovery District<\/span><\/a><\/li>\r\n<li aria-level=\"1\"><a href=\"https:\/\/www.ouranos.ca\/en\" target=\"_blank\" rel=\"noopener noreferrer\"><span>OURANOS<\/span><\/a><\/li>\r\n<li aria-level=\"1\"><a href=\"https:\/\/www.pacificclimate.org\/\" target=\"_blank\" rel=\"noopener noreferrer\"><span>Pacific Climate Impacts Consortium (PCIC)<\/span><\/a><\/li>\r\n<li aria-level=\"1\"><a href=\"https:\/\/www.ualberta.ca\/en\/index.html\" target=\"_blank\" rel=\"noopener noreferrer\"><span>University of Alberta<\/span><\/a><\/li>\r\n<\/ul>\r\n<\/td>\r\n<\/tr>\r\n<\/tbody>\r\n<\/table>\r\n<p><span style=\"font-weight: 400;\">These partners help guide the vision of the conference, shape the program, and ensure the event reflects the breadth and depth of adaptation leadership in Canada.<\/span><\/p>\r\n[\/et_pb_text][\/et_pb_column][\/et_pb_row][\/et_pb_section][et_pb_section fb_built=\"1\" _builder_version=\"4.4.0\" custom_padding=\"||80px||false|false\" hover_enabled=\"0\" background_color=\"#C9E9EB\"][et_pb_row _builder_version=\"4.4.0\" custom_margin=\"||||false|false\" hover_enabled=\"0\" custom_padding=\"||0px||false|false\"][et_pb_column type=\"4_4\" _builder_version=\"4.4.0\"][et_pb_text _builder_version=\"4.4.0\" header_font_size=\"34px\" header_line_height=\"1.4em\" hover_enabled=\"0\" text_orientation=\"center\"]<h1>Together, we can drive bold action and build a more resilient Canada today and for tomorrow.<\/h1>\r\n[\/et_pb_text][\/et_pb_column][\/et_pb_row][\/et_pb_section][et_pb_section fb_built=\"1\" module_id=\"resources\" _builder_version=\"4.4.0\"][et_pb_row _builder_version=\"4.4.0\" custom_margin=\"||||false|false\" custom_padding=\"||0px||false|false\"][et_pb_column type=\"4_4\" _builder_version=\"4.4.0\"][et_pb_text _builder_version=\"4.4.0\" header_line_height=\"1.4em\" hover_enabled=\"0\"]<h1>Get Involved<\/h1>\r\n[\/et_pb_text][\/et_pb_column][\/et_pb_row][et_pb_row column_structure=\"1_3,2_3\" _builder_version=\"4.4.0\"][et_pb_column type=\"1_3\" _builder_version=\"4.4.0\"][et_pb_image src=\"https:\/\/icleicanada.org\/wp-content\/uploads\/2025\/06\/AC2026-Feature-Image-Partners-EN.png\" _builder_version=\"4.4.0\" hover_enabled=\"0\" box_shadow_style=\"preset2\" url=\"https:\/\/adaptationcanada2026.ca\/wp-content\/uploads\/2025\/06\/Adaptation-Canada-2026-Sponsorship-Opportunities-V8_SML.pdf\" box_shadow_color=\"rgba(0,0,0,0.1)\"][\/et_pb_image][\/et_pb_column][et_pb_column type=\"2_3\" _builder_version=\"4.4.0\"][et_pb_cta title=\"Partner with Canada\u2019s Leading Climate Adaptation Conference\" button_url=\"https:\/\/adaptationcanada2026.ca\/wp-content\/uploads\/2025\/06\/Adaptation-Canada-2026-Sponsorship-Opportunities-V8_SML.pdf\" button_text=\"Download\" admin_label=\"Feature 01\" module_id=\"Caledon\" _builder_version=\"4.4.0\" header_level=\"h3\" header_line_height=\"1.4em\" use_background_color=\"off\" text_orientation=\"left\" background_layout=\"light\" module_alignment=\"center\" custom_margin=\"||||false|false\" custom_padding=\"||||false|false\" animation_direction=\"bottom\" link_option_url_new_window=\"on\" hover_enabled=\"0\" header_font_size_tablet=\"26px\" header_font_size_phone=\"26px\" header_font_size_last_edited=\"on|phone\" button_text_color_hover=\"#6eba01\" button_border_color_hover=\"#6eba01\" button_border_radius_hover=\"0\" button_letter_spacing_hover=\"2\" button_bg_color_hover=\"rgba(0,0,0,0)\" saved_tabs=\"all\" locked=\"off\" button_text_size__hover_enabled=\"off\" button_one_text_size__hover_enabled=\"off\" button_two_text_size__hover_enabled=\"off\" button_text_color__hover_enabled=\"on|hover\" button_text_color__hover=\"#464d77\" button_one_text_color__hover_enabled=\"off\" button_two_text_color__hover_enabled=\"off\" button_border_width__hover_enabled=\"off\" button_one_border_width__hover_enabled=\"off\" button_two_border_width__hover_enabled=\"off\" button_border_color__hover_enabled=\"on\" button_border_color__hover=\"#464D77\" button_one_border_color__hover_enabled=\"off\" button_two_border_color__hover_enabled=\"off\" button_border_radius__hover_enabled=\"on\" button_border_radius__hover=\"0\" button_one_border_radius__hover_enabled=\"off\" button_two_border_radius__hover_enabled=\"off\" button_letter_spacing__hover_enabled=\"on\" button_letter_spacing__hover=\"2\" button_one_letter_spacing__hover_enabled=\"off\" button_two_letter_spacing__hover_enabled=\"off\" button_bg_color__hover_enabled=\"on\" button_bg_color__hover=\"rgba(0,0,0,0)\" button_one_bg_color__hover_enabled=\"off\" button_two_bg_color__hover_enabled=\"off\" url_new_window=\"on\"]<div class=\"et_pb_module et_pb_text et_pb_text_1  et_pb_text_align_left et_pb_bg_layout_light\">\r\n<div class=\"et_pb_text_inner\">\r\n<p>Is your organization committed to keeping Canadians safe and strengthening community resilience? Partner with Canada\u2019s leading national adaptation conference and help shape a more secure and prepared future for all. Partners provide more than financial support\u2014they guide crucial conversations on adaptation and lead the way towards a better, more resilient future. Download Adaptation Canada\u2019s sponsorship brochure to find out how you can partner with Canada\u2019s leading climate adaptation conference.<\/p>\r\n<\/div>\r\n<\/div>\r\n[\/et_pb_cta][\/et_pb_column][\/et_pb_row][et_pb_row column_structure=\"1_3,2_3\" _builder_version=\"4.4.0\"][et_pb_column type=\"1_3\" _builder_version=\"4.4.0\"][et_pb_image src=\"https:\/\/icleicanada.org\/wp-content\/uploads\/2025\/06\/AC2026-Feature-Image-Call-EN.png\" _builder_version=\"4.4.0\" hover_enabled=\"0\" box_shadow_style=\"preset2\" url=\"https:\/\/icleicanada.us12.list-manage.com\/subscribe?u=e3cc0564d955ddfa1ae97cb81&id=45fdde9fdb\" box_shadow_color=\"rgba(0,0,0,0.1)\"][\/et_pb_image][\/et_pb_column][et_pb_column type=\"2_3\" _builder_version=\"4.4.0\"][et_pb_cta title=\"Coming Fall 2025 ! Submit a Session Proposal\" button_url=\"https:\/\/icleicanada.us12.list-manage.com\/subscribe?u=e3cc0564d955ddfa1ae97cb81&id=45fdde9fdb\" button_text=\"Receive Updates\" admin_label=\"Feature 01\" module_id=\"Caledon\" _builder_version=\"4.4.0\" header_level=\"h3\" header_line_height=\"1.4em\" use_background_color=\"off\" text_orientation=\"left\" background_layout=\"light\" module_alignment=\"center\" custom_margin=\"||||false|false\" custom_padding=\"||||false|false\" animation_direction=\"bottom\" link_option_url_new_window=\"on\" hover_enabled=\"0\" header_font_size_tablet=\"26px\" header_font_size_phone=\"26px\" header_font_size_last_edited=\"on|phone\" button_text_color_hover=\"#6eba01\" button_border_color_hover=\"#6eba01\" button_border_radius_hover=\"0\" button_letter_spacing_hover=\"2\" button_bg_color_hover=\"rgba(0,0,0,0)\" saved_tabs=\"all\" locked=\"off\" button_text_size__hover_enabled=\"off\" button_one_text_size__hover_enabled=\"off\" button_two_text_size__hover_enabled=\"off\" button_text_color__hover_enabled=\"on|hover\" button_text_color__hover=\"#464d77\" button_one_text_color__hover_enabled=\"off\" button_two_text_color__hover_enabled=\"off\" button_border_width__hover_enabled=\"off\" button_one_border_width__hover_enabled=\"off\" button_two_border_width__hover_enabled=\"off\" button_border_color__hover_enabled=\"on\" button_border_color__hover=\"#464D77\" button_one_border_color__hover_enabled=\"off\" button_two_border_color__hover_enabled=\"off\" button_border_radius__hover_enabled=\"on\" button_border_radius__hover=\"0\" button_one_border_radius__hover_enabled=\"off\" button_two_border_radius__hover_enabled=\"off\" button_letter_spacing__hover_enabled=\"on\" button_letter_spacing__hover=\"2\" button_one_letter_spacing__hover_enabled=\"off\" button_two_letter_spacing__hover_enabled=\"off\" button_bg_color__hover_enabled=\"on\" button_bg_color__hover=\"rgba(0,0,0,0)\" button_one_bg_color__hover_enabled=\"off\" button_two_bg_color__hover_enabled=\"off\" url_new_window=\"on\"]<div class=\"et_pb_module et_pb_text et_pb_text_1  et_pb_text_align_left et_pb_bg_layout_light\">\r\n<div class=\"et_pb_text_inner\">\r\n<p>Coming Fall 2025! Adaptation Canada\u2019s unique program will feature interactive workshops and immersive sessions in addition to plenaries, panels, and curated networking opportunities. We will announce a call for sessions in Fall 2025. Join our email list to receive the latest Adaptation Canada 2026 updates and be the first to know when the call for sessions is announced.<\/p>\r\n<\/div>\r\n<\/div>[\/et_pb_cta][\/et_pb_column][\/et_pb_row][\/et_pb_section][et_pb_section fb_built=\"1\" admin_label=\"FAQ\" _builder_version=\"4.4.0\" background_color=\"#f4f4f4\" custom_padding=\"||||false|false\"][et_pb_row _builder_version=\"4.4.0\" custom_padding=\"||||false|false\"][et_pb_column type=\"4_4\" _builder_version=\"3.25\" custom_padding=\"|||\" custom_padding__hover=\"|||\"][et_pb_text _builder_version=\"4.4.0\" header_5_text_align=\"center\" header_5_line_height=\"1.4em\" text_orientation=\"center\" max_width=\"85%\" module_alignment=\"center\" hover_enabled=\"0\" header_5_font_size_tablet=\"\" header_5_font_size_phone=\"\" header_5_font_size_last_edited=\"on|desktop\" header_4_font=\"|600|||||||\" header_4_line_height=\"1.4em\" header_5_font=\"|600|||||||\"]<h5>Adaptation Canada 2026 is delivered by ICLEI Canada with support from a network of partners and sponsors. It is funded in part by the Government of Canada. Visit the conference website to learn more.<\/h5>\r\n[\/et_pb_text][et_pb_image src=\"https:\/\/icleicanada.org\/wp-content\/uploads\/2025\/06\/AC26_LOGO_Colour-Small.png\" _builder_version=\"4.4.0\" url=\"https:\/\/adaptationcanada2026.ca\/\" url_new_window=\"on\" align=\"center\" module_alignment=\"center\" max_width=\"25%\" hover_enabled=\"0\"][\/et_pb_image][\/et_pb_column][\/et_pb_row][\/et_pb_section][et_pb_section fb_built=\"1\" admin_label=\"FAQ\" _builder_version=\"4.4.0\" background_color=\"#00646c\" custom_padding=\"||||false|false\"][et_pb_row _builder_version=\"4.4.0\" custom_margin=\"||||false|false\" custom_padding=\"||||false|false\"][et_pb_column type=\"4_4\" _builder_version=\"4.4.0\"][et_pb_text _builder_version=\"4.4.0\" header_line_height=\"1.4em\" text_orientation=\"center\" background_layout=\"dark\"]<h1>Discover similar projects<\/h1>[\/et_pb_text][\/et_pb_column][\/et_pb_row][et_pb_row column_structure=\"1_5,1_5,1_5,1_5,1_5\" use_custom_gutter=\"on\" make_equal=\"on\" _builder_version=\"4.4.0\" width=\"90%\" max_width=\"1518px\"][et_pb_column type=\"1_5\" _builder_version=\"4.4.0\"][et_pb_blurb url=\"https:\/\/icleicanada.org\/adaptation-and-resilience-planning\/\" use_icon=\"on\" font_icon=\"%%101%%\" icon_color=\"#ffffff\" use_icon_font_size=\"on\" icon_font_size=\"104px\" _builder_version=\"4.4.0\" body_text_color=\"#00646c\" background_layout=\"dark\" link_option_url=\"https:\/\/icleicanada.org\/adaptation-and-resilience-planning\/\"]<h3 style=\"text-align: center;\">Adaptation and resilience planning<\/h3>[\/et_pb_blurb][\/et_pb_column][et_pb_column type=\"1_5\" _builder_version=\"4.4.0\"][et_pb_blurb url=\"https:\/\/icleicanada.org\/capacity-building\/\" use_icon=\"on\" font_icon=\"%%173%%\" icon_color=\"#ffffff\" use_icon_font_size=\"on\" icon_font_size=\"104px\" _builder_version=\"4.4.0\" body_text_color=\"#00646c\" background_layout=\"dark\" link_option_url=\"https:\/\/icleicanada.org\/capacity-building\/\"]<h3 style=\"text-align: center;\">Capacity building<\/h3>[\/et_pb_blurb][\/et_pb_column][et_pb_column type=\"1_5\" _builder_version=\"4.4.0\"][et_pb_blurb url=\"https:\/\/icleicanada.org\/tools-and-resources\/\" use_icon=\"on\" font_icon=\"%%230%%\" icon_color=\"#ffffff\" use_icon_font_size=\"on\" icon_font_size=\"104px\" _builder_version=\"4.4.0\" body_text_color=\"#00646c\" background_layout=\"dark\" link_option_url=\"https:\/\/icleicanada.org\/tools-and-resources\/\"]<h3 style=\"text-align: center;\">Tools and resources<\/h3>[\/et_pb_blurb][\/et_pb_column][et_pb_column type=\"1_5\" _builder_version=\"4.4.0\"][et_pb_blurb url=\"https:\/\/icleicanada.org\/training-and-workshops\/\" use_icon=\"on\" font_icon=\"%%157%%\" icon_color=\"#ffffff\" use_icon_font_size=\"on\" icon_font_size=\"104px\" _builder_version=\"4.4.0\" body_text_color=\"#00646c\" background_layout=\"dark\" link_option_url=\"https:\/\/icleicanada.org\/training-and-workshops\/\"]<h3 style=\"text-align: center;\">Training and workshops<\/h3>[\/et_pb_blurb][\/et_pb_column][et_pb_column _builder_version=\"4.4.0\" type=\"1_5\"][et_pb_blurb url=\"https:\/\/icleicanada.org\/peer-networking\/\" use_icon=\"on\" font_icon=\"%%259%%\" icon_color=\"#ffffff\" use_icon_font_size=\"on\" icon_font_size=\"104px\" _builder_version=\"4.4.0\" body_text_color=\"#00646c\" background_layout=\"dark\" link_option_url=\"https:\/\/icleicanada.org\/peer-networking\/\"]<h3 style=\"text-align: center;\">Peer networking<\/h3>[\/et_pb_blurb][\/et_pb_column][\/et_pb_row][\/et_pb_section][et_pb_section fb_built=\"1\" admin_label=\"Footer\" _builder_version=\"4.4.0\" background_image=\"https:\/\/icleicanada.org\/wp-content\/uploads\/2022\/10\/Richmond-Office-scaled.jpeg\" parallax=\"on\" custom_padding=\"86px||90px||false|false\" global_module=\"57000\" saved_tabs=\"all\"][et_pb_row column_structure=\"1_3,2_3\" use_custom_gutter=\"on\" make_equal=\"on\" _builder_version=\"4.4.0\" background_size=\"initial\" background_position=\"top_left\" background_repeat=\"repeat\" custom_padding=\"|||\"][et_pb_column type=\"1_3\" _builder_version=\"3.25\" background_color=\"#ffffff\" background_position=\"top_left\" custom_padding=\"50px|40px|50px|40px\" custom_padding__hover=\"|||\"][et_pb_text _builder_version=\"4.4.0\"]<h2>Reach us<\/h2>[\/et_pb_text][et_pb_blurb use_icon=\"on\" font_icon=\"%%238%%\" icon_placement=\"left\" use_icon_font_size=\"on\" icon_font_size=\"28px\" icon_font_size_last_edited=\"off|desktop\" admin_label=\"Email\" _builder_version=\"4.4.0\" body_font=\"||||||||\" custom_margin=\"|||\" animation_direction=\"bottom\"]<p>iclei-canada@iclei.org<\/p>[\/et_pb_blurb][et_pb_blurb use_icon=\"on\" font_icon=\"%%249%%\" icon_placement=\"left\" use_icon_font_size=\"on\" icon_font_size=\"28px\" icon_font_size_last_edited=\"off|desktop\" admin_label=\"Address\" _builder_version=\"4.4.0\" header_font=\"||||||||\" header_font_size=\"20px\" body_font=\"||||||||\" custom_margin=\"|||\" animation_direction=\"bottom\"]<p>Suite 204<br \/> 401 Richmond St. W<br \/> Toronto, ON<br \/> M5V 3A8<\/p>[\/et_pb_blurb][et_pb_social_media_follow admin_label=\"Facebook\" _builder_version=\"4.4.0\" text_orientation=\"left\" custom_margin=\"|||\" border_radii=\"on|100%|100%|100%|100%\" link_shape=\"circle\"][et_pb_social_media_follow_network social_network=\"linkedin\" url=\"https:\/\/www.linkedin.com\/company\/iclei-canada\/\" _builder_version=\"4.4.0\" background_color=\"#00646C\" background_enable_color=\"on\" custom_margin=\"||||false|false\" bg_color=\"#007bb6\" link_shape=\"circle\" follow_button=\"off\" url_new_window=\"on\"]linkedin[\/et_pb_social_media_follow_network][et_pb_social_media_follow_network social_network=\"youtube\" url=\"https:\/\/www.youtube.com\/@iclei_canada\" _builder_version=\"4.4.0\" background_color=\"#00646C\" background_enable_color=\"on\" link_shape=\"circle\" follow_button=\"off\" url_new_window=\"on\"]youtube[\/et_pb_social_media_follow_network][\/et_pb_social_media_follow][et_pb_text _builder_version=\"4.4.0\"]<p>We respectfully acknowledge that ICLEI Canada\u2019s work happens across Turtle Island which has traditionally been and is home to many diverse First Nations, Inuit, and M\u00e9tis peoples since time immemorial.<\/p>[\/et_pb_text][et_pb_social_media_follow _builder_version=\"3.0.87\"][\/et_pb_social_media_follow][\/et_pb_column][et_pb_column type=\"2_3\" _builder_version=\"3.25\" background_color=\"#ffffff\" background_position=\"top_left\" custom_padding=\"50px|40px|50px|40px\" custom_padding__hover=\"|||\"][et_pb_contact_form use_spam_service=\"on\" recaptcha_list=\"Default|Default-0\" recaptcha_min_score=\"0.9\" email=\"iclei-canada@iclei.org\" title=\"Send us a message\" success_message=\"Thank you! Your message has been sent. Please note that we are currently experiencing technical difficulties with our web forms and are receiving messages without a return email address. Please email us directly at iclei-canada@iclei.org if you do not hear back from us within three business days. We value your time and thank you for your patience.\" submit_button_text=\"Send\" module_id=\"et_pb_contact_form_1\" _builder_version=\"4.4.0\" form_field_background_color=\"rgba(255,255,255,0)\" title_font=\"Montserrat|700|||||||\" title_font_size=\"22px\" animation_direction=\"bottom\" border_width_all=\"1px\" border_color_all=\"rgba(0,0,0,0.12)\" border_style_all=\"solid\" use_border_color=\"on\" border_color=\"rgba(0,0,0,0.12)\" form_background_color=\"rgba(255,255,255,0)\" button_text_color_hover=\"#6eba01\" button_bg_color_hover=\"rgba(0,0,0,0)\" button_border_color_hover=\"#6eba01\" button_border_radius_hover=\"0px\" button_letter_spacing_hover=\"2px\"][et_pb_contact_field field_id=\"Name\" field_title=\"Name\" fullwidth_field=\"on\" _builder_version=\"3.16\" button_text_size__hover_enabled=\"off\" button_one_text_size__hover_enabled=\"off\" button_two_text_size__hover_enabled=\"off\" button_text_color__hover_enabled=\"off\" button_one_text_color__hover_enabled=\"off\" button_two_text_color__hover_enabled=\"off\" button_border_width__hover_enabled=\"off\" button_one_border_width__hover_enabled=\"off\" button_two_border_width__hover_enabled=\"off\" button_border_color__hover_enabled=\"off\" button_one_border_color__hover_enabled=\"off\" button_two_border_color__hover_enabled=\"off\" button_border_radius__hover_enabled=\"off\" button_one_border_radius__hover_enabled=\"off\" button_two_border_radius__hover_enabled=\"off\" button_letter_spacing__hover_enabled=\"off\" button_one_letter_spacing__hover_enabled=\"off\" button_two_letter_spacing__hover_enabled=\"off\" button_bg_color__hover_enabled=\"off\" button_one_bg_color__hover_enabled=\"off\" button_two_bg_color__hover_enabled=\"off\"][\/et_pb_contact_field][et_pb_contact_field field_id=\"Email\" field_title=\"Email Address\" field_type=\"email\" fullwidth_field=\"on\" _builder_version=\"3.16\" button_text_size__hover_enabled=\"off\" button_one_text_size__hover_enabled=\"off\" button_two_text_size__hover_enabled=\"off\" button_text_color__hover_enabled=\"off\" button_one_text_color__hover_enabled=\"off\" button_two_text_color__hover_enabled=\"off\" button_border_width__hover_enabled=\"off\" button_one_border_width__hover_enabled=\"off\" button_two_border_width__hover_enabled=\"off\" button_border_color__hover_enabled=\"off\" button_one_border_color__hover_enabled=\"off\" button_two_border_color__hover_enabled=\"off\" button_border_radius__hover_enabled=\"off\" button_one_border_radius__hover_enabled=\"off\" button_two_border_radius__hover_enabled=\"off\" button_letter_spacing__hover_enabled=\"off\" button_one_letter_spacing__hover_enabled=\"off\" button_two_letter_spacing__hover_enabled=\"off\" button_bg_color__hover_enabled=\"off\" button_one_bg_color__hover_enabled=\"off\" button_two_bg_color__hover_enabled=\"off\"][\/et_pb_contact_field][et_pb_contact_field field_id=\"Message\" field_title=\"Write your message here. To make it easier for us to get back to you, please include your email address in the body of your message or email us directly at iclei-canada@iclei.org. We value your time and thank you for reaching out. \" field_type=\"text\" fullwidth_field=\"on\" _builder_version=\"4.4.0\" button_text_size__hover_enabled=\"off\" button_one_text_size__hover_enabled=\"off\" button_two_text_size__hover_enabled=\"off\" button_text_color__hover_enabled=\"off\" button_one_text_color__hover_enabled=\"off\" button_two_text_color__hover_enabled=\"off\" button_border_width__hover_enabled=\"off\" button_one_border_width__hover_enabled=\"off\" button_two_border_width__hover_enabled=\"off\" button_border_color__hover_enabled=\"off\" button_one_border_color__hover_enabled=\"off\" button_two_border_color__hover_enabled=\"off\" button_border_radius__hover_enabled=\"off\" button_one_border_radius__hover_enabled=\"off\" button_two_border_radius__hover_enabled=\"off\" button_letter_spacing__hover_enabled=\"off\" button_one_letter_spacing__hover_enabled=\"off\" button_two_letter_spacing__hover_enabled=\"off\" button_bg_color__hover_enabled=\"off\" button_one_bg_color__hover_enabled=\"off\" button_two_bg_color__hover_enabled=\"off\"][\/et_pb_contact_field][\/et_pb_contact_form][\/et_pb_column][\/et_pb_row][\/et_pb_section]","_et_gb_content_width":"","footnotes":""},"project_category":[68,68,70,74,74,83,83,88,72,81,71,73,88,70,73,81,71,72],"project_tag":[],"class_list":{"0":"post-63101","1":"project","2":"type-project","3":"status-publish","4":"has-post-thumbnail","5":"hentry","6":"project_category-adaptation-et-planification-de-la-resilience","8":"project_category-renforcement-des-capacites","9":"project_category-consultation","11":"project_category-evenements","13":"project_category-presente-sur-la-page-daccueil","14":"project_category-formation-et-ateliers","15":"project_category-nos-services","16":"project_category-outils-et-ressources","17":"project_category-reseautage-avec-les-pairs"},"_links":{"self":[{"href":"https:\/\/icleicanada.org\/fr\/wp-json\/wp\/v2\/project\/63101","targetHints":{"allow":["GET"]}}],"collection":[{"href":"https:\/\/icleicanada.org\/fr\/wp-json\/wp\/v2\/project"}],"about":[{"href":"https:\/\/icleicanada.org\/fr\/wp-json\/wp\/v2\/types\/project"}],"author":[{"embeddable":true,"href":"https:\/\/icleicanada.org\/fr\/wp-json\/wp\/v2\/users\/18"}],"replies":[{"embeddable":true,"href":"https:\/\/icleicanada.org\/fr\/wp-json\/wp\/v2\/comments?post=63101"}],"version-history":[{"count":25,"href":"https:\/\/icleicanada.org\/fr\/wp-json\/wp\/v2\/project\/63101\/revisions"}],"predecessor-version":[{"id":64923,"href":"https:\/\/icleicanada.org\/fr\/wp-json\/wp\/v2\/project\/63101\/revisions\/64923"}],"wp:featuredmedia":[{"embeddable":true,"href":"https:\/\/icleicanada.org\/fr\/wp-json\/wp\/v2\/media\/63081"}],"wp:attachment":[{"href":"https:\/\/icleicanada.org\/fr\/wp-json\/wp\/v2\/media?parent=63101"}],"wp:term":[{"taxonomy":"project_category","embeddable":true,"href":"https:\/\/icleicanada.org\/fr\/wp-json\/wp\/v2\/project_category?post=63101"},{"taxonomy":"project_tag","embeddable":true,"href":"https:\/\/icleicanada.org\/fr\/wp-json\/wp\/v2\/project_tag?post=63101"}],"curies":[{"name":"wp","href":"https:\/\/api.w.org\/{rel}","templated":true}]}}